{"id":201698,"date":"2025-11-26T09:45:13","date_gmt":"2025-11-26T12:45:13","guid":{"rendered":"https:\/\/sme.goiania.go.gov.br\/conexaoescola\/?post_type=pro_compartilas_ef&#038;p=201698"},"modified":"2025-11-26T09:45:13","modified_gmt":"2025-11-26T12:45:13","slug":"compartilhas-no-ensino-fundamental-a-importancia-do-ambiente-alfabetizador","status":"publish","type":"pro_compartilas_ef","link":"https:\/\/sme.goiania.go.gov.br\/conexaoescola\/pro_compartilas_ef\/compartilhas-no-ensino-fundamental-a-importancia-do-ambiente-alfabetizador\/","title":{"rendered":"Compartilhas no Ensino Fundamental &#8211; A Import\u00e2ncia do Ambiente Alfabetizador"},"content":{"rendered":"<div class=\"wp-block-image\">\n<figure class=\"aligncenter size-full is-resized\"><img fetchpriority=\"high\" decoding=\"async\" width=\"500\" height=\"500\" src=\"https:\/\/sme.goiania.go.gov.br\/conexaoescola\/wp-content\/uploads\/2025\/10\/61e216a8-de0e-4b5c-a61f-0a634a3fc9b6-e1761073208572.jpg\" alt=\"\" class=\"wp-image-200638\" style=\"width:532px;height:auto\" srcset=\"https:\/\/sme.goiania.go.gov.br\/conexaoescola\/wp-content\/uploads\/2025\/10\/61e216a8-de0e-4b5c-a61f-0a634a3fc9b6-e1761073208572.jpg 500w, https:\/\/sme.goiania.go.gov.br\/conexaoescola\/wp-content\/uploads\/2025\/10\/61e216a8-de0e-4b5c-a61f-0a634a3fc9b6-e1761073208572-300x300.jpg 300w, https:\/\/sme.goiania.go.gov.br\/conexaoescola\/wp-content\/uploads\/2025\/10\/61e216a8-de0e-4b5c-a61f-0a634a3fc9b6-e1761073208572-150x150.jpg 150w\" sizes=\"(max-width: 500px) 100vw, 500px\" \/><\/figure><\/div>\n\n\n<hr class=\"wp-block-separator has-alpha-channel-opacity\"\/>\n\n\n\n<p class=\"has-text-align-center has-pale-ocean-gradient-background has-background has-medium-font-size\"><strong>Voc\u00ea sabe qual \u00e9 a import\u00e2ncia do ambiente alfabetizador?<\/strong><\/p>\n\n\n\n<p class=\"has-text-align-center has-pale-ocean-gradient-background has-background has-medium-font-size\">O ambiente alfabetizador \u00e9 formado por dois elementos  fundamentais: <strong>A intera\u00e7\u00e3o e a participa\u00e7\u00e3o ativa dos estudantes<\/strong> e <strong>A escolha e a sele\u00e7\u00e3o intencional do professor<\/strong>.<\/p>\n\n\n\n<p class=\"has-text-align-center has-pale-ocean-gradient-background has-background has-medium-font-size\"><strong>O ambiente s\u00f3 ganha vida quando os estudantes exploram, perguntam, manipulam, leem, escrevem e se envolvem nas atividades propostas.<\/strong><\/p>\n\n\n\n<p class=\"has-text-align-center has-pale-ocean-gradient-background has-background has-medium-font-size\"><strong> No espa\u00e7o da sala de aula, cada material tem um prop\u00f3sito educativo. Nada est\u00e1 ali por acaso.<\/strong><\/p>\n\n\n\n<p class=\"has-text-align-center has-pale-ocean-gradient-background has-background has-medium-font-size\"><strong> No v\u00eddeo a seguir, as formadoras  Jussara Leite e C\u00edntia Camilo v\u00e3o dialogar sobre esta import\u00e2ncia.  <\/strong><\/p>\n\n\n\n<p class=\"has-text-align-center has-pale-ocean-gradient-background has-background has-medium-font-size\"><strong> Assista ao v\u00eddeo e acompanhe a explica\u00e7\u00e3o.<\/strong><\/p>\n\n\n\n<figure class=\"wp-block-embed is-type-video is-provider-youtube wp-block-embed-youtube wp-embed-aspect-16-9 wp-has-aspect-ratio\"><div class=\"wp-block-embed__wrapper\">\n<p class=\"responsive-video-wrap clr\"><iframe title=\"COMPARTILHAS (E.F):  A IMPORT\u00c2NCIA DO AMBIENTE ALFABETIZADOR PARA O PROCESSO DE ENSINO-APRENDIZAGEMl\" width=\"1200\" height=\"675\" src=\"https:\/\/www.youtube.com\/embed\/VhA5KuZnV84?feature=oembed\" frameborder=\"0\" allow=\"accelerometer; autoplay; clipboard-write; encrypted-media; gyroscope; picture-in-picture; web-share\" referrerpolicy=\"strict-origin-when-cross-origin\" allowfullscreen><\/iframe><\/p>\n<\/div><figcaption class=\"wp-element-caption\"><a href=\"https:\/\/youtu.be\/VhA5KuZnV84?si=iP1tgvLuv5zZGQLV\">Conex\u00e3o Escola &#8211; Projeto Compartilhas: A import\u00e2ncia do Ambiente Alfabetizador<\/a><\/figcaption><\/figure>\n\n\n\n<p><\/p>\n\n\n\n<p><\/p>\n\n\n\n<hr class=\"wp-block-separator has-alpha-channel-opacity\"\/>\n\n\n\n<figure class=\"wp-block-table\"><table class=\"has-fixed-layout\"><tbody><tr><td>Proponentes\/Curadoria<\/td><td><strong>Ger\u00eancia do Ensino Fundamental da SME de Goi\u00e2nia<\/strong><\/td><\/tr><tr><td>Parceria<\/td><td><strong>N\u00facleo Educa\u00e7\u00e3o Conectada \u2013 NEC<\/strong><\/td><\/tr><\/tbody><\/table><\/figure>\n\n\n\n<p><\/p>\n","protected":false},"featured_media":200638,"template":"","class_list":["post-201698","pro_compartilas_ef","type-pro_compartilas_ef","status-publish","has-post-thumbnail","hentry","entry","has-media"],"acf":[],"_links":{"self":[{"href":"https:\/\/sme.goiania.go.gov.br\/conexaoescola\/wp-json\/wp\/v2\/pro_compartilas_ef\/201698","targetHints":{"allow":["GET"]}}],"collection":[{"href":"https:\/\/sme.goiania.go.gov.br\/conexaoescola\/wp-json\/wp\/v2\/pro_compartilas_ef"}],"about":[{"href":"https:\/\/sme.goiania.go.gov.br\/conexaoescola\/wp-json\/wp\/v2\/types\/pro_compartilas_ef"}],"wp:featuredmedia":[{"embeddable":true,"href":"https:\/\/sme.goiania.go.gov.br\/conexaoescola\/wp-json\/wp\/v2\/media\/200638"}],"wp:attachment":[{"href":"https:\/\/sme.goiania.go.gov.br\/conexaoescola\/wp-json\/wp\/v2\/media?parent=201698"}],"curies":[{"name":"wp","href":"https:\/\/api.w.org\/{rel}","templated":true}]}}