{"id":194604,"date":"2025-04-16T10:55:43","date_gmt":"2025-04-16T13:55:43","guid":{"rendered":"https:\/\/sme.goiania.go.gov.br\/conexaoescola\/?post_type=praticas_em_rede&#038;p=194604"},"modified":"2025-04-16T10:55:43","modified_gmt":"2025-04-16T13:55:43","slug":"pratica-em-rede-acolhimento-na-educacao-infantil-cmei-consuelo-nasser","status":"publish","type":"praticas_em_rede","link":"https:\/\/sme.goiania.go.gov.br\/conexaoescola\/praticas_em_rede\/pratica-em-rede-acolhimento-na-educacao-infantil-cmei-consuelo-nasser\/","title":{"rendered":"Pr\u00e1tica em rede: Acolhimento na Educa\u00e7\u00e3o Infantil &#8211; CMEI Consuelo Nasser"},"content":{"rendered":"<div class=\"wp-block-image\">\n<figure class=\"aligncenter size-large is-resized\"><img fetchpriority=\"high\" decoding=\"async\" width=\"1024\" height=\"767\" src=\"https:\/\/sme.goiania.go.gov.br\/conexaoescola\/wp-content\/uploads\/2025\/04\/Imagem-do-WhatsApp-de-2025-04-14-as-15.23.09_14ac9d57-1024x767.jpg\" alt=\"\" class=\"wp-image-194606\" style=\"width:737px;height:auto\" srcset=\"https:\/\/sme.goiania.go.gov.br\/conexaoescola\/wp-content\/uploads\/2025\/04\/Imagem-do-WhatsApp-de-2025-04-14-as-15.23.09_14ac9d57-1024x767.jpg 1024w, https:\/\/sme.goiania.go.gov.br\/conexaoescola\/wp-content\/uploads\/2025\/04\/Imagem-do-WhatsApp-de-2025-04-14-as-15.23.09_14ac9d57-300x225.jpg 300w, https:\/\/sme.goiania.go.gov.br\/conexaoescola\/wp-content\/uploads\/2025\/04\/Imagem-do-WhatsApp-de-2025-04-14-as-15.23.09_14ac9d57-768x575.jpg 768w, https:\/\/sme.goiania.go.gov.br\/conexaoescola\/wp-content\/uploads\/2025\/04\/Imagem-do-WhatsApp-de-2025-04-14-as-15.23.09_14ac9d57.jpg 1280w\" sizes=\"(max-width: 1024px) 100vw, 1024px\" \/><figcaption class=\"wp-element-caption\">Crian\u00e7as do CMEI Consuello Nasser<\/figcaption><\/figure><\/div>\n\n\n<p class=\"has-text-align-center has-pale-pink-background-color has-background has-medium-font-size\"><strong>O <mark style=\"background-color:rgba(0, 0, 0, 0)\" class=\"has-inline-color has-white-color\">acolhimento<\/mark> na Educa\u00e7\u00e3o Infantil \u00e9 atitude permanente que carrega em si a dimens\u00e3o do cotidiano \u2014 <mark style=\"background-color:rgba(0, 0, 0, 0)\" class=\"has-inline-color has-white-color\">\u00e9 pr\u00e1tica constante<\/mark>, n\u00e3o limitada ao in\u00edcio do ano letivo ou \u00e0 chegada de novas crian\u00e7as.<\/strong><\/p>\n\n\n\n<p class=\"has-text-align-center has-pale-pink-background-color has-background has-medium-font-size\"><strong>Mais do que uma simples recep\u00e7\u00e3o,<mark style=\"background-color:rgba(0, 0, 0, 0)\" class=\"has-inline-color has-white-color\"> acolher<\/mark> <mark style=\"background-color:rgba(0, 0, 0, 0)\" class=\"has-inline-color has-white-color\">significa<\/mark> <mark style=\"background-color:rgba(0, 0, 0, 0)\" class=\"has-inline-color has-white-color\">conhecer<\/mark> verdadeiramente as crian\u00e7as, <mark style=\"background-color:rgba(0, 0, 0, 0)\" class=\"has-inline-color has-white-color\">observ\u00e1-las<\/mark> com sensibilidade, <mark style=\"background-color:rgba(0, 0, 0, 0)\" class=\"has-inline-color has-white-color\">investigar seus interesses<\/mark>, curiosidades e necessidades, bem como <mark style=\"background-color:rgba(0, 0, 0, 0)\" class=\"has-inline-color has-white-color\">considerar<\/mark> aquilo que carregam de <mark style=\"background-color:rgba(0, 0, 0, 0)\" class=\"has-inline-color has-white-color\">seus contextos familiares<\/mark>.<\/strong><\/p>\n\n\n\n<p class=\"has-text-align-center has-pale-pink-background-color has-background has-medium-font-size\"><strong>Trata-se de <mark style=\"background-color:rgba(0, 0, 0, 0)\" class=\"has-inline-color has-white-color\">valorizar sua experi\u00eancia de inf\u00e2ncia<\/mark>, reconhecendo suas expectativas, hip\u00f3teses, desejos e seus modos singulares de ser e estar no mundo.<\/strong><\/p>\n\n\n\n<p class=\"has-text-align-center has-pale-pink-background-color has-background has-medium-font-size\"><strong>Esse <mark style=\"background-color:rgba(0, 0, 0, 0)\" class=\"has-inline-color has-white-color\">acolhimento se concretiza<\/mark> nas diferentes <mark style=\"background-color:rgba(0, 0, 0, 0)\" class=\"has-inline-color has-white-color\">atividades educativas e pedag\u00f3gicas<\/mark>, ou seja, nos momentos de cuidado, nas a\u00e7\u00f5es realizadas junto \u00e0s crian\u00e7as, na organiza\u00e7\u00e3o dos tempos, espa\u00e7os e\u00a0materiais e, sobretudo, na escuta ativa das crian\u00e7as e de suas fam\u00edlias. Manifesta-se <mark style=\"background-color:rgba(0, 0, 0, 0)\" class=\"has-inline-color has-white-color\">tamb\u00e9m no respeito \u00e0s diversidades<\/mark> e na constru\u00e7\u00e3o de <mark style=\"background-color:rgba(0, 0, 0, 0)\" class=\"has-inline-color has-white-color\">v\u00ednculos afetivos<\/mark> que sustentam as rela\u00e7\u00f5es educativas.<\/strong><\/p>\n\n\n\n<p class=\"has-text-align-center has-pale-pink-background-color has-background has-medium-font-size\"><strong>\u00c9 por meio dessa postura cont\u00ednua de cuidado, escuta e respeito que a unidade educacional se constitui como um verdadeiro <mark style=\"background-color:rgba(0, 0, 0, 0)\" class=\"has-inline-color has-white-color\">espa\u00e7o de pertencimento <\/mark>\u2014 para todas as crian\u00e7as, suas fam\u00edlias e os profissionais que ali atuam.<\/strong><\/p>\n\n\n\n<p class=\"has-text-align-center has-pale-pink-background-color has-background has-medium-font-size\"><strong>No <mark style=\"background-color:rgba(0, 0, 0, 0)\" class=\"has-inline-color has-white-color\">CMEI Consuelo Nasser<\/mark>, o acolhimento se faz presente todos os dias, desde os momentos de chegada at\u00e9 a despedida. Vamos conferir como esse processo acontece na unidade educacional?<\/strong><\/p>\n\n\n\n<hr class=\"wp-block-separator has-alpha-channel-opacity\"\/>\n\n\n\n<figure class=\"wp-block-embed is-type-video is-provider-youtube wp-block-embed-youtube wp-embed-aspect-16-9 wp-has-aspect-ratio\"><div class=\"wp-block-embed__wrapper\">\n<p class=\"responsive-video-wrap clr\"><iframe title=\"Acolher CMEI Consuello Nasser\" width=\"1200\" height=\"675\" src=\"https:\/\/www.youtube.com\/embed\/chE8Zh6VAjo?feature=oembed\" frameborder=\"0\" allow=\"accelerometer; autoplay; clipboard-write; encrypted-media; gyroscope; picture-in-picture; web-share\" referrerpolicy=\"strict-origin-when-cross-origin\" allowfullscreen><\/iframe><\/p>\n<\/div><figcaption class=\"wp-element-caption\">Fonte: <a href=\"https:\/\/youtu.be\/chE8Zh6VAjo\">https:\/\/youtu.be\/chE8Zh6VAjo<\/a><\/figcaption><\/figure>\n\n\n\n<figure class=\"wp-block-table\"><table class=\"has-fixed-layout\"><tbody><tr><td>Proponentes\/Curadoria<\/td><td>Ester Alves\/Izabel Lemos <\/td><\/tr><tr><td>Unidade Educacional<\/td><td>CMEI Consuello Nasser<\/td><\/tr><\/tbody><\/table><\/figure>\n","protected":false},"author":16,"featured_media":194606,"template":"","class_list":["post-194604","praticas_em_rede","type-praticas_em_rede","status-publish","has-post-thumbnail","hentry","entry","has-media"],"acf":[],"_links":{"self":[{"href":"https:\/\/sme.goiania.go.gov.br\/conexaoescola\/wp-json\/wp\/v2\/praticas_em_rede\/194604","targetHints":{"allow":["GET"]}}],"collection":[{"href":"https:\/\/sme.goiania.go.gov.br\/conexaoescola\/wp-json\/wp\/v2\/praticas_em_rede"}],"about":[{"href":"https:\/\/sme.goiania.go.gov.br\/conexaoescola\/wp-json\/wp\/v2\/types\/praticas_em_rede"}],"author":[{"embeddable":true,"href":"https:\/\/sme.goiania.go.gov.br\/conexaoescola\/wp-json\/wp\/v2\/users\/16"}],"wp:featuredmedia":[{"embeddable":true,"href":"https:\/\/sme.goiania.go.gov.br\/conexaoescola\/wp-json\/wp\/v2\/media\/194606"}],"wp:attachment":[{"href":"https:\/\/sme.goiania.go.gov.br\/conexaoescola\/wp-json\/wp\/v2\/media?parent=194604"}],"curies":[{"name":"wp","href":"https:\/\/api.w.org\/{rel}","templated":true}]}}