{"id":186151,"date":"2024-08-19T10:03:38","date_gmt":"2024-08-19T13:03:38","guid":{"rendered":"https:\/\/sme.goiania.go.gov.br\/conexaoescola\/?post_type=praticas_em_rede&#038;p=186151"},"modified":"2024-08-19T10:23:03","modified_gmt":"2024-08-19T13:23:03","slug":"pratica-em-rede-vamos-passear-na-praca","status":"publish","type":"praticas_em_rede","link":"https:\/\/sme.goiania.go.gov.br\/conexaoescola\/praticas_em_rede\/pratica-em-rede-vamos-passear-na-praca\/","title":{"rendered":"Pr\u00e1tica em rede \u2014 Vamos passear na pra\u00e7a?"},"content":{"rendered":"<div class=\"wp-block-image\">\n<figure class=\"aligncenter size-large is-resized\"><img decoding=\"async\" src=\"https:\/\/sme.goiania.go.gov.br\/conexaoescola\/wp-content\/uploads\/2024\/08\/WhatsApp-Image-2024-08-19-at-09.59.51-1024x767.jpeg\" alt=\"\" class=\"wp-image-186153\" style=\"width:617px;height:auto\"\/><figcaption class=\"wp-element-caption\">Crian\u00e7as brincando com elementos da natureza<\/figcaption><\/figure><\/div>\n\n\n<p class=\"has-text-align-center has-electric-grass-gradient-background has-background has-medium-font-size\"><strong>O contato com a natureza, atrav\u00e9s de brincadeiras ao ar livre, \u00e9 essencial para o desenvolvimento integral da crian\u00e7a.<\/strong><\/p>\n\n\n\n<p class=\"has-text-align-center has-electric-grass-gradient-background has-background has-medium-font-size\"><strong>Os espa\u00e7os naturais apoiam as aprendizagens infantis e podem oferecer \u00e0s crian\u00e7as importantes oportunidades de explora\u00e7\u00e3o e descobertas<\/strong>. <\/p>\n\n\n\n<p class=\"has-text-align-center has-electric-grass-gradient-background has-background has-medium-font-size\"><strong>Estar em meio \u00e0 natureza permite que as crian\u00e7as desenvolvam uma conex\u00e3o profunda com o mundo ao seu redor. <\/strong><\/p>\n\n\n\n<p class=\"has-text-align-center has-electric-grass-gradient-background has-background has-medium-font-size\"><strong>Nessas intera\u00e7\u00f5es, tanto com adultos quanto com outras crian\u00e7as, elas aprendem sobre o respeito ao meio ambiente, o valor da biodiversidade e a import\u00e2ncia da sustentabilidade para a vida na Terra.<\/strong><\/p>\n\n\n\n<p class=\"has-text-align-center has-electric-grass-gradient-background has-background has-medium-font-size\"><strong>A professora Sandra Dornelas, do CMEI Setor Uni\u00e3o, convida cotidianamente as crian\u00e7as para visitar a pra\u00e7a pr\u00f3xima \u00e0 Unidade Educacional, incentivando-as a brincar e explorar os elementos naturais presentes nesse espa\u00e7o. <\/strong><\/p>\n\n\n\n<p class=\"has-text-align-center has-electric-grass-gradient-background has-background has-medium-font-size\"><strong>Vamos conhecer?<\/strong><\/p>\n\n\n\n<hr class=\"wp-block-separator has-alpha-channel-opacity\"\/>\n\n\n\n<figure class=\"wp-block-embed is-type-video is-provider-youtube wp-block-embed-youtube wp-embed-aspect-16-9 wp-has-aspect-ratio\"><div class=\"wp-block-embed__wrapper\">\n<p class=\"responsive-video-wrap clr\"><iframe title=\"PASSEIO NO PARQUE CMEI SETOR UNI\u00c3O\" width=\"1200\" height=\"675\" src=\"https:\/\/www.youtube.com\/embed\/Jh-aUCsxw20?feature=oembed\" frameborder=\"0\" allow=\"accelerometer; autoplay; clipboard-write; encrypted-media; gyroscope; picture-in-picture; web-share\" referrerpolicy=\"strict-origin-when-cross-origin\" allowfullscreen><\/iframe><\/p>\n<\/div><\/figure>\n\n\n\n<figure class=\"wp-block-table\"><table class=\"has-fixed-layout\"><tbody><tr><td>Proponentes\/Curadoria<\/td><td>NEC \u2014 Equipe Educa\u00e7\u00e3o Infantil                                  Ester Mendes e Izabel Lemos <\/td><\/tr><tr><td>Unidade Educacional<\/td><td>CMEI Setor Uni\u00e3o <\/td><\/tr><\/tbody><\/table><\/figure>\n\n\n\n<p><\/p>\n","protected":false},"author":16,"featured_media":186153,"template":"","class_list":["post-186151","praticas_em_rede","type-praticas_em_rede","status-publish","has-post-thumbnail","hentry","entry","has-media"],"acf":[],"_links":{"self":[{"href":"https:\/\/sme.goiania.go.gov.br\/conexaoescola\/wp-json\/wp\/v2\/praticas_em_rede\/186151","targetHints":{"allow":["GET"]}}],"collection":[{"href":"https:\/\/sme.goiania.go.gov.br\/conexaoescola\/wp-json\/wp\/v2\/praticas_em_rede"}],"about":[{"href":"https:\/\/sme.goiania.go.gov.br\/conexaoescola\/wp-json\/wp\/v2\/types\/praticas_em_rede"}],"author":[{"embeddable":true,"href":"https:\/\/sme.goiania.go.gov.br\/conexaoescola\/wp-json\/wp\/v2\/users\/16"}],"wp:featuredmedia":[{"embeddable":true,"href":"https:\/\/sme.goiania.go.gov.br\/conexaoescola\/wp-json\/wp\/v2\/media\/186153"}],"wp:attachment":[{"href":"https:\/\/sme.goiania.go.gov.br\/conexaoescola\/wp-json\/wp\/v2\/media?parent=186151"}],"curies":[{"name":"wp","href":"https:\/\/api.w.org\/{rel}","templated":true}]}}