{"id":84751,"date":"2020-12-14T07:00:00","date_gmt":"2020-12-14T09:00:00","guid":{"rendered":"https:\/\/sme.goiania.go.gov.br\/conexaoescola\/?post_type=ensino_fundamental&#038;p=84751"},"modified":"2021-11-09T11:48:05","modified_gmt":"2021-11-09T13:48:05","slug":"conhecendo-as-regioes-brasileiras-2","status":"publish","type":"ensino_fundamental","link":"https:\/\/sme.goiania.go.gov.br\/conexaoescola\/ensino_fundamental\/conhecendo-as-regioes-brasileiras-2\/","title":{"rendered":"Geografia &#8211; Conhecendo as Regi\u00f5es Brasileiras"},"content":{"rendered":"\n<p class=\"has-drop-cap has-medium-font-size\">Ol\u00e1! Voc\u00ea sabia que o&nbsp;Brasil&nbsp;\u00e9 um pa\u00eds com enorme extens\u00e3o territorial: apresenta \u00e1rea de 8.514.876 km\u00b2, sendo seu territ\u00f3rio dividido em&nbsp;Regi\u00f5es. O Instituto Brasileiro de Geografia e Estat\u00edstica (IBGE) \u00e9 o \u00f3rg\u00e3o respons\u00e1vel pela divis\u00e3o regional do territ\u00f3rio brasileiro. Para reunir estados em uma mesma regi\u00e3o s\u00e3o utilizados crit\u00e9rios como semelhan\u00e7as nos aspectos f\u00edsicos, humanos, culturais, sociais e econ\u00f4micos. Muitas divis\u00f5es regionais do territ\u00f3rio brasileiro j\u00e1 foram estabelecidas ao longo da hist\u00f3ria, atualmente est\u00e1 em vigor a divis\u00e3o estabelecida no ano de 1970, que \u00e9 composta por&nbsp;cinco Regi\u00f5es: Centro-Oeste, Nordeste, Norte, Sul e Sudeste.<\/p>\n\n\n\n<hr class=\"wp-block-separator\"\/>\n\n\n\n<p class=\"has-medium-font-size\">Para saber mais sobre a Divis\u00e3o Regional do Brasil, desenvolva as atividades a seguir:<\/p>\n\n\n\n<p class=\"has-medium-font-size\">1\u00ba) Para se inteirar mais sobre a Divis\u00e3o Regional do Brasil, fa\u00e7a a leitura minuciosa no site: <\/p>\n\n\n\n<p class=\"has-very-light-gray-color has-vivid-purple-background-color has-text-color has-background\"><a href=\"https:\/\/brasilescola.uol.com.br\/brasil\/divisao-regional-brasileira.htm\">https:\/\/brasilescola.uol.com.br\/brasil\/divisao-regional-brasileira.htm<\/a><\/p>\n\n\n\n<p class=\"has-medium-font-size\">2\u00ba) Acesse o site: Fa\u00e7a a leitura e aprenda mais sobre as Regi\u00f5es Brasileiras.<\/p>\n\n\n\n<p class=\"has-very-light-gray-color has-vivid-purple-background-color has-text-color has-background\"><a href=\"https:\/\/brasilescola.uol.com.br\/brasil\/regioes-brasileiras.htm\">https:\/\/brasilescola.uol.com.br\/brasil\/regioes-brasileiras.htm<\/a><\/p>\n\n\n\n<p class=\"has-medium-font-size\">Agora: escreva em seu caderno o nome dos estados que comp\u00f5em cada Regi\u00e3o Brasileira (Norte, Nordeste, Centro-Oeste, Sudeste e Sul).<\/p>\n\n\n\n<hr class=\"wp-block-separator\"\/>\n\n\n\n<p><strong>Saiba Mais | Refer\u00eancias:<\/strong><\/p>\n\n\n\n<div class=\"wp-block-columns is-layout-flex wp-container-core-columns-is-layout-9d6595d7 wp-block-columns-is-layout-flex\">\n<div class=\"wp-block-column is-layout-flow wp-block-column-is-layout-flow\">\n<p class=\"has-very-light-gray-color has-vivid-purple-background-color has-text-color has-background\"><a href=\"https:\/\/www.todamateria.com.br\/divisao-regional-do-brasil\/\">https:\/\/www.todamateria.com.br\/divisao-regional-do-brasil\/<\/a><\/p>\n<\/div>\n\n\n\n<div class=\"wp-block-column is-layout-flow wp-block-column-is-layout-flow\">\n<p class=\"has-very-light-gray-color has-vivid-cyan-blue-background-color has-text-color has-background\"><a href=\"https:\/\/mundoeducacao.uol.com.br\/geografia\/o-processo-divisao-regional-territorio-brasileiro.htm\">https:\/\/mundoeducacao.uol.com.br\/geografia\/o-processo-divisao-regional-territorio-brasileiro.htm<\/a><\/p>\n<\/div>\n\n\n\n<div class=\"wp-block-column is-layout-flow wp-block-column-is-layout-flow\">\n<figure class=\"wp-block-embed-wordpress wp-block-embed is-type-wp-embed is-provider-portal-sao-francisco\"><div class=\"wp-block-embed__wrapper\">\n<div class=\"oceanwp-oembed-wrap clr\"><blockquote class=\"wp-embedded-content\" data-secret=\"SIJEplVI3w\"><a href=\"https:\/\/www.portalsaofrancisco.com.br\/geografia\/divisao-regional-do-brasil\">Divis\u00e3o Regional do Brasil<\/a><\/blockquote><iframe class=\"wp-embedded-content\" sandbox=\"allow-scripts\" security=\"restricted\" style=\"position: absolute; clip: rect(1px, 1px, 1px, 1px);\" title=\"&#8220;Divis\u00e3o Regional do Brasil&#8221; &#8212; Portal S\u00e3o Francisco\" src=\"https:\/\/www.portalsaofrancisco.com.br\/geografia\/divisao-regional-do-brasil\/embed#?secret=SIJEplVI3w\" data-secret=\"SIJEplVI3w\" width=\"600\" height=\"338\" frameborder=\"0\" marginwidth=\"0\" marginheight=\"0\" scrolling=\"no\"><\/iframe><\/div>\n<\/div><figcaption><a href=\"https:\/\/www.portalsaofrancisco.com.br\/geografia\/divisao-regional-do-brasil\">https:\/\/www.portalsaofrancisco.com.br\/geografia\/divisao-regional-do-brasil<\/a><\/figcaption><\/figure>\n<\/div>\n<\/div>\n\n\n\n<hr class=\"wp-block-separator\"\/>\n\n\n\n<figure class=\"wp-block-table alignfull\"><table><tbody><tr><td>Objeto de Conhecimento<\/td><td>Divis\u00e3o Regional do BrasilRegionaliza\u00e7\u00e3o do Brasil&nbsp;<\/td><\/tr><tr><td>Habilidades<\/td><td>(GO-EF04GE13) Compreender a import\u00e2ncia e os diferentes crit\u00e9rios de regionalizar o Brasil e o estado de Goi\u00e1s, considerando os aspectos pol\u00edticos, econ\u00f4micos, sociais, culturais e f\u00edsico-naturais.&nbsp;&nbsp;(EF04GE01) Selecionar, em seus lugares de viv\u00eancia e em suas hist\u00f3rias familiares e\/ou da comunidade, elementos de distintas culturas (ind\u00edgenas, afro-brasileiras, de outras regi\u00f5es do pa\u00eds, latino-americanas, europeias, asi\u00e1ticas etc.), valorizando o que \u00e9 pr\u00f3prio em cada umadelas e sua contribui\u00e7\u00e3o para a forma\u00e7\u00e3o da cultura local, regional e brasileira.<\/td><\/tr><\/tbody><\/table><\/figure>\n\n\n\n<hr class=\"wp-block-separator\"\/>\n\n\n\n<figure class=\"wp-block-table alignfull\"><table><tbody><tr><td>Proponentes\/ Professores:<\/td><td>Nilda Peixoto Fleury de Almeida<\/td><\/tr><tr><td>Institui\u00e7\u00e3o Educacional:<\/td><td>Escola Municipal Jo\u00e3o Braz<\/td><\/tr><tr><td>CRE:<\/td><td>Maria Helena Batista Bretas<\/td><\/tr><\/tbody><\/table><\/figure>\n\n\n\n<hr class=\"wp-block-separator\"\/>\n\n\n\n<p>Ensino Fundamental &#8211; Ciclo da Inf\u00e2ncia \u2013 Turma D \u2013 4\u00ba Ano &#8211; Experi\u00eancias e Curiosidades<\/p>\n","protected":false},"author":20,"featured_media":84630,"template":"","ef_categoria":[14,26],"ef_ano":[87],"ef_componente":[96],"class_list":["post-84751","ensino_fundamental","type-ensino_fundamental","status-publish","has-post-thumbnail","hentry","ef_categoria-ciclo-da-infancia-de","ef_categoria-experiencias-e-curiosidades-ciclo-da-infancia-de","ef_ano-4o-ano","ef_componente-geografia","entry","has-media"],"acf":[],"_links":{"self":[{"href":"https:\/\/sme.goiania.go.gov.br\/conexaoescola\/wp-json\/wp\/v2\/ensino_fundamental\/84751","targetHints":{"allow":["GET"]}}],"collection":[{"href":"https:\/\/sme.goiania.go.gov.br\/conexaoescola\/wp-json\/wp\/v2\/ensino_fundamental"}],"about":[{"href":"https:\/\/sme.goiania.go.gov.br\/conexaoescola\/wp-json\/wp\/v2\/types\/ensino_fundamental"}],"author":[{"embeddable":true,"href":"https:\/\/sme.goiania.go.gov.br\/conexaoescola\/wp-json\/wp\/v2\/users\/20"}],"version-history":[{"count":0,"href":"https:\/\/sme.goiania.go.gov.br\/conexaoescola\/wp-json\/wp\/v2\/ensino_fundamental\/84751\/revisions"}],"wp:featuredmedia":[{"embeddable":true,"href":"https:\/\/sme.goiania.go.gov.br\/conexaoescola\/wp-json\/wp\/v2\/media\/84630"}],"wp:attachment":[{"href":"https:\/\/sme.goiania.go.gov.br\/conexaoescola\/wp-json\/wp\/v2\/media?parent=84751"}],"wp:term":[{"taxonomy":"ef_categoria","embeddable":true,"href":"https:\/\/sme.goiania.go.gov.br\/conexaoescola\/wp-json\/wp\/v2\/ef_categoria?post=84751"},{"taxonomy":"ef_ano","embeddable":true,"href":"https:\/\/sme.goiania.go.gov.br\/conexaoescola\/wp-json\/wp\/v2\/ef_ano?post=84751"},{"taxonomy":"ef_componente","embeddable":true,"href":"https:\/\/sme.goiania.go.gov.br\/conexaoescola\/wp-json\/wp\/v2\/ef_componente?post=84751"}],"curies":[{"name":"wp","href":"https:\/\/api.w.org\/{rel}","templated":true}]}}