{"id":84748,"date":"2020-12-14T07:00:00","date_gmt":"2020-12-14T09:00:00","guid":{"rendered":"https:\/\/sme.goiania.go.gov.br\/conexaoescola\/?post_type=ensino_fundamental&#038;p=84748"},"modified":"2021-11-26T10:15:13","modified_gmt":"2021-11-26T12:15:13","slug":"responsabilidades-na-familia","status":"publish","type":"ensino_fundamental","link":"https:\/\/sme.goiania.go.gov.br\/conexaoescola\/ensino_fundamental\/responsabilidades-na-familia\/","title":{"rendered":"L\u00edngua Portuguesa &#8211; Responsabilidades na fam\u00edlia"},"content":{"rendered":"\n<p class=\"has-drop-cap has-medium-font-size\">Oi Crian\u00e7as, tudo bem?&nbsp; Hoje voc\u00ea aprender\u00e1 que existem diferentes tipos de fam\u00edlia e que as pessoas desempenham pap\u00e9is diferentes na fam\u00edlia em que vivem. Voc\u00ea ser\u00e1 desafiado a pensar as responsabilidades dos integrantes da fam\u00edlia.<\/p>\n\n\n\n<hr class=\"wp-block-separator\"\/>\n\n\n\n<p class=\"has-vivid-green-cyan-background-color has-background has-medium-font-size\">Assista o v\u00eddeo e descubra os diferentes tipos de fam\u00edlia e os pap\u00e9is de alguns de seus integrantes:&nbsp;<\/p>\n\n\n\n<figure class=\"wp-block-embed is-type-video is-provider-youtube wp-block-embed-youtube wp-embed-aspect-4-3 wp-has-aspect-ratio\"><div class=\"wp-block-embed__wrapper\">\n<p class=\"responsive-video-wrap clr\"><iframe title=\"A FAM\u00cdLIA DO MARCELO\" width=\"1200\" height=\"900\" src=\"https:\/\/www.youtube.com\/embed\/M7VGsXvu970?feature=oembed\" frameborder=\"0\" allow=\"accelerometer; autoplay; clipboard-write; encrypted-media; gyroscope; picture-in-picture\" allowfullscreen><\/iframe><\/p>\n<\/div><figcaption>&#8220;a fam\u00edlia do Marcello&#8221; Canal: Maarisildabiblioteca &#8211; <a href=\"https:\/\/www.youtube.com\/watch?v=M7VGsXvu970\">https:\/\/www.youtube.com\/watch?v=M7VGsXvu970<\/a><\/figcaption><\/figure>\n\n\n\n<p class=\"has-medium-font-size\">Cada fam\u00edlia tem um jeito de ser e cada pessoa assume diversos pap\u00e9is sociais de acordo com a fam\u00edlia que est\u00e1 inserido e, por isso, suas atitudes, comportamentos e intera\u00e7\u00f5es tamb\u00e9m devem variar.<\/p>\n\n\n\n<p class=\"has-luminous-vivid-orange-color has-text-color has-medium-font-size\">Responda as seguintes quest\u00f5es no seu caderno:<\/p>\n\n\n\n<p class=\"has-medium-font-size\"><strong>Todas as fam\u00edlias s\u00e3o formadas pelas mesmas pessoas?<\/strong><\/p>\n\n\n\n<p class=\"has-medium-font-size\"><strong>As pessoas realizam as mesmas fun\u00e7\u00f5es em todas as fam\u00edlias?<\/strong><\/p>\n\n\n\n<p class=\"has-medium-font-size\"><strong>Marcelo fazia algumas coisas para ajudar a sua fam\u00edlia. Quais responsabilidades voc\u00ea acha que a crian\u00e7a tem na fam\u00edlia?<\/strong><\/p>\n\n\n\n<p class=\"has-medium-font-size\">Assista o v\u00eddeo e descubra a import\u00e2ncia da divis\u00e3o das atividades em casa:<\/p>\n\n\n\n<figure class=\"wp-block-embed is-type-video is-provider-youtube wp-block-embed-youtube wp-embed-aspect-16-9 wp-has-aspect-ratio\"><div class=\"wp-block-embed__wrapper\">\n<p class=\"responsive-video-wrap clr\"><iframe title=\"Campanha pela Justa Divis\u00e3o do Trabalho Dom\u00e9stico\" width=\"1200\" height=\"675\" src=\"https:\/\/www.youtube.com\/embed\/ov0Ar44SuzA?feature=oembed\" frameborder=\"0\" allow=\"accelerometer; autoplay; clipboard-write; encrypted-media; gyroscope; picture-in-picture\" allowfullscreen><\/iframe><\/p>\n<\/div><figcaption>&#8220;ampanha pela justa divis\u00e3o do trabalho dom\u00e9stico&#8221; Canal: AS-PTA Agricultura Familiar e Agroecologia &#8211; <a href=\"https:\/\/www.youtube.com\/watch?v=ov0Ar44SuzA\">https:\/\/www.youtube.com\/watch?v=ov0Ar44SuzA<\/a><\/figcaption><\/figure>\n\n\n\n<p class=\"has-medium-font-size\"><strong>Agora responda no seu caderno:<\/strong><\/p>\n\n\n\n<p class=\"has-medium-font-size\"><strong>Voc\u00ea acha que a forma de divis\u00e3o de trabalho inicial apresentada no v\u00eddeo \u00e9 justa?<\/strong><\/p>\n\n\n\n<p class=\"has-medium-font-size\"><strong>O que Rosa fez para mudar sua situa\u00e7\u00e3o?<\/strong><\/p>\n\n\n\n<p class=\"has-medium-font-size\"><strong>Como voc\u00ea ajuda a sua fam\u00edlia no trabalho dom\u00e9stico?<\/strong><\/p>\n\n\n\n<p class=\"has-vivid-green-cyan-color has-text-color has-large-font-size\">At\u00e9 breve!<\/p>\n\n\n\n<hr class=\"wp-block-separator\"\/>\n\n\n\n<p><strong>Para saber mais:<\/strong><\/p>\n\n\n\n<div class=\"wp-block-columns is-layout-flex wp-container-core-columns-is-layout-9d6595d7 wp-block-columns-is-layout-flex\">\n<div class=\"wp-block-column is-layout-flow wp-block-column-is-layout-flow\">\n<p class=\"has-very-light-gray-color has-vivid-purple-background-color has-text-color has-background\"><a href=\"https:\/\/www.smartkids.com.br\/trabalho\/familia\">https:\/\/www.smartkids.com.br\/trabalho\/familia<\/a><\/p>\n<\/div>\n\n\n\n<div class=\"wp-block-column is-layout-flow wp-block-column-is-layout-flow\">\n<figure class=\"wp-block-embed is-type-video is-provider-youtube wp-block-embed-youtube wp-embed-aspect-4-3 wp-has-aspect-ratio\"><div class=\"wp-block-embed__wrapper\">\n<p class=\"responsive-video-wrap clr\"><iframe title=\"Musica Fam\u00edlia- Rita Rameh\" width=\"1200\" height=\"900\" src=\"https:\/\/www.youtube.com\/embed\/EpDKjnRvWqM?feature=oembed\" frameborder=\"0\" allow=\"accelerometer; autoplay; clipboard-write; encrypted-media; gyroscope; picture-in-picture\" allowfullscreen><\/iframe><\/p>\n<\/div><figcaption>&#8220;Musica Fam\u00edlia- Rita Rameh&#8221; Canal: <a href=\"https:\/\/www.youtube.com\/channel\/UCHu0xOxgv-ankzRhTco8W8g\">Luana Ferronatto<\/a> &#8211; <a href=\"https:\/\/www.youtube.com\/watch?v=EpDKjnRvWqM\">https:\/\/www.youtube.com\/watch?v=EpDKjnRvWqM<\/a><\/figcaption><\/figure>\n<\/div>\n<\/div>\n\n\n\n<hr class=\"wp-block-separator\"\/>\n\n\n\n<figure class=\"wp-block-table alignfull\"><table><tbody><tr><td><br>OBJETOS DE CONHECIMENTO:<br><\/td><td>L\u00edngua Portuguesa: Compress\u00e3o em leitura<\/td><\/tr><tr><td>HABILIDADES:<\/td><td>L\u00edngua Portuguesa:<strong>&nbsp; (<\/strong>EF35LP03) Identificar a ideia central de textos, demonstrando compreens\u00e3o global.<\/td><\/tr><\/tbody><\/table><\/figure>\n\n\n\n<hr class=\"wp-block-separator\"\/>\n\n\n\n<figure class=\"wp-block-table alignfull\"><table><tbody><tr><td>PROPONENTES:<\/td><td>Jakeline <\/td><\/tr><tr><td>INSTITUI\u00c7\u00c3O<\/td><td>(GEREFU)<\/td><\/tr><\/tbody><\/table><\/figure>\n\n\n\n<hr class=\"wp-block-separator\"\/>\n\n\n\n<p>Ensino Fundamental &#8211; Ciclo da Inf\u00e2ncia &#8211; Turma C 3\u00ba ano &#8211; \u00c9tica e Cidadania<\/p>\n","protected":false},"author":24,"featured_media":59732,"template":"","ef_categoria":[13,20],"ef_ano":[86],"ef_componente":[93],"class_list":["post-84748","ensino_fundamental","type-ensino_fundamental","status-publish","has-post-thumbnail","hentry","ef_categoria-ciclo-da-infancia-abc","ef_categoria-etica-e-cidadania","ef_ano-3o-ano","ef_componente-portugues","entry","has-media"],"acf":[],"_links":{"self":[{"href":"https:\/\/sme.goiania.go.gov.br\/conexaoescola\/wp-json\/wp\/v2\/ensino_fundamental\/84748","targetHints":{"allow":["GET"]}}],"collection":[{"href":"https:\/\/sme.goiania.go.gov.br\/conexaoescola\/wp-json\/wp\/v2\/ensino_fundamental"}],"about":[{"href":"https:\/\/sme.goiania.go.gov.br\/conexaoescola\/wp-json\/wp\/v2\/types\/ensino_fundamental"}],"author":[{"embeddable":true,"href":"https:\/\/sme.goiania.go.gov.br\/conexaoescola\/wp-json\/wp\/v2\/users\/24"}],"version-history":[{"count":0,"href":"https:\/\/sme.goiania.go.gov.br\/conexaoescola\/wp-json\/wp\/v2\/ensino_fundamental\/84748\/revisions"}],"wp:featuredmedia":[{"embeddable":true,"href":"https:\/\/sme.goiania.go.gov.br\/conexaoescola\/wp-json\/wp\/v2\/media\/59732"}],"wp:attachment":[{"href":"https:\/\/sme.goiania.go.gov.br\/conexaoescola\/wp-json\/wp\/v2\/media?parent=84748"}],"wp:term":[{"taxonomy":"ef_categoria","embeddable":true,"href":"https:\/\/sme.goiania.go.gov.br\/conexaoescola\/wp-json\/wp\/v2\/ef_categoria?post=84748"},{"taxonomy":"ef_ano","embeddable":true,"href":"https:\/\/sme.goiania.go.gov.br\/conexaoescola\/wp-json\/wp\/v2\/ef_ano?post=84748"},{"taxonomy":"ef_componente","embeddable":true,"href":"https:\/\/sme.goiania.go.gov.br\/conexaoescola\/wp-json\/wp\/v2\/ef_componente?post=84748"}],"curies":[{"name":"wp","href":"https:\/\/api.w.org\/{rel}","templated":true}]}}