{"id":84732,"date":"2020-12-14T07:00:00","date_gmt":"2020-12-14T09:00:00","guid":{"rendered":"https:\/\/sme.goiania.go.gov.br\/conexaoescola\/?post_type=ensino_fundamental&#038;p=84732"},"modified":"2021-11-11T11:10:52","modified_gmt":"2021-11-11T13:10:52","slug":"a-casa-2","status":"publish","type":"ensino_fundamental","link":"https:\/\/sme.goiania.go.gov.br\/conexaoescola\/ensino_fundamental\/a-casa-2\/","title":{"rendered":"GEOGRAFIA &#8211; A CASA"},"content":{"rendered":"\n<p class=\"has-drop-cap has-medium-font-size\">Ol\u00e1 crian\u00e7as! Vamos aprender sobre a nossa moradia? Qual \u00e9 o tipo e quais materiais que utilizamos para ser constru\u00edda? Vamos para nossa atividade, preste bastante aten\u00e7\u00e3o para responder.<\/p>\n\n\n\n<hr class=\"wp-block-separator\"\/>\n\n\n\n<p class=\"has-medium-font-size\">1-Vamos ouvir a hist\u00f3ria do Camilo, Comil\u00e3o?&nbsp;<\/p>\n\n\n\n<figure class=\"wp-block-embed is-type-video is-provider-youtube wp-block-embed-youtube wp-embed-aspect-16-9 wp-has-aspect-ratio\"><div class=\"wp-block-embed__wrapper\">\n<p class=\"responsive-video-wrap clr\"><iframe title=\"Camil\u00e3o, o comil\u00e3o - Varal de Hist\u00f3rias\" width=\"1200\" height=\"675\" src=\"https:\/\/www.youtube.com\/embed\/TGjTjvojGtE?feature=oembed\" frameborder=\"0\" allow=\"accelerometer; autoplay; clipboard-write; encrypted-media; gyroscope; picture-in-picture\" allowfullscreen><\/iframe><\/p>\n<\/div><\/figure>\n\n\n\n<p class=\"has-medium-font-size\">A hist\u00f3ria do livro Camil\u00e3o &nbsp; Comil\u00e3o. \u00c9 a hist\u00f3ria do Camilo , um leit\u00e3o muito guloso e pregui\u00e7oso. \u00c9 com ele que vamos estudar sobre os diversos tipos de casa que existem.<\/p>\n\n\n\n<hr class=\"wp-block-separator\"\/>\n\n\n\n<p class=\"has-medium-font-size\">Camilo mora na cidade de Zuzul\u00e2ndia.Qual \u00e9 o nome da nossa cidade. Procure em jornais ou revistas as letras que formam o nome da cidade e cole no seu caderno.<\/p>\n\n\n\n<p class=\"has-very-light-gray-color has-vivid-red-background-color has-text-color has-background has-medium-font-size\">2- Observe a palavra ; <\/p>\n\n\n\n<p class=\"has-luminous-vivid-orange-color has-text-color has-large-font-size\">CASA<\/p>\n\n\n\n<p class=\"has-medium-font-size\">Quantas letras tem&nbsp; essa palavra ?<\/p>\n\n\n\n<p class=\"has-medium-font-size\">Quantos sons?<\/p>\n\n\n\n<p class=\"has-medium-font-size\">A palavra tem letras repetidas?( &nbsp; &nbsp; ) SIM&nbsp; &nbsp; (&nbsp; &nbsp; )&nbsp; N\u00c2O<\/p>\n\n\n\n<p class=\"has-medium-font-size\">Quantas vezes a letra repetida aparece?____________________<\/p>\n\n\n\n<p class=\"has-very-light-gray-color has-vivid-cyan-blue-background-color has-text-color has-background has-medium-font-size\">3- Agora fa\u00e7a uma lista com a palavras que come\u00e7am com a letra C.<\/p>\n\n\n\n<p class=\"has-medium-font-size\">4-  De acordo com a hist\u00f3ria fa\u00e7a a sequ\u00eancia numeral, do menor para o maior de acordo com alimentos encontrados na cesta do Camilo.<\/p>\n\n\n\n<p class=\"has-medium-font-size\">5-&nbsp; A casa \u00e9 o lugar que convivemos com nossa fam\u00edlia. Nela n\u00f3s brincamos, fazemos refei\u00e7\u00f5es, dormimos e descansamos. Ela \u00e9 o nosso abrigo, pois nos protegemos&nbsp; da chuva, do frio e do calor. Nos dias que estamos enfrentando a pandemia do coronav\u00edrus, ela tem se tornado o nosso ref\u00fagio. O lugar &nbsp; mais seguro que poder\u00edamos estar. <\/p>\n\n\n\n<hr class=\"wp-block-separator\"\/>\n\n\n\n<p class=\"has-medium-font-size\">6-  As casas que as pessoas habitam s\u00e3o constru\u00eddas de acordo com a necessidade de cada pessoa ou de acordo com a cultura de cada &nbsp; grupo social. Por isso s\u00e3o utilizados diversos tipos de materiais. Converse com um familiar e escreva os materiais utilizados para construir sua casa.<\/p>\n\n\n\n<hr class=\"wp-block-separator\"\/>\n\n\n\n<p><strong>Saiba Mais | Refer\u00eancias:<\/strong><\/p>\n\n\n\n<div class=\"wp-block-columns is-layout-flex wp-container-core-columns-is-layout-9d6595d7 wp-block-columns-is-layout-flex\">\n<div class=\"wp-block-column is-layout-flow wp-block-column-is-layout-flow\">\n<p class=\"has-very-light-gray-color has-vivid-purple-background-color has-text-color has-background\"><a href=\"https:\/\/escolakids.uol.com.br\/geografia\/a-casa.htm\">https:\/\/escolakids.uol.com.br\/geografia\/a-casa.htm<\/a><\/p>\n<\/div>\n\n\n\n<div class=\"wp-block-column is-layout-flow wp-block-column-is-layout-flow\">\n<p class=\"has-very-light-gray-color has-vivid-cyan-blue-background-color has-text-color has-background\"><a href=\"https:\/\/www.grupoescolar.com\/pesquisa\/varios-tipos-de-casa.html\">https:\/\/www.grupoescolar.com\/pesquisa\/varios-tipos-de-casa.html<\/a><\/p>\n<\/div>\n\n\n\n<div class=\"wp-block-column is-layout-flow wp-block-column-is-layout-flow\"><\/div>\n<\/div>\n\n\n\n<hr class=\"wp-block-separator\"\/>\n\n\n\n<figure class=\"wp-block-table alignfull\"><table><tbody><tr><td>Objeto de Conhecimento<\/td><td>Diferentes moradias; escuta atenta; forma de composi\u00e7\u00e3o de texto; contagem de rotina.<\/td><\/tr><tr><td>Habilidades<\/td><td>EF01GE06-A) Compreender, descrever e comparar diferentes tipos de moradia ou objetos de uso cotidiano, como brinquedos, roupas, mobili\u00e1rios, considerando t\u00e9cnicas e materiais utilizados em sua produ\u00e7\u00e3o.(EF15LP10-A\/B) Escutar, com aten\u00e7\u00e3o, falas de professores e colegas, formulando perguntas pertinentes ao tema e solicitando esclarecimentos sempre que necess\u00e1rio, respeitando o interlocutor, para melhorar a comunica\u00e7\u00e3o e a intera\u00e7\u00e3o com o grupo.EF01LP20) Identificar e reproduzir, em listas, bilhetes, agendas, calend\u00e1rios, regras, avisos, convites, receitas, instru\u00e7\u00f5es de montagem, legendas para \u00e1lbuns, fotos ou ilustra\u00e7\u00f5es (digitais ou impressos), a formata\u00e7\u00e3o e diagrama\u00e7\u00e3o especifica de cada um desses g\u00eaneros.(EF01MA01-A) Reconhecer a utiliza\u00e7\u00e3o de n\u00fameros no seu contexto di\u00e1rio, representado por imagens ou n\u00e3o, como indicador de quantidade, em problemas de contagem de objetos do cotidiano, quantos tem ou onde ha mais, ordem do 1o ao 10o, em brincadeiras de tradi\u00e7\u00e3o e situa\u00e7\u00f5es cotidianas, como tabelas de campeonatos esportivos e c\u00f3digo, como n\u00fameros utilizados em contas, RG, CPF, titulo de leitor, c\u00f3digo de barras, utilizando a express\u00e3ooral.<\/td><\/tr><\/tbody><\/table><\/figure>\n\n\n\n<hr class=\"wp-block-separator\"\/>\n\n\n\n<figure class=\"wp-block-table alignfull\"><table><tbody><tr><td>Proponentes\/ Professores:<\/td><td>Daniella Alessandra de OliveiraVilma Cassia Cardoso<\/td><\/tr><tr><td>Institui\u00e7\u00e3o Educacional:<\/td><td>Escola Municipal Rui Barbosa<\/td><\/tr><tr><td>CRE:<\/td><td>U. R. Maria Helena Bretas<\/td><\/tr><\/tbody><\/table><\/figure>\n\n\n\n<hr class=\"wp-block-separator\"\/>\n\n\n\n<p>Ensino Fundamental &#8211; Ciclo da Inf\u00e2ncia &#8211; Turma B 2\u00ba ano &#8211; Educa\u00e7\u00e3o Financeira e Empreendedorismo<\/p>\n","protected":false},"author":20,"featured_media":84735,"template":"","ef_categoria":[13,19],"ef_ano":[84],"ef_componente":[96],"class_list":["post-84732","ensino_fundamental","type-ensino_fundamental","status-publish","has-post-thumbnail","hentry","ef_categoria-ciclo-da-infancia-abc","ef_categoria-educacao-financeira-e-empreendedorismo","ef_ano-1o-ano","ef_componente-geografia","entry","has-media"],"acf":[],"_links":{"self":[{"href":"https:\/\/sme.goiania.go.gov.br\/conexaoescola\/wp-json\/wp\/v2\/ensino_fundamental\/84732","targetHints":{"allow":["GET"]}}],"collection":[{"href":"https:\/\/sme.goiania.go.gov.br\/conexaoescola\/wp-json\/wp\/v2\/ensino_fundamental"}],"about":[{"href":"https:\/\/sme.goiania.go.gov.br\/conexaoescola\/wp-json\/wp\/v2\/types\/ensino_fundamental"}],"author":[{"embeddable":true,"href":"https:\/\/sme.goiania.go.gov.br\/conexaoescola\/wp-json\/wp\/v2\/users\/20"}],"version-history":[{"count":0,"href":"https:\/\/sme.goiania.go.gov.br\/conexaoescola\/wp-json\/wp\/v2\/ensino_fundamental\/84732\/revisions"}],"wp:featuredmedia":[{"embeddable":true,"href":"https:\/\/sme.goiania.go.gov.br\/conexaoescola\/wp-json\/wp\/v2\/media\/84735"}],"wp:attachment":[{"href":"https:\/\/sme.goiania.go.gov.br\/conexaoescola\/wp-json\/wp\/v2\/media?parent=84732"}],"wp:term":[{"taxonomy":"ef_categoria","embeddable":true,"href":"https:\/\/sme.goiania.go.gov.br\/conexaoescola\/wp-json\/wp\/v2\/ef_categoria?post=84732"},{"taxonomy":"ef_ano","embeddable":true,"href":"https:\/\/sme.goiania.go.gov.br\/conexaoescola\/wp-json\/wp\/v2\/ef_ano?post=84732"},{"taxonomy":"ef_componente","embeddable":true,"href":"https:\/\/sme.goiania.go.gov.br\/conexaoescola\/wp-json\/wp\/v2\/ef_componente?post=84732"}],"curies":[{"name":"wp","href":"https:\/\/api.w.org\/{rel}","templated":true}]}}