{"id":79946,"date":"2020-12-07T07:00:00","date_gmt":"2020-12-07T09:00:00","guid":{"rendered":"https:\/\/sme.goiania.go.gov.br\/conexaoescola\/?post_type=ensino_fundamental&#038;p=79946"},"modified":"2022-01-06T20:01:17","modified_gmt":"2022-01-06T22:01:17","slug":"a-preservacao-do-bioma-cerrado","status":"publish","type":"ensino_fundamental","link":"https:\/\/sme.goiania.go.gov.br\/conexaoescola\/ensino_fundamental\/a-preservacao-do-bioma-cerrado\/","title":{"rendered":"Ci\u00eancias da Natureza: AS CARACTER\u00cdSTICAS E A DEGRADA\u00c7\u00c3O DO BIOMA CERRADO"},"content":{"rendered":"\n<p class=\"has-cyan-bluish-gray-background-color has-background has-medium-font-size\"><strong><em>Ol\u00e1, estudante! Esta proposta de atividade de\u00a0<span class=\"has-inline-color has-vivid-cyan-blue-color\">Ci\u00eancias da Natureza<\/span>, para o\u00a0<span class=\"has-inline-color has-vivid-cyan-blue-color\">7\u00ba Ano<\/span>\u00a0do Ensino Fundamental, est\u00e1 dispon\u00edvel para voc\u00ea, aqui no Portal Conex\u00e3o Escola, para que possa aprender mais sobre o tema proposto. Bons estudos!<\/em><\/strong><\/p>\n\n\n\n<p class=\"has-medium-font-size\"><strong>Vamos conhecer um pouco mais sobre o bioma que em que moramos: suas caracter\u00edsticas, localiza\u00e7\u00e3o, vegeta\u00e7\u00e3o t\u00edpica e fauna regional? Afinal, cuidamos melhor do que conhecemos, n\u00e3o \u00e9 mesmo? <\/strong><\/p>\n\n\n\n<figure class=\"wp-block-image size-full\"><img fetchpriority=\"high\" decoding=\"async\" width=\"800\" height=\"532\" src=\"https:\/\/sme.goiania.go.gov.br\/conexaoescola\/wp-content\/uploads\/2021\/12\/Phyllomedusa_oreades-e1640028489635.jpg\" alt=\"\" class=\"wp-image-135472\" srcset=\"https:\/\/sme.goiania.go.gov.br\/conexaoescola\/wp-content\/uploads\/2021\/12\/Phyllomedusa_oreades-e1640028489635.jpg 800w, https:\/\/sme.goiania.go.gov.br\/conexaoescola\/wp-content\/uploads\/2021\/12\/Phyllomedusa_oreades-e1640028489635-300x200.jpg 300w, https:\/\/sme.goiania.go.gov.br\/conexaoescola\/wp-content\/uploads\/2021\/12\/Phyllomedusa_oreades-e1640028489635-768x511.jpg 768w\" sizes=\"(max-width: 800px) 100vw, 800px\" \/><figcaption>Fonte: https:\/\/commons.wikimedia.org\/wiki\/File:Phyllomedusa_oreades.jpg<\/figcaption><\/figure>\n\n\n\n<p class=\"has-black-color has-vivid-cyan-blue-background-color has-text-color has-background has-medium-font-size\"><strong>ATIVIDADE 1<\/strong><\/p>\n\n\n\n<p><\/p>\n\n\n\n<p class=\"has-medium-font-size\">Assista aos v\u00eddeo a seguir para que possa conhecer um pouco mais sobre o bioma em que vivemos. Observe as caracter\u00edsticas do Cerrado brasileiro!<\/p>\n\n\n\n<figure class=\"wp-block-embed is-type-video is-provider-youtube wp-block-embed-youtube wp-embed-aspect-16-9 wp-has-aspect-ratio\"><div class=\"wp-block-embed__wrapper\">\n<p class=\"responsive-video-wrap clr\"><iframe title=\"Sobre o Bioma Cerrado\" width=\"1200\" height=\"675\" src=\"https:\/\/www.youtube.com\/embed\/XX54FbfPUas?start=9&#038;feature=oembed\" frameborder=\"0\" allow=\"accelerometer; autoplay; clipboard-write; encrypted-media; gyroscope; picture-in-picture\" allowfullscreen><\/iframe><\/p>\n<\/div><\/figure>\n\n\n\n<p><\/p>\n\n\n\n<p class=\"has-black-color has-vivid-cyan-blue-background-color has-text-color has-background has-medium-font-size\"><strong>ATIVIDADE 2<\/strong><\/p>\n\n\n\n<p class=\"has-medium-font-size\">Dentro  diversos assuntos, o v\u00eddeo que voc\u00ea assistiu aborda sobre como s\u00e3o as \u00e1rvores do Cerrado, dando enfoque ao sistema radicular, ou seja: \u00e0s suas ra\u00edzes. Com base no que aprendeu, no seu caderno de Ci\u00eancias, fa\u00e7a um desenho esquem\u00e1tico de uma \u00e1rvore do referido bioma. Caso seja poss\u00edvel, pinte a sua ilustra\u00e7\u00e3o. <\/p>\n\n\n\n<p class=\"has-vivid-cyan-blue-background-color has-background has-medium-font-size\"><strong>ATIVIDADE 3<\/strong><\/p>\n\n\n\n<p class=\"has-medium-font-size\">O Cerrado \u00e9 o segundo maior bioma da Am\u00e9rica do Sul, ocupando uma \u00e1rea de 2.036.448 km2, cerca de 22% do territ\u00f3rio nacional. Mas ser\u00e1 que este importante bioma tem sido protegido de forma devida? Siga os passos a seguir:<\/p>\n\n\n\n<ul class=\"has-medium-font-size wp-block-list\"><li>Acesse o site do INPE (TerraBrasilis): <a rel=\"noreferrer noopener\" href=\"http:\/\/terrabrasilis.dpi.inpe.br\/\" target=\"_blank\">http:\/\/terrabrasilis.dpi.inpe.br\/<\/a><\/li><li>Em seguida localize e clique em &#8220;Mapa de Desmatamento \u2013 PRODES&#8221;;<\/li><li>Na p\u00e1gina seguinte, localize o Cerrado.<\/li><li>Note que as cores em vermelho no mapa indicam o desmatamento no referido bioma.<\/li><\/ul>\n\n\n\n<p class=\"has-black-color has-pale-cyan-blue-background-color has-text-color has-background has-medium-font-size\"><strong>ATIVIDADE 4<\/strong><\/p>\n\n\n\n<p class=\"has-medium-font-size\">Considerando que, no mapa da quest\u00e3o 02, cores em vermelho indicam desmatamento; podemos concluir que o Cerrado tem sido amea\u00e7ado pelo desmatamento. Fa\u00e7a a leitura do texto indicado a seguir, do WWF, para que seja poss\u00edvel compreender quais fatores est\u00e3o relacionados a esse fato: <\/p>\n\n\n\n<p class=\"has-medium-font-size\"><strong>Link texto: <\/strong><a rel=\"noreferrer noopener\" href=\"https:\/\/www.wwf.org.br\/natureza_brasileira\/questoes_ambientais\/biomas\/bioma_cerrado\/bioma_cerrado_ameacas\/\" target=\"_blank\">https:\/\/www.wwf.org.br\/natureza_brasileira\/questoes_ambientais\/biomas\/bioma_cerrado\/bioma_cerrado_ameacas\/<\/a><\/p>\n\n\n\n<p class=\"has-vivid-cyan-blue-background-color has-text-color has-background has-medium-font-size\" style=\"color:#000000\"><strong>ATIVIDADE 5<\/strong><\/p>\n\n\n\n<p class=\"has-medium-font-size\">Puxa, como aprendemos hoje, n\u00e3o \u00e9 mesmo? Para que outras pessoas possam conhecer aspectos do Cerrado, elabore um v\u00eddeo sobre as caracter\u00edsticas, potencialidades e amea\u00e7as relacionadas a ele. Se poss\u00edvel, compartilhe em suas redes sociais!<\/p>\n\n\n\n<p class=\"has-medium-font-size\">Dica: voc\u00ea pode acessar, e se inspirar, no v\u00eddeo abaixo, do canal &#8220;Pensou Viajar Vem pra C\u00e1&#8221;. No site &#8220;Museu do Cerrado&#8221; h\u00e1 tamb\u00e9m informa\u00e7\u00f5es preciosas que podem ajudar no seu processo criativo. N\u00e3o se esque\u00e7a de se apresentar no in\u00edcio do v\u00eddeo e de, ao final, citar as suas fontes de pesquisa!   <\/p>\n\n\n\n<p class=\"has-medium-font-size\"><strong>Link v\u00eddeo:<\/strong> <a rel=\"noreferrer noopener\" href=\"https:\/\/www.youtube.com\/watch?v=b36SrwCbEP4\" data-type=\"URL\" data-id=\"https:\/\/www.youtube.com\/watch?v=b36SrwCbEP4\" target=\"_blank\">https:\/\/www.youtube.com\/watch?v=b36SrwCbEP4<\/a><\/p>\n\n\n\n<p class=\"has-medium-font-size\"><strong>Link site<\/strong>: <a rel=\"noreferrer noopener\" href=\"https:\/\/museucerrado.com.br\/\" data-type=\"URL\" data-id=\"https:\/\/museucerrado.com.br\/\" target=\"_blank\">https:\/\/museucerrado.com.br\/<\/a><\/p>\n\n\n\n<hr class=\"wp-block-separator\"\/>\n\n\n\n<p class=\"has-text-align-center has-medium-font-size\"><strong>Capriche! E at\u00e9 mais!<\/strong><\/p>\n\n\n\n<hr class=\"wp-block-separator\"\/>\n\n\n\n<p class=\"has-cyan-bluish-gray-background-color has-background has-medium-font-size\"><strong>Professor, essa aula segue a Matriz Curricular das Habilidades Estruturantes 2021-2021. Foi elaborada no ano de 2020, com a suspens\u00e3o das aulas presenciais devido \u00e0 pandemia da Covid-19 e segue as orienta\u00e7\u00f5es de flexibiliza\u00e7\u00e3o curricular para o bi\u00eanio 2020\/2021 (Of\u00edcio Circular 147\/2020 Dirped).<\/strong> <\/p>\n\n\n\n<figure class=\"wp-block-table\"><table><tbody><tr><td>Componente curricular<\/td><td> Habilidades<\/td><\/tr><tr><td>Ci\u00eancias da Natureza<\/td><td><em>Estruturante:<\/em><br>(GO-EF07CI07) Caracterizar os principais ecossistemas brasileiros e compar\u00e1-los com outros ecossistemas globais quanto \u00e0 paisagem, \u00e0 quantidade de \u00e1gua, ao tipo de solo,<br>\u00e0 disponibilidade de luz solar, \u00e0 temperatura etc., correlacionando essas caracter\u00edsticas \u00e0 flora e fauna espec\u00edficas.<br><em>Complementar:<\/em><br>(EF07CI07-A) Identificar as caracter\u00edsticas do Cerrado, destacando seu predom\u00ednio em Goi\u00e1s e seu potencial h\u00eddrico.<\/td><\/tr><\/tbody><\/table><\/figure>\n\n\n\n<hr class=\"wp-block-separator\"\/>\n\n\n\n<figure class=\"wp-block-table\"><table><tbody><tr><td>Proponentes\/Professores: <\/td><td> Ailton Soares dos Santos \/ Liliane de Oliveira Lima<\/td><\/tr><tr><td>Institui\u00e7\u00e3o Educacional: <\/td><td> Escola Municipal Pedro Cir\u00edaco de Oliveira <\/td><\/tr><tr><td>CRE:<\/td><td>Central<\/td><\/tr><\/tbody><\/table><\/figure>\n","protected":false},"author":28,"featured_media":135472,"template":"","ef_categoria":[16,33],"ef_ano":[90],"ef_componente":[98],"class_list":["post-79946","ensino_fundamental","type-ensino_fundamental","status-publish","has-post-thumbnail","hentry","ef_categoria-ciclo-da-adolescencia-hi","ef_categoria-educacao-ambiental-e-saude-ciclo-da-adolescencia-hi","ef_ano-7o-ano","ef_componente-ciencia-da-natureza-ef","entry","has-media"],"acf":[],"_links":{"self":[{"href":"https:\/\/sme.goiania.go.gov.br\/conexaoescola\/wp-json\/wp\/v2\/ensino_fundamental\/79946","targetHints":{"allow":["GET"]}}],"collection":[{"href":"https:\/\/sme.goiania.go.gov.br\/conexaoescola\/wp-json\/wp\/v2\/ensino_fundamental"}],"about":[{"href":"https:\/\/sme.goiania.go.gov.br\/conexaoescola\/wp-json\/wp\/v2\/types\/ensino_fundamental"}],"author":[{"embeddable":true,"href":"https:\/\/sme.goiania.go.gov.br\/conexaoescola\/wp-json\/wp\/v2\/users\/28"}],"version-history":[{"count":0,"href":"https:\/\/sme.goiania.go.gov.br\/conexaoescola\/wp-json\/wp\/v2\/ensino_fundamental\/79946\/revisions"}],"wp:featuredmedia":[{"embeddable":true,"href":"https:\/\/sme.goiania.go.gov.br\/conexaoescola\/wp-json\/wp\/v2\/media\/135472"}],"wp:attachment":[{"href":"https:\/\/sme.goiania.go.gov.br\/conexaoescola\/wp-json\/wp\/v2\/media?parent=79946"}],"wp:term":[{"taxonomy":"ef_categoria","embeddable":true,"href":"https:\/\/sme.goiania.go.gov.br\/conexaoescola\/wp-json\/wp\/v2\/ef_categoria?post=79946"},{"taxonomy":"ef_ano","embeddable":true,"href":"https:\/\/sme.goiania.go.gov.br\/conexaoescola\/wp-json\/wp\/v2\/ef_ano?post=79946"},{"taxonomy":"ef_componente","embeddable":true,"href":"https:\/\/sme.goiania.go.gov.br\/conexaoescola\/wp-json\/wp\/v2\/ef_componente?post=79946"}],"curies":[{"name":"wp","href":"https:\/\/api.w.org\/{rel}","templated":true}]}}