{"id":66462,"date":"2020-12-07T08:00:00","date_gmt":"2020-12-07T10:00:00","guid":{"rendered":"https:\/\/sme.goiania.go.gov.br\/conexaoescola\/?post_type=ensino_fundamental&#038;p=66462"},"modified":"2021-12-01T16:51:44","modified_gmt":"2021-12-01T18:51:44","slug":"receitas-culinarias","status":"publish","type":"ensino_fundamental","link":"https:\/\/sme.goiania.go.gov.br\/conexaoescola\/ensino_fundamental\/receitas-culinarias\/","title":{"rendered":"L\u00edngua Portuguesa &#8211; Receitas culin\u00e1rias"},"content":{"rendered":"\n<p class=\"has-drop-cap has-very-dark-gray-color has-pale-cyan-blue-background-color has-text-color has-background has-medium-font-size\">Ol\u00e1! Voc\u00eas sabiam que existem v\u00e1rias formas de &nbsp;escrever um texto, que devem ser usadas em situa\u00e7\u00f5es &nbsp;diferentes? Esses tipos de textos s\u00e3o chamados de &nbsp;G\u00eaneros Textuais. Vamos conhecer um deles agora?<\/p>\n\n\n\n<hr class=\"wp-block-separator\"\/>\n\n\n\n<p class=\"has-very-light-gray-color has-very-dark-gray-background-color has-text-color has-background has-medium-font-size\"><strong>ATIVIDADE 1&nbsp;<\/strong><\/p>\n\n\n\n<p class=\"has-medium-font-size\"><strong>Leia o texto e caso seja necess\u00e1rio pe\u00e7a ajuda a um respons\u00e1vel.&nbsp;<\/strong><\/p>\n\n\n\n<p class=\"has-medium-font-size\"><strong>&nbsp;<\/strong>G\u00eaneros textuais exercem uma determinada fun\u00e7\u00e3o social e acontecem em &nbsp;situa\u00e7\u00f5es cotidianas da comunica\u00e7\u00e3o. Eles s\u00e3o classificados a partir de suas &nbsp;caracter\u00edsticas e do contexto que envolve, s\u00e3o exemplos de g\u00eaneros textuais: &nbsp;f\u00e1bula, lista, carta, parlendas, receitas e outros.&nbsp;<\/p>\n\n\n\n<p class=\"has-medium-font-size\">&nbsp;O g\u00eanero textual que iremos trabalhar s\u00e3o as Receitas Culin\u00e1rias. Esse tipo &nbsp;de texto nos instrui ou nos ensina a preparar algum alimento. As receitas explicam &nbsp;quanto \u00e0 realiza\u00e7\u00e3o de um alimento, detalhando assim, passo a passo o que se &nbsp;deve fazer para obter um resultado esperado. &nbsp;<\/p>\n\n\n\n<p class=\"has-very-light-gray-color has-very-dark-gray-background-color has-text-color has-background has-medium-font-size\"><strong>ATIVIDADE 2&nbsp;<\/strong><\/p>\n\n\n\n<p class=\"has-medium-font-size\"><strong>Observe a gravura abaixo:<\/strong><\/p>\n\n\n\n<p><img fetchpriority=\"high\" decoding=\"async\" width=\"450\" height=\"300\" src=\"https:\/\/lh3.googleusercontent.com\/6z1x_cSIdR0m0nCJDkwyoKjgmQE279jlfcKFfevoIp9DmwtoXeqc0gGml1uv1XdQzvimF9-2BiJ-khjri67cu7BO7S0dg9IV5NsMT6GfZKqf39LazxCnsJcy2UfKAPIlN51vPWul\"><\/p>\n\n\n\n<blockquote class=\"wp-block-quote is-layout-flow wp-block-quote-is-layout-flow\"><p> <\/p><cite><em>https:\/\/www.bloguito.com.br\/crianca-na-cozinha-aprendizado-e-diversao<\/em><\/cite><\/blockquote>\n\n\n\n<p class=\"has-medium-font-size\"><strong>Converse com um respons\u00e1vel e responda oralmente.&nbsp;<\/strong><\/p>\n\n\n\n<p class=\"has-medium-font-size\">\u2219 A crian\u00e7a da imagem est\u00e1 acompanhada de um adulto? Por qu\u00ea? \u2219 O que voc\u00ea acha que eles est\u00e3o preparando?&nbsp;<\/p>\n\n\n\n<p class=\"has-medium-font-size\">\u2219 Voc\u00ea costuma ajudar no preparo de alimentos em casa? Em caso&nbsp; afirmativo, como?&nbsp;<\/p>\n\n\n\n<p class=\"has-medium-font-size\">Para as crian\u00e7as prepararem uma receita devem sempre contar com a presen\u00e7a&nbsp; de um adulto, pois algumas atividades na cozinha podem n\u00e3o ser seguras para as&nbsp; mesmas realizarem, como cortar alimentos, prepar\u00e1-los no fog\u00e3o e mesmo&nbsp; manusear eletrodom\u00e9stico.&nbsp;<\/p>\n\n\n\n<p class=\"has-large-font-size\"><strong>LEIA A RECEITA ABAIXO:&nbsp;<\/strong><\/p>\n\n\n\n<p class=\"has-large-font-size\"><strong>Vitamina Nutritiva&nbsp;<\/strong><\/p>\n\n\n\n<p class=\"has-medium-font-size\"><strong>Ingredientes&nbsp;<\/strong><\/p>\n\n\n\n<p class=\"has-medium-font-size\">\u2219 2 bananas&nbsp;<\/p>\n\n\n\n<p class=\"has-medium-font-size\">\u2219 1 ma\u00e7\u00e3 com casca&nbsp;<\/p>\n\n\n\n<p class=\"has-medium-font-size\">\u2219 1 colher de aveia&nbsp;<\/p>\n\n\n\n<p class=\"has-medium-font-size\">\u2219 1 fatia de mam\u00e3o&nbsp;<\/p>\n\n\n\n<p class=\"has-medium-font-size\">\u2219 4 colheres de mel&nbsp;<\/p>\n\n\n\n<p>\u2219 500ml ou \u00bd litro de leite<\/p>\n\n\n\n<p class=\"has-large-font-size\"><strong>Modo de fazer&nbsp;<\/strong><\/p>\n\n\n\n<p class=\"has-medium-font-size\">Coloque todos os ingredientes no liquidificador e deixe bater bem. Fica uma del\u00edcia!&nbsp;<\/p>\n\n\n\n<p class=\"has-large-font-size\"><strong>Rendimento&nbsp;<\/strong><\/p>\n\n\n\n<p class=\"has-medium-font-size\">Tr\u00eas copos de 250 ml cada.&nbsp;<\/p>\n\n\n\n<p class=\"has-medium-font-size\">\u2219 Voc\u00eas gostaram da receita? Por qu\u00ea?&nbsp;<\/p>\n\n\n\n<p class=\"has-medium-font-size\">\u2219 Voc\u00eas sabem dizer para que usamos textos como esse?&nbsp;<\/p>\n\n\n\n<p class=\"has-medium-font-size\">\u2219 J\u00e1 viu algum parecido?&nbsp;<\/p>\n\n\n\n<p class=\"has-medium-font-size\">\u2219 Voc\u00eas t\u00eam em casa receita culin\u00e1ria?&nbsp;<\/p>\n\n\n\n<p class=\"has-medium-font-size\">\u2219 Sua fam\u00edlia costuma utilizar receitas?&nbsp;<\/p>\n\n\n\n<p class=\"has-very-light-gray-color has-vivid-cyan-blue-background-color has-text-color has-background has-medium-font-size\"><strong>Leia o texto a seguir, se necess\u00e1rio pe\u00e7a ajuda a um respons\u00e1vel.&nbsp;<\/strong><\/p>\n\n\n\n<p class=\"has-medium-font-size\"><strong>&nbsp;<\/strong>Utilizamos esse tipo de texto para nos instruir ou nos ensinar a preparar um&nbsp; alimento.&nbsp;&nbsp;<\/p>\n\n\n\n<p class=\"has-medium-font-size\">&nbsp;Esse texto tem um t\u00edtulo (nome da receita), a parte que se chama&nbsp; \u201cIngredientes\u201d (a qual consta as coisas, ou alimentos que far\u00e1 parte da receita e&nbsp; juntamente vem a quantidade), \u201cModo de Fazer\u201d (essa parte nos ensina a&nbsp; preparar a receita, nos mostra passo a passo de como agir no preparo) e&nbsp; \u201cRendimento\u201d (nos mostra quantas por\u00e7\u00f5es essa receita ir\u00e1 render). Algumas&nbsp; receitas n\u00e3o mostram o rendimento. Existem outras receitas que atendem a&nbsp;<\/p>\n\n\n\n<p class=\"has-medium-font-size\">variadas necessidades, como: receitas m\u00e9dicas, receitas de sab\u00e3o e receita de&nbsp; reciclagem de papel. As receitas apresentam uma linguagem clara, objetiva e&nbsp; direta.&nbsp;<\/p>\n\n\n\n<p class=\"has-medium-font-size\">&nbsp;Podemos encontrar Receitas Culin\u00e1rias em livros de receitas, em sites da&nbsp; internet, em revistas culin\u00e1rias, jornais, outras revistas ou receitas que s\u00e3o&nbsp; passadas de gera\u00e7\u00e3o para gera\u00e7\u00e3o. Como essa que estamos vendo hoje.&nbsp; As frutas fazem parte de uma alimenta\u00e7\u00e3o saud\u00e1vel, pois s\u00e3o fontes de&nbsp; vitaminas e minerais que ajudam no bom funcionamento do nosso organismo. \u00c9&nbsp; importante lavar as frutas antes de utiliz\u00e1-la para o consumo, pois assim,&nbsp; poderemos nos prevenir contra algumas doen\u00e7as.&nbsp;<\/p>\n\n\n\n<p class=\"has-very-light-gray-color has-very-dark-gray-background-color has-text-color has-background has-medium-font-size\"><strong>ATIVIDADE 3&nbsp;<\/strong><\/p>\n\n\n\n<p class=\"has-medium-font-size\">Copie e responda em seu caderno ou folha avulsa as perguntas abaixo:&nbsp;<\/p>\n\n\n\n<p class=\"has-medium-font-size\">\u2219 Qual o t\u00edtulo da receita?&nbsp;\u2219 Quantas partes s\u00e3o divididas o texto?<\/p>\n\n\n\n<p class=\"has-medium-font-size\">Com que objetivo o texto foi escrito?&nbsp;&nbsp;<\/p>\n\n\n\n<p class=\"has-medium-font-size\">\u2219 Onde mais poder\u00edamos encontrar textos como esse?&nbsp;<\/p>\n\n\n\n<p class=\"has-medium-font-size\">\u2219 Pinte os quadrinhos que cont\u00e9m os ingredientes da receita.&nbsp;<\/p>\n\n\n\n<p class=\"has-medium-font-size\">AVEIA MORANGO MEL UVA MA\u00c7\u00c3&nbsp;<\/p>\n\n\n\n<p class=\"has-medium-font-size\">LEITE LARANJA MAM\u00c3O BANANA<\/p>\n\n\n\n<p class=\"has-medium-font-size\">\u2219 Voc\u00eas consideram essa receita saud\u00e1vel? Por qu\u00ea?&nbsp;<\/p>\n\n\n\n<p class=\"has-medium-font-size\">\u2219 O que \u00e9 uma alimenta\u00e7\u00e3o saud\u00e1vel?&nbsp;&nbsp;<\/p>\n\n\n\n<p class=\"has-medium-font-size\">\u2219 E o que \u00e9 considerado alimentos n\u00e3o saud\u00e1veis?&nbsp;<\/p>\n\n\n\n<p class=\"has-medium-font-size\">\u2219 Voc\u00eas acham importante lavar as frutas e as m\u00e3os antes do preparo da&nbsp; receita?&nbsp;<\/p>\n\n\n\n<hr class=\"wp-block-separator\"\/>\n\n\n\n<p><strong>Saiba Mais | &nbsp;Refer\u00eancias:<\/strong><\/p>\n\n\n\n<div class=\"wp-block-columns is-layout-flex wp-container-core-columns-is-layout-9d6595d7 wp-block-columns-is-layout-flex\">\n<div class=\"wp-block-column is-layout-flow wp-block-column-is-layout-flow\">\n<p class=\"has-very-light-gray-color has-vivid-purple-background-color has-text-color has-background\"><a href=\"https:\/\/pt.wikipedia.org\/wiki\/Receita_(culin%C3%A1ria)\">https:\/\/pt.wikipedia.org\/wiki\/Receita_(culin%C3%A1ria)<\/a><\/p>\n<\/div>\n\n\n\n<div class=\"wp-block-column is-layout-flow wp-block-column-is-layout-flow\"><\/div>\n<\/div>\n\n\n\n<hr class=\"wp-block-separator\"\/>\n\n\n\n<figure class=\"wp-block-table alignfull\"><table><tbody><tr><td>Objeto de &nbsp;Conhecimento<\/td><td>Compreens\u00e3o em leitura: g\u00eanero textual\/Receitas: &nbsp;Situa\u00e7\u00e3o comunicativa, finalidade e o tema\/assunto do &nbsp;texto.<\/td><\/tr><tr><td>Componente &nbsp;Curricular<\/td><td>L\u00edngua Portuguesa<\/td><\/tr><tr><td>Habilidades&nbsp;<\/td><td>(EF12LP04) Ler e compreender, em colabora\u00e7\u00e3o com os &nbsp;colegas e com a ajuda do professor ou j\u00e1 com certa &nbsp;autonomia, listas, agendas, calend\u00e1rios, receitas, &nbsp;instru\u00e7\u00f5es de montagem (digitais ou impressos), entre &nbsp;outros g\u00eaneros, considerando a situa\u00e7\u00e3o comunicativa e o &nbsp;tema\/assunto do texto e relacionando sua forma de &nbsp;organiza\u00e7\u00e3o \u00e0 sua finalidade.&nbsp;(EF15LP01) Identificar a fun\u00e7\u00e3o social de textos que&nbsp; circulam em campos da vida social dos quais participa&nbsp;cotidianamente (a casa, a rua, a comunidade, a escola) e&nbsp; nas m\u00eddias impressa, de massa e digital, reconhecendo&nbsp; para que foram produzidos , onde circulam, quem os&nbsp; produziu e a quem se destinam.&nbsp;&nbsp;<br>(EF12LP06) Planejar e produzir, em colabora\u00e7\u00e3o com os&nbsp; colegas e com a ajuda do professor, recados, receitas,&nbsp; instru\u00e7\u00f5es de montagem, dentre outros g\u00eaneros, que&nbsp; possam ser repassados oralmente.&nbsp;<br>(EF02LP16) Identificar e reproduzir, em recados, cartas,&nbsp; receitas, a formata\u00e7\u00e3o e diagrama\u00e7\u00e3o espec\u00edfica de cada&nbsp; um desses g\u00eaneros.&nbsp;&nbsp;<br>(EF02LP16-A) Reconhecer recursos lingu\u00edsticos e&nbsp; discursivos que constituem os g\u00eaneros previstos para que&nbsp; sejam empregados adequadamente na produ\u00e7\u00e3o de&nbsp; textos.&nbsp;&nbsp;<br>(EF02LP13) Planejar e produzir receitas, considerando a&nbsp; situa\u00e7\u00e3o comunicativa e o tema\/assunto\/finalidade do&nbsp; texto.&nbsp;<br>(EF02MA01-A) Explorar n\u00fameros no contexto di\u00e1rio,&nbsp; representado por imagem ou n\u00e3o, como indicadores de&nbsp; quantidade.&nbsp;<br>(GO-EF01CI08) Compreender a import\u00e2ncia da&nbsp; alimenta\u00e7\u00e3o saud\u00e1vel no cotidiano a partir da an\u00e1lise&nbsp; lanches da institui\u00e7\u00e3o escolar.&nbsp;<br>(GO_EF05CI15) Identificar h\u00e1bitos de higiene necess\u00e1rios&nbsp; no manuseio, preparo e armazenamento dos alimentos.<br><\/td><\/tr><\/tbody><\/table><\/figure>\n\n\n\n<hr class=\"wp-block-separator\"\/>\n\n\n\n<figure class=\"wp-block-table alignfull\"><table><tbody><tr><td>Proponentes\/ &nbsp;Professores:<\/td><td>Val\u00e9ria do Socorro Anast\u00e1cio&nbsp;L\u00facia Helena Bahmad<\/td><\/tr><tr><td>Institui\u00e7\u00e3o &nbsp;Educacional:<\/td><td>Escola Municipal Cel. Salom\u00e3o Clementino de Faria.<\/td><\/tr><tr><td>CRE:&nbsp;<\/td><td>Maria Helena Batista Bretas<\/td><\/tr><\/tbody><\/table><\/figure>\n\n\n\n<hr class=\"wp-block-separator\"\/>\n\n\n\n<p>Ensino Fundamental &#8211; Ciclo da Inf\u00e2ncia \u2013 Turma B \u2013 2\u00baano &#8211; Educa\u00e7\u00e3o Ambiental e Sa\u00fade<\/p>\n\n\n\n<p><\/p>\n","protected":false},"author":24,"featured_media":59682,"template":"","ef_categoria":[13,18],"ef_ano":[85],"ef_componente":[93],"class_list":["post-66462","ensino_fundamental","type-ensino_fundamental","status-publish","has-post-thumbnail","hentry","ef_categoria-ciclo-da-infancia-abc","ef_categoria-educacao-ambiental-e-saude","ef_ano-2o-ano","ef_componente-portugues","entry","has-media"],"acf":[],"_links":{"self":[{"href":"https:\/\/sme.goiania.go.gov.br\/conexaoescola\/wp-json\/wp\/v2\/ensino_fundamental\/66462","targetHints":{"allow":["GET"]}}],"collection":[{"href":"https:\/\/sme.goiania.go.gov.br\/conexaoescola\/wp-json\/wp\/v2\/ensino_fundamental"}],"about":[{"href":"https:\/\/sme.goiania.go.gov.br\/conexaoescola\/wp-json\/wp\/v2\/types\/ensino_fundamental"}],"author":[{"embeddable":true,"href":"https:\/\/sme.goiania.go.gov.br\/conexaoescola\/wp-json\/wp\/v2\/users\/24"}],"version-history":[{"count":0,"href":"https:\/\/sme.goiania.go.gov.br\/conexaoescola\/wp-json\/wp\/v2\/ensino_fundamental\/66462\/revisions"}],"wp:featuredmedia":[{"embeddable":true,"href":"https:\/\/sme.goiania.go.gov.br\/conexaoescola\/wp-json\/wp\/v2\/media\/59682"}],"wp:attachment":[{"href":"https:\/\/sme.goiania.go.gov.br\/conexaoescola\/wp-json\/wp\/v2\/media?parent=66462"}],"wp:term":[{"taxonomy":"ef_categoria","embeddable":true,"href":"https:\/\/sme.goiania.go.gov.br\/conexaoescola\/wp-json\/wp\/v2\/ef_categoria?post=66462"},{"taxonomy":"ef_ano","embeddable":true,"href":"https:\/\/sme.goiania.go.gov.br\/conexaoescola\/wp-json\/wp\/v2\/ef_ano?post=66462"},{"taxonomy":"ef_componente","embeddable":true,"href":"https:\/\/sme.goiania.go.gov.br\/conexaoescola\/wp-json\/wp\/v2\/ef_componente?post=66462"}],"curies":[{"name":"wp","href":"https:\/\/api.w.org\/{rel}","templated":true}]}}