{"id":63701,"date":"2020-12-07T07:00:00","date_gmt":"2020-12-07T09:00:00","guid":{"rendered":"https:\/\/sme.goiania.go.gov.br\/conexaoescola\/?post_type=ensino_fundamental&#038;p=63701"},"modified":"2021-12-01T17:19:44","modified_gmt":"2021-12-01T19:19:44","slug":"contando-e-contando-a-historia","status":"publish","type":"ensino_fundamental","link":"https:\/\/sme.goiania.go.gov.br\/conexaoescola\/ensino_fundamental\/contando-e-contando-a-historia\/","title":{"rendered":"Matem\u00e1tica &#8211; Contando e contando a hist\u00f3ria!"},"content":{"rendered":"\n<p class=\"has-drop-cap has-medium-font-size\"><img fetchpriority=\"high\" decoding=\"async\" width=\"417\" height=\"235\" src=\"https:\/\/lh6.googleusercontent.com\/NA35cgcUrNK_qIF8aeU0H8-JIwtwRLmCxiYa1eSdgH7HtzXbMW2HeIkuTcd1lL1vu4AlJvxCbnRroKShazdz8rc1AmuKr099jYowv5Rj04kyZLA5aR4xLE5gjOfA9llEXUJ1zP0-\">Ol\u00e1! Seja bem-vindo(a) a mais um encontro semanal! Quantos anos voc\u00ea tem? Onde voc\u00ea mora? Quantos irm\u00e3os e(ou) irm\u00e3s voc\u00ea tem? A que horas voc\u00ea acorda? A que horas vai dormir?&#8230;Ufa!! Quanta pergunta, hein?!&nbsp;Essas e outras informa\u00e7\u00f5es ajudam a responder outra pergunta muito importante: quem \u00e9 voc\u00ea?Essa pergunta ter\u00e1 sempre mais informa\u00e7\u00f5es ao longo de sua vida. Viu que para algumas respostas voc\u00ea tem que contar para responder? Que tal responder um pouco agora?<\/p>\n\n\n\n<hr class=\"wp-block-separator\"\/>\n\n\n\n<p class=\"has-medium-font-size\">A nossa hist\u00f3ria est\u00e1 repleta de informa\u00e7\u00f5es s\u00f3 nossas (nossa idade, cor de nossos olhos) e das pessoas e lugares de nossas vidas (nossos parentes, nosso endere\u00e7o). Para cont\u00e1-la precisamos perguntar bastante. E algumas informa\u00e7\u00f5es s\u00e3o escritas como palavras (seu nome, a rua onde mora), ou quantidades (quantos irm\u00e3os voc\u00ea tem, o n\u00famero de telefone da mam\u00e3e).&nbsp;<\/p>\n\n\n\n<p class=\"has-medium-font-size\">Na atividade a seguir, vamos aprender um pouco sobre contar e recontar hist\u00f3rias. E toda hist\u00f3ria contada tem essas ou outras respostas. Acesse o link abaixo e Vamos conhecer a historinha do \u201cAmor na Ilha dos Sentimentos\u201d?&nbsp;<\/p>\n\n\n\n<figure class=\"wp-block-embed is-type-video is-provider-youtube wp-block-embed-youtube wp-embed-aspect-16-9 wp-has-aspect-ratio\"><div class=\"wp-block-embed__wrapper\">\n<p class=\"responsive-video-wrap clr\"><iframe title=\"A ilha dos sentimentos - Varal de Hist\u00f3rias\" width=\"1200\" height=\"675\" src=\"https:\/\/www.youtube.com\/embed\/-5L51NUcgac?feature=oembed\" frameborder=\"0\" allow=\"accelerometer; autoplay; clipboard-write; encrypted-media; gyroscope; picture-in-picture\" allowfullscreen><\/iframe><\/p>\n<\/div><figcaption>&#8220;A ilha dos sentimentos &#8211; Varal de Hist\u00f3rias&#8221; Canal: <a href=\"https:\/\/www.youtube.com\/channel\/UCzPvR5EslYq2S-BTmxZl_iQ\">Varal de Hist\u00f3rias<\/a> &#8211; https:\/\/www.youtube.com\/watch?v=-5L51NUcgac&amp;feature=youtu.be<\/figcaption><\/figure>\n\n\n\n<p class=\"has-medium-font-size\">Que historinha bacana, n\u00e3o \u00e9? Ent\u00e3o reconte essa hist\u00f3ria, que tal?&nbsp;<\/p>\n\n\n\n<p class=\"has-very-light-gray-color has-very-dark-gray-background-color has-text-color has-background has-medium-font-size\"><strong>Atividade 01<\/strong><strong>&nbsp;<\/strong><\/p>\n\n\n\n<p class=\"has-medium-font-size\">A historinha da Ilha dos Sentimentos nos contou muita coisa, n\u00e3o \u00e9? Ent\u00e3o, responda as quest\u00f5es no caderno (copie o n\u00famero da quest\u00e3o e a resposta) <\/p>\n\n\n\n<p class=\"has-medium-font-size\">A) Onde moravam os sentimentos?&nbsp;<\/p>\n\n\n\n<p class=\"has-medium-font-size\">( ) Na casa dos sentimentos ( ) Na ilha dos sentimentos ( ) Na fazenda dos sentimentos&nbsp;<\/p>\n\n\n\n<p class=\"has-medium-font-size\">B) O que a maior parte dos sentimentos fizeram quando a ilha estava para afundar?<\/p>\n\n\n\n<p class=\"has-medium-font-size\"> ( ) Ficaram na ilha ( ) Sa\u00edram da Ilha&nbsp;<\/p>\n\n\n\n<p class=\"has-medium-font-size\">C) Qual sentimento ficou na ilha?&nbsp;<\/p>\n\n\n\n<p class=\"has-medium-font-size\">( )Amor ( ) Riqueza ( ) Vaidade ( ) Tristeza ( ) Alegria ( )&nbsp;<\/p>\n\n\n\n<p class=\"has-medium-font-size\">D) Quem salvou o amor?&nbsp;<\/p>\n\n\n\n<p class=\"has-medium-font-size\">( ) Riqueza ( ) Vaidade ( ) Tempo&nbsp;<\/p>\n\n\n\n<p class=\"has-medium-font-size\">E) Desenhe os barcos da Riqueza, Vaidade, Tristeza e Alegria&nbsp;<\/p>\n\n\n\n<p class=\"has-very-light-gray-color has-very-dark-gray-background-color has-text-color has-background has-medium-font-size\">Atividade 02&nbsp;<\/p>\n\n\n\n<p class=\"has-medium-font-size\">Ainda sobre a hist\u00f3ria Ilha dos Sentimentos: voc\u00ea viu que nenhum dos sentimentos ajudou o Amor?&nbsp;<\/p>\n\n\n\n<p class=\"has-medium-font-size\">A) Ser\u00e1 que ele ficou chateado? Voc\u00ea j\u00e1 ficou chateado com algu\u00e9m? <\/p>\n\n\n\n<p class=\"has-medium-font-size\">Sim(  )           N\u00e3o (   )&nbsp;<\/p>\n\n\n\n<p class=\"has-medium-font-size\">B) Mas o Tempo ajudou o Amor, n\u00e3o foi?&nbsp;<\/p>\n\n\n\n<p class=\"has-medium-font-size\">Sim(   )             N\u00e3o(  )&nbsp;<\/p>\n\n\n\n<p class=\"has-medium-font-size\">Ent\u00e3o, o tempo \u00e9 parte de nossas vidas: a hora de acordar, a hora de dormir, o dia do seu anivers\u00e1rio&#8230; Quanto mais o tempo passa, mais aprendemos, nos divertimos, mais pessoas conhecemos. E j\u00e1 temos muita hist\u00f3ria para contar, n\u00e3o \u00e9? Que tal contar agora um pouco da sua hist\u00f3ria?&nbsp;<\/p>\n\n\n\n<p class=\"has-very-light-gray-color has-very-dark-gray-background-color has-text-color has-background has-medium-font-size\"><strong>Atividade 03<\/strong><\/p>\n\n\n\n<p class=\"has-medium-font-size\">Pe\u00e7a ajuda a um adulto e responda:&nbsp;<\/p>\n\n\n\n<p class=\"has-medium-font-size\">A) Qual o dia, o m\u00eas e o ano do seu anivers\u00e1rio?&nbsp;<\/p>\n\n\n\n<p class=\"has-medium-font-size\">B) A que horas voc\u00ea acorda?&nbsp;<\/p>\n\n\n\n<p class=\"has-medium-font-size\">C) A que horas vai dormir?&nbsp;<\/p>\n\n\n\n<p class=\"has-medium-font-size\">D) As respostas que voc\u00ea registrou foram quantidades (n\u00fameros) ou qualidades (nomes)?&nbsp;<\/p>\n\n\n\n<p class=\"has-medium-font-size\">E) Nossa, quantos n\u00fameros voc\u00ea tem para contar, n\u00e3o \u00e9 ? Voc\u00ea conhece os n\u00fameros? Todos eles?&nbsp;<\/p>\n\n\n\n<p class=\"has-medium-font-size\">F) Sabe contar de 1 a 10? De 1 a 20? Voc\u00ea conta seus l\u00e1pis? Seus brinquedos? Quantos primos tem? Que tal aprender a contar de 1 a 10?&nbsp;<\/p>\n\n\n\n<p class=\"has-medium-font-size\"> Vamos aprender com o v\u00eddeo &#8220;Aprendendo os n\u00fameros e a contar ate 10\u201d :<\/p>\n\n\n\n<figure class=\"wp-block-embed is-type-video is-provider-youtube wp-block-embed-youtube wp-embed-aspect-16-9 wp-has-aspect-ratio\"><div class=\"wp-block-embed__wrapper\">\n<p class=\"responsive-video-wrap clr\"><iframe title=\"Aprendendo os n\u00fameros e a contar ate 10\" width=\"1200\" height=\"675\" src=\"https:\/\/www.youtube.com\/embed\/9gxndvXzC6U?feature=oembed\" frameborder=\"0\" allow=\"accelerometer; autoplay; clipboard-write; encrypted-media; gyroscope; picture-in-picture\" allowfullscreen><\/iframe><\/p>\n<\/div><figcaption>&#8220;Aprendendo os n\u00fameros e a contar ate 10&#8221; Canal: <a href=\"https:\/\/www.youtube.com\/channel\/UCo_GJ-xMCWCeJ4jrPxcFk_A\">Ensinando meu filho<\/a> &#8211; https:\/\/www.youtube.com\/watch?v=9gxndvXzC6U&amp;feature=youtu.be<\/figcaption><\/figure>\n\n\n\n<p class=\"has-very-light-gray-color has-very-dark-gray-background-color has-text-color has-background has-medium-font-size\">Atividade 04 <\/p>\n\n\n\n<p class=\"has-medium-font-size\">Agora que voc\u00ea acompanhou a contagem com o v\u00eddeo, me conta a\u00ed: 01) Foi f\u00e1cil contar? Ou foi dif\u00edcil?&nbsp;<\/p>\n\n\n\n<p class=\"has-medium-font-size\">A) Voc\u00ea conseguiu contar de 1 a 10? E consegue contar de 10 a 1? Que tal aprender a contar de traz para frente?&nbsp;<\/p>\n\n\n\n<p>Ent\u00e3o, vamos aprender<\/p>\n\n\n\n<figure class=\"wp-block-embed is-type-video is-provider-youtube wp-block-embed-youtube wp-embed-aspect-16-9 wp-has-aspect-ratio\"><div class=\"wp-block-embed__wrapper\">\n<p class=\"responsive-video-wrap clr\"><iframe title=\"HIST\u00d3RIA PARA TRABALHAR OS NUMERAIS\" width=\"1200\" height=\"675\" src=\"https:\/\/www.youtube.com\/embed\/r3QdIwyTsTY?feature=oembed\" frameborder=\"0\" allow=\"accelerometer; autoplay; clipboard-write; encrypted-media; gyroscope; picture-in-picture\" allowfullscreen><\/iframe><\/p>\n<\/div><figcaption>&#8220;HIST\u00d3RIA PARA TRABALHAR OS NUMERAIS&#8221; Canal: <a href=\"https:\/\/www.youtube.com\/channel\/UCsuZXTGuyQzIG9jEMqlpntQ\">Taise Agostini<\/a> &#8211; https:\/\/www.youtube.com\/watch?v=r3QdIwyTsTY&amp;feature=youtu.be<br><br> <\/figcaption><\/figure>\n\n\n\n<p class=\"has-very-light-gray-color has-very-dark-gray-background-color has-text-color has-background has-medium-font-size\"><strong>Atividade 05<\/strong><\/p>\n\n\n\n<p class=\"has-medium-font-size\">Viu quantos fantasmas tinha na hist\u00f3ria? Quantos ser\u00e3o?&nbsp;<\/p>\n\n\n\n<p class=\"has-medium-font-size\">A) Quantos fantasmas assustam o gato?&nbsp;<\/p>\n\n\n\n<p class=\"has-medium-font-size\">B) Quantos fantasmas jogam xadrez?&nbsp;<\/p>\n\n\n\n<p class=\"has-medium-font-size\">C) Quantos imitam chin\u00eas?&nbsp;<\/p>\n\n\n\n<p class=\"has-medium-font-size\">D) Pergunte para seus pais e familiares se voc\u00ea tinha algum medo quando era pequeno(a). Qual era?&nbsp;<\/p>\n\n\n\n<p class=\"has-very-dark-gray-color has-light-green-cyan-background-color has-text-color has-background has-medium-font-size\">Aproveita a ajuda dos seus pais e familiares e complete a sua hist\u00f3ria:&nbsp;<\/p>\n\n\n\n<p class=\"has-medium-font-size\">E) Quantos anos voc\u00ea tem?&nbsp;<\/p>\n\n\n\n<p class=\"has-medium-font-size\">F) Qual a idade da mam\u00e3e?&nbsp;<\/p>\n\n\n\n<p class=\"has-medium-font-size\">G) Quantos irm\u00e3os e(ou) irm\u00e3s voc\u00ea tem (conte voc\u00ea mesmo (a)? Quais as idades de cada um deles?&nbsp;<\/p>\n\n\n\n<p class=\"has-medium-font-size\">H) Quem \u00e9 o mais velho? E o mais novo?&nbsp;<\/p>\n\n\n\n<p class=\"has-medium-font-size\">Ufa!!! Quanta informa\u00e7\u00e3o, n\u00e3o \u00e9 mesmo? J\u00e1 estava \u201ccontando os minutos\u201d para acabar? Ent\u00e3o, por hoje \u00e9 s\u00f3! <\/p>\n\n\n\n<p class=\"has-very-light-gray-color has-vivid-red-background-color has-text-color has-background has-large-font-size\">At\u00e9 semana que vem!!&nbsp;<\/p>\n\n\n\n<hr class=\"wp-block-separator\"\/>\n\n\n\n<p><strong>Saiba Mais |&nbsp;Refer\u00eancias:<\/strong><\/p>\n\n\n\n<div class=\"wp-block-columns is-layout-flex wp-container-core-columns-is-layout-9d6595d7 wp-block-columns-is-layout-flex\">\n<div class=\"wp-block-column is-layout-flow wp-block-column-is-layout-flow\">\n<figure class=\"wp-block-embed is-type-video is-provider-youtube wp-block-embed-youtube wp-embed-aspect-16-9 wp-has-aspect-ratio\"><div class=\"wp-block-embed__wrapper\">\n<p class=\"responsive-video-wrap clr\"><iframe title=\"Dez Indiozinhos - Bia&amp;Nino [v\u00eddeo para crian\u00e7a]\" width=\"1200\" height=\"675\" src=\"https:\/\/www.youtube.com\/embed\/IewrWcl_qmo?feature=oembed\" frameborder=\"0\" allow=\"accelerometer; autoplay; clipboard-write; encrypted-media; gyroscope; picture-in-picture\" allowfullscreen><\/iframe><\/p>\n<\/div><figcaption>&#8220;Dez Indiozinhos &#8211; Bia&amp;Nino [v\u00eddeo para crian\u00e7a]&#8221; Canal: <a href=\"https:\/\/www.youtube.com\/channel\/UCerEuo5beXIb--qBaiDhSQA\"><\/a> <a href=\"https:\/\/www.youtube.com\/channel\/UCerEuo5beXIb--qBaiDhSQA\">Bia&amp;Nino<\/a> &#8211; https:\/\/www.youtube.com\/watch?v=IewrWcl_qmo<br><br><\/figcaption><\/figure>\n<\/div>\n\n\n\n<div class=\"wp-block-column is-layout-flow wp-block-column-is-layout-flow\">\n<figure class=\"wp-block-embed is-type-video is-provider-youtube wp-block-embed-youtube wp-embed-aspect-16-9 wp-has-aspect-ratio\"><div class=\"wp-block-embed__wrapper\">\n<p class=\"responsive-video-wrap clr\"><iframe title=\"MARCHA SOLDADO - Bia&amp;Nino [v\u00eddeo para crian\u00e7a]\" width=\"1200\" height=\"675\" src=\"https:\/\/www.youtube.com\/embed\/bNyLuP2BIok?feature=oembed\" frameborder=\"0\" allow=\"accelerometer; autoplay; clipboard-write; encrypted-media; gyroscope; picture-in-picture\" allowfullscreen><\/iframe><\/p>\n<\/div><figcaption>&#8220;MARCHA SOLDADO &#8211; Bia&amp;Nino [v\u00eddeo para crian\u00e7a]&#8221; Canal: <a href=\"https:\/\/www.youtube.com\/channel\/UCerEuo5beXIb--qBaiDhSQA\">Bia&amp;Nino<\/a> &#8211; https:\/\/www.youtube.com\/watch?v=bNyLuP2BIok<\/figcaption><\/figure>\n<\/div>\n\n\n\n<div class=\"wp-block-column is-layout-flow wp-block-column-is-layout-flow\">\n<figure class=\"wp-block-embed-youtube wp-block-embed\"><div class=\"wp-block-embed__wrapper\">\nhttps:\/\/www.google.com.br\/url?sa=i&#038;url=https%3A%2F%2 \n<\/div><\/figure>\n<\/div>\n<\/div>\n\n\n\n<hr class=\"wp-block-separator\"\/>\n\n\n\n<hr class=\"wp-block-separator\"\/>\n\n\n\n<figure class=\"wp-block-table alignfull\"><table><tbody><tr><td>Objeto de&nbsp;Conhecimento<\/td><td>Contagem de rotina&nbsp;Contagem ascendente e descendente&nbsp;Reconhecimento de n\u00fameros no contexto di\u00e1rio: indica\u00e7\u00e3o de quantidades, indica\u00e7\u00e3o de ordem ou indica\u00e7\u00e3o de c\u00f3digo para a organiza\u00e7\u00e3o de informa\u00e7\u00f5es<\/td><\/tr><tr><td>Habilidades&nbsp;<\/td><td>(EF01MA01-A) Reconhecer a utiliza\u00e7\u00e3o de n\u00fameros no seu contexto di\u00e1rio, representado por imagens ou n\u00e3o, como indicador de quantidade (em problemas de contagem de objetos do cotidiano, &#8220;quantos tem ou onde h\u00e1 mais\u201d), ordem (1\u00ba ao 10\u00ba, em brincadeiras de tradi\u00e7\u00e3o e situa\u00e7\u00f5es cotidianas, como tabelas de campeonatos esportivos) e c\u00f3digo (n\u00fameros utilizados em contas, RG, CPF, t\u00edtulo de leitor, c\u00f3digo de barras), utilizando a express\u00e3o oral.<\/td><\/tr><\/tbody><\/table><\/figure>\n\n\n\n<hr class=\"wp-block-separator\"\/>\n\n\n\n<figure class=\"wp-block-table alignfull\"><table><tbody><tr><td>Proponentes\/&nbsp;Professores:<br>Apoio T\u00e9cnico&nbsp;Pedag\u00f3gico:&nbsp;Coordenadora&nbsp;Pedag\u00f3gica:<\/td><td>Francisco Donisete de Oliveira&nbsp;Gean Carlos Sousa Gonzaga&nbsp;<br>Miranice Alves de Lima Guimar\u00e3es<br>R\u00e9gina Potira Pereira Lima Gomes&nbsp;Marta Oliveira&nbsp;Vera L\u00facia Caetano de Brito Rodrigues<\/td><\/tr><tr><td>Institui\u00e7\u00e3o&nbsp;Educacional:<\/td><td>Escola Municipal Professora Leon\u00edsia Naves de Almeida<\/td><\/tr><tr><td>CRE:&nbsp;<\/td><td>Maria Helena B. Bretas<\/td><\/tr><\/tbody><\/table><\/figure>\n\n\n\n<hr class=\"wp-block-separator\"\/>\n\n\n\n<p>Ensino Fundamental &#8211; Ciclo da Inf\u00e2ncia &#8211;  Turma A 1\u00ba  ano &#8211; Educa\u00e7\u00e3o Financeira e Empreendedorismo<\/p>\n\n\n\n<p><\/p>\n","protected":false},"author":24,"featured_media":64447,"template":"","ef_categoria":[13,19],"ef_ano":[84],"ef_componente":[94],"class_list":["post-63701","ensino_fundamental","type-ensino_fundamental","status-publish","has-post-thumbnail","hentry","ef_categoria-ciclo-da-infancia-abc","ef_categoria-educacao-financeira-e-empreendedorismo","ef_ano-1o-ano","ef_componente-matematica","entry","has-media"],"acf":[],"_links":{"self":[{"href":"https:\/\/sme.goiania.go.gov.br\/conexaoescola\/wp-json\/wp\/v2\/ensino_fundamental\/63701","targetHints":{"allow":["GET"]}}],"collection":[{"href":"https:\/\/sme.goiania.go.gov.br\/conexaoescola\/wp-json\/wp\/v2\/ensino_fundamental"}],"about":[{"href":"https:\/\/sme.goiania.go.gov.br\/conexaoescola\/wp-json\/wp\/v2\/types\/ensino_fundamental"}],"author":[{"embeddable":true,"href":"https:\/\/sme.goiania.go.gov.br\/conexaoescola\/wp-json\/wp\/v2\/users\/24"}],"version-history":[{"count":0,"href":"https:\/\/sme.goiania.go.gov.br\/conexaoescola\/wp-json\/wp\/v2\/ensino_fundamental\/63701\/revisions"}],"wp:featuredmedia":[{"embeddable":true,"href":"https:\/\/sme.goiania.go.gov.br\/conexaoescola\/wp-json\/wp\/v2\/media\/64447"}],"wp:attachment":[{"href":"https:\/\/sme.goiania.go.gov.br\/conexaoescola\/wp-json\/wp\/v2\/media?parent=63701"}],"wp:term":[{"taxonomy":"ef_categoria","embeddable":true,"href":"https:\/\/sme.goiania.go.gov.br\/conexaoescola\/wp-json\/wp\/v2\/ef_categoria?post=63701"},{"taxonomy":"ef_ano","embeddable":true,"href":"https:\/\/sme.goiania.go.gov.br\/conexaoescola\/wp-json\/wp\/v2\/ef_ano?post=63701"},{"taxonomy":"ef_componente","embeddable":true,"href":"https:\/\/sme.goiania.go.gov.br\/conexaoescola\/wp-json\/wp\/v2\/ef_componente?post=63701"}],"curies":[{"name":"wp","href":"https:\/\/api.w.org\/{rel}","templated":true}]}}