{"id":59734,"date":"2020-11-30T07:00:00","date_gmt":"2020-11-30T09:00:00","guid":{"rendered":"https:\/\/sme.goiania.go.gov.br\/conexaoescola\/?post_type=ensino_fundamental&#038;p=59734"},"modified":"2021-12-07T12:12:41","modified_gmt":"2021-12-07T14:12:41","slug":"medidas-de-comprimento","status":"publish","type":"ensino_fundamental","link":"https:\/\/sme.goiania.go.gov.br\/conexaoescola\/ensino_fundamental\/medidas-de-comprimento\/","title":{"rendered":"Matem\u00e1tica &#8211; Medidas de comprimento"},"content":{"rendered":"\n<p class=\"has-drop-cap has-medium-font-size\">Ol\u00e1, voc\u00ea j\u00e1 passou por alguma situa\u00e7\u00e3o que precisou medir alguma coisa? O que voc\u00ea fez? Quais objetos ou instrumentos voc\u00ea usou? Vamos conhecer mais um pouco sobre isso?<\/p>\n\n\n\n<hr class=\"wp-block-separator\"\/>\n\n\n\n<p class=\"has-medium-font-size\">Oi, voc\u00ea sabia que as unidades de medida s\u00e3o modelos estabelecidos para medir diferentes grandezas, tais como comprimento, massa, tempo e volume. O Sistema Internacional de Unidades (SI) define a unidade padr\u00e3o de cada grandeza. Baseado no sistema m\u00e9trico decimal, o SI surgiu da necessidade de uniformizar as unidades que s\u00e3o utilizadas na maior parte dos pa\u00edses. Acesse e aprenda mais um pouco:<\/p>\n\n\n\n<p class=\"has-medium-font-size\"><strong>MEDIDAS DE COMPRIMENTO<\/strong><\/p>\n\n\n\n<figure class=\"wp-block-embed is-type-video is-provider-youtube wp-block-embed-youtube wp-embed-aspect-4-3 wp-has-aspect-ratio\"><div class=\"wp-block-embed__wrapper\">\n<p class=\"responsive-video-wrap clr\"><iframe title=\"3\u00ba ANO MATEM\u00c1TICA   MEDIDAS DE COMPRIMENTO\" width=\"1200\" height=\"900\" src=\"https:\/\/www.youtube.com\/embed\/6rMzfcy6J5I?feature=oembed\" frameborder=\"0\" allow=\"accelerometer; autoplay; clipboard-write; encrypted-media; gyroscope; picture-in-picture\" allowfullscreen><\/iframe><\/p>\n<\/div><figcaption>&#8220;3\u00ba ANO MATEM\u00c1TICA MEDIDAS DE COMPRIMENTO&#8221; Canal: <a href=\"https:\/\/www.youtube.com\/channel\/UCsEZsACpIIb88fk9FaRgEBw\">Mentes Not\u00e1veis<\/a> &#8211; https:\/\/www.youtube.com\/watch?v=6rMzfcy6J5I&amp;feature=youtu.be<\/figcaption><\/figure>\n\n\n\n<p class=\"has-medium-font-size\"><strong>Aprendendo com V\u00eddeo aulas: Matem\u00e1tica: Medidas de Comprimento<\/strong><\/p>\n\n\n\n<figure class=\"wp-block-embed is-type-video is-provider-youtube wp-block-embed-youtube wp-embed-aspect-16-9 wp-has-aspect-ratio\"><div class=\"wp-block-embed__wrapper\">\n<p class=\"responsive-video-wrap clr\"><iframe title=\"Aprendendo com Videoaulas: Matem\u00e1tica: Medidas de Comprimento\" width=\"1200\" height=\"675\" src=\"https:\/\/www.youtube.com\/embed\/HXzOa6t3dNU?feature=oembed\" frameborder=\"0\" allow=\"accelerometer; autoplay; clipboard-write; encrypted-media; gyroscope; picture-in-picture\" allowfullscreen><\/iframe><\/p>\n<\/div><figcaption>&#8220;Aprendendo com Videoaulas: Matem\u00e1tica: Medidas de Comprimento&#8221; Canal: <a href=\"https:\/\/www.youtube.com\/channel\/UC-RERDcMtktlR6cy4wXg1ag\">Barao Pirapora<\/a> &#8211; https:\/\/www.youtube.com\/watch?v=HXzOa6t3dNU&amp;feature=youtu.be<\/figcaption><\/figure>\n\n\n\n<p class=\"has-medium-font-size\">&nbsp;Agora que voc\u00ea aprendeu alguns conceitos comprimento, largura, espessura. Esses termos s\u00e3o usados para indicar o que querem medir. Pegue seu caderno de matem\u00e1tica e anote, sem medir,&nbsp; qual tamanho de cada objeto abaixo (estimativa):<\/p>\n\n\n\n<ol class=\"wp-block-list\"><li>&nbsp;caneta&nbsp;<\/li><li>L\u00e1pis<\/li><li>Mesa<\/li><li>Sua altura<\/li><li>&nbsp;cama<\/li><\/ol>\n\n\n\n<p class=\"has-medium-font-size\">Anote tudo no seu caderno.<\/p>\n\n\n\n<p class=\"has-very-light-gray-color has-luminous-vivid-orange-background-color has-text-color has-background has-medium-font-size\">Agora \u00e9 sua vez de medir!! M\u00e3o na massa!!!<\/p>\n\n\n\n<p class=\"has-medium-font-size\">Depois que voc\u00ea estimou o tamanho de cada objeto, pegue uma fita m\u00e9trica, r\u00e9gua ou trena fa\u00e7a as medidas e registre.<\/p>\n\n\n\n<p class=\"has-medium-font-size\">Pense e responda:<\/p>\n\n\n\n<ul class=\"wp-block-list\"><li>1) As estimativas que voc\u00ea fez, foram iguais?<\/li><li>2) que estrat\u00e9gia voc\u00ea utilizou para estimar?&nbsp;<\/li><li>3) Qual foi sua maior dificuldade ao medir os objetos?<\/li><\/ul>\n\n\n\n<p class=\"has-vivid-purple-color has-text-color has-large-font-size\">At\u00e9 a pr\u00f3xima!!!<\/p>\n\n\n\n<hr class=\"wp-block-separator\"\/>\n\n\n\n<p><strong>Saiba Mais | Refer\u00eancias:<\/strong><\/p>\n\n\n\n<div class=\"wp-block-columns is-layout-flex wp-container-core-columns-is-layout-9d6595d7 wp-block-columns-is-layout-flex\">\n<div class=\"wp-block-column is-layout-flow wp-block-column-is-layout-flow\">\n<figure class=\"wp-block-embed is-type-video is-provider-youtube wp-block-embed-youtube wp-embed-aspect-4-3 wp-has-aspect-ratio\"><div class=\"wp-block-embed__wrapper\">\n<p class=\"responsive-video-wrap clr\"><iframe title=\"O Metro, o Quilo e o Litro\" width=\"1200\" height=\"900\" src=\"https:\/\/www.youtube.com\/embed\/k47NwllnNow?feature=oembed\" frameborder=\"0\" allow=\"accelerometer; autoplay; clipboard-write; encrypted-media; gyroscope; picture-in-picture\" allowfullscreen><\/iframe><\/p>\n<\/div><figcaption>&#8220;O Metro, o Quilo e o Litro&#8217; Canal: <a href=\"https:\/\/www.youtube.com\/channel\/UCpoYe_RnxqibGRVjVKkKf2A\">ICDP Cursos e Treinamentos &#8211; Cursos na Baixada Santista &#8211; SP<\/a> &#8211; https:\/\/www.youtube.com\/watch?v=k47NwllnNow&amp;feature=youtu.be<\/figcaption><\/figure>\n<\/div>\n\n\n\n<div class=\"wp-block-column is-layout-flow wp-block-column-is-layout-flow\">\n<figure class=\"wp-block-embed is-type-video is-provider-youtube wp-block-embed-youtube wp-embed-aspect-4-3 wp-has-aspect-ratio\"><div class=\"wp-block-embed__wrapper\">\n<p class=\"responsive-video-wrap clr\"><iframe title=\"Escolinha de Ferramentas do Manny: Como medir as coisas\" width=\"1200\" height=\"900\" src=\"https:\/\/www.youtube.com\/embed\/QN42Tdh-Uxs?feature=oembed\" frameborder=\"0\" allow=\"accelerometer; autoplay; clipboard-write; encrypted-media; gyroscope; picture-in-picture\" allowfullscreen><\/iframe><\/p>\n<\/div><figcaption>&#8220;Escolinha de Ferramentas do Manny: Como medir as coisas&#8221; Canal: <a href=\"https:\/\/www.youtube.com\/channel\/UCunkR_ekffRWZppVa1E6tIA\">Disney<\/a> &#8211; https:\/\/www.youtube.com\/watch?v=QN42Tdh-Uxs&amp;feature=youtu.be<\/figcaption><\/figure>\n<\/div>\n<\/div>\n\n\n\n<hr class=\"wp-block-separator\"\/>\n\n\n\n<figure class=\"wp-block-table alignfull\"><table><tbody><tr><td>Objeto de Conhecimento<\/td><td>Medidas de comprimento, \u00e1rea, massa, tempo, temperatura e capacidade: utiliza\u00e7\u00e3o de unidades convencionais e rela\u00e7\u00f5es entre as unidades de medida mais usuais:<\/td><\/tr><tr><td>Habilidades<\/td><td>(EF05MA19) Resolver e elaborar problemas envolvendo medidas das grandezas comprimento, \u00e1rea, massa, tempo, temperatura e capacidade, recorrendo a transforma\u00e7\u00f5es entre as unidades mais usuais em contextos socioculturais.<\/td><\/tr><\/tbody><\/table><\/figure>\n\n\n\n<hr class=\"wp-block-separator\"\/>\n\n\n\n<figure class=\"wp-block-table alignfull\"><table><tbody><tr><td>Proponentes\/ Professores:<\/td><td>Maria de Jesus Melo Almeida&nbsp;Fernando In\u00e1cio SiqueiraNatalina de F\u00e1tima Oliveira<\/td><\/tr><tr><td>Institui\u00e7\u00e3o Educacional:<\/td><td>E. M. PATRICIA RODRIGUES DE PAIVA<\/td><\/tr><tr><td>CRE:<\/td><td>CENTRAL<\/td><\/tr><\/tbody><\/table><\/figure>\n\n\n\n<hr class=\"wp-block-separator\"\/>\n\n\n\n<p>Ensino Fundamental &#8211;  Ciclo da Inf\u00e2ncia &#8211; Turma E &#8211; 5\u00ba ano &#8211; Educa\u00e7\u00e3o Financeira e Empreendedorismo<\/p>\n","protected":false},"author":24,"featured_media":59738,"template":"","ef_categoria":[14,24],"ef_ano":[88],"ef_componente":[94],"class_list":["post-59734","ensino_fundamental","type-ensino_fundamental","status-publish","has-post-thumbnail","hentry","ef_categoria-ciclo-da-infancia-de","ef_categoria-educacao-financeira-e-empreendedorismo-ciclo-da-infancia-de","ef_ano-5o-ano","ef_componente-matematica","entry","has-media"],"acf":[],"_links":{"self":[{"href":"https:\/\/sme.goiania.go.gov.br\/conexaoescola\/wp-json\/wp\/v2\/ensino_fundamental\/59734","targetHints":{"allow":["GET"]}}],"collection":[{"href":"https:\/\/sme.goiania.go.gov.br\/conexaoescola\/wp-json\/wp\/v2\/ensino_fundamental"}],"about":[{"href":"https:\/\/sme.goiania.go.gov.br\/conexaoescola\/wp-json\/wp\/v2\/types\/ensino_fundamental"}],"author":[{"embeddable":true,"href":"https:\/\/sme.goiania.go.gov.br\/conexaoescola\/wp-json\/wp\/v2\/users\/24"}],"version-history":[{"count":0,"href":"https:\/\/sme.goiania.go.gov.br\/conexaoescola\/wp-json\/wp\/v2\/ensino_fundamental\/59734\/revisions"}],"wp:featuredmedia":[{"embeddable":true,"href":"https:\/\/sme.goiania.go.gov.br\/conexaoescola\/wp-json\/wp\/v2\/media\/59738"}],"wp:attachment":[{"href":"https:\/\/sme.goiania.go.gov.br\/conexaoescola\/wp-json\/wp\/v2\/media?parent=59734"}],"wp:term":[{"taxonomy":"ef_categoria","embeddable":true,"href":"https:\/\/sme.goiania.go.gov.br\/conexaoescola\/wp-json\/wp\/v2\/ef_categoria?post=59734"},{"taxonomy":"ef_ano","embeddable":true,"href":"https:\/\/sme.goiania.go.gov.br\/conexaoescola\/wp-json\/wp\/v2\/ef_ano?post=59734"},{"taxonomy":"ef_componente","embeddable":true,"href":"https:\/\/sme.goiania.go.gov.br\/conexaoescola\/wp-json\/wp\/v2\/ef_componente?post=59734"}],"curies":[{"name":"wp","href":"https:\/\/api.w.org\/{rel}","templated":true}]}}