{"id":59697,"date":"2020-11-30T07:00:00","date_gmt":"2020-11-30T09:00:00","guid":{"rendered":"https:\/\/sme.goiania.go.gov.br\/conexaoescola\/?post_type=ensino_fundamental&#038;p=59697"},"modified":"2021-12-07T11:15:09","modified_gmt":"2021-12-07T13:15:09","slug":"quanto-tempo-eu-durmo-2","status":"publish","type":"ensino_fundamental","link":"https:\/\/sme.goiania.go.gov.br\/conexaoescola\/ensino_fundamental\/quanto-tempo-eu-durmo-2\/","title":{"rendered":"Matem\u00e1tica &#8211; Quanto tempo eu durmo?"},"content":{"rendered":"\n<p class=\"has-drop-cap has-medium-font-size\">Preparados para a aventura desta aula? Sente-se confortavelmente, d\u00ea uma espregui\u00e7ada e vamos l\u00e1! Voc\u00ea teve uma boa noite de sono e descansou bastante para aprender muito? Hoje, vamos refletir a respeito dos seus h\u00e1bitos de sono e voc\u00ea utilizar\u00e1 medidas de tempo relacionadas aos hor\u00e1rios de dormir e acordar.<\/p>\n\n\n\n<hr class=\"wp-block-separator\"\/>\n\n\n\n<p class=\"has-very-light-gray-color has-very-dark-gray-background-color has-text-color has-background has-medium-font-size\">ATIVIDADE 1 \u2013 <\/p>\n\n\n\n<p class=\"has-medium-font-size\">Observe as frases a seguir:<\/p>\n\n\n\n<p class=\"has-vivid-red-color has-text-color has-large-font-size\">&#8211; \u201cEst\u00e1 na hora de dormir! \u201d<\/p>\n\n\n\n<p class=\"has-vivid-purple-color has-text-color has-large-font-size\">&#8211; \u201cJ\u00e1 \u00e9 hora do recreio! \u201d<\/p>\n\n\n\n<p class=\"has-vivid-green-cyan-color has-text-color has-large-font-size\">-\u201c Tia, que horas ser\u00e1 o lanche? \u201d<\/p>\n\n\n\n<p class=\"has-vivid-cyan-blue-color has-text-color has-large-font-size\">&#8211;&nbsp; \u201cQue horas voc\u00ea tem que sair de casa para n\u00e3o chegar atrasado na aula? \u201d<\/p>\n\n\n\n<p class=\"has-luminous-vivid-amber-color has-text-color has-large-font-size\">&#8211;&nbsp; \u201cQue horas come\u00e7a o recreio? \u201d E que horas termina? Quanto tempo dura o recreio da sua escola?<\/p>\n\n\n\n<p class=\"has-vivid-purple-color has-text-color has-large-font-size\">&#8211; Quantas horas voc\u00ea fica na escola?<\/p>\n\n\n\n<p class=\"has-medium-font-size\">Todas essas frases, possuem uma palavra em comum, que palavra \u00e9 esta? Se voc\u00ea respondeu <strong>HORAS, <\/strong>voc\u00ea acertou.&nbsp;<\/p>\n\n\n\n<p class=\"has-medium-font-size\">Palavras como horas, minutos, segundos, dias, semanas, m\u00eas, ano, fazem parte dos termos que podemos utilizar para medir o tempo. Fa\u00e7a uma pesquisa e descubra quais os instrumentos atuais e antigos, foram e \/ou s\u00e3o usados para medir o tempo, em seguida registre sua pesquisa fazendo desenhos dos diferentes instrumentos de medida de tempo.&nbsp;<\/p>\n\n\n\n<p class=\"has-very-light-gray-color has-very-dark-gray-background-color has-text-color has-background has-medium-font-size\">ATIVIDADE 2 &#8211;<\/p>\n\n\n\n<p class=\"has-medium-font-size\"> Em sua pesquisa, voc\u00ea deve ter descoberto que um dos instrumentos para medir o tempo \u00e9 o rel\u00f3gio, que \u00e9 usado para medir as horas. Vamos agora, aprender as horas de um modo bem divertido, atrav\u00e9s de um jogo. Vamos l\u00e1?<\/p>\n\n\n\n<p class=\"has-medium-font-size\">Para isso, voc\u00ea precisar\u00e1 acessar o link, nele encontrar\u00e1 o Jogo \u201cAprendendo as Hora\u201d, cada fase conclu\u00edda, voc\u00ea avan\u00e7ar\u00e1 no jogo e em conhecimento e logo, logo estar\u00e1 dominando a arte de contar o tempo.<\/p>\n\n\n\n<p class=\"has-very-light-gray-color has-vivid-purple-background-color has-text-color has-background has-medium-font-size\"><a href=\"http:\/\/www.escolagames.com.br\/jogos\/aprendendoHoras\/?deviceType=computer\">http:\/\/www.escolagames.com.br\/jogos\/aprendendoHoras\/?deviceType=computer<\/a>, <\/p>\n\n\n\n<p class=\"has-very-light-gray-color has-very-dark-gray-background-color has-text-color has-background has-medium-font-size\">ATIVIDADE 3 &#8211; <\/p>\n\n\n\n<p class=\"has-medium-font-size\">Acesse o link, e assista o v\u00eddeo \u201c<strong> Por que o sono \u00e9 t\u00e3o importante? <\/strong>Fique bem atento a todas informa\u00e7\u00f5es que a turma dos Super Curiosos tr\u00e1s. Ap\u00f3s assistir o v\u00eddeo, converse com sua fam\u00edlia e conte tudo que aprendeu e principalmente o que acontece quando uma pessoa dorme bem. Depois de conversar com sua fam\u00edlia, crie uma tabela e registre nela:<\/p>\n\n\n\n<figure class=\"wp-block-embed is-type-video is-provider-youtube wp-block-embed-youtube wp-embed-aspect-16-9 wp-has-aspect-ratio\"><div class=\"wp-block-embed__wrapper\">\n<p class=\"responsive-video-wrap clr\"><iframe title=\"Por que o sono \u00e9 t\u00e3o importante? Super Curiosos\" width=\"1200\" height=\"675\" src=\"https:\/\/www.youtube.com\/embed\/_bxN44gjc3w?feature=oembed\" frameborder=\"0\" allow=\"accelerometer; autoplay; clipboard-write; encrypted-media; gyroscope; picture-in-picture\" allowfullscreen><\/iframe><\/p>\n<\/div><figcaption>&#8220;Por que o sono \u00e9 t\u00e3o importante? Super Curiosos&#8221;Canal:<a href=\"https:\/\/www.youtube.com\/channel\/UCC_6_OXZRP5PVuzJLfINXLg\"> NT Kids<\/a> &#8211; https:\/\/www.youtube.com\/watch?v=_bxN44gjc3w<\/figcaption><\/figure>\n\n\n\n<p class=\"has-luminous-vivid-orange-color has-text-color has-large-font-size\">&#8211; Que horas voc\u00ea vai dormir?<\/p>\n\n\n\n<p class=\"has-vivid-cyan-blue-color has-text-color has-large-font-size\">&#8211; Que horas voc\u00ea acorda?<\/p>\n\n\n\n<p class=\"has-vivid-green-cyan-color has-text-color has-large-font-size\">&#8211; Quantas horas em m\u00e9dia, voc\u00ea dorme por noite?<\/p>\n\n\n\n<p class=\"has-vivid-red-color has-text-color has-large-font-size\">&#8211; Voc\u00ea dorme durante o dia? Se sim, quanto tempo dura esse sono?<\/p>\n\n\n\n<p class=\"has-medium-font-size\">Para uma crian\u00e7a que tem idade entre 6 e 13 anos \u00e9 aconselh\u00e1vel que durma de 9 a 11 horas por dia. Contando o tempo que voc\u00ea dorme, incluindo a soneca da tarde, podemos dizer que seu sono est\u00e1 adequado para sua idade? Se sua resposta for n\u00e3o, converse com sua fam\u00edlia e busque uma estrat\u00e9gia para melhorar sua rotina de sono.<\/p>\n\n\n\n<p class=\"has-medium-font-size\">Para ajudar na constru\u00e7\u00e3o desta rotina, voc\u00ea dever\u00e1 construir um rel\u00f3gio anal\u00f3gico (de ponteiro), utilizando materiais recicl\u00e1veis e marcar nele todos os seus hor\u00e1rios importantes como hora de acordar, hora do almo\u00e7o, hora de brincar, hora de ajudar nas tarefas da casa, hora de descansar, hora de jantar e hora de dormir. Para te ajudar nessa constru\u00e7\u00e3o, no link a seguir voc\u00ea encontra v\u00e1rias ideias para se inspirar e construir seu lindo rel\u00f3gio anal\u00f3gico.Link inspira\u00e7\u00e3o: <\/p>\n\n\n\n<p class=\"has-very-light-gray-color has-vivid-purple-background-color has-text-color has-background has-medium-font-size\"><a href=\"https:\/\/www.youtube.com\/results?sp=mAEB&amp;search_query=relogio+de+ponteiros+com+material+reciclado\">https:\/\/www.youtube.com\/results?sp=mAEB&amp;search_query=relogio+de+ponteiros+com+material+reciclado<\/a><\/p>\n\n\n\n<hr class=\"wp-block-separator\"\/>\n\n\n\n<p><strong>Saiba Mais | Refer\u00eancias:<\/strong><\/p>\n\n\n\n<div class=\"wp-block-columns is-layout-flex wp-container-core-columns-is-layout-9d6595d7 wp-block-columns-is-layout-flex\">\n<div class=\"wp-block-column is-layout-flow wp-block-column-is-layout-flow\">\n<figure class=\"wp-block-embed is-type-video is-provider-youtube wp-block-embed-youtube wp-embed-aspect-16-9 wp-has-aspect-ratio\"><div class=\"wp-block-embed__wrapper\">\n<p class=\"responsive-video-wrap clr\"><iframe title=\"APRENDA A OLHAR AS HORAS - REL\u00d3GIO DE PONTEIRO \/\/ CONTOTOYS\" width=\"1200\" height=\"675\" src=\"https:\/\/www.youtube.com\/embed\/AfVg6SmOPmM?feature=oembed\" frameborder=\"0\" allow=\"accelerometer; autoplay; clipboard-write; encrypted-media; gyroscope; picture-in-picture\" allowfullscreen><\/iframe><\/p>\n<\/div><figcaption>&#8220;APRENDA A OLHAR AS HORAS &#8211; REL\u00d3GIO DE PONTEIRO \/\/ CONTOTOYS&#8221; Canal:<br>CONTOTOYS &#8211; https:\/\/www.youtube.com\/watch?v=AfVg6SmOPmM<\/figcaption><\/figure>\n\n\n\n<p><\/p>\n<\/div>\n\n\n\n<div class=\"wp-block-column is-layout-flow wp-block-column-is-layout-flow\">\n<figure class=\"wp-block-embed is-type-video is-provider-youtube wp-block-embed-youtube wp-embed-aspect-16-9 wp-has-aspect-ratio\"><div class=\"wp-block-embed__wrapper\">\n<p class=\"responsive-video-wrap clr\"><iframe title=\"APRENDA A OLHAR HORAS E MINUTOS NO REL\u00d3GIO DE PONTEIRO \/\/ CONTOTOYS\" width=\"1200\" height=\"675\" src=\"https:\/\/www.youtube.com\/embed\/6HoazWMP-_E?feature=oembed\" frameborder=\"0\" allow=\"accelerometer; autoplay; clipboard-write; encrypted-media; gyroscope; picture-in-picture\" allowfullscreen><\/iframe><\/p>\n<\/div><figcaption>&#8220;APRENDA A OLHAR HORAS E MINUTOS NO REL\u00d3GIO DE PONTEIRO \/\/ CONTOTOYS&#8221; Canal: <a href=\"https:\/\/www.youtube.com\/channel\/UCIil_3MhhhXQI93ejOgC-WA\">CONTOTOYS<\/a> &#8211; https:\/\/www.youtube.com\/watch?v=6HoazWMP-_E<\/figcaption><\/figure>\n<\/div>\n\n\n\n<div class=\"wp-block-column is-layout-flow wp-block-column-is-layout-flow\">\n<figure class=\"wp-block-embed is-type-video is-provider-youtube wp-block-embed-youtube wp-embed-aspect-16-9 wp-has-aspect-ratio\"><div class=\"wp-block-embed__wrapper\">\n<p class=\"responsive-video-wrap clr\"><iframe title=\"A Girafa sem sono - Varal de Hist\u00f3rias\" width=\"1200\" height=\"675\" src=\"https:\/\/www.youtube.com\/embed\/R1HSNvuQiHE?feature=oembed\" frameborder=\"0\" allow=\"accelerometer; autoplay; clipboard-write; encrypted-media; gyroscope; picture-in-picture\" allowfullscreen><\/iframe><\/p>\n<\/div><figcaption>&#8220;A Girafa sem sono &#8211; Varal de Hist\u00f3rias&#8221; Canal: <a href=\"https:\/\/www.youtube.com\/channel\/UCzPvR5EslYq2S-BTmxZl_iQ\">Varal de Hist\u00f3rias<\/a> &#8211; https:\/\/www.youtube.com\/watch?v=R1HSNvuQiHE<\/figcaption><\/figure>\n<\/div>\n<\/div>\n\n\n\n<hr class=\"wp-block-separator\"\/>\n\n\n\n<figure class=\"wp-block-table alignfull\"><table><tbody><tr><td>Objeto de Conhecimento<\/td><td>Medidas de tempo: intervalo de tempo. Unidades de medidas de tempo. Leitura de horas em rel\u00f3gios anal\u00f3gicos. Meios hist\u00f3ricos de marca\u00e7\u00e3o de tempo.<\/td><\/tr><tr><td>Habilidades<\/td><td>(EF03MA22-A) Identificar semelhan\u00e7as e diferen\u00e7as entre rel\u00f3gios digital e anal\u00f3gico.&nbsp;(EF03MA22-B) Ler e registrar medidas e intervalos de tempo, utilizando rel\u00f3gio, anal\u00f3gico e digital, para informar os hor\u00e1rios de in\u00edcio e t\u00e9rmino de realiza\u00e7\u00e3o de uma atividade e sua dura\u00e7\u00e3o.(EF03MA23-A) Confeccionar rel\u00f3gio anal\u00f3gico e marcar situa\u00e7\u00f5es de sala de aula, organiza\u00e7\u00e3o de rotinas, in\u00edcio e final de uma atividade durante a aula, entre outros.&nbsp;EF03MA23-B) Reconhecer a rela\u00e7\u00e3o entre hora e minutos e entre minuto e segundos: 1h = 60 min, 1min = 60s, um dia = 24h. Exemplo: confec\u00e7\u00e3o de rel\u00f3gio anal\u00f3gico.<\/td><\/tr><\/tbody><\/table><\/figure>\n\n\n\n<hr class=\"wp-block-separator\"\/>\n\n\n\n<figure class=\"wp-block-table alignfull\"><table><tbody><tr><td>Proponentes\/ Professora:<\/td><td>Professora Kaisy Gomes Alves Miyasaki<\/td><\/tr><tr><td>Institui\u00e7\u00e3o Educacional:<\/td><td>Escola Municipal Professora Lousinha<\/td><\/tr><tr><td>CRE:<\/td><td>Maria Helena Batista Bretas<\/td><\/tr><\/tbody><\/table><\/figure>\n\n\n\n<hr class=\"wp-block-separator\"\/>\n\n\n\n<p>&nbsp;Ensino Fundamental &#8211; Ciclo da Inf\u00e2ncia &#8211; Turma C &#8211; 3\u00ba ano &#8211; Educa\u00e7\u00e3o Financeira e Empreendedorismo <\/p>\n","protected":false},"author":24,"featured_media":59698,"template":"","ef_categoria":[13,19],"ef_ano":[86],"ef_componente":[94],"class_list":["post-59697","ensino_fundamental","type-ensino_fundamental","status-publish","has-post-thumbnail","hentry","ef_categoria-ciclo-da-infancia-abc","ef_categoria-educacao-financeira-e-empreendedorismo","ef_ano-3o-ano","ef_componente-matematica","entry","has-media"],"acf":[],"_links":{"self":[{"href":"https:\/\/sme.goiania.go.gov.br\/conexaoescola\/wp-json\/wp\/v2\/ensino_fundamental\/59697","targetHints":{"allow":["GET"]}}],"collection":[{"href":"https:\/\/sme.goiania.go.gov.br\/conexaoescola\/wp-json\/wp\/v2\/ensino_fundamental"}],"about":[{"href":"https:\/\/sme.goiania.go.gov.br\/conexaoescola\/wp-json\/wp\/v2\/types\/ensino_fundamental"}],"author":[{"embeddable":true,"href":"https:\/\/sme.goiania.go.gov.br\/conexaoescola\/wp-json\/wp\/v2\/users\/24"}],"version-history":[{"count":0,"href":"https:\/\/sme.goiania.go.gov.br\/conexaoescola\/wp-json\/wp\/v2\/ensino_fundamental\/59697\/revisions"}],"wp:featuredmedia":[{"embeddable":true,"href":"https:\/\/sme.goiania.go.gov.br\/conexaoescola\/wp-json\/wp\/v2\/media\/59698"}],"wp:attachment":[{"href":"https:\/\/sme.goiania.go.gov.br\/conexaoescola\/wp-json\/wp\/v2\/media?parent=59697"}],"wp:term":[{"taxonomy":"ef_categoria","embeddable":true,"href":"https:\/\/sme.goiania.go.gov.br\/conexaoescola\/wp-json\/wp\/v2\/ef_categoria?post=59697"},{"taxonomy":"ef_ano","embeddable":true,"href":"https:\/\/sme.goiania.go.gov.br\/conexaoescola\/wp-json\/wp\/v2\/ef_ano?post=59697"},{"taxonomy":"ef_componente","embeddable":true,"href":"https:\/\/sme.goiania.go.gov.br\/conexaoescola\/wp-json\/wp\/v2\/ef_componente?post=59697"}],"curies":[{"name":"wp","href":"https:\/\/api.w.org\/{rel}","templated":true}]}}