{"id":59609,"date":"2020-11-30T07:00:00","date_gmt":"2020-11-30T09:00:00","guid":{"rendered":"https:\/\/sme.goiania.go.gov.br\/conexaoescola\/?post_type=ensino_fundamental&#038;p=59609"},"modified":"2021-12-07T10:44:21","modified_gmt":"2021-12-07T12:44:21","slug":"genero-noticias-e-seus-impactos-no-cotidiano-2","status":"publish","type":"ensino_fundamental","link":"https:\/\/sme.goiania.go.gov.br\/conexaoescola\/ensino_fundamental\/genero-noticias-e-seus-impactos-no-cotidiano-2\/","title":{"rendered":"L\u00edngua Portuguesa &#8211; G\u00eanero not\u00edcias e seus impactos no cotidiano"},"content":{"rendered":"\n<p class=\"has-drop-cap has-pale-cyan-blue-background-color has-text-color has-background has-medium-font-size\" style=\"color:#000000\">Ol\u00e1, pessoal! Voc\u00eas certamente j\u00e1 leram ou ouviram not\u00edcias, n\u00e3o \u00e9 mesmo? E \u00e9 sobre esse g\u00eanero textual que vamos conhecer um pouco mais sobre suas caracter\u00edsticas. Vamos l\u00e1?<\/p>\n\n\n\n<hr class=\"wp-block-separator\"\/>\n\n\n\n<div style=\"height:33px\" aria-hidden=\"true\" class=\"wp-block-spacer\"><\/div>\n\n\n\n<p class=\"has-luminous-vivid-amber-background-color has-text-color has-background has-medium-font-size\" style=\"color:#000000\"><strong>ATIVIDADE 1<\/strong><\/p>\n\n\n\n<p class=\"has-medium-font-size\">\u25ba Leia sobre os elementos da not\u00edcia no link abaixo, depois anote no caderno as partes que comp\u00f5em uma not\u00edcia.<\/p>\n\n\n\n<div class=\"wp-block-buttons is-layout-flex wp-block-buttons-is-layout-flex\">\n<div class=\"wp-block-button\"><a class=\"wp-block-button__link\" href=\"https:\/\/escolakids.uol.com.br\/portugues\/conhecendo-um-pouco-mais-sobre-a-noticia.htm\" target=\"_blank\" rel=\"noreferrer noopener\">Clique aqui e conhe\u00e7a as partes que constituem o g\u00eanero not\u00edcia!<\/a><\/div>\n<\/div>\n\n\n\n<hr class=\"wp-block-separator\"\/>\n\n\n\n<p class=\"has-light-green-cyan-background-color has-text-color has-background has-medium-font-size\" style=\"color:#000000\"><strong>ATIVIDADE 2<\/strong><\/p>\n\n\n\n<p class=\"has-medium-font-size\">Leia o texto com aten\u00e7\u00e3o. Copie e responda as atividades no caderno.<\/p>\n\n\n\n<p class=\"has-medium-font-size\"><strong>Menina em quarentena ganha festa de anivers\u00e1rio por videochamada e mensagem surpresa na fachada de pr\u00e9dio<\/strong> <\/p>\n\n\n\n<p class=\"has-medium-font-size\">Parentes que moram em S\u00e3o Paulo e Bras\u00edlia cantaram &#8216;parab\u00e9ns&#8217; pelo celular e assistiram \u00e0 proje\u00e7\u00e3o. M\u00e3e conta que filha se emocionou e perguntou: &#8216;Eles s\u00e3o m\u00e1gicos?&#8217;<\/p>\n\n\n\n<div class=\"wp-block-media-text alignwide is-stacked-on-mobile\" style=\"grid-template-columns:52% auto\"><figure class=\"wp-block-media-text__media\"><img fetchpriority=\"high\" decoding=\"async\" width=\"984\" height=\"616\" src=\"https:\/\/sme.goiania.go.gov.br\/conexaoescola\/wp-content\/uploads\/2020\/11\/XXXZ-e1605212062413.jpg\" alt=\"\" class=\"wp-image-59110 size-full\" srcset=\"https:\/\/sme.goiania.go.gov.br\/conexaoescola\/wp-content\/uploads\/2020\/11\/XXXZ-e1605212062413.jpg 984w, https:\/\/sme.goiania.go.gov.br\/conexaoescola\/wp-content\/uploads\/2020\/11\/XXXZ-e1605212062413-300x188.jpg 300w, https:\/\/sme.goiania.go.gov.br\/conexaoescola\/wp-content\/uploads\/2020\/11\/XXXZ-e1605212062413-768x481.jpg 768w\" sizes=\"(max-width: 984px) 100vw, 984px\" \/><\/figure><div class=\"wp-block-media-text__content\">\n<p style=\"font-size:18px\">Os milhares de quil\u00f4metros entre Goi\u00e2nia, S\u00e3o Paulo e Bras\u00edlia n\u00e3o separaram a fam\u00edlia Peixoto da festa de anivers\u00e1rio de 7 anos de Mariana Peixoto, comemorada por videochamada de celular com os av\u00f3s, tios e primos, ap\u00f3s o isolamento social decretado pelo governo estadual desde o dia 13 de mar\u00e7o por causa do coronav\u00edrus. Al\u00e9m da tradicional mesa com bolo, doces e salgados, a proje\u00e7\u00e3o da mensagem \u201cfeliz anivers\u00e1rio, Mariana\u201d, na parede do pr\u00e9dio vizinho, surpreendeu a pequena, que assistiu \u00e0 proje\u00e7\u00e3o da janela de casa, na capital goiana.<\/p>\n<\/div><\/div>\n\n\n\n<p class=\"has-medium-font-size\">A ideia de usar o projetor surgiu quando a m\u00e3e, a analista de TI, Luciana Peixoto, de 43 anos, reparou que uma empresa projetou mensagens de solidariedade no pr\u00e9dio vizinho, durante a semana. Ap\u00f3s entrar em contato com a companhia, o desejo de feliz anivers\u00e1rio para Mariana foi projetado na parede \u00e0s 19h15 de sexta-feira (27), quando a m\u00e3e, o pai e a irm\u00e3 mais velha da menina aguardavam a videoconfer\u00eancia para cantar os parab\u00e9ns. \u201cEla amou a surpresa. Por causa do coronav\u00edrus, meus irm\u00e3os que moram em S\u00e3o Paulo e Bras\u00edlia cancelaram a viagem para vir ao anivers\u00e1rio dela. Ela ficou triste e nem queria festa. Tinha um pessoal fazendo proje\u00e7\u00f5es de laser no pr\u00e9dio e pedi a gentileza de projetar o \u2018feliz anivers\u00e1rio, Marina\u2019. Eles toparam e combinamos o hor\u00e1rio\u201d, afirma Luciana Peixoto. A emo\u00e7\u00e3o da Mariana foi t\u00e3o grande que ela perguntou \u00e0 m\u00e3e se o laser era m\u00e1gico. \u201cM\u00e3e, eles s\u00e3o m\u00e1gicos? Como sabem meu nome e que meu anivers\u00e1rio \u00e9 hoje?\u201d, conta Luciana. A rea\u00e7\u00e3o da menina foi emocionante, segundo Luciana, j\u00e1 que ela \u00e9 apegada aos av\u00f3s, que moram em um pr\u00e9dio quase vizinho da Mariana. \u201cMeu pais s\u00e3o idosos. O av\u00f4 dela \u00e9 hipertenso e fez uma cirurgia no cora\u00e7\u00e3o recentemente. Eles n\u00e3o podem sair de casa, o que deixou ela triste\u201d, explica a m\u00e3e. A proje\u00e7\u00e3o foi assistida por tios e os av\u00f3s residentes nos pr\u00e9dios pr\u00f3ximos ao da Mariana. A parte da fam\u00edlia que mora em SP e no DF assistiu por redes sociais. \u201cFizemos uma videoconfer\u00eancia pelo celular com a fam\u00edlia que est\u00e1 longe na hora de cantar \u2018parab\u00e9ns\u2019. Todo mundo participou do anivers\u00e1rio dela, mesmo que distante\u201d, relata Luciana. <em><a rel=\"noreferrer noopener\" href=\"https:\/\/g1.globo.com\/go\/goias\/noticia\/2020\/03\/28\/menina-em-quarentena-ganha-festa-de-aniversario-por-videochamada-e-mensagem-surpresa-na-fachada-de-predio.ghtml\" target=\"_blank\">Fonte<\/a><\/em><\/p>\n\n\n\n<p class=\"has-background has-medium-font-size\" style=\"background-color:#b7e3ff\">1) O texto lido \u00e9 uma not\u00edcia. Onde foi veiculada (publicada) e quem a escreveu?<br>2) Qual o nome da aniversariante e onde ocorreu essa hist\u00f3ria?<br>3) Por que ela n\u00e3o teve uma festa tradicional, com convidados? 4) \u201cM\u00e3e, eles s\u00e3o m\u00e1gicos? Como sabem meu nome e que meu anivers\u00e1rio \u00e9 hoje?\u201d \u2013 Qual o objetivo do uso das aspas? Os milhares de quil\u00f4metros entre Goi\u00e2nia, S\u00e3o Paulo e Bras\u00edlia n\u00e3o separaram a fam\u00edlia Peixoto da festa de anivers\u00e1rio de 7 anos de Mariana Peixoto, comemorada por videochamada de celular com os av\u00f3s, tios e primos, ap\u00f3s o isolamento social decretado pelo governo estadual desde o dia 13 de mar\u00e7o por causa do coronav\u00edrus. Al\u00e9m da tradicional mesa com bolo, doces e salgados, a proje\u00e7\u00e3o da mensagem \u201cfeliz anivers\u00e1rio, Mariana\u201d, na parede do pr\u00e9dio vizinho, surpreendeu a pequena, que assistiu \u00e0 proje\u00e7\u00e3o da janela de casa, na capital goiana.<br>Secretaria Municipal de Educa\u00e7\u00e3o e Esporte de Goi\u00e2nia<br>3<br>5) Para vivermos em isolamento social e cultivar bons h\u00e1bitos devemos estabelecer uma rotina para que a vida seja saud\u00e1vel, equilibrada e nos proporcione desenvolver nossos potenciais. Que mudan\u00e7as de comportamento essa quarentena nos trouxe e que estejam de acordo com a OMS (Organiza\u00e7\u00e3o Mundial da Sa\u00fade) ? Pesquise sobre isso.<\/p>\n\n\n\n<p class=\"has-light-green-cyan-background-color has-background has-medium-font-size\"><strong>ATIVIDADE 3<\/strong><\/p>\n\n\n\n<p class=\"has-medium-font-size\">6. Ap\u00f3s ler o texto e assistir aos v\u00eddeos, escreva uma not\u00edcia ou produza um v\u00eddeo com dura\u00e7\u00e3o m\u00e1xima de um minuto sobre o seu isolamento social nessa quarentena.<\/p>\n\n\n\n<p class=\"has-pale-cyan-blue-background-color has-text-color has-background has-medium-font-size\" style=\"color:#000000\"><strong>Saiba Mais | Refer\u00eancias:<\/strong><\/p>\n\n\n\n<figure class=\"wp-block-embed is-type-video is-provider-youtube wp-block-embed-youtube wp-embed-aspect-16-9 wp-has-aspect-ratio\"><div class=\"wp-block-embed__wrapper\">\n<p class=\"responsive-video-wrap clr\"><iframe title=\"O g\u00eanero Not\u00edcia \u2013 L\u00edngua Portuguesa \u2013 6\u00ba ano \u2013 Ensino Fundamental\" width=\"1200\" height=\"675\" src=\"https:\/\/www.youtube.com\/embed\/I9QHJXwwbbE?feature=oembed\" frameborder=\"0\" allow=\"accelerometer; autoplay; clipboard-write; encrypted-media; gyroscope; picture-in-picture\" allowfullscreen><\/iframe><\/p>\n<\/div><figcaption><a href=\"https:\/\/www.youtube.com\/watch?v=I9QHJXwwbbE\" target=\"_blank\" rel=\"noreferrer noopener\">O g\u00eanero Not\u00edcia \u2013 L\u00edngua Portuguesa \u2013 6\u00ba ano \u2013 Ensino Fundamental &#8211; Canal Futura &#8211; YouTube<\/a><\/figcaption><\/figure>\n\n\n\n<hr class=\"wp-block-separator\"\/>\n\n\n\n<figure class=\"wp-block-embed is-type-video is-provider-youtube wp-block-embed-youtube wp-embed-aspect-16-9 wp-has-aspect-ratio\"><div class=\"wp-block-embed__wrapper\">\n<p class=\"responsive-video-wrap clr\"><iframe title=\"G\u00eanero Not\u00edcia - G\u00eanero Textual Not\u00edcia com Interpreta\u00e7\u00e3o\" width=\"1200\" height=\"675\" src=\"https:\/\/www.youtube.com\/embed\/uYcKDGfGIT4?feature=oembed\" frameborder=\"0\" allow=\"accelerometer; autoplay; clipboard-write; encrypted-media; gyroscope; picture-in-picture\" allowfullscreen><\/iframe><\/p>\n<\/div><figcaption><a href=\"https:\/\/www.youtube.com\/watch?v=uYcKDGfGIT4\" target=\"_blank\" rel=\"noreferrer noopener\">G\u00eanero Not\u00edcia &#8211; G\u00eanero Textual Not\u00edcia com Interpreta\u00e7\u00e3o &#8211; Canal Isolada de Portugu\u00eas &#8211; YouTube<\/a><\/figcaption><\/figure>\n\n\n\n<hr class=\"wp-block-separator\"\/>\n\n\n\n<figure class=\"wp-block-embed is-type-video is-provider-youtube wp-block-embed-youtube wp-embed-aspect-16-9 wp-has-aspect-ratio\"><div class=\"wp-block-embed__wrapper\">\n<p class=\"responsive-video-wrap clr\"><iframe title=\"Nordeste cancela festas de S\u00e3o Jo\u00e3o devido \u00e0 pandemia do coronav\u00edrus | Primeiro Impacto (09\/04\/20)\" width=\"1200\" height=\"675\" src=\"https:\/\/www.youtube.com\/embed\/Pr-cIYhovmI?feature=oembed\" frameborder=\"0\" allow=\"accelerometer; autoplay; clipboard-write; encrypted-media; gyroscope; picture-in-picture\" allowfullscreen><\/iframe><\/p>\n<\/div><figcaption><a href=\"https:\/\/www.youtube.com\/watch?v=Pr-cIYhovmI\" target=\"_blank\" rel=\"noreferrer noopener\">Nordeste cancela festas de S\u00e3o Jo\u00e3o devido \u00e0 pandemia do coronav\u00edrus | Primeiro Impacto (09\/04\/20) &#8211; Canal SBT Jornalismo &#8211; Youtube<\/a><\/figcaption><\/figure>\n\n\n\n<hr class=\"wp-block-separator\"\/>\n\n\n\n<figure class=\"wp-block-table\"><table><tbody><tr><td><strong>Objeto de Conhecimento<\/strong><\/td><td>\u2022 Elementos centrais em not\u00edcias, reportagens e fotorreportagens, entrevistas, entre outros. <br>\u2022 Fato e opini\u00e3o: g\u00eaneros jornal\u00edstico-midi\u00e1tico.<br>\u2022 Tratamento da informa\u00e7\u00e3o em not\u00edcias: quest\u00f5es lexicais, morfol\u00f3gicas &#8211; verbos (pessoa, n\u00famero, tempo, modo), etc.<\/td><\/tr><tr><td><strong>Habilidades<\/strong><\/td><td>(EF67LP02-B) Posicionar-se de maneira \u00e9tica e respeitosa frente a esses textos e opini\u00f5es a eles relacionadas.<br>(EF69LP03) Identificar, em not\u00edcias, o fato central, suas principais circunst\u00e2ncias e eventuais decorr\u00eancias; em reportagens e fotorreportagens, o fato ou a tem\u00e1tica retratada e a perspectiva de abordagem; em entrevistas, os principais temas\/subtemas abordados, explica\u00e7\u00f5es dadas ou teses defendidas em rela\u00e7\u00e3o a esses subtemas; em tirinhas, memes entre outros, a cr\u00edtica, a ironia ou o humor presente.<\/td><\/tr><tr><td><strong>Proponentes\/ Professores:<\/strong><\/td><td>Eliane Maria dos Santos <br>Katya Maria Chaves Brito <br>Maria Jos\u00e9 Neres Coelho<\/td><\/tr><tr><td><strong>Institui\u00e7\u00e3o Educacional:<\/strong><\/td><td>Escola municipal Dona Rosa Martins Perim<\/td><\/tr><tr><td><strong>CRE:<\/strong><\/td><td>Maria Helena Bretas<\/td><\/tr><\/tbody><\/table><\/figure>\n\n\n\n<hr class=\"wp-block-separator\"\/>\n\n\n\n<p class=\"has-text-align-center\">Ciclo da Adolesc\u00eancia \u2013 Turma F (6\u00ba ano) \u2013 Experi\u00eancias e Curiosidades<\/p>\n","protected":false},"author":28,"featured_media":59610,"template":"","ef_categoria":[15,31],"ef_ano":[89],"ef_componente":[93],"class_list":["post-59609","ensino_fundamental","type-ensino_fundamental","status-publish","has-post-thumbnail","hentry","ef_categoria-ciclo-da-adolescencia-fg","ef_categoria-experiencias-e-curiosidades-ciclo-da-adolescencia-fg","ef_ano-6o-ano","ef_componente-portugues","entry","has-media"],"acf":[],"_links":{"self":[{"href":"https:\/\/sme.goiania.go.gov.br\/conexaoescola\/wp-json\/wp\/v2\/ensino_fundamental\/59609","targetHints":{"allow":["GET"]}}],"collection":[{"href":"https:\/\/sme.goiania.go.gov.br\/conexaoescola\/wp-json\/wp\/v2\/ensino_fundamental"}],"about":[{"href":"https:\/\/sme.goiania.go.gov.br\/conexaoescola\/wp-json\/wp\/v2\/types\/ensino_fundamental"}],"author":[{"embeddable":true,"href":"https:\/\/sme.goiania.go.gov.br\/conexaoescola\/wp-json\/wp\/v2\/users\/28"}],"version-history":[{"count":0,"href":"https:\/\/sme.goiania.go.gov.br\/conexaoescola\/wp-json\/wp\/v2\/ensino_fundamental\/59609\/revisions"}],"wp:featuredmedia":[{"embeddable":true,"href":"https:\/\/sme.goiania.go.gov.br\/conexaoescola\/wp-json\/wp\/v2\/media\/59610"}],"wp:attachment":[{"href":"https:\/\/sme.goiania.go.gov.br\/conexaoescola\/wp-json\/wp\/v2\/media?parent=59609"}],"wp:term":[{"taxonomy":"ef_categoria","embeddable":true,"href":"https:\/\/sme.goiania.go.gov.br\/conexaoescola\/wp-json\/wp\/v2\/ef_categoria?post=59609"},{"taxonomy":"ef_ano","embeddable":true,"href":"https:\/\/sme.goiania.go.gov.br\/conexaoescola\/wp-json\/wp\/v2\/ef_ano?post=59609"},{"taxonomy":"ef_componente","embeddable":true,"href":"https:\/\/sme.goiania.go.gov.br\/conexaoescola\/wp-json\/wp\/v2\/ef_componente?post=59609"}],"curies":[{"name":"wp","href":"https:\/\/api.w.org\/{rel}","templated":true}]}}