{"id":59584,"date":"2020-11-30T07:00:00","date_gmt":"2020-11-30T09:00:00","guid":{"rendered":"https:\/\/sme.goiania.go.gov.br\/conexaoescola\/?post_type=ensino_fundamental&#038;p=59584"},"modified":"2021-12-06T21:22:12","modified_gmt":"2021-12-06T23:22:12","slug":"voce-sabe-poupar","status":"publish","type":"ensino_fundamental","link":"https:\/\/sme.goiania.go.gov.br\/conexaoescola\/ensino_fundamental\/voce-sabe-poupar\/","title":{"rendered":"Matem\u00e1tica &#8211; Voc\u00ea sabe poupar?"},"content":{"rendered":"\n<p class=\"has-vivid-red-color has-text-color has-medium-font-size\">Ol\u00e1! Hoje vamos aprender um pouco mais sobre economia. E voc\u00ea j\u00e1 sabe que o dinheiro vem do trabalho! Voc\u00ea j\u00e1 ouvi v\u00e1rias vezes, que precisamos de dinheiro para comprar o que precisamos?&nbsp;<\/p>\n\n\n\n<p class=\"has-drop-cap has-medium-font-size\">Provavelmente j\u00e1!&nbsp; E muitas vezes fizeram compras com seus respons\u00e1veis e percebeu que eles verificam o pre\u00e7o e tamb\u00e9m a validade dos produtos e sempre efetuam o pagamento utilizando cart\u00e3o ou dinheiro. E quando querem comprar um produto diferente, que custa mais dos eles tem, eles v\u00e3o juntando o dinheiro aos poucos. \u00c9 isso que voc\u00ea vai saber como se faz!<\/p>\n\n\n\n<hr class=\"wp-block-separator\"\/>\n\n\n\n<p class=\"has-very-light-gray-color has-very-dark-gray-background-color has-text-color has-background has-medium-font-size\"><strong>Atividade 1<\/strong><\/p>\n\n\n\n<p class=\"has-medium-font-size\">Acesse o link abaixo e assista aos v\u00eddeos. Convide a sua fam\u00edlia.<\/p>\n\n\n\n<p class=\"has-medium-font-size\">Livro Animado Zequinha e a Poupan\u00e7a<\/p>\n\n\n\n<figure class=\"wp-block-embed is-type-video is-provider-youtube wp-block-embed-youtube wp-embed-aspect-4-3 wp-has-aspect-ratio\"><div class=\"wp-block-embed__wrapper\">\n<p class=\"responsive-video-wrap clr\"><iframe title=\"Livro Animado Zequinha e a Poupan\u00e7a ok\" width=\"1200\" height=\"900\" src=\"https:\/\/www.youtube.com\/embed\/Zpo9CNzqwRk?feature=oembed\" frameborder=\"0\" allow=\"accelerometer; autoplay; clipboard-write; encrypted-media; gyroscope; picture-in-picture\" allowfullscreen><\/iframe><\/p>\n<\/div><figcaption>&#8220;Livro Animado Zequinha e a Poupan\u00e7a ok&#8221; Canal: <a href=\"https:\/\/www.youtube.com\/channel\/UC-GcJDr39DTG3zfl6Lfo4og\">Canal Da Gente<\/a> &#8211; https:\/\/www.youtube.com\/watch?v=Zpo9CNzqwRk&amp;feature=youtu.be<\/figcaption><\/figure>\n\n\n\n<p class=\"has-medium-font-size\">Educa\u00e7\u00e3o Financeira para crian\u00e7as &#8211; Poupar<\/p>\n\n\n\n<figure class=\"wp-block-embed is-type-video is-provider-youtube wp-block-embed-youtube wp-embed-aspect-4-3 wp-has-aspect-ratio\"><div class=\"wp-block-embed__wrapper\">\n<p class=\"responsive-video-wrap clr\"><iframe title=\"Educa\u00e7\u00e3o Financeira para crian\u00e7as - Poupar\" width=\"1200\" height=\"900\" src=\"https:\/\/www.youtube.com\/embed\/CTdi9becX0s?feature=oembed\" frameborder=\"0\" allow=\"accelerometer; autoplay; clipboard-write; encrypted-media; gyroscope; picture-in-picture\" allowfullscreen><\/iframe><\/p>\n<\/div><figcaption>&#8220;Educa\u00e7\u00e3o Financeira para crian\u00e7as &#8211; Poupar&#8221; Canal: <a href=\"https:\/\/www.youtube.com\/channel\/UCk_H_MRd_2QO1_pt2nNNSWA\">Iara Viana<\/a> &#8211; https:\/\/www.youtube.com\/watch?v=CTdi9becX0s&amp;feature=youtu.be<\/figcaption><\/figure>\n\n\n\n<p class=\"has-very-light-gray-color has-very-dark-gray-background-color has-text-color has-background has-medium-font-size\"><strong>Atividade 2<\/strong><\/p>\n\n\n\n<p class=\"has-medium-font-size\">Agora que voc\u00ea aprendeu como poupar, vamos pensar sobre as perguntas.<\/p>\n\n\n\n<p class=\"has-medium-font-size\">Voc\u00ea tamb\u00e9m sonha em comprar algo?<\/p>\n\n\n\n<p class=\"has-medium-font-size\">Sabe o valor?<\/p>\n\n\n\n<p class=\"has-medium-font-size\">Se ainda n\u00e3o tem o valor necess\u00e1rio, fa\u00e7a igual ao Zequinha e L\u00e9lio, comece a poupar! Pense, registre ou desenhe em seu caderno quanto falta e como poder\u00e1 organizar essa poupan\u00e7a.<\/p>\n\n\n\n<p class=\"has-very-light-gray-color has-very-dark-gray-background-color has-text-color has-background has-medium-font-size\"><strong>Atividade 3&nbsp;<\/strong><\/p>\n\n\n\n<p class=\"has-medium-font-size\">Acesse o link abaixo e assista aos v\u00eddeos. Convide a sua fam\u00edlia.<\/p>\n\n\n\n<p class=\"has-medium-font-size\">S\u00e9samo: Sonhar Planejar Alcan\u00e7ar \u2013 M\u00fasica<\/p>\n\n\n\n<figure class=\"wp-block-embed is-type-video is-provider-youtube wp-block-embed-youtube wp-embed-aspect-16-9 wp-has-aspect-ratio\"><div class=\"wp-block-embed__wrapper\">\n<p class=\"responsive-video-wrap clr\"><iframe title=\"S\u00e9samo: Sonhar Planejar Alcan\u00e7ar | M\u00fasica\" width=\"1200\" height=\"675\" src=\"https:\/\/www.youtube.com\/embed\/40nrxCHOcmA?feature=oembed\" frameborder=\"0\" allow=\"accelerometer; autoplay; clipboard-write; encrypted-media; gyroscope; picture-in-picture\" allowfullscreen><\/iframe><\/p>\n<\/div><figcaption>&#8220;S\u00e9samo: Sonhar Planejar Alcan\u00e7ar | M\u00fasica&#8221; Canal: <a href=\"https:\/\/www.youtube.com\/channel\/UCg3F7JVu-hZ0uYh2E-qaQxA\">Vila S\u00e9samo<\/a> &#8211; https:\/\/www.youtube.com\/watch?v=40nrxCHOcmA&amp;feature=youtu.be<\/figcaption><\/figure>\n\n\n\n<p class=\"has-medium-font-size\">Problemas de matem\u00e1tica para crian\u00e7as &#8211; Adi\u00e7\u00e3o e subtra\u00e7\u00e3o<\/p>\n\n\n\n<figure class=\"wp-block-embed is-type-video is-provider-youtube wp-block-embed-youtube wp-embed-aspect-16-9 wp-has-aspect-ratio\"><div class=\"wp-block-embed__wrapper\">\n<p class=\"responsive-video-wrap clr\"><iframe title=\"Problemas de matem\u00e1tica para crian\u00e7as - Soma e subtra\u00e7\u00e3o\" width=\"1200\" height=\"675\" src=\"https:\/\/www.youtube.com\/embed\/e8wLOkm24ps?feature=oembed\" frameborder=\"0\" allow=\"accelerometer; autoplay; clipboard-write; encrypted-media; gyroscope; picture-in-picture\" allowfullscreen><\/iframe><\/p>\n<\/div><figcaption>&#8220;Problemas de matem\u00e1tica para crian\u00e7as &#8211; Soma e subtra\u00e7\u00e3o&#8221; Canal: <br>Smile and Learn &#8211; Portugu\u00eas &#8211; https:\/\/www.youtube.com\/watch?v=e8wLOkm24ps&amp;feature=youtu.be<\/figcaption><\/figure>\n\n\n\n<p class=\"has-medium-font-size\">Agora que voc\u00ea assistiu ao v\u00eddeo resolva os problemas em seu caderno.<\/p>\n\n\n\n<p class=\"has-medium-font-size\">Elmo quer comprar um brinquedo que custa R$ 70,00. No seu anivers\u00e1rio ganhou R$20,00 de seu pai, R$30,00 de sua av\u00f3 e mais R$30,00 de seu padrinho. Elmo j\u00e1 tem dinheiro que d\u00e1 para comprar o brinquedo desejado?<\/p>\n\n\n\n<p class=\"has-medium-font-size\">Elmo sempre sonhou em ter um carrinho de controle remoto que custa R$98,00. Para realizar seu sonho come\u00e7ou a fazer uma poupan\u00e7a guardando todo o dinheiro que ganha. Ontem contou suas economias e viu que j\u00e1 tem R$75,00. Ajude Elmo a calcular quanto ainda falta.<\/p>\n\n\n\n<p class=\"has-very-light-gray-color has-very-dark-gray-background-color has-text-color has-background has-medium-font-size\"><strong>Atividade 4<\/strong><\/p>\n\n\n\n<p class=\"has-medium-font-size\">Que tal movimentar o corpo cantando e dan\u00e7ando com a Dan\u00e7a da Poupan\u00e7a Silver MC&nbsp; &#8211; Chame quem estiver em casa, arraste o sof\u00e1 e vamos <strong>Dan\u00e7ar?!<\/strong><\/p>\n\n\n\n<p class=\"has-medium-font-size\">Acesse o link abaixo e assista ao v\u00eddeo.<\/p>\n\n\n\n<figure class=\"wp-block-embed is-type-video is-provider-youtube wp-block-embed-youtube wp-embed-aspect-16-9 wp-has-aspect-ratio\"><div class=\"wp-block-embed__wrapper\">\n<p class=\"responsive-video-wrap clr\"><iframe title=\"Poupan\u00e7a NB J\u00fanior - Silver MC\" width=\"1200\" height=\"675\" src=\"https:\/\/www.youtube.com\/embed\/lT5x5ixZjAU?feature=oembed\" frameborder=\"0\" allow=\"accelerometer; autoplay; clipboard-write; encrypted-media; gyroscope; picture-in-picture\" allowfullscreen><\/iframe><\/p>\n<\/div><figcaption>&#8220;Poupan\u00e7a NB J\u00fanior &#8211; Silver MC&#8221; Canal: <a href=\"https:\/\/www.youtube.com\/channel\/UCAK5d3ha6jYJQ2ACtxaNYlg\">NOVO BANCO<\/a> &#8211; https:\/\/www.youtube.com\/watch?v=lT5x5ixZjAU&amp;feature=youtu.be<\/figcaption><\/figure>\n\n\n\n<hr class=\"wp-block-separator\"\/>\n\n\n\n<p><strong>Saiba Mais | Refer\u00eancias:<\/strong><\/p>\n\n\n\n<div class=\"wp-block-columns is-layout-flex wp-container-core-columns-is-layout-9d6595d7 wp-block-columns-is-layout-flex\">\n<div class=\"wp-block-column is-layout-flow wp-block-column-is-layout-flow\">\n<figure class=\"wp-block-embed is-type-video is-provider-youtube wp-block-embed-youtube wp-embed-aspect-16-9 wp-has-aspect-ratio\"><div class=\"wp-block-embed__wrapper\">\n<p class=\"responsive-video-wrap clr\"><iframe title=\"Em dia com suas finan\u00e7as - &quot;Poupan\u00e7a&quot;\" width=\"1200\" height=\"675\" src=\"https:\/\/www.youtube.com\/embed\/vGWg4hssXM4?feature=oembed\" frameborder=\"0\" allow=\"accelerometer; autoplay; clipboard-write; encrypted-media; gyroscope; picture-in-picture\" allowfullscreen><\/iframe><\/p>\n<\/div><figcaption>&#8220;Em dia com suas finan\u00e7as &#8211; &#8220;Poupan\u00e7a&#8221;&#8221; Canal: <br>Finan\u00e7as Pr\u00e1ticas &#8211; https:\/\/www.youtube.com\/watch?v=vGWg4hssXM4&amp;feature=youtu.be<\/figcaption><\/figure>\n<\/div>\n\n\n\n<div class=\"wp-block-column is-layout-flow wp-block-column-is-layout-flow\">\n<figure class=\"wp-block-embed is-type-video is-provider-youtube wp-block-embed-youtube wp-embed-aspect-16-9 wp-has-aspect-ratio\"><div class=\"wp-block-embed__wrapper\">\n<p class=\"responsive-video-wrap clr\"><iframe title=\"Adi\u00e7\u00e3o e subtra\u00e7\u00e3o com reagrupamento\" width=\"1200\" height=\"675\" src=\"https:\/\/www.youtube.com\/embed\/2zY8NkOjusE?feature=oembed\" frameborder=\"0\" allow=\"accelerometer; autoplay; clipboard-write; encrypted-media; gyroscope; picture-in-picture\" allowfullscreen><\/iframe><\/p>\n<\/div><figcaption>&#8220;Adi\u00e7\u00e3o e subtra\u00e7\u00e3o com reagrupamento&#8221; Canal: <a href=\"https:\/\/www.youtube.com\/channel\/UCOy9BARHZZQ-Akfse3ziEUQ\">Rede Azul Cuiab\u00e1<\/a> &#8211; https:\/\/www.youtube.com\/watch?v=2zY8NkOjusE&amp;feature=youtu.be<\/figcaption><\/figure>\n<\/div>\n\n\n\n<div class=\"wp-block-column is-layout-flow wp-block-column-is-layout-flow\"><\/div>\n<\/div>\n\n\n\n<hr class=\"wp-block-separator\"\/>\n\n\n\n<figure class=\"wp-block-table alignfull\"><table><tbody><tr><td>Objeto de Conhecimento<\/td><td>Consumo consciente, educa\u00e7\u00e3o financeira e economiaProblemas envolvendo diferentes significados da adi\u00e7\u00e3o e da subtra\u00e7\u00e3o (juntar, acrescentar, separar, retirar).Sistema monet\u00e1rio brasileiro.Elementos constitutivos da dan\u00e7a.<\/td><\/tr><tr><td>Habilidades<\/td><td>(EF02MA20-B) Verificar se \u00e9 poss\u00edvel comprar ou n\u00e3o com determinados valores, priorizando compras necess\u00e1rias, enfatizando o consumo consciente e a economia.(EF02MA06-A) Ler e interpretar problemas de adi\u00e7\u00e3o e subtra\u00e7\u00e3o, envolvendo n\u00fameros de at\u00e9 tr\u00eas ordens.(EF02MA06-B) Resolver problemas de adi\u00e7\u00e3o e de subtra\u00e7\u00e3o, em situa\u00e7\u00f5es cotidianas, envolvendo n\u00fameros de at\u00e9 tr\u00eas ordens, com os significados de juntar, acrescentar, separar, retirar, utilizando estrat\u00e9gias pessoais ou convencionais, validando os resultados utilizando recursos tecnol\u00f3gicos digitais. Exemplo: um grupo de 3 objetos e outro de 8 objetos, ao se juntarem, formam outro com 11 objetos; a um grupo com 8 objetos acrescentar mais 3 objetos, assim, o grupo passa a ter 11 objetos; em um grupo com 11 objetos, separar um grupo de 8 objetos, logo, o outro grupo ter\u00e1 3 objetos; de um grupo de 11 objetos, retirar 3 objetos, logo, sobra um grupo com 8 objetos.(GO-EF02EF14) Vivenciar e fruir v\u00e1rias formas de dan\u00e7a, principalmente de livre interpreta\u00e7\u00e3o e imita\u00e7\u00e3o empregando seu potencial art\u00edstico e criativo na cria\u00e7\u00e3o do movimento dan\u00e7ado.<\/td><\/tr><\/tbody><\/table><\/figure>\n\n\n\n<hr class=\"wp-block-separator\"\/>\n\n\n\n<figure class=\"wp-block-table alignfull\"><table><tbody><tr><td>Proponentes\/ Professores:<\/td><td>Rosidelma Garcia Naves<\/td><\/tr><tr><td>Institui\u00e7\u00e3o Educacional:<\/td><td>Escola Municipal de Tempo Integral Santa Marta<\/td><\/tr><tr><td>CRE:<\/td><td>Central<\/td><\/tr><\/tbody><\/table><\/figure>\n\n\n\n<hr class=\"wp-block-separator\"\/>\n\n\n\n<p>&nbsp;Ensino Fundamental &#8211; Ciclo da Inf\u00e2ncia &#8211; Turma B &#8211; 2\u00ba ano &#8211; Educa\u00e7\u00e3o Financeira e Empreendedorismo<\/p>\n","protected":false},"author":24,"featured_media":59032,"template":"","ef_categoria":[13,19],"ef_ano":[85],"ef_componente":[94],"class_list":["post-59584","ensino_fundamental","type-ensino_fundamental","status-publish","has-post-thumbnail","hentry","ef_categoria-ciclo-da-infancia-abc","ef_categoria-educacao-financeira-e-empreendedorismo","ef_ano-2o-ano","ef_componente-matematica","entry","has-media"],"acf":[],"_links":{"self":[{"href":"https:\/\/sme.goiania.go.gov.br\/conexaoescola\/wp-json\/wp\/v2\/ensino_fundamental\/59584","targetHints":{"allow":["GET"]}}],"collection":[{"href":"https:\/\/sme.goiania.go.gov.br\/conexaoescola\/wp-json\/wp\/v2\/ensino_fundamental"}],"about":[{"href":"https:\/\/sme.goiania.go.gov.br\/conexaoescola\/wp-json\/wp\/v2\/types\/ensino_fundamental"}],"author":[{"embeddable":true,"href":"https:\/\/sme.goiania.go.gov.br\/conexaoescola\/wp-json\/wp\/v2\/users\/24"}],"version-history":[{"count":0,"href":"https:\/\/sme.goiania.go.gov.br\/conexaoescola\/wp-json\/wp\/v2\/ensino_fundamental\/59584\/revisions"}],"wp:featuredmedia":[{"embeddable":true,"href":"https:\/\/sme.goiania.go.gov.br\/conexaoescola\/wp-json\/wp\/v2\/media\/59032"}],"wp:attachment":[{"href":"https:\/\/sme.goiania.go.gov.br\/conexaoescola\/wp-json\/wp\/v2\/media?parent=59584"}],"wp:term":[{"taxonomy":"ef_categoria","embeddable":true,"href":"https:\/\/sme.goiania.go.gov.br\/conexaoescola\/wp-json\/wp\/v2\/ef_categoria?post=59584"},{"taxonomy":"ef_ano","embeddable":true,"href":"https:\/\/sme.goiania.go.gov.br\/conexaoescola\/wp-json\/wp\/v2\/ef_ano?post=59584"},{"taxonomy":"ef_componente","embeddable":true,"href":"https:\/\/sme.goiania.go.gov.br\/conexaoescola\/wp-json\/wp\/v2\/ef_componente?post=59584"}],"curies":[{"name":"wp","href":"https:\/\/api.w.org\/{rel}","templated":true}]}}