{"id":59559,"date":"2020-11-23T07:00:00","date_gmt":"2020-11-23T09:00:00","guid":{"rendered":"https:\/\/sme.goiania.go.gov.br\/conexaoescola\/?post_type=ensino_fundamental&#038;p=59559"},"modified":"2021-10-27T21:02:25","modified_gmt":"2021-10-28T00:02:25","slug":"esporte-de-orientacao","status":"publish","type":"ensino_fundamental","link":"https:\/\/sme.goiania.go.gov.br\/conexaoescola\/ensino_fundamental\/esporte-de-orientacao\/","title":{"rendered":"Esporte de Orienta\u00e7\u00e3o"},"content":{"rendered":"\n<p class=\"has-medium-font-size\">Ol\u00e1! Seja bem vindo ao Programa Conex\u00e3o Escola.<\/p>\n\n\n\n<p class=\"has-pale-cyan-blue-background-color has-background has-medium-font-size\">Esta aula foi veiculada na TV. No Portal Conex\u00e3o Escola, ela est\u00e1 apresentada em uma forma de atividade, mas voc\u00ea pode assistir a videoaula quando desejar, acessando o link na parte inferior da tela. Aproveite, assista e compartilhe! Vamos l\u00e1?<\/p>\n\n\n\n<p class=\"has-medium-font-size\">Nessa atividade de hoje iremos falar sobre Esporte de Orienta\u00e7\u00e3o.<\/p>\n\n\n\n<p class=\"has-medium-font-size\">Esporte de orienta\u00e7\u00e3o, voc\u00eas conhecem? Acredito que muitos de voc\u00eas n\u00e3o conhe\u00e7am. Infelizmente, ainda \u00e9 um esporte pouco conhecido e praticado aqui no nosso pa\u00eds. Para conhecerem mais sobre essa modalidade esportiva que \u00e9 t\u00e3o desafiadora e emocionante, assista ao v\u00eddeo do Professor Neitson, que \u00e9 membro da Federa\u00e7\u00e3o de Orienta\u00e7\u00e3o de Goi\u00e1s.<\/p>\n\n\n\n<figure class=\"wp-block-embed is-type-video is-provider-youtube wp-block-embed-youtube wp-embed-aspect-16-9 wp-has-aspect-ratio\"><div class=\"wp-block-embed__wrapper\">\n<p class=\"responsive-video-wrap clr\"><iframe title=\"O Esporte ORIENTA\u00c7\u00c3O na ESCOLA\" width=\"1200\" height=\"675\" src=\"https:\/\/www.youtube.com\/embed\/Oken-SKbjbA?feature=oembed\" frameborder=\"0\" allow=\"accelerometer; autoplay; clipboard-write; encrypted-media; gyroscope; picture-in-picture\" allowfullscreen><\/iframe><\/p>\n<\/div><figcaption>&#8220;O Esporte Orienta\u00e7\u00e3o na Escola&#8221; &#8211; Canal: Neitson Carlos Santos &#8211; Link: <a href=\"https:\/\/www.youtube.com\/watch?v=Oken-SKbjbA\">O Esporte ORIENTA\u00c7\u00c3O na ESCOLA &#8211; YouTube<\/a><\/figcaption><\/figure>\n\n\n\n<p class=\"has-medium-font-size\">Que bacana esse esporte, usa a pr\u00f3pria natureza como campo de jogo. Goi\u00e2nia bem que podia seguir o exemplo dos pa\u00edses n\u00f3rdicos, por que com a quantidade de parques e bosques que nosso munic\u00edpio possui, iriamos ter v\u00e1rias op\u00e7\u00f5es de lazer.<\/p>\n\n\n\n<p class=\"has-very-light-gray-background-color has-background has-medium-font-size\">Agora \u00e9 com voc\u00ea! Inspirado pelo modelo n\u00f3rdico do esporte de orienta\u00e7\u00e3o, reflita, junto com seus familiares, como voc\u00ea adaptaria esse modelo n\u00f3rdico \u00e0 nossa cidade?<\/p>\n\n\n\n<p class=\"has-medium-font-size\">O esporte orienta\u00e7\u00e3o tamb\u00e9m \u00e9 conhecido como esporte de aventura, da natureza ou radical. Se difere das modalidades esportivas, tidas como tradicionais, pois est\u00e3o relacionadas a um maior grau de risco, dado \u00e0s condi\u00e7\u00f5es de irregularidade de terreno, vento e outras variantes imprevis\u00edveis da natureza, exigindo assim um maior esfor\u00e7o f\u00edsico e maior controle emocional.<\/p>\n\n\n\n<p class=\"has-medium-font-size\">Al\u00e9m disso proporciona in\u00fameras sensa\u00e7\u00f5es e emo\u00e7\u00f5es, como:<\/p>\n\n\n\n<ul class=\"wp-block-list\"><li>o medo de enfrentar o desconhecido<\/li><li>a alegria de superar um obst\u00e1culo<\/li><li>a agrad\u00e1vel sensa\u00e7\u00e3o de entrar em contato com a natureza<\/li><li>e o orgulho de controlar os pr\u00f3prios medos e receios.<\/li><\/ul>\n\n\n\n<p class=\"has-medium-font-size\">Voc\u00ea sabe qual a rela\u00e7\u00e3o das pr\u00e1ticas corporais de aventura na natureza, como o esporte orienta\u00e7\u00e3o, com o meio ambiente? Assista ao v\u00eddeo da Luana Francis, professora e educadora ambiental, daqui, da nossa Rede Municipal de Ensino de Goi\u00e2nia, e tente entender melhor essa rela\u00e7\u00e3o.<\/p>\n\n\n\n<figure class=\"wp-block-embed is-type-video is-provider-youtube wp-block-embed-youtube wp-embed-aspect-16-9 wp-has-aspect-ratio\"><div class=\"wp-block-embed__wrapper\">\n<p class=\"responsive-video-wrap clr\"><iframe title=\"Educa\u00e7\u00e3o Ambiental e Pr\u00e1ticas Corporais.\" width=\"1200\" height=\"675\" src=\"https:\/\/www.youtube.com\/embed\/sNev5QiUDzE?feature=oembed\" frameborder=\"0\" allow=\"accelerometer; autoplay; clipboard-write; encrypted-media; gyroscope; picture-in-picture\" allowfullscreen><\/iframe><\/p>\n<\/div><figcaption>&#8220;Educa\u00e7\u00e3o Ambiental e Pr\u00e1ticas Corporais&#8221; &#8211; Canal: Lopes de Melo &#8211; Link: <br><a href=\"https:\/\/www.youtube.com\/watch?v=sNev5QiUDzE&amp;feature=youtu.be\"><strong>https:\/\/www.youtube.com\/watch?v=sNev5QiUDzE&amp;feature=youtu.be<\/strong><\/a><\/figcaption><\/figure>\n\n\n\n<p class=\"has-medium-font-size\">Conseguiram entender como as pr\u00e1ticas corporais de aventura s\u00e3o atividades que ampliam a consci\u00eancia e sensibilidade do corpo com a natureza? Consci\u00eancia que n\u00e3o passa apenas pela informa\u00e7\u00e3o, mas pela rela\u00e7\u00e3o de troca e respeito.<\/p>\n\n\n\n<p class=\"has-medium-font-size\">N\u00e3o se pode negar que o contato com a natureza, atrav\u00e9s das pr\u00e1ticas corporais de aventura, apresenta um vi\u00e9s positivo e outro negativo. Por um lado, pode, por exemplo, aumenta a consci\u00eancia ecol\u00f3gica dos envolvidos com a pr\u00e1tica esportiva, inibindo a a\u00e7\u00e3o predat\u00f3ria.<\/p>\n\n\n\n<p class=\"has-medium-font-size\">No entanto, quando n\u00e3o planejadas, essas mesmas pr\u00e1ticas  podem interferir negativamente nos fatores ambientais, podendo ocasionar danos aos ambientes onde s\u00e3o praticados, como: polui\u00e7\u00e3o sonora e ambiental; devasta\u00e7\u00e3o, eros\u00e3o e compacta\u00e7\u00e3o do solo, assoreamento de c\u00f3rregos e nascentes, dentre outros.<\/p>\n\n\n\n<p class=\"has-medium-font-size\">Por isso, como ainda n\u00e3o temos a estrutura dos pa\u00edses n\u00f3rdicos, \u00e9 necess\u00e1rio fazer o esporte de orienta\u00e7\u00e3o com supervis\u00e3o adequada. Siga a dica da professora Luana Francis, visite o parque Arei\u00e3o junto com sua escola, quando acabar a pandemia do coronav\u00edrus,  ou procure a Federa\u00e7\u00e3o de orienta\u00e7\u00e3o de Goi\u00e1s. Para saber mais sobre a federa\u00e7\u00e3o, fa\u00e7a pesquisas no site: <a href=\"https:\/\/www.fogoias.esp.br\/home\">https:\/\/www.fogoias.esp.br\/home<\/a>.<\/p>\n\n\n\n<p class=\"has-very-light-gray-background-color has-background has-medium-font-size\">E voc\u00ea, qual a sua opini\u00e3o sobre os esportes que s\u00e3o praticados na natureza? Voc\u00ea acredita que essa pr\u00e1tica aflora o compromisso \u00e9tico do ser humano com a natureza ou que a natureza \u00e9 mero palco para satisfa\u00e7\u00e3o dos homens? Reflita com seus familiares sobre esse assunto, escreva em seu caderno a conclus\u00e3o que chegaram, e assim que poss\u00edvel, compartilhe com seus professores e colegas. &nbsp;<\/p>\n\n\n\n<p class=\"has-medium-font-size\">Agora vamos praticar. Baseado em tudo que aprendeu nessa atividade, voc\u00ea far\u00e1 esporte de orienta\u00e7\u00e3o adaptado a\u00ed na sua casa. Ser\u00e1 um ca\u00e7a ao tesouro. Para isso voc\u00ea ir\u00e1 organizar:<\/p>\n\n\n\n<ul class=\"wp-block-list\"><li>um mapa da sua casa;<\/li><li>marcar pontos de controle em locais estrat\u00e9gicos;<\/li><li>Em cada ponto voc\u00ea deixar\u00e1 um enigma, onde o participante dever\u00e1 responde-lo em uma folha, para que no final voc\u00ea possa conferir as respostas;<\/li><li>Disponibilizar uma bussola;<\/li><\/ul>\n\n\n\n<p class=\"has-medium-font-size\">Voc\u00ea ser\u00e1 o organizador do ca\u00e7a ao tesouro e seus familiares ser\u00e3o os ca\u00e7adores. Ser\u00e1 o vencedor da atividade quem percorrer todo o percurso que voc\u00ea ir\u00e1 tra\u00e7ar no mapa, passar por todos os pontos de controle, acertar todos os enigmas, e tudo isso no menor tempo. Seja criativo e divirta-se!<\/p>\n\n\n\n<p class=\"has-medium-font-size\">Assista ao v\u00eddeo do Gabriel, que \u00e9 professor de Geografia, daqui da nossa Rede Municipal de Ensino, onde ele explica como se orientar e localizar no espa\u00e7o geogr\u00e1fico, e com isso facilitar\u00e1 voc\u00ea a construir o mapa da sua casa e aos ca\u00e7adores usarem a bussola. Se liga a\u00ed!<\/p>\n\n\n\n<figure class=\"wp-block-embed is-type-video is-provider-youtube wp-block-embed-youtube wp-embed-aspect-16-9 wp-has-aspect-ratio\"><div class=\"wp-block-embed__wrapper\">\n<p class=\"responsive-video-wrap clr\"><iframe title=\"Orienta\u00e7\u00e3o e Localiza\u00e7\u00e3o no espa\u00e7o geogr\u00e1fico\" width=\"1200\" height=\"675\" src=\"https:\/\/www.youtube.com\/embed\/AQbLvjApH4E?feature=oembed\" frameborder=\"0\" allow=\"accelerometer; autoplay; clipboard-write; encrypted-media; gyroscope; picture-in-picture\" allowfullscreen><\/iframe><\/p>\n<\/div><figcaption>&#8220;Orienta\u00e7\u00e3o e Localiza\u00e7\u00e3o no espa\u00e7o geogr\u00e1fico&#8221; &#8211; Canal: Professor Gabriel Paiva &#8211; Link: <a href=\"https:\/\/www.youtube.com\/watch?v=AQbLvjApH4E\">Orienta\u00e7\u00e3o e Localiza\u00e7\u00e3o no espa\u00e7o geogr\u00e1fico &#8211; YouTube<\/a><\/figcaption><\/figure>\n\n\n\n<p class=\"has-medium-font-size\">Conseguiram entender a rosa dos ventos? Conseguiu se localizar a\u00ed na sua casa atrav\u00e9s dos pontos cardeais e colaterais? Pode parecer dif\u00edcil no come\u00e7o, mas logo se localizar\u00e1 com mais facilidade.<\/p>\n\n\n\n<p class=\"has-medium-font-size\">Chegamos ao final da atividade! Realizem as atividades solicitadas e se divirtam com o ca\u00e7a ao tesouro. Espero que tenham compreendido que o esporte de orienta\u00e7\u00e3o \u00e9 uma \u00f3tima op\u00e7\u00e3o de exerc\u00edcio f\u00edsico e lazer, mas que quando mal planejado e executado pode ocasionar diversos impactos ambientais negativos.<\/p>\n\n\n\n<p class=\"has-text-align-center has-medium-font-size\">Ensino Fundamental \u2013 Ciclo da Inf\u00e2ncia &#8211; 5\u00ba Ano\/Turma E \u2013 Corpo, Express\u00e3o e Movimento<\/p>\n\n\n\n<figure class=\"wp-block-table\"><table><tbody><tr><td>Componente Curricular<\/td><td>Habilidade<\/td><\/tr><tr><td>Educa\u00e7\u00e3o F\u00edsica<\/td><td>(GO-EF05EF20) Vivenciar e analisar pr\u00e1ticas corporais de aventura na institui\u00e7\u00e3o escolar e em \u00e1reas verdes, explorando diversos materiais, t\u00e9cnicas e estrat\u00e9gias, resgatando e empregando os valores e atitudes com vistas \u00e0 sustentabilidade.<\/td><\/tr><\/tbody><\/table><\/figure>\n\n\n\n<p class=\"has-medium-font-size\">Assista a \u00edntegra do Programa Conex\u00e3o Escola Tv, veiculado pela TV UFG e TV Sagres:<\/p>\n\n\n\n<figure class=\"wp-block-embed is-type-video is-provider-youtube wp-block-embed-youtube wp-embed-aspect-16-9 wp-has-aspect-ratio\"><div class=\"wp-block-embed__wrapper\">\n<p class=\"responsive-video-wrap clr\"><iframe title=\"Esporte de Orienta\u00e7\u00e3o - Corpo, Exp  e Movimento - Ens. Fundamental - A. I.    Bl 1 -  26 nov 2020\" width=\"1200\" height=\"675\" src=\"https:\/\/www.youtube.com\/embed\/inbG72O8Yb0?feature=oembed\" frameborder=\"0\" allow=\"accelerometer; autoplay; clipboard-write; encrypted-media; gyroscope; picture-in-picture\" allowfullscreen><\/iframe><\/p>\n<\/div><\/figure>\n\n\n\n<figure class=\"wp-block-embed is-type-video is-provider-youtube wp-block-embed-youtube wp-embed-aspect-16-9 wp-has-aspect-ratio\"><div class=\"wp-block-embed__wrapper\">\n<p class=\"responsive-video-wrap clr\"><iframe title=\"Esporte de Orienta\u00e7\u00e3o - Corpo, Exp  e Movimento - E. Fundamental - Anos Finais - Bl 2 - 26 nov 2020\" width=\"1200\" height=\"675\" src=\"https:\/\/www.youtube.com\/embed\/5Xv8KRV7Ar0?feature=oembed\" frameborder=\"0\" allow=\"accelerometer; autoplay; clipboard-write; encrypted-media; gyroscope; picture-in-picture\" allowfullscreen><\/iframe><\/p>\n<\/div><\/figure>\n","protected":false},"author":17,"featured_media":59560,"template":"","ef_categoria":[14,22],"ef_ano":[88],"ef_componente":[97],"class_list":["post-59559","ensino_fundamental","type-ensino_fundamental","status-publish","has-post-thumbnail","hentry","ef_categoria-ciclo-da-infancia-de","ef_categoria-corpo-e-movimento-ciclo-da-infancia-de","ef_ano-5o-ano","ef_componente-educacao-fisica","entry","has-media"],"acf":[],"_links":{"self":[{"href":"https:\/\/sme.goiania.go.gov.br\/conexaoescola\/wp-json\/wp\/v2\/ensino_fundamental\/59559","targetHints":{"allow":["GET"]}}],"collection":[{"href":"https:\/\/sme.goiania.go.gov.br\/conexaoescola\/wp-json\/wp\/v2\/ensino_fundamental"}],"about":[{"href":"https:\/\/sme.goiania.go.gov.br\/conexaoescola\/wp-json\/wp\/v2\/types\/ensino_fundamental"}],"author":[{"embeddable":true,"href":"https:\/\/sme.goiania.go.gov.br\/conexaoescola\/wp-json\/wp\/v2\/users\/17"}],"version-history":[{"count":0,"href":"https:\/\/sme.goiania.go.gov.br\/conexaoescola\/wp-json\/wp\/v2\/ensino_fundamental\/59559\/revisions"}],"wp:featuredmedia":[{"embeddable":true,"href":"https:\/\/sme.goiania.go.gov.br\/conexaoescola\/wp-json\/wp\/v2\/media\/59560"}],"wp:attachment":[{"href":"https:\/\/sme.goiania.go.gov.br\/conexaoescola\/wp-json\/wp\/v2\/media?parent=59559"}],"wp:term":[{"taxonomy":"ef_categoria","embeddable":true,"href":"https:\/\/sme.goiania.go.gov.br\/conexaoescola\/wp-json\/wp\/v2\/ef_categoria?post=59559"},{"taxonomy":"ef_ano","embeddable":true,"href":"https:\/\/sme.goiania.go.gov.br\/conexaoescola\/wp-json\/wp\/v2\/ef_ano?post=59559"},{"taxonomy":"ef_componente","embeddable":true,"href":"https:\/\/sme.goiania.go.gov.br\/conexaoescola\/wp-json\/wp\/v2\/ef_componente?post=59559"}],"curies":[{"name":"wp","href":"https:\/\/api.w.org\/{rel}","templated":true}]}}