{"id":59521,"date":"2020-11-23T07:00:00","date_gmt":"2020-11-23T09:00:00","guid":{"rendered":"https:\/\/sme.goiania.go.gov.br\/conexaoescola\/?post_type=ensino_fundamental&#038;p=59521"},"modified":"2021-12-15T10:08:38","modified_gmt":"2021-12-15T12:08:38","slug":"habitos-alimentares-nutricao-e-saude","status":"publish","type":"ensino_fundamental","link":"https:\/\/sme.goiania.go.gov.br\/conexaoescola\/ensino_fundamental\/habitos-alimentares-nutricao-e-saude\/","title":{"rendered":"Ci\u00eancias da Natureza &#8211; H\u00e1bitos alimentares: nutri\u00e7\u00e3o e sa\u00fade."},"content":{"rendered":"\n<p class=\"has-drop-cap has-medium-font-size\">Ol\u00e1! Voc\u00ea sabia que o ser humano necessita da energia dos alimentos para realizar todas as atividades di\u00e1rias e ter um desenvolvimento saud\u00e1vel? Alimentar-se bem n\u00e3o significa comer muito. O mais importante \u00e9 a qualidade dos alimentos. A alimenta\u00e7\u00e3o deve ser equilibrada e variada, composta de alimentos que fornecem a quantidade suficiente de nutrientes de que o organismo necessita proporcional ao gasto de energia. E voc\u00ea se alimenta corretamente? Neste estudo voc\u00ea poder\u00e1 compreender um pouquinho quanto a import\u00e2ncia da alimenta\u00e7\u00e3o, que \u00e9 um direito de todos.<\/p>\n\n\n\n<hr class=\"wp-block-separator\"\/>\n\n\n\n<p class=\"has-very-light-gray-color has-very-dark-gray-background-color has-text-color has-background has-medium-font-size\"><strong>Atividade 1&nbsp;<\/strong><\/p>\n\n\n\n<p class=\"has-medium-font-size\">Nesse v\u00eddeo voc\u00ea vai aprender porque o corpo precisa de uma alimenta\u00e7\u00e3o equilibrada.&nbsp;<\/p>\n\n\n\n<figure class=\"wp-block-embed is-type-video is-provider-youtube wp-block-embed-youtube wp-embed-aspect-16-9 wp-has-aspect-ratio\"><div class=\"wp-block-embed__wrapper\">\n<p class=\"responsive-video-wrap clr\"><iframe title=\"Import\u00e2ncia da Alimenta\u00e7\u00e3o Saud\u00e1vel!\" width=\"1200\" height=\"675\" src=\"https:\/\/www.youtube.com\/embed\/lbdnd0En-aA?start=240&#038;feature=oembed\" frameborder=\"0\" allow=\"accelerometer; autoplay; clipboard-write; encrypted-media; gyroscope; picture-in-picture\" allowfullscreen><\/iframe><\/p>\n<\/div><figcaption>&#8220;Import\u00e2ncia da Alimenta\u00e7\u00e3o Saud\u00e1vel!&#8221; Canal: <a href=\"https:\/\/www.youtube.com\/channel\/UCh9pGWlQB7Quurnt_wl1d8A\">D777 Entretenimento<\/a> &#8211; https:\/\/www.youtube.com\/watch?v=lbdnd0En-aA&amp;t=240s<\/figcaption><\/figure>\n\n\n\n<p class=\"has-medium-font-size\">Agora que voc\u00ea aprendeu a import\u00e2ncia de uma alimenta\u00e7\u00e3o equilibrada para a sua sa\u00fade, reflita com sua fam\u00edlia sobre a necessidade da mudan\u00e7a de h\u00e1bitos alimentares mostrados nos quadros:<\/p>\n\n\n\n<figure class=\"wp-block-image\"><img decoding=\"async\" src=\"https:\/\/lh5.googleusercontent.com\/dv4dF1J-ZSO69bJGR_oyo0VJkiEySu2gppCmP0pTYC7cFG46IbTgA_kwgPYElXnz8pzc7iasG4yfCTEnsrHjJCzGGJZfO9HcrugKlOCnU-vtNS1MC4_Ro-xK_y_-CuiSVqhT7ohE\" alt=\"Pin em Literatura\"\/><\/figure>\n\n\n\n<p class=\"has-medium-font-size\">Para voc\u00eas o que \u00e9 alimenta\u00e7\u00e3o saud\u00e1vel?&nbsp;<\/p>\n\n\n\n<p class=\"has-medium-font-size\">Na sua fam\u00edlia quais dos alimentos listados voc\u00eas consomem diariamente e devem ser evitados? E quais precisam ser ingeridos todos os dias?<\/p>\n\n\n\n<p class=\"has-medium-font-size\">Converse com os membros da sua fam\u00edlia e reflitam como voc\u00eas podem mudar seus h\u00e1bitos alimentares para terem uma vida mais saud\u00e1vel, caso ainda n\u00e3o essa consci\u00eancia sobre a necessidade de uma alimenta\u00e7\u00e3o saud\u00e1vel.&nbsp;&nbsp;&nbsp;&nbsp;&nbsp;&nbsp;&nbsp;&nbsp;&nbsp;&nbsp;&nbsp;&nbsp;&nbsp;&nbsp;&nbsp;&nbsp;&nbsp;&nbsp;&nbsp;&nbsp;&nbsp;&nbsp;&nbsp;&nbsp;&nbsp;&nbsp;&nbsp;&nbsp;&nbsp;&nbsp;&nbsp;&nbsp;&nbsp;&nbsp;<\/p>\n\n\n\n<p class=\"has-very-light-gray-color has-very-dark-gray-background-color has-text-color has-background has-medium-font-size\">Atividade 2<\/p>\n\n\n\n<p class=\"has-medium-font-size\">At\u00e9 aqui voc\u00ea entendeu a import\u00e2ncia de uma alimenta\u00e7\u00e3o equilibrada? O ser humano necessita da energia dos alimentos para realizar atividades di\u00e1rias e ter um desenvolvimento saud\u00e1vel. Os alimentos possuem nutrientes que ajudam nosso corpo. Diante da&nbsp;falta de alguns nutrientes, o corpo pode sofrer graves consequ\u00eancias e deixar de funcionar.&nbsp;\u00c9 por isso que uma alimenta\u00e7\u00e3o saud\u00e1vel deve conter todos os nutrientes necess\u00e1rios para que a nossa sa\u00fade seja garantida. Acesse o Link abaixo e conhe\u00e7a alguns passos a ser seguidos para uma alimenta\u00e7\u00e3o saud\u00e1vel.<\/p>\n\n\n\n<figure class=\"wp-block-embed is-type-video is-provider-youtube wp-block-embed-youtube wp-embed-aspect-16-9 wp-has-aspect-ratio\"><div class=\"wp-block-embed__wrapper\">\n<p class=\"responsive-video-wrap clr\"><iframe title=\"10 passos para uma alimenta\u00e7\u00e3o saud\u00e1vel\" width=\"1200\" height=\"675\" src=\"https:\/\/www.youtube.com\/embed\/lXqemxb7NEA?start=203&#038;feature=oembed\" frameborder=\"0\" allow=\"accelerometer; autoplay; clipboard-write; encrypted-media; gyroscope; picture-in-picture\" allowfullscreen><\/iframe><\/p>\n<\/div><figcaption>&#8220;10 passos para uma alimenta\u00e7\u00e3o saud\u00e1vel&#8221; Canal: <a href=\"https:\/\/www.youtube.com\/channel\/UCq-g97AsfcJHzUfZ0wBpogw\">Sodexo Brasil<\/a> &#8211; https:\/\/www.youtube.com\/watch?v=lXqemxb7NEA&amp;t=203s<\/figcaption><\/figure>\n\n\n\n<p class=\"has-medium-font-size\">Gostou do v\u00eddeo? A partir do que aprendeu, chame sua fam\u00edlia e monte um card\u00e1pio semanal, que contenha os alimentos necess\u00e1rios para o bom funcionamento do nosso organismo!<\/p>\n\n\n\n<figure class=\"wp-block-table alignfull\"><table><tbody><tr><td><\/td><td>Segunda-feira<\/td><td>Ter\u00e7a-feira<\/td><td>Quarta-feira<\/td><td>Quinta-feira<\/td><td>Sexta-feira<\/td><td>S\u00e1bado&nbsp;<\/td><td>Domingo&nbsp;<\/td><\/tr><tr><td>Caf\u00e9 da Manh\u00e3<\/td><td><\/td><td><\/td><td><\/td><td><\/td><td><\/td><td><\/td><td><\/td><\/tr><tr><td>Almo\u00e7o&nbsp;<\/td><td><br><\/td><td><\/td><td><\/td><td><\/td><td><\/td><td><\/td><td><\/td><\/tr><tr><td>Lanche da tarde&nbsp;<\/td><td><\/td><td><\/td><td><\/td><td><\/td><td><\/td><td><\/td><td><\/td><\/tr><tr><td>Jantar&nbsp;<\/td><td><br><\/td><td><\/td><td><\/td><td><\/td><td><\/td><td><\/td><td><\/td><\/tr><\/tbody><\/table><\/figure>\n\n\n\n<hr class=\"wp-block-separator\"\/>\n\n\n\n<p><strong>Saiba Mais I Refer\u00eancias:<\/strong><\/p>\n\n\n\n<div class=\"wp-block-columns is-layout-flex wp-container-core-columns-is-layout-9d6595d7 wp-block-columns-is-layout-flex\">\n<div class=\"wp-block-column is-layout-flow wp-block-column-is-layout-flow\">\n<figure class=\"wp-block-embed is-type-video is-provider-youtube wp-block-embed-youtube wp-embed-aspect-16-9 wp-has-aspect-ratio\"><div class=\"wp-block-embed__wrapper\">\n<p class=\"responsive-video-wrap clr\"><iframe title=\"Ci\u00eancias - Alimenta\u00e7\u00e3o Saud\u00e1vel\" width=\"1200\" height=\"675\" src=\"https:\/\/www.youtube.com\/embed\/Yurrkwerz5w?feature=oembed\" frameborder=\"0\" allow=\"accelerometer; autoplay; clipboard-write; encrypted-media; gyroscope; picture-in-picture\" allowfullscreen><\/iframe><\/p>\n<\/div><figcaption>&#8220;Ci\u00eancias &#8211; Alimenta\u00e7\u00e3o Saud\u00e1vel&#8221; Canal: <a href=\"https:\/\/www.youtube.com\/channel\/UC68G97yoCW7QieQn3mt1gMg\">Zuleide Ferreira<\/a> &#8211; https:\/\/www.youtube.com\/watch?v=Yurrkwerz5w<\/figcaption><\/figure>\n<\/div>\n\n\n\n<div class=\"wp-block-column is-layout-flow wp-block-column-is-layout-flow\"><\/div>\n<\/div>\n\n\n\n<hr class=\"wp-block-separator\"\/>\n\n\n\n<figure class=\"wp-block-table alignfull\"><table><tbody><tr><td>Objeto de Conhecimento:<\/td><td>H\u00e1bitos alimentares:Nutri\u00e7\u00e3o e Sa\u00fade<\/td><\/tr><tr><td>Componente Curricular:<\/td><td>Ci\u00eancias da Natureza<\/td><\/tr><tr><td>Habilidades<\/td><td>(EF05CI08) Organizar um card\u00e1pio equilibrado com base nas caracter\u00edsticas dos grupos alimentares (nutrientes e calorias) e nas necessidades individuais (atividades realizadas, idade, sexo etc.) para a manuten\u00e7\u00e3o da sa\u00fade do organismo.(EF05CI09) Discutir a ocorr\u00eancia de dist\u00farbios nutricionais (como: obesidade, subnutri\u00e7\u00e3o etc.) entre crian\u00e7as e jovens a partir da an\u00e1lise de seus h\u00e1bitos (tipos e quantidade de alimento ingerido, pr\u00e1tica de atividade f\u00edsica etc.).<\/td><\/tr><\/tbody><\/table><\/figure>\n\n\n\n<hr class=\"wp-block-separator\"\/>\n\n\n\n<figure class=\"wp-block-table alignfull\"><table><tbody><tr><td>Proponentes:<\/td><td>Maria Aparecida Pires MacielMaria de F\u00e1tima BorgesPetrina Marques Coelho Reis de MouraSilene Jacinto da Silva<\/td><\/tr><tr><td>Institui\u00e7\u00e3o Educacional:<\/td><td>Escola Municipal Jo\u00e3o Vieira da Paix\u00e3o<\/td><\/tr><tr><td>CRE:<\/td><td>JARBAS JAYME<\/td><\/tr><\/tbody><\/table><\/figure>\n\n\n\n<hr class=\"wp-block-separator\"\/>\n\n\n\n<p>&nbsp;Ensino Fundamental &#8211; Ciclo da Inf\u00e2ncia &#8211; Turma E-5\u00ba ano &#8211; Educa\u00e7\u00e3o Ambiental e Sa\u00fade<\/p>\n","protected":false},"author":24,"featured_media":59523,"template":"","ef_categoria":[14,23],"ef_ano":[88],"ef_componente":[98],"class_list":["post-59521","ensino_fundamental","type-ensino_fundamental","status-publish","has-post-thumbnail","hentry","ef_categoria-ciclo-da-infancia-de","ef_categoria-educacao-ambiental-e-saude-ciclo-da-infancia-de","ef_ano-5o-ano","ef_componente-ciencia-da-natureza-ef","entry","has-media"],"acf":[],"_links":{"self":[{"href":"https:\/\/sme.goiania.go.gov.br\/conexaoescola\/wp-json\/wp\/v2\/ensino_fundamental\/59521","targetHints":{"allow":["GET"]}}],"collection":[{"href":"https:\/\/sme.goiania.go.gov.br\/conexaoescola\/wp-json\/wp\/v2\/ensino_fundamental"}],"about":[{"href":"https:\/\/sme.goiania.go.gov.br\/conexaoescola\/wp-json\/wp\/v2\/types\/ensino_fundamental"}],"author":[{"embeddable":true,"href":"https:\/\/sme.goiania.go.gov.br\/conexaoescola\/wp-json\/wp\/v2\/users\/24"}],"version-history":[{"count":0,"href":"https:\/\/sme.goiania.go.gov.br\/conexaoescola\/wp-json\/wp\/v2\/ensino_fundamental\/59521\/revisions"}],"wp:featuredmedia":[{"embeddable":true,"href":"https:\/\/sme.goiania.go.gov.br\/conexaoescola\/wp-json\/wp\/v2\/media\/59523"}],"wp:attachment":[{"href":"https:\/\/sme.goiania.go.gov.br\/conexaoescola\/wp-json\/wp\/v2\/media?parent=59521"}],"wp:term":[{"taxonomy":"ef_categoria","embeddable":true,"href":"https:\/\/sme.goiania.go.gov.br\/conexaoescola\/wp-json\/wp\/v2\/ef_categoria?post=59521"},{"taxonomy":"ef_ano","embeddable":true,"href":"https:\/\/sme.goiania.go.gov.br\/conexaoescola\/wp-json\/wp\/v2\/ef_ano?post=59521"},{"taxonomy":"ef_componente","embeddable":true,"href":"https:\/\/sme.goiania.go.gov.br\/conexaoescola\/wp-json\/wp\/v2\/ef_componente?post=59521"}],"curies":[{"name":"wp","href":"https:\/\/api.w.org\/{rel}","templated":true}]}}