{"id":59510,"date":"2020-11-23T07:00:00","date_gmt":"2020-11-23T09:00:00","guid":{"rendered":"https:\/\/sme.goiania.go.gov.br\/conexaoescola\/?post_type=ensino_fundamental&#038;p=59510"},"modified":"2021-12-14T09:26:00","modified_gmt":"2021-12-14T11:26:00","slug":"adicao-utilizando-a-reta-numerica-2","status":"publish","type":"ensino_fundamental","link":"https:\/\/sme.goiania.go.gov.br\/conexaoescola\/ensino_fundamental\/adicao-utilizando-a-reta-numerica-2\/","title":{"rendered":"Matem\u00e1tica &#8211; Adi\u00e7\u00e3o utilizando a reta num\u00e9rica"},"content":{"rendered":"\n<p class=\"has-drop-cap has-medium-font-size\">Ol\u00e1,<br>Hoje estamos aqui para uma aula de MATEM\u00c1TICA. Quando algu\u00e9m fala MATEM\u00c1TICA, o que vem \u00e0 cabe\u00e7a?&#8230;isso mesmo\u2026N\u00daMEROS Voc\u00ea sabe contar os n\u00fameros at\u00e9 quantos?&#8230;10\u202620\u202650\u2026100\u2026mais de 100? Como surgiram os n\u00fameros? Tem muuuuita hist\u00f3ria\u2026<\/p>\n\n\n\n<hr class=\"wp-block-separator\"\/>\n\n\n\n<p class=\"has-medium-font-size\"><br>Vamos conhecer um pouco dela, assistindo esse pequeno v\u00eddeo da Hist\u00f3ria dos N\u00fameros.<\/p>\n\n\n\n<figure class=\"wp-block-embed is-type-video is-provider-youtube wp-block-embed-youtube wp-embed-aspect-16-9 wp-has-aspect-ratio\"><div class=\"wp-block-embed__wrapper\">\n<p class=\"responsive-video-wrap clr\"><iframe title=\"Hist\u00f3ria dos N\u00fameros\" width=\"1200\" height=\"675\" src=\"https:\/\/www.youtube.com\/embed\/s3GJqhX4Dwo?feature=oembed\" frameborder=\"0\" allow=\"accelerometer; autoplay; clipboard-write; encrypted-media; gyroscope; picture-in-picture\" allowfullscreen><\/iframe><\/p>\n<\/div><figcaption>&#8220;Hist\u00f3ria dos N\u00fameros&#8221; Canal: Nathalia Lindner Ilustre &#8211; https:\/\/www.youtube.com\/watch?v=s3GJqhX4Dwo<\/figcaption><\/figure>\n\n\n\n<p class=\"has-luminous-vivid-orange-color has-text-color has-medium-font-size\">E a\u00ed, gostou de conhecer um pouco da hist\u00f3ria dos n\u00fameros?<br>Voc\u00ea sabe contar os n\u00fameros at\u00e9 quantos?&#8230;10\u202620\u202650\u2026100\u2026mais de 100?<\/p>\n\n\n\n<p class=\"has-medium-font-size\"><br>Contar, conhecer, escrever e usar os n\u00fameros \u00e9 coisa para a vida toda\u2026<br>Vou mostrar um jeito bem interessante de aprender como os n\u00fameros v\u00e3o se formando: A RETA NUM\u00c9RICA e o que podemos fazer com ela.<br>Voc\u00ea sabe o que \u00e9 uma RETA NUM\u00c9RICA? O pr\u00f3prio nome j\u00e1 est\u00e1 dizendo\u2026 \u00e9 alguma coisa RETA com uma sequ\u00eancia de n\u00fameros. Por Exemplo: R\u00e9gua, Metro, trena.<\/p>\n\n\n\n<p class=\"has-medium-font-size\">Vamos conhecer um pouco mais? Assista ao v\u00eddeo:<\/p>\n\n\n\n<figure class=\"wp-block-embed is-type-video is-provider-youtube wp-block-embed-youtube wp-embed-aspect-16-9 wp-has-aspect-ratio\"><div class=\"wp-block-embed__wrapper\">\n<p class=\"responsive-video-wrap clr\"><iframe title=\"RETA NUM\u00c9RICA\" width=\"1200\" height=\"675\" src=\"https:\/\/www.youtube.com\/embed\/DZmtvMJ5G5E?feature=oembed\" frameborder=\"0\" allow=\"accelerometer; autoplay; clipboard-write; encrypted-media; gyroscope; picture-in-picture\" allowfullscreen><\/iframe><\/p>\n<\/div><figcaption>&#8220;RETA NUM\u00c9RICA&#8221; Canal: <a href=\"https:\/\/www.youtube.com\/channel\/UCaliMAEfr0imgralMRZk6hQ\">PROF CAMILA LIMA<\/a> &#8211; https:\/\/www.youtube.com\/watch?v=DZmtvMJ5G5E<\/figcaption><\/figure>\n\n\n\n<hr class=\"wp-block-separator\"\/>\n\n\n\n<p class=\"has-very-light-gray-color has-very-dark-gray-background-color has-text-color has-background has-medium-font-size\">Atividade 1<\/p>\n\n\n\n<p class=\"has-medium-font-size\">1- Realizar as seguintes adi\u00e7\u00f5es utilizando a reta num\u00e9rica.<br>5 + 1 = <\/p>\n\n\n\n<p class=\"has-medium-font-size\">2 + 7 = <\/p>\n\n\n\n<p class=\"has-medium-font-size\">8 + 3 = <\/p>\n\n\n\n<p class=\"has-medium-font-size\">9 + 6 = <\/p>\n\n\n\n<p class=\"has-medium-font-size\">SER\u00c1 que as retas precisam sempre come\u00e7ar do zero? Elas podem come\u00e7ar do n\u00famero que eu quiser, dependo o que eu quero calcular.<\/p>\n\n\n\n<p class=\"has-very-light-gray-color has-luminous-vivid-orange-background-color has-text-color has-background has-medium-font-size\"><br>Se voc\u00ea quer saber quantos anos seu irm\u00e3o ou um amigo mais velho tem a mais que voc\u00ea, por exemplo, voc\u00ea s\u00f3 precisa fazer uma reta num\u00e9rica come\u00e7ando pelo n\u00famero da sua idade e ir at\u00e9 a idade do seu irm\u00e3o ou amigo mais velho. Quer ver? Se voc\u00ea tem 7 anos e seu irm\u00e3o mais velho tem 12 anos. quantos anos seu irm\u00e3o tem a mais que voc\u00ea?<\/p>\n\n\n\n<pre class=\"wp-block-code\"><code>             8    9    10    11    12<\/code><\/pre>\n\n\n\n<p class=\"has-very-light-gray-color has-luminous-vivid-orange-background-color has-text-color has-background has-medium-font-size\">Seu irm\u00e3o tem 5 anos a mais que voc\u00ea.<\/p>\n\n\n\n<p class=\"has-medium-font-size\"><br>Viram que jeito f\u00e1cil de entender os n\u00fameros pela reta num\u00e9rica e como ficou f\u00e1cil realizar c\u00e1lculos? Basta seguir a contagem de um em um, sempre em frente e podemos ir ao infinito. E com as retas num\u00e9ricas podemos fazer muitos c\u00e1lculos.<\/p>\n\n\n\n<p class=\"has-very-light-gray-color has-very-dark-gray-background-color has-text-color has-background has-medium-font-size\">Atividade 2<\/p>\n\n\n\n<p class=\"has-medium-font-size\"><br>Agora \u00e9 com voc\u00ea.<br>Que tal voc\u00ea fazer uma reta num\u00e9rica do zero at\u00e9 o 20 e resolver alguns c\u00e1lculos&#8230;voc\u00ea pode criar seus c\u00e1lculos ou pode seguir essas sugest\u00f5es:<br>3 + 6 =<br>5+ 7 =<br>9 + 9 =<br>Voc\u00ea tamb\u00e9m pode fazer uma reta num\u00e9rica para descobrir quantos anos algu\u00e9m da sua fam\u00edlia tem mais que voc\u00ea. Esse \u00e9 um bom desafio!<\/p>\n\n\n\n<p class=\"has-medium-font-size\"><br>Ser\u00e1 que os n\u00fameros s\u00f3 servem para fazermos c\u00e1lculos? O que voc\u00ea acha?<br>Voc\u00ea saberia me dizer para que mais servem os n\u00fameros? <\/p>\n\n\n\n<p class=\"has-medium-font-size\">O V\u00eddeo Para que existem os n\u00fameros pode nos contar muita coisa:<\/p>\n\n\n\n<figure class=\"wp-block-embed is-type-video is-provider-youtube wp-block-embed-youtube wp-embed-aspect-16-9 wp-has-aspect-ratio\"><div class=\"wp-block-embed__wrapper\">\n<p class=\"responsive-video-wrap clr\"><iframe title=\"Por que existem os n\u00fameros? #Ticolicos|EP06\" width=\"1200\" height=\"675\" src=\"https:\/\/www.youtube.com\/embed\/hxTtaLC_pW4?feature=oembed\" frameborder=\"0\" allow=\"accelerometer; autoplay; clipboard-write; encrypted-media; gyroscope; picture-in-picture\" allowfullscreen><\/iframe><\/p>\n<\/div><figcaption>&#8220;Por que existem os n\u00fameros?&nbsp;<a href=\"https:\/\/www.youtube.com\/results?search_query=%23Ticolicos\">#Ticolicos<\/a>|EP06&#8243; Canal: <a href=\"https:\/\/www.youtube.com\/channel\/UCWLNF6wlHEAin0kukYW0uow\">Ticolicos &#8211; Canal Infantil<\/a> &#8211; https:\/\/www.youtube.com\/watch?v=hxTtaLC_pW4<\/figcaption><\/figure>\n\n\n\n<hr class=\"wp-block-separator\"\/>\n\n\n\n<p><strong>Saiba Mais \/Refer\u00eancias:<\/strong><\/p>\n\n\n\n<div class=\"wp-block-columns is-layout-flex wp-container-core-columns-is-layout-9d6595d7 wp-block-columns-is-layout-flex\">\n<div class=\"wp-block-column is-layout-flow wp-block-column-is-layout-flow\">\n<figure class=\"wp-block-embed is-type-video is-provider-youtube wp-block-embed-youtube wp-embed-aspect-4-3 wp-has-aspect-ratio\"><div class=\"wp-block-embed__wrapper\">\n<p class=\"responsive-video-wrap clr\"><iframe title=\"Reta Num\u00e9rica\" width=\"1200\" height=\"900\" src=\"https:\/\/www.youtube.com\/embed\/SZR0A9lM54w?feature=oembed\" frameborder=\"0\" allow=\"accelerometer; autoplay; clipboard-write; encrypted-media; gyroscope; picture-in-picture\" allowfullscreen><\/iframe><\/p>\n<\/div><figcaption>&#8220;Reta Num\u00e9rica&#8221; Canal:<a href=\"https:\/\/www.youtube.com\/channel\/UCEC75TdXpYwnf_0xoAOl8jA\">Professora Carla Borges<\/a> &#8211; https:\/\/www.youtube.com\/watch?v=SZR0A9lM54w<\/figcaption><\/figure>\n<\/div>\n\n\n\n<div class=\"wp-block-column is-layout-flow wp-block-column-is-layout-flow\">\n<figure class=\"wp-block-embed is-type-video is-provider-youtube wp-block-embed-youtube wp-embed-aspect-16-9 wp-has-aspect-ratio\"><div class=\"wp-block-embed__wrapper\">\n<p class=\"responsive-video-wrap clr\"><iframe title=\"Reta num\u00e9rica\" width=\"1200\" height=\"675\" src=\"https:\/\/www.youtube.com\/embed\/GNovCbIJdl4?feature=oembed\" frameborder=\"0\" allow=\"accelerometer; autoplay; clipboard-write; encrypted-media; gyroscope; picture-in-picture\" allowfullscreen><\/iframe><\/p>\n<\/div><figcaption>&#8220;Reta num\u00e9rica&#8221; Canal: Hist\u00f3rias da Carolinha &#8211; https:\/\/www.youtube.com\/watch?v=GNovCbIJdl4<\/figcaption><\/figure>\n<\/div>\n<\/div>\n\n\n\n<hr class=\"wp-block-separator\"\/>\n\n\n\n<figure class=\"wp-block-table alignfull\"><table><tbody><tr><td>Objeto de Conhecimento<\/td><td>Compreender os conceitos e as propriedades da adi\u00e7\u00e3o utilizando o recurso da Reta Num\u00e9rica.<\/td><\/tr><tr><td>Componente Curricular:<\/td><td>Matem\u00e1tica<\/td><\/tr><tr><td>Habilidades<\/td><td>EF02MA05:&nbsp;Construir fatos b\u00e1sicos da adi\u00e7\u00e3o e subtra\u00e7\u00e3o e utiliz\u00e1-los no c\u00e1lculo mental ou escrito.<br>EF01MA04:&nbsp;Contar a quantidade de objetos de cole\u00e7\u00f5es at\u00e9 100 unidades e apresentar o resultado por registros verbais e simb\u00f3licos, em situa\u00e7\u00f5es de seu interesse, como jogos, brincadeiras, materiais da sala de aula, entre outros.<br>EF03MA03:&nbsp;Construir e utilizar fatos b\u00e1sicos da adi\u00e7\u00e3o e da multiplica\u00e7\u00e3o para o c\u00e1lculo mental ou escrito.<\/td><\/tr><\/tbody><\/table><\/figure>\n\n\n\n<figure class=\"wp-block-table alignfull\"><table><tbody><tr><td>Proponentes\/Professores:<\/td><td>Edione Maria Lazzari<\/td><\/tr><tr><td>Institui\u00e7\u00e3o Educacional:<\/td><td>https:\/\/escoladigital.org.br\/odas\/adicao-utilizando-a-reta-numerica-56468<\/td><\/tr><\/tbody><\/table><\/figure>\n\n\n\n<hr class=\"wp-block-separator\"\/>\n\n\n\n<p>Ensino Fundamenta &#8211; Ciclo da Inf\u00e2ncia &#8211; Turma A &#8211; 2\u00ba ano &#8211; Educa\u00e7\u00e3o Financeira e Empreendedorismo<\/p>\n","protected":false},"author":24,"featured_media":59511,"template":"","ef_categoria":[13,19],"ef_ano":[85],"ef_componente":[94],"class_list":["post-59510","ensino_fundamental","type-ensino_fundamental","status-publish","has-post-thumbnail","hentry","ef_categoria-ciclo-da-infancia-abc","ef_categoria-educacao-financeira-e-empreendedorismo","ef_ano-2o-ano","ef_componente-matematica","entry","has-media"],"acf":[],"_links":{"self":[{"href":"https:\/\/sme.goiania.go.gov.br\/conexaoescola\/wp-json\/wp\/v2\/ensino_fundamental\/59510","targetHints":{"allow":["GET"]}}],"collection":[{"href":"https:\/\/sme.goiania.go.gov.br\/conexaoescola\/wp-json\/wp\/v2\/ensino_fundamental"}],"about":[{"href":"https:\/\/sme.goiania.go.gov.br\/conexaoescola\/wp-json\/wp\/v2\/types\/ensino_fundamental"}],"author":[{"embeddable":true,"href":"https:\/\/sme.goiania.go.gov.br\/conexaoescola\/wp-json\/wp\/v2\/users\/24"}],"version-history":[{"count":0,"href":"https:\/\/sme.goiania.go.gov.br\/conexaoescola\/wp-json\/wp\/v2\/ensino_fundamental\/59510\/revisions"}],"wp:featuredmedia":[{"embeddable":true,"href":"https:\/\/sme.goiania.go.gov.br\/conexaoescola\/wp-json\/wp\/v2\/media\/59511"}],"wp:attachment":[{"href":"https:\/\/sme.goiania.go.gov.br\/conexaoescola\/wp-json\/wp\/v2\/media?parent=59510"}],"wp:term":[{"taxonomy":"ef_categoria","embeddable":true,"href":"https:\/\/sme.goiania.go.gov.br\/conexaoescola\/wp-json\/wp\/v2\/ef_categoria?post=59510"},{"taxonomy":"ef_ano","embeddable":true,"href":"https:\/\/sme.goiania.go.gov.br\/conexaoescola\/wp-json\/wp\/v2\/ef_ano?post=59510"},{"taxonomy":"ef_componente","embeddable":true,"href":"https:\/\/sme.goiania.go.gov.br\/conexaoescola\/wp-json\/wp\/v2\/ef_componente?post=59510"}],"curies":[{"name":"wp","href":"https:\/\/api.w.org\/{rel}","templated":true}]}}