{"id":59380,"date":"2020-11-23T07:00:00","date_gmt":"2020-11-23T09:00:00","guid":{"rendered":"https:\/\/sme.goiania.go.gov.br\/conexaoescola\/?post_type=ensino_fundamental&#038;p=59380"},"modified":"2021-12-14T12:13:47","modified_gmt":"2021-12-14T14:13:47","slug":"historias-de-crianca","status":"publish","type":"ensino_fundamental","link":"https:\/\/sme.goiania.go.gov.br\/conexaoescola\/ensino_fundamental\/historias-de-crianca\/","title":{"rendered":"L\u00edngua Portuguesa e Hist\u00f3ria &#8211; Hist\u00f3rias de crian\u00e7a"},"content":{"rendered":"\n<p class=\"has-drop-cap has-very-light-gray-background-color has-background has-medium-font-size\">Voc\u00ea conta muita hist\u00f3ria? Toda crian\u00e7a adora criar hist\u00f3rias a partir da sua imagina\u00e7\u00e3o, falar sobre o que gosta, e isso faz parte da aprendizagem. Ent\u00e3o, vamos juntos ouvir hist\u00f3rias e construir outras tantas? <\/p>\n\n\n\n<p class=\"has-pale-pink-background-color has-background has-medium-font-size\">Que tal ouvirmos uma hist\u00f3ria bacana? Imagine voc\u00ea contando suas pr\u00f3prias hist\u00f3rias&#8230;  Vamos ver o v\u00eddeo a seguir, logo ap\u00f3s, voc\u00ea conta a sua hist\u00f3ria. Solta o v\u00eddeo!<\/p>\n\n\n\n<hr class=\"wp-block-separator\"\/>\n\n\n\n<figure class=\"wp-block-embed is-type-video is-provider-youtube wp-block-embed-youtube wp-embed-aspect-16-9 wp-has-aspect-ratio\"><div class=\"wp-block-embed__wrapper\">\n<p class=\"responsive-video-wrap clr\"><iframe title=\"OFICINA CRIANC\u0327A CONTA HIST\u00d3RIAS\" width=\"1200\" height=\"675\" src=\"https:\/\/www.youtube.com\/embed\/mt0ztqou7LU?feature=oembed\" frameborder=\"0\" allow=\"accelerometer; autoplay; clipboard-write; encrypted-media; gyroscope; picture-in-picture\" allowfullscreen><\/iframe><\/p>\n<\/div><figcaption>Cia ju cata-hist\u00f3rias te traz Pra ler o mundo<\/figcaption><\/figure>\n\n\n\n<hr class=\"wp-block-separator\"\/>\n\n\n\n<p class=\"has-drop-cap has-medium-font-size\">ATIVIDADE<\/p>\n\n\n\n<p class=\"has-medium-font-size\">Agora \u00e9 hora de voc\u00ea contar a sua hist\u00f3ria!&nbsp;Voc\u00ea pode falar das suas aventura. O que voc\u00ea j\u00e1 viveu ou imaginou que \u00e9 interessante? Ent\u00e3o, conte para seus&nbsp;familiares uma hist\u00f3ria bem legal. Fale de uma aventura, pode ser pura imagina\u00e7\u00e3o. Planeje e conte! Vamos l\u00e1?<\/p>\n\n\n\n<hr class=\"wp-block-separator\"\/>\n\n\n\n<p>Este programa foi exibido na TV no dia 25\/11\/2020. Assista-o na \u00edntegra:<\/p>\n\n\n\n<figure class=\"wp-block-embed is-type-video is-provider-youtube wp-block-embed-youtube wp-embed-aspect-16-9 wp-has-aspect-ratio\"><div class=\"wp-block-embed__wrapper\">\n<p class=\"responsive-video-wrap clr\"><iframe title=\"Hist\u00f3ria de crian\u00e7a - \u00c9tica e Cidadania - Ensino Fundamental - Anos  Iniciais - Bl 1- 25 nov 2020\" width=\"1200\" height=\"675\" src=\"https:\/\/www.youtube.com\/embed\/mzePo7WtVjg?feature=oembed\" frameborder=\"0\" allow=\"accelerometer; autoplay; clipboard-write; encrypted-media; gyroscope; picture-in-picture\" allowfullscreen><\/iframe><\/p>\n<\/div><\/figure>\n\n\n\n<hr class=\"wp-block-separator\"\/>\n\n\n\n<figure class=\"wp-block-table\"><table><tbody><tr><td>Hist\u00f3ria<\/td><td>(EF01HI02) Identificar a rela\u00e7\u00e3o entre as suas hist\u00f3rias e as hist\u00f3rias de sua fam\u00edlia e de sua comunidade.<br>(EF01HI02-A) Relacionar e comparar a sua hist\u00f3ria com as de outras crian\u00e7as, compreendendo que estas hist\u00f3rias, ainda que diferentes, est\u00e3o situadas dentro de um mesmo per\u00edodo de tempo.<\/td><\/tr><tr><td>L\u00edngua Portuguesa<\/td><td>(EF15LP09) Expressar-se em situa\u00e7\u00f5es de interc\u00e2mbio oral com clareza, preocupando-se em ser compreendido pelo interlocutor e usando a palavra com tom<br>de voz aud\u00edvel, boa articula\u00e7\u00e3o e ritmo adequado.<br>(EF12LP06) Planejar e produzir, em colabora\u00e7\u00e3o com os colegas e com a ajuda do professor, recados, receitas, instru\u00e7\u00f5es de montagem, dentre outros g\u00eaneros, que possam ser repassados oralmente por meio de ferramentas digitais, em \u00e1udio ou v\u00eddeo, considerando a situa\u00e7\u00e3o comunicativa e o tema\/assunto\/finalidade do texto.<\/td><\/tr><\/tbody><\/table><figcaption>HABILIDADES<\/figcaption><\/figure>\n\n\n\n<hr class=\"wp-block-separator\"\/>\n\n\n\n<p><\/p>\n","protected":false},"author":30,"featured_media":59395,"template":"","ef_categoria":[13,20],"ef_ano":[84],"ef_componente":[95,93],"class_list":["post-59380","ensino_fundamental","type-ensino_fundamental","status-publish","has-post-thumbnail","hentry","ef_categoria-ciclo-da-infancia-abc","ef_categoria-etica-e-cidadania","ef_ano-1o-ano","ef_componente-historia","ef_componente-portugues","entry","has-media"],"acf":[],"_links":{"self":[{"href":"https:\/\/sme.goiania.go.gov.br\/conexaoescola\/wp-json\/wp\/v2\/ensino_fundamental\/59380","targetHints":{"allow":["GET"]}}],"collection":[{"href":"https:\/\/sme.goiania.go.gov.br\/conexaoescola\/wp-json\/wp\/v2\/ensino_fundamental"}],"about":[{"href":"https:\/\/sme.goiania.go.gov.br\/conexaoescola\/wp-json\/wp\/v2\/types\/ensino_fundamental"}],"author":[{"embeddable":true,"href":"https:\/\/sme.goiania.go.gov.br\/conexaoescola\/wp-json\/wp\/v2\/users\/30"}],"version-history":[{"count":0,"href":"https:\/\/sme.goiania.go.gov.br\/conexaoescola\/wp-json\/wp\/v2\/ensino_fundamental\/59380\/revisions"}],"wp:featuredmedia":[{"embeddable":true,"href":"https:\/\/sme.goiania.go.gov.br\/conexaoescola\/wp-json\/wp\/v2\/media\/59395"}],"wp:attachment":[{"href":"https:\/\/sme.goiania.go.gov.br\/conexaoescola\/wp-json\/wp\/v2\/media?parent=59380"}],"wp:term":[{"taxonomy":"ef_categoria","embeddable":true,"href":"https:\/\/sme.goiania.go.gov.br\/conexaoescola\/wp-json\/wp\/v2\/ef_categoria?post=59380"},{"taxonomy":"ef_ano","embeddable":true,"href":"https:\/\/sme.goiania.go.gov.br\/conexaoescola\/wp-json\/wp\/v2\/ef_ano?post=59380"},{"taxonomy":"ef_componente","embeddable":true,"href":"https:\/\/sme.goiania.go.gov.br\/conexaoescola\/wp-json\/wp\/v2\/ef_componente?post=59380"}],"curies":[{"name":"wp","href":"https:\/\/api.w.org\/{rel}","templated":true}]}}