{"id":59301,"date":"2020-11-23T07:00:00","date_gmt":"2020-11-23T09:00:00","guid":{"rendered":"https:\/\/sme.goiania.go.gov.br\/conexaoescola\/?post_type=ensino_fundamental&#038;p=59301"},"modified":"2022-01-06T17:26:57","modified_gmt":"2022-01-06T19:26:57","slug":"diferencas-entre-virus-e-bacterias","status":"publish","type":"ensino_fundamental","link":"https:\/\/sme.goiania.go.gov.br\/conexaoescola\/ensino_fundamental\/diferencas-entre-virus-e-bacterias\/","title":{"rendered":"Ci\u00eancias da Natureza: DIFEREN\u00c7AS ENTRE V\u00cdRUS E BACT\u00c9RIAS"},"content":{"rendered":"\n<p class=\"has-cyan-bluish-gray-background-color has-background has-medium-font-size\"> <em><strong>Ol\u00e1, estudante! Esta proposta de atividade de <span class=\"has-inline-color has-vivid-cyan-blue-color\">Ci\u00eancias da Natureza<\/span>, para o <span class=\"has-inline-color has-vivid-cyan-blue-color\">6\u00ba Ano<\/span> do Ensino Fundamental, est\u00e1 dispon\u00edvel para voc\u00ea, aqui no Portal Conex\u00e3o Escola, para que possa aprender mais sobre o tema proposto. Bons estudos!<\/strong><\/em> <\/p>\n\n\n\n<p class=\"has-medium-font-size\">Hoje vamos aprender sobre as principais diferen\u00e7as entre v\u00edrus e bact\u00e9rias e algumas doen\u00e7as transmitidas por eles. Vamos juntos? Bons estudos!<\/p>\n\n\n\n<figure class=\"wp-block-image size-large\"><img fetchpriority=\"high\" decoding=\"async\" width=\"1024\" height=\"610\" src=\"https:\/\/sme.goiania.go.gov.br\/conexaoescola\/wp-content\/uploads\/2020\/11\/Virus-e-bacterias-e1641488894160-1024x610.png\" alt=\"\" class=\"wp-image-135774\" srcset=\"https:\/\/sme.goiania.go.gov.br\/conexaoescola\/wp-content\/uploads\/2020\/11\/Virus-e-bacterias-e1641488894160-1024x610.png 1024w, https:\/\/sme.goiania.go.gov.br\/conexaoescola\/wp-content\/uploads\/2020\/11\/Virus-e-bacterias-e1641488894160-300x179.png 300w, https:\/\/sme.goiania.go.gov.br\/conexaoescola\/wp-content\/uploads\/2020\/11\/Virus-e-bacterias-e1641488894160-768x457.png 768w, https:\/\/sme.goiania.go.gov.br\/conexaoescola\/wp-content\/uploads\/2020\/11\/Virus-e-bacterias-e1641488894160-1536x915.png 1536w, https:\/\/sme.goiania.go.gov.br\/conexaoescola\/wp-content\/uploads\/2020\/11\/Virus-e-bacterias-e1641488894160-2048x1219.png 2048w\" sizes=\"(max-width: 1024px) 100vw, 1024px\" \/><figcaption>Fonte: Innovative Genomics Institute<\/figcaption><\/figure>\n\n\n\n<p class=\"has-vivid-cyan-blue-background-color has-text-color has-background has-medium-font-size\" style=\"color:#000000\"><strong>ATIVIDADE 1<\/strong><\/p>\n\n\n\n<p class=\"has-medium-font-size\">Para conhecer as principais caracter\u00edsticas de cada um desses grupos de seres vivos, assista atentamente \u00e0 videoaula da professora Rafaela Lima e leia as informa\u00e7\u00f5es disponibilizadas abaixo, adaptadas do texto de Beatriz Vichessi:<\/p>\n\n\n\n<figure class=\"wp-block-embed is-type-video is-provider-youtube wp-block-embed-youtube wp-embed-aspect-16-9 wp-has-aspect-ratio\"><div class=\"wp-block-embed__wrapper\">\n<p class=\"responsive-video-wrap clr\"><iframe title=\"Diferen\u00e7as entre v\u00edrus e bact\u00e9rias\" width=\"1200\" height=\"675\" src=\"https:\/\/www.youtube.com\/embed\/o7Xk_B9X41w?feature=oembed\" frameborder=\"0\" allow=\"accelerometer; autoplay; clipboard-write; encrypted-media; gyroscope; picture-in-picture\" allowfullscreen><\/iframe><\/p>\n<\/div><\/figure>\n\n\n\n<hr class=\"wp-block-separator\"\/>\n\n\n\n<p class=\"has-text-color has-medium-font-size\" style=\"color:#000000\"><em><strong>Bact\u00e9ria<\/strong>: Microrganismo unicelular com membrana e citoplasma, sem n\u00facleo definido. Seu material gen\u00e9tico, o \u00e1cido desoxirribonucleico (DNA), fica disperso no citoplasma. Algumas bact\u00e9rias s\u00e3o parasitas e causam doen\u00e7as como a pneumonia e a c\u00f3lera. Outras mant\u00eam uma rela\u00e7\u00e3o harmoniosa com os seres vivos, como algumas que vivem no intestino humano, auxiliando na digest\u00e3o e absor\u00e7\u00e3o de vitaminas. H\u00e1 tamb\u00e9m bact\u00e9rias que se nutrem da mat\u00e9ria org\u00e2nica morta, auxiliando no processo de decomposi\u00e7\u00e3o. org\u00e2nica. Possuem cerca de 1 mil\u00e9simo de mil\u00edmetro (n\u00e3o enxergamos uma bact\u00e9ria a olho nu) e s\u00e3o sens\u00edveis a antibi\u00f3ticos. Tratamos de infec\u00e7\u00f5es bacterianas com o uso de antibi\u00f3ticos espec\u00edficos a cada tipo ou grupo de bact\u00e9rias. <\/em><\/p>\n\n\n\n<p class=\"has-text-color has-normal-font-size\" style=\"color:#000000\">Fonte: https:\/\/novaescola.org.br\/conteudo\/1131\/quais-as-principais-diferencas-entre-virus-e-bacteria<\/p>\n\n\n\n<div class=\"wp-block-image\"><figure class=\"aligncenter size-full\"><img decoding=\"async\" width=\"535\" height=\"600\" src=\"https:\/\/sme.goiania.go.gov.br\/conexaoescola\/wp-content\/uploads\/2020\/11\/Prokaryote_cell-es.svg-e1641489514242.png\" alt=\"\" class=\"wp-image-135775\" srcset=\"https:\/\/sme.goiania.go.gov.br\/conexaoescola\/wp-content\/uploads\/2020\/11\/Prokaryote_cell-es.svg-e1641489514242.png 535w, https:\/\/sme.goiania.go.gov.br\/conexaoescola\/wp-content\/uploads\/2020\/11\/Prokaryote_cell-es.svg-e1641489514242-268x300.png 268w\" sizes=\"(max-width: 535px) 100vw, 535px\" \/><figcaption>Fonte: <a href=\"https:\/\/commons.wikimedia.org\/wiki\/File:Prokaryote_cell-es.svg\" data-type=\"URL\" data-id=\"https:\/\/commons.wikimedia.org\/wiki\/File:Prokaryote_cell-es.svg\">Wikimedia Commons<\/a><\/figcaption><\/figure><\/div>\n\n\n\n<p class=\"has-text-color has-medium-font-size\" style=\"color:#000000\"><strong>V\u00edrus<\/strong>: Estrutura acelular. Os mais simples apresentam uma cobertura proteica que envolve seu material gen\u00e9tico (\u00e1cido desoxirribonucl\u00e9ico \u2013 DNA ou \u00e1cido ribonucleico \u2013 RNA). Por n\u00e3o serem constitu\u00eddos por c\u00e9lulas, necessitam parasitar uma c\u00e9lula para que esta fa\u00e7a a c\u00f3pia de seu material gen\u00e9tico, e assim possa se multiplicar dentro do organismo infectado, causando a doen\u00e7a espec\u00edfica, como por exemplo, Rub\u00e9ola, Catapora, AIDS, Coronavirus.<\/p>\n\n\n\n<p> Fonte: <a href=\"https:\/\/novaescola.org.br\/conteudo\/1131\/quais-as-principais-diferencas-entre-virus-e-bacteria\">https:\/\/novaescola.org.br\/conteudo\/1131\/quais-as-principais-diferencas-entre-virus-e-bacteria<\/a> <\/p>\n\n\n\n<figure class=\"wp-block-image size-full\"><img decoding=\"async\" width=\"800\" height=\"467\" src=\"https:\/\/sme.goiania.go.gov.br\/conexaoescola\/wp-content\/uploads\/2020\/11\/Virus_size-e1641489918468.png\" alt=\"\" class=\"wp-image-135776\" srcset=\"https:\/\/sme.goiania.go.gov.br\/conexaoescola\/wp-content\/uploads\/2020\/11\/Virus_size-e1641489918468.png 800w, https:\/\/sme.goiania.go.gov.br\/conexaoescola\/wp-content\/uploads\/2020\/11\/Virus_size-e1641489918468-300x175.png 300w, https:\/\/sme.goiania.go.gov.br\/conexaoescola\/wp-content\/uploads\/2020\/11\/Virus_size-e1641489918468-768x448.png 768w\" sizes=\"(max-width: 800px) 100vw, 800px\" \/><figcaption>Fonte: <a href=\"https:\/\/commons.wikimedia.org\/wiki\/File:Virus_size.png\" data-type=\"URL\" data-id=\"https:\/\/commons.wikimedia.org\/wiki\/File:Virus_size.png\">Wikimedia Commons<\/a><\/figcaption><\/figure>\n\n\n\n<p class=\"has-vivid-cyan-blue-background-color has-background has-medium-font-size\"><strong>ATIVIDADE 2<\/strong><\/p>\n\n\n\n<p class=\"has-medium-font-size\">Copie no seu caderno de Ci\u00eancias as alternativas a seguir, marcando a verdadeira sobre a constitui\u00e7\u00e3o dos v\u00edrus:<\/p>\n\n\n\n<p class=\"has-medium-font-size\">a. S\u00e3o formados por DNA e prote\u00ednas. <br>b. S\u00e3o formados por amino\u00e1cidos e \u00e1gua. <br>c.  S\u00e3o formados por  material gen\u00e9tico e prote\u00ednas. <br>d.  S\u00e3o formados por DNA e RNA. <br>e.  S\u00e3o formados por RNA e prote\u00ednas.<\/p>\n\n\n\n<p class=\"has-vivid-cyan-blue-background-color has-background has-medium-font-size\"><strong>ATIVIDADE 3<\/strong><\/p>\n\n\n\n<p class=\"has-medium-font-size\">Agora, a respeito da estrutura dos seres vivos do reino Monera (as bact\u00e9rias), copie as frases abaixo no seu caderno e preencha os par\u00eantesis com &#8220;V&#8221; para verdadeiro e &#8220;F&#8221; para falso.  <\/p>\n\n\n\n<p class=\"has-text-color has-medium-font-size\" style=\"color:#000000\">a. (   ) Podem ser autotr\u00f3ficas e heterotr\u00f3ficas.<br>b. (   ) Podem ter uma ou v\u00e1rias c\u00e9lulas.<br>c. (   ) Apresentam parede celular. <br>d. (   ) S\u00e3o procariontes. <br>e. (   ) N\u00e3o possuem membrana plasm\u00e1tica.<\/p>\n\n\n\n<p class=\"has-vivid-cyan-blue-background-color has-background has-medium-font-size\"><strong>ATIVIDADE 4<\/strong><\/p>\n\n\n\n<p class=\"has-medium-font-size\"><span class=\"has-inline-color has-black-color\">As bact\u00e9rias s\u00e3o seres vivos frequentemente associados a doen\u00e7as. Entretanto, h\u00e1 v\u00e1rias bact\u00e9rias que auxiliam na vida humana, como aquelas que fazem parte da flora intestinal, bact\u00e9rias cujas subst\u00e2ncias que produzem s\u00e3o utilizadas em tratamentos m\u00e9dicos, enfim. Nesse sentido, leia o texto indicado no link abaixo, em que a professora Mariana Araguaia d\u00e1 mais exemplos:<\/span><\/p>\n\n\n\n<p class=\"has-medium-font-size\">Link texto: <a href=\"https:\/\/mundoeducacao.uol.com.br\/biologia\/a-importancia-das-bacterias.htm\" data-type=\"URL\" data-id=\"https:\/\/mundoeducacao.uol.com.br\/biologia\/a-importancia-das-bacterias.htm\" target=\"_blank\" rel=\"noreferrer noopener\">https:\/\/mundoeducacao.uol.com.br\/biologia\/a-importancia-das-bacterias.htm<\/a><\/p>\n\n\n\n<p class=\"has-vivid-cyan-blue-background-color has-background has-medium-font-size\"><strong>ATIVIDADE 5<\/strong><\/p>\n\n\n\n<p class=\"has-medium-font-size\">Sobre o texto lido, anote quais foram os exemplos que voc\u00ea j\u00e1 sabia e quais foram aqueles que voc\u00ea achou mais interessante.<\/p>\n\n\n\n<hr class=\"wp-block-separator\"\/>\n\n\n\n<p class=\"has-text-align-center has-medium-font-size\"><strong>At\u00e9 mais! Tchau!<\/strong><\/p>\n\n\n\n<hr class=\"wp-block-separator\"\/>\n\n\n\n<p class=\"has-cyan-bluish-gray-background-color has-background has-medium-font-size\"><strong>Professor, essa aula segue a Matriz Curricular das Habilidades Estruturantes 2021-2021. Foi elaborada no ano de 2020, com a suspens\u00e3o das aulas presenciais devido \u00e0 pandemia da Covid-19 e segue as orienta\u00e7\u00f5es de flexibiliza\u00e7\u00e3o curricular para o bi\u00eanio 2020\/2021 (Of\u00edcio Circular 147\/2020 Dirped).<\/strong><\/p>\n\n\n\n<figure class=\"wp-block-table\"><table><tbody><tr><td>Componente curricular<\/td><td>Habilidade<\/td><\/tr><tr><td>Ci\u00eancias da Natureza<\/td><td><em>Estruturante<\/em><br>(EF06CI05) Explicar a organiza\u00e7\u00e3o b\u00e1sica das c\u00e9lulas e seu papel como unidade estrutural e funcional dos seres vivos. <\/td><\/tr><\/tbody><\/table><\/figure>\n\n\n\n<hr class=\"wp-block-separator\"\/>\n\n\n\n<figure class=\"wp-block-table\"><table><tbody><tr><td>Proponente\/Professora:<\/td><td> Jordana Silva de Barros<\/td><\/tr><tr><td>Institui\u00e7\u00e3o Educacional:<\/td><td> Escola Municipal Castorina Bittencourt Alves <\/td><\/tr><tr><td> CRE: <\/td><td> Brasil Di Ramos Caiado <\/td><\/tr><\/tbody><\/table><\/figure>\n","protected":false},"author":28,"featured_media":135774,"template":"","ef_categoria":[15,28],"ef_ano":[89],"ef_componente":[98],"class_list":["post-59301","ensino_fundamental","type-ensino_fundamental","status-publish","has-post-thumbnail","hentry","ef_categoria-ciclo-da-adolescencia-fg","ef_categoria-educacao-ambiental-e-saude-ciclo-da-adolescencia-fg","ef_ano-6o-ano","ef_componente-ciencia-da-natureza-ef","entry","has-media"],"acf":[],"_links":{"self":[{"href":"https:\/\/sme.goiania.go.gov.br\/conexaoescola\/wp-json\/wp\/v2\/ensino_fundamental\/59301","targetHints":{"allow":["GET"]}}],"collection":[{"href":"https:\/\/sme.goiania.go.gov.br\/conexaoescola\/wp-json\/wp\/v2\/ensino_fundamental"}],"about":[{"href":"https:\/\/sme.goiania.go.gov.br\/conexaoescola\/wp-json\/wp\/v2\/types\/ensino_fundamental"}],"author":[{"embeddable":true,"href":"https:\/\/sme.goiania.go.gov.br\/conexaoescola\/wp-json\/wp\/v2\/users\/28"}],"version-history":[{"count":0,"href":"https:\/\/sme.goiania.go.gov.br\/conexaoescola\/wp-json\/wp\/v2\/ensino_fundamental\/59301\/revisions"}],"wp:featuredmedia":[{"embeddable":true,"href":"https:\/\/sme.goiania.go.gov.br\/conexaoescola\/wp-json\/wp\/v2\/media\/135774"}],"wp:attachment":[{"href":"https:\/\/sme.goiania.go.gov.br\/conexaoescola\/wp-json\/wp\/v2\/media?parent=59301"}],"wp:term":[{"taxonomy":"ef_categoria","embeddable":true,"href":"https:\/\/sme.goiania.go.gov.br\/conexaoescola\/wp-json\/wp\/v2\/ef_categoria?post=59301"},{"taxonomy":"ef_ano","embeddable":true,"href":"https:\/\/sme.goiania.go.gov.br\/conexaoescola\/wp-json\/wp\/v2\/ef_ano?post=59301"},{"taxonomy":"ef_componente","embeddable":true,"href":"https:\/\/sme.goiania.go.gov.br\/conexaoescola\/wp-json\/wp\/v2\/ef_componente?post=59301"}],"curies":[{"name":"wp","href":"https:\/\/api.w.org\/{rel}","templated":true}]}}