{"id":59300,"date":"2020-11-23T07:00:00","date_gmt":"2020-11-23T09:00:00","guid":{"rendered":"https:\/\/sme.goiania.go.gov.br\/conexaoescola\/?post_type=ensino_fundamental&#038;p=59300"},"modified":"2021-12-15T17:25:36","modified_gmt":"2021-12-15T19:25:36","slug":"aventura-no-espaco","status":"publish","type":"ensino_fundamental","link":"https:\/\/sme.goiania.go.gov.br\/conexaoescola\/ensino_fundamental\/aventura-no-espaco\/","title":{"rendered":"Ci\u00eancias da Natureza &#8211; Aventura no espa\u00e7o"},"content":{"rendered":"\n<p class=\"has-drop-cap has-medium-font-size\">Ol\u00e1! Convido voc\u00ea a embarcar em uma aventura pelo espa\u00e7o para aprender sobre o Universo, a Terra e seus movimentos, os per\u00edodos (dia e noite), os planetas do sistema solar e as constela\u00e7\u00f5es.<\/p>\n\n\n\n<hr class=\"wp-block-separator\"\/>\n\n\n\n<p class=\"has-very-light-gray-color has-very-dark-gray-background-color has-text-color has-background has-medium-font-size\">Atividade 1<\/p>\n\n\n\n<p class=\"has-medium-font-size\">Vamos ler com aten\u00e7\u00e3o o texto <strong>\u201cBola Bailarina\u201d<\/strong> de Thelma Chan:<\/p>\n\n\n\n<p class=\"has-medium-font-size\">A Terra \u00e9 uma bola grande, muito grande<\/p>\n\n\n\n<p class=\"has-medium-font-size\">Onde as mais incr\u00edveis hist\u00f3rias acontecem&#8230;<\/p>\n\n\n\n<p class=\"has-medium-font-size\">Terra redonda, Terra bailarina<\/p>\n\n\n\n<p class=\"has-medium-font-size\">Que gira em torno do sol e de si mesma<\/p>\n\n\n\n<p class=\"has-medium-font-size\">E enquanto ela gira<\/p>\n\n\n\n<p class=\"has-medium-font-size\">\u00c9 noite<\/p>\n\n\n\n<p class=\"has-medium-font-size\">\u00c9 dia<\/p>\n\n\n\n<p class=\"has-medium-font-size\">\u00c9 noite<\/p>\n\n\n\n<p class=\"has-medium-font-size\">\u00c9 dia<\/p>\n\n\n\n<p class=\"has-medium-font-size\">\u00c9 noite<\/p>\n\n\n\n<p class=\"has-medium-font-size\">\u00c9 dia<\/p>\n\n\n\n<p class=\"has-medium-font-size\">Bola bailarina<\/p>\n\n\n\n<p class=\"has-medium-font-size\">Terra azul!&nbsp;<\/p>\n\n\n\n<blockquote class=\"wp-block-quote is-layout-flow wp-block-quote-is-layout-flow\"><p><\/p><cite>Dispon\u00edvel em: <a href=\"https:\/\/images.app.goo.gl\/n7pSCKss25wxD4TV7\">https:\/\/images.app.goo.gl\/n7pSCKss25wxD4TV7<\/a><\/cite><\/blockquote>\n\n\n\n<p class=\"has-medium-font-size\">Reflita e registre no caderno as quest\u00f5es abaixo:<\/p>\n\n\n\n<p class=\"has-medium-font-size\">&#8211; Na poesia a autora Thelma Chan faz refer\u00eancia a uma bola bailarina, a quem ela est\u00e1 se referindo?&nbsp;<\/p>\n\n\n\n<p class=\"has-medium-font-size\">&#8211; Qual \u00e9 a forma da Terra?<\/p>\n\n\n\n<p class=\"has-medium-font-size\">&#8211; Quais os movimentos que a Terra realiza?<\/p>\n\n\n\n<p class=\"has-medium-font-size\">&#8211; Quando a terra gira o que acontece?&nbsp;<\/p>\n\n\n\n<p class=\"has-very-light-gray-color has-very-dark-gray-background-color has-text-color has-background has-medium-font-size\">&nbsp;&nbsp;Atividade 2<\/p>\n\n\n\n<p class=\"has-medium-font-size\">Agora que voc\u00ea conhece um pouco sobre a Terra e seus movimentos, vamos observar e registrar no caderno algumas caracter\u00edsticas do dia e da noite.<\/p>\n\n\n\n<p class=\"has-medium-font-size\">&#8211; O que \u00e9 poss\u00edvel observar no c\u00e9u durante o dia? E a noite?<\/p>\n\n\n\n<p class=\"has-medium-font-size\">&#8211; Voc\u00ea nota diferen\u00e7as entre o dia e a noite? Quais?<\/p>\n\n\n\n<p class=\"has-medium-font-size\">&#8211; Voc\u00ea sabe por que acontece o dia e a noite?<\/p>\n\n\n\n<p class=\"has-medium-font-size\">&nbsp;Kika quer saber de onde vem o dia e a noite, se voc\u00ea tamb\u00e9m est\u00e1 curioso (a) para descobrir isso, assista ao v\u00eddeo <strong>\u201cDe onde vem o dia e a noite?\u201d<\/strong> com bastante aten\u00e7\u00e3o para compreender os per\u00edodos do dia e\/ou noite<\/p>\n\n\n\n<figure class=\"wp-block-embed is-type-video is-provider-youtube wp-block-embed-youtube wp-embed-aspect-4-3 wp-has-aspect-ratio\"><div class=\"wp-block-embed__wrapper\">\n<p class=\"responsive-video-wrap clr\"><iframe title=\"De Onde Vem o Dia e a Noite? #Epis\u00f3dio 8\" width=\"1200\" height=\"900\" src=\"https:\/\/www.youtube.com\/embed\/Nux_3PVdo9U?feature=oembed\" frameborder=\"0\" allow=\"accelerometer; autoplay; clipboard-write; encrypted-media; gyroscope; picture-in-picture\" allowfullscreen><\/iframe><\/p>\n<\/div><figcaption>&#8220;De Onde Vem o Dia e a Noite? <a href=\"https:\/\/www.youtube.com\/results?search_query=%23Epis%C3%B3dio\">#Epis\u00f3dio<\/a> 8&#8243; Canal:<a href=\"https:\/\/www.youtube.com\/channel\/UCEqIxM3b47mxLyStbDGa8xw\"><img decoding=\"async\" width=\"48\" alt=\"\" src=\"https:\/\/yt3.ggpht.com\/ytc\/AAUvwnh7d4brkzl0qCHY1q8kAvpfSel0EDUjsRFl5Jun=s48-c-k-c0xffffffff-no-rj-mo\"><\/a> <a href=\"https:\/\/www.youtube.com\/channel\/UCEqIxM3b47mxLyStbDGa8xw\">De Onde Vem?<\/a> &#8211; <a href=\"https:\/\/youtu.be\/Nux_3PVdo9U\">https:\/\/youtu.be\/Nux_3PVdo9U<\/a><br><\/figcaption><\/figure>\n\n\n\n<p class=\"has-very-light-gray-color has-very-dark-gray-background-color has-text-color has-background has-medium-font-size\">Atividade 3<\/p>\n\n\n\n<p class=\"has-medium-font-size\">Agora que voc\u00ea j\u00e1 observou o c\u00e9u e aprendeu que o dia e a noite<strong> <\/strong>acontece devido ao movimento que a Terra faz ao redor do sol, imagine que voc\u00ea \u00e9 um astronauta e vai fazer uma viagem pelo espa\u00e7o sideral para conhecer o sistema solar.&nbsp;<\/p>\n\n\n\n<p class=\"has-medium-font-size\">Embarque nessa viagem com a Luna, o J\u00fapiter assistindo o v\u00eddeo <strong>\u201cO show da Luna!\u201d<\/strong> Uma viagem pelo espa\u00e7o \u2013 v\u00eddeo 360\u00b0<\/p>\n\n\n\n<figure class=\"wp-block-embed is-type-video is-provider-youtube wp-block-embed-youtube wp-embed-aspect-16-9 wp-has-aspect-ratio\"><div class=\"wp-block-embed__wrapper\">\n<p class=\"responsive-video-wrap clr\"><iframe title=\"O Show da Luna! Uma viagem pelo espa\u00e7o - V\u00eddeo 360\u00ba [Cardboard] VR\" width=\"1200\" height=\"675\" src=\"https:\/\/www.youtube.com\/embed\/P5Er2Sd9A5o?feature=oembed\" frameborder=\"0\" allow=\"accelerometer; autoplay; clipboard-write; encrypted-media; gyroscope; picture-in-picture\" allowfullscreen><\/iframe><\/p>\n<\/div><figcaption>&#8220;O Show da Luna! Uma viagem pelo espa\u00e7o &#8211; V\u00eddeo 360\u00ba [Cardboard] VR&#8221; Canal:<a href=\"https:\/\/www.youtube.com\/channel\/UC-adUJnjdrRnRlOJGoDtTqw\">O Show da Luna<\/a> &#8211; https:\/\/www.youtube.com\/watch?v=P5Er2Sd9A5o&amp;feature=youtu.be<\/figcaption><\/figure>\n\n\n\n<p class=\"has-medium-font-size\">Responda no caderno:<\/p>\n\n\n\n<p class=\"has-medium-font-size\">&#8211; Quantos planetas do nosso sistema solar foram mostrados no v\u00eddeo?<\/p>\n\n\n\n<p class=\"has-medium-font-size\">&#8211; Qual foi o planeta que mais chamou sua aten\u00e7\u00e3o?<\/p>\n\n\n\n<p class=\"has-medium-font-size\">&#8211; Em qual planeta do sistema solar n\u00f3s vivemos? O que diferencia esse planeta dos outros?<\/p>\n\n\n\n<p class=\"has-very-light-gray-color has-very-dark-gray-background-color has-text-color has-background has-medium-font-size\">Atividade 4<\/p>\n\n\n\n<p class=\"has-medium-font-size\">Vamos nos divertir um pouco, cantando, dan\u00e7ando e aprendendo com o Quel\u00f4nio que canta o repente <strong>\u201cSistema Solar\u201d<\/strong>&#8211; Quintal da Cultura<\/p>\n\n\n\n<figure class=\"wp-block-embed is-type-video is-provider-youtube wp-block-embed-youtube wp-embed-aspect-16-9 wp-has-aspect-ratio\"><div class=\"wp-block-embed__wrapper\">\n<p class=\"responsive-video-wrap clr\"><iframe title=\"Repente: Sistema Solar - Quintal da Cultura - 08\/11\/13\" width=\"1200\" height=\"675\" src=\"https:\/\/www.youtube.com\/embed\/kABqQx0iyrk?feature=oembed\" frameborder=\"0\" allow=\"accelerometer; autoplay; clipboard-write; encrypted-media; gyroscope; picture-in-picture\" allowfullscreen><\/iframe><\/p>\n<\/div><figcaption>&#8220;Repente: Sistema Solar&#8221; Canal:  Quintal da Cultura -https:\/\/www.youtube.com\/watch?v=kABqQx0iyrk<\/figcaption><\/figure>\n\n\n\n<p class=\"has-very-light-gray-color has-very-dark-gray-background-color has-text-color has-background has-medium-font-size\">Atividade 5<\/p>\n\n\n\n<p class=\"has-medium-font-size\">Ao observar o c\u00e9u \u00e0 noite voc\u00ea j\u00e1 viu algum desenho\/ imagem, voc\u00ea sabe o que \u00e9 uma constela\u00e7\u00e3o? Assista ao v\u00eddeo \u201cO que s\u00e3o as constela\u00e7\u00f5es? Como s\u00e3o?<strong>\u201d<\/strong> e veja como \u00e9 interessante sua hist\u00f3ria.<\/p>\n\n\n\n<figure class=\"wp-block-embed is-type-video is-provider-youtube wp-block-embed-youtube wp-embed-aspect-16-9 wp-has-aspect-ratio\"><div class=\"wp-block-embed__wrapper\">\n<p class=\"responsive-video-wrap clr\"><iframe title=\"O QUE S\u00c3O CONSTELA\u00c7\u00d5ES? COMO S\u00c3O?\" width=\"1200\" height=\"675\" src=\"https:\/\/www.youtube.com\/embed\/5_RjuGA2s9o?feature=oembed\" frameborder=\"0\" allow=\"accelerometer; autoplay; clipboard-write; encrypted-media; gyroscope; picture-in-picture\" allowfullscreen><\/iframe><\/p>\n<\/div><figcaption>&#8220;<br>O QUE S\u00c3O CONSTELA\u00c7\u00d5ES? COMO S\u00c3O?&#8221; Canal: Mundo das Curiosidades &#8211; <a href=\"https:\/\/youtu.be\/5_RjuGA2s9o\">https:\/\/youtu.be\/5_RjuGA2s9o<\/a><\/figcaption><\/figure>\n\n\n\n<p class=\"has-luminous-vivid-orange-color has-text-color has-large-font-size\">Responda no caderno:<\/p>\n\n\n\n<p class=\"has-medium-font-size\">&#8211; Voc\u00ea j\u00e1 viu alguma dessas constela\u00e7\u00f5es no c\u00e9u? Qual?<\/p>\n\n\n\n<p class=\"has-medium-font-size\">&#8211; Observe o c\u00e9u a noite e procure identificar alguma das constela\u00e7\u00f5es mostradas no v\u00eddeo.<\/p>\n\n\n\n<hr class=\"wp-block-separator\"\/>\n\n\n\n<p><strong>PARA SABER MAIS:<\/strong><\/p>\n\n\n\n<div class=\"wp-block-columns is-layout-flex wp-container-core-columns-is-layout-9d6595d7 wp-block-columns-is-layout-flex\">\n<div class=\"wp-block-column is-layout-flow wp-block-column-is-layout-flow\">\n<figure class=\"wp-block-embed is-type-video is-provider-youtube wp-block-embed-youtube wp-embed-aspect-16-9 wp-has-aspect-ratio\"><div class=\"wp-block-embed__wrapper\">\n<p class=\"responsive-video-wrap clr\"><iframe title=\"SISTEMA SOLAR - CRIAN\u00c7AS INTELIGENTES - JOVEM PAN KIDS\" width=\"1200\" height=\"675\" src=\"https:\/\/www.youtube.com\/embed\/fYQoK0Qc3kc?feature=oembed\" frameborder=\"0\" allow=\"accelerometer; autoplay; clipboard-write; encrypted-media; gyroscope; picture-in-picture\" allowfullscreen><\/iframe><\/p>\n<\/div><figcaption>&#8220;SISTEMA SOLAR &#8211; CRIAN\u00c7AS INTELIGENTES &#8211; JOVEM PAN KIDS&#8221; Canal: <a href=\"https:\/\/www.youtube.com\/channel\/UC9SuX4yL2z4HN4qm-P0YUcQ\">JP Kids<\/a> &#8211; https:\/\/www.youtube.com\/watch?v=fYQoK0Qc3kc<br><br><\/figcaption><\/figure>\n\n\n\n<hr class=\"wp-block-separator\"\/>\n<\/div>\n\n\n\n<div class=\"wp-block-column is-layout-flow wp-block-column-is-layout-flow\">\n<figure class=\"wp-block-embed is-type-video is-provider-youtube wp-block-embed-youtube wp-embed-aspect-16-9 wp-has-aspect-ratio\"><div class=\"wp-block-embed__wrapper\">\n<p class=\"responsive-video-wrap clr\"><iframe title=\"Can\u00e7\u00e3o do planeta | Aprender planetas | A Can\u00e7\u00e3o do Sistema Solar | Jelly Bears | Planet Song\" width=\"1200\" height=\"675\" src=\"https:\/\/www.youtube.com\/embed\/fqdm9vFilug?feature=oembed\" frameborder=\"0\" allow=\"accelerometer; autoplay; clipboard-write; encrypted-media; gyroscope; picture-in-picture\" allowfullscreen><\/iframe><\/p>\n<\/div><figcaption>&#8220;Can\u00e7\u00e3o do planeta | Aprender planetas | A Can\u00e7\u00e3o do Sistema Solar | Jelly Bears | Planet Song&#8221; Canal:<a href=\"https:\/\/www.youtube.com\/channel\/UCbCvBlIksGmNDI_BHWfKmSw\">Jelly Bears Portugu\u00eas<\/a> &#8211; https:\/\/www.youtube.com\/watch?v=fqdm9vFilug<\/figcaption><\/figure>\n\n\n\n<hr class=\"wp-block-separator\"\/>\n<\/div>\n<\/div>\n\n\n\n<hr class=\"wp-block-separator\"\/>\n\n\n\n<figure class=\"wp-block-table alignfull\"><table><tbody><tr><td>Objeto de Conhecimento<\/td><td>Observa\u00e7\u00e3o do c\u00e9u:- Corpos celestes- Principais constela\u00e7\u00f5es<\/td><\/tr><tr><td>Habilidades<\/td><td>(EF03CI08) Observar, identificar e registrar os per\u00edodos di\u00e1rios (dia e\/ou noite) em que o Sol, demais estrelas, lua e planetas est\u00e3o vis\u00edveis no c\u00e9u.<\/td><\/tr><tr><td>Proponentes\/ Professores:<\/td><td>Professora Cl\u00e1udia Pereira dos Santos SenaProfessora Elizonete Herinque dos SantosProfessora Flaviane Rodrigues SilvaProfessor Vinicius Pina Souza<\/td><\/tr><\/tbody><\/table><\/figure>\n\n\n\n<hr class=\"wp-block-separator\"\/>\n\n\n\n<figure class=\"wp-block-table alignfull\"><table><tbody><tr><td>Proponentes\/ Professores:<\/td><td>Professora Cl\u00e1udia Pereira dos Santos SenaProfessora Elizonete Herinque dos SantosProfessora Flaviane Rodrigues SilvaProfessor Vinicius Pina Souza<\/td><\/tr><tr><td>Institui\u00e7\u00e3o Educacional:<\/td><td>Escola Municipal Am\u00e2ncio Seixo de Brito<\/td><\/tr><\/tbody><\/table><\/figure>\n\n\n\n<p>Ensino Fundamental &#8211; Agrupamento: Ciclo da Inf\u00e2ncia \u2013 Turma C \u2013 3 \u00ba ano &#8211; Experi\u00eancia e curiosidade<\/p>\n","protected":false},"author":24,"featured_media":59463,"template":"","ef_categoria":[13,21],"ef_ano":[86],"ef_componente":[98],"class_list":["post-59300","ensino_fundamental","type-ensino_fundamental","status-publish","has-post-thumbnail","hentry","ef_categoria-ciclo-da-infancia-abc","ef_categoria-experiencias-e-curiosidades","ef_ano-3o-ano","ef_componente-ciencia-da-natureza-ef","entry","has-media"],"acf":[],"_links":{"self":[{"href":"https:\/\/sme.goiania.go.gov.br\/conexaoescola\/wp-json\/wp\/v2\/ensino_fundamental\/59300","targetHints":{"allow":["GET"]}}],"collection":[{"href":"https:\/\/sme.goiania.go.gov.br\/conexaoescola\/wp-json\/wp\/v2\/ensino_fundamental"}],"about":[{"href":"https:\/\/sme.goiania.go.gov.br\/conexaoescola\/wp-json\/wp\/v2\/types\/ensino_fundamental"}],"author":[{"embeddable":true,"href":"https:\/\/sme.goiania.go.gov.br\/conexaoescola\/wp-json\/wp\/v2\/users\/24"}],"version-history":[{"count":0,"href":"https:\/\/sme.goiania.go.gov.br\/conexaoescola\/wp-json\/wp\/v2\/ensino_fundamental\/59300\/revisions"}],"wp:featuredmedia":[{"embeddable":true,"href":"https:\/\/sme.goiania.go.gov.br\/conexaoescola\/wp-json\/wp\/v2\/media\/59463"}],"wp:attachment":[{"href":"https:\/\/sme.goiania.go.gov.br\/conexaoescola\/wp-json\/wp\/v2\/media?parent=59300"}],"wp:term":[{"taxonomy":"ef_categoria","embeddable":true,"href":"https:\/\/sme.goiania.go.gov.br\/conexaoescola\/wp-json\/wp\/v2\/ef_categoria?post=59300"},{"taxonomy":"ef_ano","embeddable":true,"href":"https:\/\/sme.goiania.go.gov.br\/conexaoescola\/wp-json\/wp\/v2\/ef_ano?post=59300"},{"taxonomy":"ef_componente","embeddable":true,"href":"https:\/\/sme.goiania.go.gov.br\/conexaoescola\/wp-json\/wp\/v2\/ef_componente?post=59300"}],"curies":[{"name":"wp","href":"https:\/\/api.w.org\/{rel}","templated":true}]}}