{"id":59288,"date":"2020-11-23T07:00:00","date_gmt":"2020-11-23T09:00:00","guid":{"rendered":"https:\/\/sme.goiania.go.gov.br\/conexaoescola\/?post_type=ensino_fundamental&#038;p=59288"},"modified":"2021-12-13T11:51:40","modified_gmt":"2021-12-13T13:51:40","slug":"libras-no-contexto-da-praia-mar","status":"publish","type":"ensino_fundamental","link":"https:\/\/sme.goiania.go.gov.br\/conexaoescola\/ensino_fundamental\/libras-no-contexto-da-praia-mar\/","title":{"rendered":"L\u00edngua Portuguesa, Arte e Geografia -Libras no contexto da Praia\/Mar"},"content":{"rendered":"\n<p class=\"has-drop-cap has-medium-font-size\">Hoje vamos conhecer alguns sinais em Libras sobre o contexto praia e mar, aprender uma m\u00fasica infantil em Libras \u201cFundo do Mar\u201d do Mundo Bita. Al\u00e9m disso, vamos construir uma linda e pr\u00e1tica garrafa sensorial com o tema Fundo do Mar. Vamos viajar nessa aventura?<\/p>\n\n\n\n<hr class=\"wp-block-separator\"\/>\n\n\n\n<p class=\"has-medium-font-size\">Vamos aprender Libras brincando? Este v\u00eddeo apresenta uma m\u00fasica infantil acess\u00edvel em Libras sobre o fundo do mar.<\/p>\n\n\n\n<figure class=\"wp-block-embed is-type-video is-provider-youtube wp-block-embed-youtube wp-embed-aspect-16-9 wp-has-aspect-ratio\"><div class=\"wp-block-embed__wrapper\">\n<p class=\"responsive-video-wrap clr\"><iframe title=\"M\u00fasica: Fundo do Mar\" width=\"1200\" height=\"675\" src=\"https:\/\/www.youtube.com\/embed\/EcuzEjcCWd4?feature=oembed\" frameborder=\"0\" allow=\"accelerometer; autoplay; clipboard-write; encrypted-media; gyroscope; picture-in-picture\" allowfullscreen><\/iframe><\/p>\n<\/div><\/figure>\n\n\n\n<hr class=\"wp-block-separator\"\/>\n\n\n\n<figure class=\"wp-block-embed is-type-video is-provider-youtube wp-block-embed-youtube wp-embed-aspect-4-3 wp-has-aspect-ratio\"><div class=\"wp-block-embed__wrapper\">\n<p class=\"responsive-video-wrap clr\"><iframe title=\"Vamos \u00e0 Praia - Libras\" width=\"1200\" height=\"900\" src=\"https:\/\/www.youtube.com\/embed\/6stLI78Gso0?feature=oembed\" frameborder=\"0\" allow=\"accelerometer; autoplay; clipboard-write; encrypted-media; gyroscope; picture-in-picture\" allowfullscreen><\/iframe><\/p>\n<\/div><figcaption>&#8220;Vamos \u00e0 Praia &#8211; Libras&#8221; Canal: <a href=\"https:\/\/www.youtube.com\/channel\/UC5RKlTm9XoCV8uweboyAZmg\">CAS Mossor\u00f3<\/a> &#8211; https:\/\/www.youtube.com\/watch?v=6stLI78Gso0&amp;feature=emb_logo<\/figcaption><\/figure>\n\n\n\n<hr class=\"wp-block-separator\"\/>\n\n\n\n<p class=\"has-very-light-gray-color has-very-dark-gray-background-color has-text-color has-background has-medium-font-size\">ATIVIDADES<\/p>\n\n\n\n<p class=\"has-medium-font-size\">Agora que voc\u00eas assistiram os v\u00eddeos (ODAS) v\u00e3o registrar tudo o que foi aprendido. Vamos l\u00e1?<\/p>\n\n\n\n<p class=\"has-medium-font-size\">1- Fa\u00e7a um lindo quadro representando o fundo do mar, use sua criatividade (folhas de plantas, areia, gravuras de livros) para representar cada detalhe e deixar sua arte bem legal.<\/p>\n\n\n\n<p class=\"has-medium-font-size\">2- Construa sua pr\u00f3pria garrafa sensorial com o tema: &#8220;Fundo do Mar&#8221;.<\/p>\n\n\n\n<p class=\"has-medium-font-size\">3- Fa\u00e7a um v\u00eddeo em Libras mostrando quais os sinais que voc\u00ea aprendeu, apresente sua garrafa sensorial e o quadro.<\/p>\n\n\n\n<hr class=\"wp-block-separator\"\/>\n\n\n\n<p><strong>Saiba Mais | Refer\u00eancias:<\/strong><\/p>\n\n\n\n<div class=\"wp-block-columns is-layout-flex wp-container-core-columns-is-layout-9d6595d7 wp-block-columns-is-layout-flex\">\n<div class=\"wp-block-column is-layout-flow wp-block-column-is-layout-flow\">\n<figure class=\"wp-block-embed is-type-video is-provider-youtube wp-block-embed-youtube wp-embed-aspect-4-3 wp-has-aspect-ratio\"><div class=\"wp-block-embed__wrapper\">\n<p class=\"responsive-video-wrap clr\"><iframe title=\"Garrafa sensorial do Fundo do Mar (passo a passo)\" width=\"1200\" height=\"900\" src=\"https:\/\/www.youtube.com\/embed\/L82UTlzNB-U?feature=oembed\" frameborder=\"0\" allow=\"accelerometer; autoplay; clipboard-write; encrypted-media; gyroscope; picture-in-picture\" allowfullscreen><\/iframe><\/p>\n<\/div><figcaption>&#8220;Garrafa sensorial do Fundo do Mar (passo a passo)&#8221; Canal: <a href=\"https:\/\/www.youtube.com\/channel\/UC5RKlTm9XoCV8uweboyAZmg\">CAS Mossor\u00f3<\/a> &#8211; https:\/\/www.youtube.com\/watch?v=L82UTlzNB-U&amp;feature=emb_logo<\/figcaption><\/figure>\n<\/div>\n\n\n\n<div class=\"wp-block-column is-layout-flow wp-block-column-is-layout-flow\"><\/div>\n<\/div>\n\n\n\n<hr class=\"wp-block-separator\"\/>\n\n\n\n<figure class=\"wp-block-table alignfull\"><table><tbody><tr><td>Objeto de Conhecimento<\/td><td>&nbsp;Conhecer alguns sinais em Libras sobre praia e mar;<br>\u2022 Apreciar uma m\u00fasica em Libras;<br>\u2022 Perceber alguns animais que vivem no fundo do mar;<br>\u2022 Desenvolver habilidades cognitivas e motoras com artes manuais.<br><\/td><\/tr><tr><td>Habilidades<\/td><td>EF01GE10:&nbsp;Descrever caracter\u00edsticas de seus lugares de viv\u00eancia relacionadas aos ritmos da natureza (chuva, vento, calor etc.).<br>EF15AR01:&nbsp;Identificar e apreciar formas distintas das artes visuais tradicionais e contempor\u00e2neas, cultivando a percep\u00e7\u00e3o, o imagin\u00e1rio, a capacidade de simbolizar e o repert\u00f3rio imag\u00e9tico.<br>EF02GE04:&nbsp;Reconhecer semelhan\u00e7as e diferen\u00e7as nos h\u00e1bitos, nas rela\u00e7\u00f5es com a natureza e no modo de viver de pessoas em diferentes lugares.<br>EF15AR13:&nbsp;Identificar e apreciar criticamente diversas formas e g\u00eaneros de express\u00e3o musical, reconhecendo e analisando os usos e as fun\u00e7\u00f5es da m\u00fasica em diversos contextos de circula\u00e7\u00e3o, em especial, aqueles da vida cotidiana.<br>EF04LP12:&nbsp;Assistir, em v\u00eddeo digital, a programa infantil com instru\u00e7\u00f5es de montagem, de jogos e brincadeiras e, a partir dele, planejar e produzir tutoriais em \u00e1udio ou v\u00eddeo.<\/td><\/tr><\/tbody><\/table><\/figure>\n\n\n\n<hr class=\"wp-block-separator\"\/>\n\n\n\n<figure class=\"wp-block-table alignfull\"><table><tbody><tr><td>Proponentes\/ Professores:<\/td><td>Francisca Cleidimara da Silva ; Mifra Ang\u00e9lica Chaves da Costa<\/td><\/tr><tr><td>Institui\u00e7\u00e3o Educacional:<\/td><td>https:\/\/escoladigital.org.br\/roteiro-de-estudo\/libras-no-contexto-da-praiamar-56892<\/td><\/tr><\/tbody><\/table><\/figure>\n\n\n\n<hr class=\"wp-block-separator\"\/>\n\n\n\n<p>Ensino Fundamental- Ciclo da Inf\u00e2ncia &#8211; Turma B &#8211; 2\u00ba ano &#8211; Experi\u00eancias e Curiosidades<\/p>\n","protected":false},"author":24,"featured_media":59290,"template":"","ef_categoria":[13,21],"ef_ano":[85],"ef_componente":[99,96,93],"class_list":["post-59288","ensino_fundamental","type-ensino_fundamental","status-publish","has-post-thumbnail","hentry","ef_categoria-ciclo-da-infancia-abc","ef_categoria-experiencias-e-curiosidades","ef_ano-2o-ano","ef_componente-arte-ef","ef_componente-geografia","ef_componente-portugues","entry","has-media"],"acf":[],"_links":{"self":[{"href":"https:\/\/sme.goiania.go.gov.br\/conexaoescola\/wp-json\/wp\/v2\/ensino_fundamental\/59288","targetHints":{"allow":["GET"]}}],"collection":[{"href":"https:\/\/sme.goiania.go.gov.br\/conexaoescola\/wp-json\/wp\/v2\/ensino_fundamental"}],"about":[{"href":"https:\/\/sme.goiania.go.gov.br\/conexaoescola\/wp-json\/wp\/v2\/types\/ensino_fundamental"}],"author":[{"embeddable":true,"href":"https:\/\/sme.goiania.go.gov.br\/conexaoescola\/wp-json\/wp\/v2\/users\/24"}],"version-history":[{"count":0,"href":"https:\/\/sme.goiania.go.gov.br\/conexaoescola\/wp-json\/wp\/v2\/ensino_fundamental\/59288\/revisions"}],"wp:featuredmedia":[{"embeddable":true,"href":"https:\/\/sme.goiania.go.gov.br\/conexaoescola\/wp-json\/wp\/v2\/media\/59290"}],"wp:attachment":[{"href":"https:\/\/sme.goiania.go.gov.br\/conexaoescola\/wp-json\/wp\/v2\/media?parent=59288"}],"wp:term":[{"taxonomy":"ef_categoria","embeddable":true,"href":"https:\/\/sme.goiania.go.gov.br\/conexaoescola\/wp-json\/wp\/v2\/ef_categoria?post=59288"},{"taxonomy":"ef_ano","embeddable":true,"href":"https:\/\/sme.goiania.go.gov.br\/conexaoescola\/wp-json\/wp\/v2\/ef_ano?post=59288"},{"taxonomy":"ef_componente","embeddable":true,"href":"https:\/\/sme.goiania.go.gov.br\/conexaoescola\/wp-json\/wp\/v2\/ef_componente?post=59288"}],"curies":[{"name":"wp","href":"https:\/\/api.w.org\/{rel}","templated":true}]}}