{"id":59166,"date":"2020-11-09T21:55:00","date_gmt":"2020-11-09T23:55:00","guid":{"rendered":"https:\/\/sme.goiania.go.gov.br\/conexaoescola\/?post_type=ensino_fundamental&#038;p=59166"},"modified":"2020-11-16T09:36:42","modified_gmt":"2020-11-16T11:36:42","slug":"estacoes-do-ano-primavera","status":"publish","type":"ensino_fundamental","link":"https:\/\/sme.goiania.go.gov.br\/conexaoescola\/ensino_fundamental\/estacoes-do-ano-primavera\/","title":{"rendered":"ESTA\u00c7\u00d5ES DO ANO &#8211; PRIMAVERA"},"content":{"rendered":"\n<hr class=\"wp-block-separator\"\/>\n\n\n\n<p class=\"has-text-color has-small-font-size has-luminous-vivid-orange-color\">Ol\u00e1, estudante! Esta aula est\u00e1 vinculada ao programa da TV no dia 13\/11, sexta-feira, contemplando o eixo Experi\u00eancias e Curiosidades. No Portal Conex\u00e3o Escola, ela est\u00e1 apresentada em forma de atividade, mas voc\u00ea pode assistir a programa\u00e7\u00e3o quando desejar, acessando link na parte inferior da tela. Aproveite, assista e compartilhe!<\/p>\n\n\n\n<hr class=\"wp-block-separator\"\/>\n\n\n\n<p>Voc\u00ea j\u00e1 deve ter ouvido falar do assunto dessa aula: as esta\u00e7\u00f5es do ano! Vamos relembrar? Ao longo do ano, passamos por 4 esta\u00e7\u00f5es:&nbsp;<strong>primavera, ver\u00e3o, outono e inverno<\/strong>; elas dizem respeito a quantidade de luz que atinge a terra, mas n\u00e3o \u00e9 s\u00f3 isso: a inclina\u00e7\u00e3o do nosso planeta em rela\u00e7\u00e3o ao sol \u00e9 determinante para que isso aconte\u00e7a.<\/p>\n\n\n\n<p>Assista abaixo o v\u00eddeo do Canal Britannica Escola, que fala mais sobre esse assunto:<\/p>\n\n\n\n<figure class=\"wp-block-embed-youtube wp-block-embed is-type-video is-provider-youtube wp-embed-aspect-16-9 wp-has-aspect-ratio\"><div class=\"wp-block-embed__wrapper\">\n<p class=\"responsive-video-wrap clr\"><iframe title=\"Quanto voc\u00ea sabe sobre as esta\u00e7\u00f5es do ano?\" width=\"1200\" height=\"675\" src=\"https:\/\/www.youtube.com\/embed\/i_KXreoJFXA?feature=oembed\" frameborder=\"0\" allow=\"accelerometer; autoplay; clipboard-write; encrypted-media; gyroscope; picture-in-picture\" allowfullscreen><\/iframe><\/p>\n<\/div><\/figure>\n\n\n\n<p class=\"has-text-color has-luminous-vivid-orange-color\"><strong>A PRIMAVERA!!<\/strong><\/p>\n\n\n\n<p>Voc\u00ea viu no v\u00eddeo que o nosso planeta \u00e9 meio virado, inclinado, quando a gente olha l\u00e1 do espa\u00e7o. Os cientistas espaciais j\u00e1 descobriram que essa  inclina\u00e7\u00e3o faz com que aconte\u00e7am as esta\u00e7\u00f5es, j\u00e1 que o sol ilumina de formas diferentes a Terra. <\/p>\n\n\n\n<p>Desde o dia 22 de setembro estamos na PRIMAVERA, esta\u00e7\u00e3o segue at\u00e9 dia 21 de dezembro. Nessa \u00e9poca acontece a flora\u00e7\u00e3o de diversas esp\u00e9cies de plantas, por isso o nome: esta\u00e7\u00e3o das flores! A palavra primavera vem do latim, uma l\u00edngua bem antiga que as pessoas do passado falavam, <strong><em>primo vere<\/em><\/strong>, que significa primeiro ver\u00e3o.<\/p>\n\n\n\n<p>Os animais polinizadores, como beija-flores e as abelhas, quando v\u00e3o se alimentar do n\u00e9ctar que fica bem l\u00e1 dentro da flor, tamb\u00e9m espalham p\u00f3len, sementinhas bem pequenas, que podem virar outras plantas e, assim, multiplicar a vegeta\u00e7\u00e3o. <\/p>\n\n\n\n<p class=\"has-text-color has-luminous-vivid-orange-color\"><strong>ATIVIDADE:<\/strong><\/p>\n\n\n\n<figure class=\"wp-block-image size-large\"><img fetchpriority=\"high\" decoding=\"async\" width=\"1024\" height=\"576\" src=\"https:\/\/sme.goiania.go.gov.br\/conexaoescola\/wp-content\/uploads\/2020\/11\/PRIMAVERA2-1024x576.jpg\" alt=\"\" class=\"wp-image-59170\" srcset=\"https:\/\/sme.goiania.go.gov.br\/conexaoescola\/wp-content\/uploads\/2020\/11\/PRIMAVERA2-1024x576.jpg 1024w, https:\/\/sme.goiania.go.gov.br\/conexaoescola\/wp-content\/uploads\/2020\/11\/PRIMAVERA2-300x169.jpg 300w, https:\/\/sme.goiania.go.gov.br\/conexaoescola\/wp-content\/uploads\/2020\/11\/PRIMAVERA2-768x432.jpg 768w, https:\/\/sme.goiania.go.gov.br\/conexaoescola\/wp-content\/uploads\/2020\/11\/PRIMAVERA2.jpg 1280w\" sizes=\"(max-width: 1024px) 100vw, 1024px\" \/><\/figure>\n","protected":false},"author":30,"featured_media":58832,"template":"","ef_categoria":[],"ef_ano":[],"ef_componente":[],"class_list":["post-59166","ensino_fundamental","type-ensino_fundamental","status-publish","has-post-thumbnail","hentry","entry","has-media"],"acf":[],"_links":{"self":[{"href":"https:\/\/sme.goiania.go.gov.br\/conexaoescola\/wp-json\/wp\/v2\/ensino_fundamental\/59166","targetHints":{"allow":["GET"]}}],"collection":[{"href":"https:\/\/sme.goiania.go.gov.br\/conexaoescola\/wp-json\/wp\/v2\/ensino_fundamental"}],"about":[{"href":"https:\/\/sme.goiania.go.gov.br\/conexaoescola\/wp-json\/wp\/v2\/types\/ensino_fundamental"}],"author":[{"embeddable":true,"href":"https:\/\/sme.goiania.go.gov.br\/conexaoescola\/wp-json\/wp\/v2\/users\/30"}],"version-history":[{"count":0,"href":"https:\/\/sme.goiania.go.gov.br\/conexaoescola\/wp-json\/wp\/v2\/ensino_fundamental\/59166\/revisions"}],"wp:featuredmedia":[{"embeddable":true,"href":"https:\/\/sme.goiania.go.gov.br\/conexaoescola\/wp-json\/wp\/v2\/media\/58832"}],"wp:attachment":[{"href":"https:\/\/sme.goiania.go.gov.br\/conexaoescola\/wp-json\/wp\/v2\/media?parent=59166"}],"wp:term":[{"taxonomy":"ef_categoria","embeddable":true,"href":"https:\/\/sme.goiania.go.gov.br\/conexaoescola\/wp-json\/wp\/v2\/ef_categoria?post=59166"},{"taxonomy":"ef_ano","embeddable":true,"href":"https:\/\/sme.goiania.go.gov.br\/conexaoescola\/wp-json\/wp\/v2\/ef_ano?post=59166"},{"taxonomy":"ef_componente","embeddable":true,"href":"https:\/\/sme.goiania.go.gov.br\/conexaoescola\/wp-json\/wp\/v2\/ef_componente?post=59166"}],"curies":[{"name":"wp","href":"https:\/\/api.w.org\/{rel}","templated":true}]}}