{"id":59136,"date":"2020-11-16T06:55:00","date_gmt":"2020-11-16T08:55:00","guid":{"rendered":"https:\/\/sme.goiania.go.gov.br\/conexaoescola\/?post_type=ensino_fundamental&#038;p=59136"},"modified":"2020-11-13T15:21:01","modified_gmt":"2020-11-13T17:21:01","slug":"o-mundo-do-trabalho","status":"publish","type":"ensino_fundamental","link":"https:\/\/sme.goiania.go.gov.br\/conexaoescola\/ensino_fundamental\/o-mundo-do-trabalho\/","title":{"rendered":"O mundo do trabalho"},"content":{"rendered":"\n<p class=\"has-drop-cap has-medium-font-size\">Ol\u00e1, hoje vamos aprender sobre as transforma\u00e7\u00f5es do cotidiano e o tempo do trabalho influenciados pela Revolu\u00e7\u00e3o Industrial.<\/p>\n\n\n\n<hr class=\"wp-block-separator\"\/>\n\n\n\n<p style=\"color:#000000\" class=\"has-text-color has-background has-medium-font-size has-pale-cyan-blue-background-color\"><strong>Atividade 1<\/strong><\/p>\n\n\n\n<p class=\"has-medium-font-size\">1-Vamos ler o texto \u201cAs f\u00e1bricas e o trabalho\u201d dispon\u00edvel neste <strong><a href=\"https:\/\/revolucao-industrial.info\/as-fabricas-e-os-trabalhadores.html\" target=\"_blank\" rel=\"noreferrer noopener\">link<\/a><\/strong>.<br><\/p>\n\n\n\n<p class=\"has-medium-font-size\">2-Reflita sobre as rupturas e perman\u00eancias das rela\u00e7\u00f5es de trabalho. O que mudou nas rela\u00e7\u00f5es de trabalho e o que permaneceu? Anote em seu caderno.<\/p>\n\n\n\n<p style=\"color:#ffffff\" class=\"has-text-color has-background has-medium-font-size has-vivid-red-background-color\"><strong>Atividade 2<\/strong><\/p>\n\n\n\n<p class=\"has-medium-font-size\">1. Assista o v\u00eddeo \u201cAs mulheres na Revolu\u00e7\u00e3o Industrial\u201d:<\/p>\n\n\n\n<figure class=\"wp-block-embed-youtube wp-block-embed is-type-video is-provider-youtube wp-embed-aspect-16-9 wp-has-aspect-ratio\"><div class=\"wp-block-embed__wrapper\">\n<p class=\"responsive-video-wrap clr\"><iframe title=\"As Mulheres na Revolu\u00e7\u00e3o Industrial.\" width=\"1200\" height=\"675\" src=\"https:\/\/www.youtube.com\/embed\/8c_ZTyBcE8M?feature=oembed\" frameborder=\"0\" allow=\"accelerometer; autoplay; clipboard-write; encrypted-media; gyroscope; picture-in-picture\" allowfullscreen><\/iframe><\/p>\n<\/div><figcaption><a href=\"https:\/\/www.youtube.com\/watch?v=8c_ZTyBcE8M&amp;feature=youtu.be\" target=\"_blank\" rel=\"noreferrer noopener\">As Mulheres na Revolu\u00e7\u00e3o Industrial &#8211; Canal Giovana Varotti &#8211; YouTube<\/a><\/figcaption><\/figure>\n\n\n\n<p style=\"color:#000000\" class=\"has-text-color has-background has-medium-font-size has-pale-cyan-blue-background-color\">Agora \u00e9 com voc\u00eas: resuma o que aprendemos: fa\u00e7a uma linha do tempo com os principais momentos que marcaram as conquistas hist\u00f3ricas femininas. \u00a0E por fim, compare a situa\u00e7\u00e3o dos primeiros trabalhadores industriais com que acontece atualmente. Cite uma semelhan\u00e7a e uma diferen\u00e7a.<\/p>\n\n\n\n<p style=\"background-color:#000000;color:#ffffff\" class=\"has-text-color has-background has-medium-font-size\"><strong>Saiba Mais | Refer\u00eancias<\/strong>:<\/p>\n\n\n\n<p><a href=\"https:\/\/www.youtube.com\/watch?v=ErTIvv8NhDc\" target=\"_blank\" rel=\"noreferrer noopener\"><strong>https:\/\/www.youtube.com\/watch?v=ErTIvv8NhDc<\/strong><\/a> &#8211; Revolu\u00e7\u00e3o Industrial &#8211; 5 coisas que voc\u00ea deveria saber- Hist\u00f3ria para crian\u00e7as<\/p>\n\n\n\n<p><a rel=\"noreferrer noopener\" href=\"https:\/\/www.youtube.com\/watch?v=_oeYCEYpaRo\" target=\"_blank\"><strong>https:\/\/www.youtube.com\/watch?v=_oeYCEYpaRo<\/strong><\/a> &#8211; Meia inf\u00e2ncia: o trabalho infantil no Brasil hoje<\/p>\n\n\n\n<figure class=\"wp-block-table\"><table><tbody><tr><td>Objeto de Conhecimento<\/td><td>Revolu\u00e7\u00e3o Industrial: vida, trabalho e explora\u00e7\u00e3o.<\/td><\/tr><tr><td>Habilidades<\/td><td>(GO-EF08HI03-B) Compreender os processos de produ\u00e7\u00e3o da Revolu\u00e7\u00e3o Industrial, as rupturas e as perman\u00eancias em rela\u00e7\u00e3o \u00e0s condi\u00e7\u00f5es de vida, \u00e0 m\u00e3o de obra infantil, adulta e feminina, do s\u00e9culo XVIII at\u00e9 os dias atuais<\/td><\/tr><tr><td>Proponentes\/ Professores:<\/td><td>Alessandra Bezerra da Silva C\u00e1rita Gon\u00e7alves da Costa Lustosa. Elis\u00e2ngela Ferreira Soares Michele Elias Vieira Regina Maria Lopes Fagundes<\/td><\/tr><tr><td>Institui\u00e7\u00e3o Educacional:<\/td><td>Escola municipal Hebert Jos\u00e9 de Souza.<\/td><\/tr><tr><td>CRE:<\/td><td>Maria Helena Batista Bretas<\/td><\/tr><\/tbody><\/table><\/figure>\n\n\n\n<hr class=\"wp-block-separator\"\/>\n\n\n\n<p class=\"has-text-align-center\">Ciclo da Adolesc\u00eancia \u2013 Turma H (8\u00ba ano) \u2013 \u00c9tica e Cidadania<\/p>\n","protected":false},"author":28,"featured_media":59138,"template":"","ef_categoria":[16,33],"ef_ano":[],"ef_componente":[],"class_list":["post-59136","ensino_fundamental","type-ensino_fundamental","status-publish","has-post-thumbnail","hentry","ef_categoria-ciclo-da-adolescencia-hi","ef_categoria-educacao-ambiental-e-saude-ciclo-da-adolescencia-hi","entry","has-media"],"acf":[],"_links":{"self":[{"href":"https:\/\/sme.goiania.go.gov.br\/conexaoescola\/wp-json\/wp\/v2\/ensino_fundamental\/59136","targetHints":{"allow":["GET"]}}],"collection":[{"href":"https:\/\/sme.goiania.go.gov.br\/conexaoescola\/wp-json\/wp\/v2\/ensino_fundamental"}],"about":[{"href":"https:\/\/sme.goiania.go.gov.br\/conexaoescola\/wp-json\/wp\/v2\/types\/ensino_fundamental"}],"author":[{"embeddable":true,"href":"https:\/\/sme.goiania.go.gov.br\/conexaoescola\/wp-json\/wp\/v2\/users\/28"}],"version-history":[{"count":0,"href":"https:\/\/sme.goiania.go.gov.br\/conexaoescola\/wp-json\/wp\/v2\/ensino_fundamental\/59136\/revisions"}],"wp:featuredmedia":[{"embeddable":true,"href":"https:\/\/sme.goiania.go.gov.br\/conexaoescola\/wp-json\/wp\/v2\/media\/59138"}],"wp:attachment":[{"href":"https:\/\/sme.goiania.go.gov.br\/conexaoescola\/wp-json\/wp\/v2\/media?parent=59136"}],"wp:term":[{"taxonomy":"ef_categoria","embeddable":true,"href":"https:\/\/sme.goiania.go.gov.br\/conexaoescola\/wp-json\/wp\/v2\/ef_categoria?post=59136"},{"taxonomy":"ef_ano","embeddable":true,"href":"https:\/\/sme.goiania.go.gov.br\/conexaoescola\/wp-json\/wp\/v2\/ef_ano?post=59136"},{"taxonomy":"ef_componente","embeddable":true,"href":"https:\/\/sme.goiania.go.gov.br\/conexaoescola\/wp-json\/wp\/v2\/ef_componente?post=59136"}],"curies":[{"name":"wp","href":"https:\/\/api.w.org\/{rel}","templated":true}]}}