{"id":59081,"date":"2020-11-16T06:55:00","date_gmt":"2020-11-16T08:55:00","guid":{"rendered":"https:\/\/sme.goiania.go.gov.br\/conexaoescola\/?post_type=ensino_fundamental&#038;p=59081"},"modified":"2021-12-27T16:31:48","modified_gmt":"2021-12-27T18:31:48","slug":"conceituar-regiao","status":"publish","type":"ensino_fundamental","link":"https:\/\/sme.goiania.go.gov.br\/conexaoescola\/ensino_fundamental\/conceituar-regiao\/","title":{"rendered":"Geografia &#8211; Conceituar Regi\u00e3o"},"content":{"rendered":"\n<p class=\"has-light-green-cyan-background-color has-text-color has-background has-medium-font-size\" style=\"color:#000000\">Ol\u00e1! Voc\u00ea sabe o que \u00e9 Regi\u00e3o e divis\u00e3o regional? Esse ser\u00e1 o assunto dessa aula, onde voc\u00ea descobrir\u00e1 quais elementos geogr\u00e1ficos formam uma regi\u00e3o e saber\u00e1 como ela pode ser delimitada. Voc\u00ea tamb\u00e9m descobrir\u00e1 se \u00e9 poss\u00edvel realizar regionaliza\u00e7\u00f5es em uma mesma \u00e1rea, e como o conhecimento do estudo de regi\u00e3o \u00e9 aplicada nas an\u00e1lises geogr\u00e1ficas. <\/p>\n\n\n\n<p class=\"has-pale-cyan-blue-background-color has-text-color has-background has-medium-font-size\" style=\"color:#000000\">Falaremos tamb\u00e9m do IBGE (Instituto Brasileiro de Geografia e Estat\u00edstica), \u00f3rg\u00e3o do governo Federal respons\u00e1vel pela atual divis\u00e3o regional do Brasil, e de todas as outras que foram elaboradas ao longo dos anos, o que nos ajudar\u00e1 a compreender que a divis\u00e3o regional n\u00e3o \u00e9 \u00fanica, e que pode sofrer altera\u00e7\u00f5es ao longo do tempo. Tipo de vegeta\u00e7\u00e3o, clima, relevo, cultura, culin\u00e1ria, m\u00fasica, por exemplo, podem ser aspectos para se fazer um divis\u00e3o por regi\u00e3o, seja ela, num pa\u00eds, estado, munic\u00edpio e at\u00e9 mesmo mundial. <\/p>\n\n\n\n<p class=\"has-very-light-gray-background-color has-background has-medium-font-size\">Ahh e ao estudarmos as regi\u00f5es brasileiras \u00e9 poss\u00edvel, al\u00e9m do conhecimento sobre cada uma, tamb\u00e9m se familiarizar com diferentes culturas que o pa\u00eds possui, diminuindo a xenofobia, que \u00e9 o preconceito por pessoas de outros estados, com h\u00e1bitos e costumes diferentes dos nossos. <\/p>\n\n\n\n<p class=\"has-light-green-cyan-background-color has-text-color has-background has-medium-font-size\" style=\"color:#000000\">E a\u00ed, ficou interessado? Ent\u00e3o, vamos !!!!<\/p>\n\n\n\n<p class=\"has-medium-font-size\">Fa\u00e7a a consulta do mapa do Brasil com as divis\u00f5es de regi\u00f5es segundo o IBGE (Instituto Brasileiro de Geografia e Estat\u00edstica) neste <strong><em><a rel=\"noreferrer noopener\" href=\"http:\/\/chrome-extension:\/\/ohfgljdgelakfkefopgklcohadegdpjf\/https:\/\/nova-escola-producao.s3.amazonaws.com\/q6g3Z24sRw3mEW2GjWstY26R2syXVfmvd9PyvQxtA8HrfAQKMMCryMDSz7BT\/geo4-05und01-contextualizacao-mapa-brasil-regioes.pdf\" target=\"_blank\">link<\/a><\/em><\/strong>.<\/p>\n\n\n\n<p class=\"has-medium-font-size\">Nesse mapa, voc\u00ea ser\u00e1 capaz de identificar ao olhar na legenda e as cores do mapa as cinco regi\u00f5es brasileiras estabelecidas pelo IBGE, observando os principais estados de cada regi\u00e3o, bem como identificando a localiza\u00e7\u00e3o do seu estado no mapa.<\/p>\n\n\n\n<p class=\"has-medium-font-size\">Consulte tamb\u00e9m o seguinte v\u00eddeo, dispon\u00edvel no Youtube &#8211; <em><strong>Mapa do Brasil completo e suas regi\u00f5es &#8211; Para crian\u00e7as &#8211; v\u00eddeo educativo<\/strong><\/em>:<\/p>\n\n\n\n<figure class=\"wp-block-embed is-type-video is-provider-youtube wp-block-embed-youtube wp-embed-aspect-16-9 wp-has-aspect-ratio\"><div class=\"wp-block-embed__wrapper\">\n<p class=\"responsive-video-wrap clr\"><iframe title=\"Mapa do Brasil completo e suas regi\u00f5es - Para crian\u00e7as - v\u00eddeo educativo\" width=\"1200\" height=\"675\" src=\"https:\/\/www.youtube.com\/embed\/_wuU_61Sp3w?feature=oembed\" frameborder=\"0\" allow=\"accelerometer; autoplay; clipboard-write; encrypted-media; gyroscope; picture-in-picture\" allowfullscreen><\/iframe><\/p>\n<\/div><\/figure>\n\n\n\n<p class=\"has-medium-font-size\">De forma bem divertida e aplicada, voc\u00ea ver\u00e1 a divis\u00e3o da imagem interior, conseguindo fazer rela\u00e7\u00f5es com a localiza\u00e7\u00e3o de cada regi\u00e3o dentro do territ\u00f3rio do Brasil.<\/p>\n\n\n\n<p class=\"has-medium-font-size\">Para complemento e compreens\u00e3o do estudo de regi\u00e3o, realize a leitura do material de apoio disponibilizados em meios digitais, bem como, impressos pela escola, se for necess\u00e1rio. Voc\u00ea responder\u00e1 em seu caderno as quest\u00f5es que seguem ap\u00f3s o texto. Lembre-se que, \u00e9 preciso colocar o cabe\u00e7alho, com nome da escola, data, nome, turma. Exemplo:<\/p>\n\n\n\n<p class=\"has-medium-font-size\">Escola Municipal &#8230;.<\/p>\n\n\n\n<p class=\"has-medium-font-size\">Goi\u00e2nia, ____ de ______ de 2020.<\/p>\n\n\n\n<p class=\"has-medium-font-size\">Aluno (a): ________ Turma: G__<\/p>\n\n\n\n<p class=\"has-medium-font-size\">Professor: Disciplina: Geografia<\/p>\n\n\n\n<p class=\"has-medium-font-size\">Cabe\u00e7alho feito, copie as quest\u00f5es no caderno e em seguida as responda. Consulte o texto e tire d\u00favidas com que estiver te auxiliando na atividade.<\/p>\n\n\n\n<p class=\"has-medium-font-size\">Exerc\u00edcios<\/p>\n\n\n\n<p class=\"has-medium-font-size\">1. Segundo o IBGE, nosso pa\u00eds \u00e9 dividido em quantas regi\u00f5es atualmente? Quais s\u00e3o elas?<\/p>\n\n\n\n<p class=\"has-medium-font-size\">2. Em qual regi\u00e3o voc\u00ea mora? Quais as caracter\u00edsticas dessa regi\u00e3o?<\/p>\n\n\n\n<p class=\"has-medium-font-size\">3. Para que o Brasil fosse dividido em 5 regi\u00f5es, houve v\u00e1rias divis\u00f5es ao longo da hist\u00f3ria. Marque a alternativa que mostra a 1\u00aa divis\u00e3o das terras brasileiras.<\/p>\n\n\n\n<p class=\"has-medium-font-size\">(a) Aconteceu a 1\u00aa divis\u00e3o em 1940.<\/p>\n\n\n\n<p class=\"has-medium-font-size\">(b) Aconteceu a 1\u00aa divis\u00e3o em 1960.<\/p>\n\n\n\n<p class=\"has-medium-font-size\">(c) Aconteceu com as capitanias heredit\u00e1rias, no in\u00edcio da coloniza\u00e7\u00e3o.<\/p>\n\n\n\n<p class=\"has-medium-font-size\">(d) Aconteceu recentemente.<\/p>\n\n\n\n<p class=\"has-medium-font-size\">4. Relacione corretamente:<\/p>\n\n\n\n<div class=\"wp-block-columns is-layout-flex wp-container-core-columns-is-layout-9d6595d7 wp-block-columns-is-layout-flex\">\n<div class=\"wp-block-column is-layout-flow wp-block-column-is-layout-flow\">\n<p class=\"has-medium-font-size\">( 1 ) Regi\u00e3o Centro-Oeste<\/p>\n\n\n\n<p class=\"has-medium-font-size\">( 2 ) Regi\u00e3o Norte<\/p>\n\n\n\n<p class=\"has-medium-font-size\">( 3 ) Regi\u00e3o Sudeste<\/p>\n\n\n\n<p class=\"has-medium-font-size\">( 4 ) Regi\u00e3o Nordeste<\/p>\n<\/div>\n\n\n\n<div class=\"wp-block-column is-layout-flow wp-block-column-is-layout-flow\">\n<p class=\"has-medium-font-size\">( ) 09 Estados<\/p>\n\n\n\n<p class=\"has-medium-font-size\">( ) 04 Estados<\/p>\n\n\n\n<p class=\"has-medium-font-size\">( ) 07 Estados<\/p>\n\n\n\n<p class=\"has-medium-font-size\">( ) 03 Estados<\/p>\n<\/div>\n<\/div>\n\n\n\n<p class=\"has-medium-font-size\">5. Observe as siglas de alguns estados brasileiros e pinte de amarelo apenas aqueles que fazem parte da regi\u00e3o onde voc\u00ea mora:<\/p>\n\n\n\n<figure class=\"wp-block-table alignfull\"><table><tbody><tr><td>AM<\/td><td>MT<\/td><td>GO<\/td><td>ES<\/td><td>SE<\/td><\/tr><tr><td>SP<\/td><td>PA<\/td><td>MS<\/td><td>CE<\/td><td>RS<\/td><\/tr><tr><td>AL<\/td><td>MG<\/td><td>RR<\/td><td>RJ<\/td><td>TO<\/td><\/tr><\/tbody><\/table><\/figure>\n\n\n\n<p class=\"has-vivid-red-background-color has-text-color has-background has-medium-font-size\" style=\"color:#ffffff\"><strong>Saiba Mais | Refer\u00eancias:<\/strong><\/p>\n\n\n\n<p>Divis\u00e3o Regional do Brasil. 2017. Dispon\u00edvel em: <\/p>\n\n\n\n<div class=\"wp-block-buttons is-layout-flex wp-block-buttons-is-layout-flex\">\n<div class=\"wp-block-button\"><a class=\"wp-block-button__link\" href=\"https:\/\/www.ibge.gov.br\/geociencias\/organizacao-do-territorio\/divisao-regional\/15778-divisoes-regionais-do-brasil.html?=&amp;t=sobre\" target=\"_blank\" rel=\"noreferrer noopener\">veja aqui<\/a><\/div>\n<\/div>\n\n\n\n<hr class=\"wp-block-separator\"\/>\n\n\n\n<figure class=\"wp-block-table\"><table><tbody><tr><td><strong>bjeto de Conhecimento<\/strong><\/td><td>Ideias e concep\u00e7\u00f5es sobre a forma\u00e7\u00e3o territorial.<br>As paisagens e a forma\u00e7\u00e3o territorial do Brasil.<\/td><\/tr><tr><td><strong>Habilidades<\/strong><\/td><td> Identificar o imagin\u00e1rio\/conhecimento que os estudantes possuem acerca das paisagens e da forma\u00e7\u00e3o territorial do Brasil.<\/td><\/tr><tr><td><strong>Proponentes\/ Professores:<\/strong><\/td><td>Ruan Pinheiro do Nascimento Faria<\/td><\/tr><tr><td><strong>Institui\u00e7\u00e3o Educacional:<\/strong><\/td><td>Escola Municipal Bernardo \u00c9lis<\/td><\/tr><tr><td><strong>CRE<\/strong><\/td><td>Brasil Di Ramos Caiado<\/td><\/tr><\/tbody><\/table><\/figure>\n\n\n\n<hr class=\"wp-block-separator\"\/>\n\n\n\n<p class=\"has-text-align-center\">Ciclo da Adolesc\u00eancia \u2013 Turma G (7\u00ba ano) \u2013 Ed. Ambiental e Sa\u00fade<\/p>\n\n\n\n<p><\/p>\n","protected":false},"author":28,"featured_media":59087,"template":"","ef_categoria":[15,28],"ef_ano":[89],"ef_componente":[96],"class_list":["post-59081","ensino_fundamental","type-ensino_fundamental","status-publish","has-post-thumbnail","hentry","ef_categoria-ciclo-da-adolescencia-fg","ef_categoria-educacao-ambiental-e-saude-ciclo-da-adolescencia-fg","ef_ano-6o-ano","ef_componente-geografia","entry","has-media"],"acf":[],"_links":{"self":[{"href":"https:\/\/sme.goiania.go.gov.br\/conexaoescola\/wp-json\/wp\/v2\/ensino_fundamental\/59081","targetHints":{"allow":["GET"]}}],"collection":[{"href":"https:\/\/sme.goiania.go.gov.br\/conexaoescola\/wp-json\/wp\/v2\/ensino_fundamental"}],"about":[{"href":"https:\/\/sme.goiania.go.gov.br\/conexaoescola\/wp-json\/wp\/v2\/types\/ensino_fundamental"}],"author":[{"embeddable":true,"href":"https:\/\/sme.goiania.go.gov.br\/conexaoescola\/wp-json\/wp\/v2\/users\/28"}],"version-history":[{"count":0,"href":"https:\/\/sme.goiania.go.gov.br\/conexaoescola\/wp-json\/wp\/v2\/ensino_fundamental\/59081\/revisions"}],"wp:featuredmedia":[{"embeddable":true,"href":"https:\/\/sme.goiania.go.gov.br\/conexaoescola\/wp-json\/wp\/v2\/media\/59087"}],"wp:attachment":[{"href":"https:\/\/sme.goiania.go.gov.br\/conexaoescola\/wp-json\/wp\/v2\/media?parent=59081"}],"wp:term":[{"taxonomy":"ef_categoria","embeddable":true,"href":"https:\/\/sme.goiania.go.gov.br\/conexaoescola\/wp-json\/wp\/v2\/ef_categoria?post=59081"},{"taxonomy":"ef_ano","embeddable":true,"href":"https:\/\/sme.goiania.go.gov.br\/conexaoescola\/wp-json\/wp\/v2\/ef_ano?post=59081"},{"taxonomy":"ef_componente","embeddable":true,"href":"https:\/\/sme.goiania.go.gov.br\/conexaoescola\/wp-json\/wp\/v2\/ef_componente?post=59081"}],"curies":[{"name":"wp","href":"https:\/\/api.w.org\/{rel}","templated":true}]}}