{"id":59074,"date":"2020-11-16T07:00:00","date_gmt":"2020-11-16T09:00:00","guid":{"rendered":"https:\/\/sme.goiania.go.gov.br\/conexaoescola\/?post_type=ensino_fundamental&#038;p=59074"},"modified":"2020-11-17T11:57:49","modified_gmt":"2020-11-17T13:57:49","slug":"a-harmonia-das-cores","status":"publish","type":"ensino_fundamental","link":"https:\/\/sme.goiania.go.gov.br\/conexaoescola\/ensino_fundamental\/a-harmonia-das-cores\/","title":{"rendered":"A Harmonia das Cores"},"content":{"rendered":"\n<p class=\"has-drop-cap has-medium-font-size\">Ol\u00e1! Voc\u00ea gosta de pintar?&nbsp;Na atividade de hoje voc\u00ea ir\u00e1 identificar e diferenciar os tipos de cores ao colorir um desenho. E saber\u00e1 um pouco sobre a vida e obras do artista pl\u00e1stico Romero Britto. Ser\u00e1 muito interessante. Vamos l\u00e1!<\/p>\n\n\n\n<hr class=\"wp-block-separator\"\/>\n\n\n\n<p class=\"has-medium-font-size\">Nas artes, definimos como&nbsp;cores<strong>&nbsp;<\/strong>prim\u00e1rias&nbsp;aquelas que n\u00e3o podem ser obtidas mediante mistura de nenhuma outra cor. Essas cores s\u00e3o o&nbsp;<strong>amarelo<\/strong>, o&nbsp;<strong>azul<\/strong>&nbsp;e o&nbsp;<strong>vermelho.<\/strong>&nbsp;\u00c9 por meio da mistura dessas tr\u00eas cores que obtemos as outras.<\/p>\n\n\n\n<p class=\"has-medium-font-size\">Essa defini\u00e7\u00e3o \u00e9 baseada na&nbsp;teoria<strong>&nbsp;<\/strong>dos<strong>&nbsp;<\/strong>pigmentos, ou seja,&nbsp;forma\u00e7\u00e3o de cores pela pigmenta\u00e7\u00e3o. Por exemplo, a mistura da tinta amarela com uma tinta vermelha gera a cor laranja.&nbsp;<\/p>\n\n\n\n<p class=\"has-medium-font-size\">Tradicionalmente, as cores s\u00e3o classificadas em prim\u00e1rias, secund\u00e1rias e terciarias.&nbsp;<\/p>\n\n\n\n<p class=\"has-background has-large-font-size has-cyan-bluish-gray-background-color\">Veja como cada cor \u00e9 formada na teoria dos pigmentos.<\/p>\n\n\n\n<p class=\"has-medium-font-size\">As&nbsp;<strong>cores quentes<\/strong>&nbsp;s\u00e3o representadas pelo vermelho, amarelo e laranja.&nbsp; As&nbsp;<strong>cores quentes<\/strong>&nbsp;s\u00e3o aquelas que transmitem sensa\u00e7\u00e3o de alegria, descontra\u00e7\u00e3o, calor. Enquanto isso, as&nbsp;<strong>cores frias<\/strong>&nbsp;passam a ideia de calma, tranquilidade, esperan\u00e7a etc. No grupo das&nbsp;<strong>cores quentes<\/strong>&nbsp;est\u00e1 o vermelho, o laranja e o amarelo.<\/p>\n\n\n\n<hr class=\"wp-block-separator\"\/>\n\n\n\n<figure class=\"wp-block-embed-youtube wp-block-embed is-type-video is-provider-youtube wp-embed-aspect-16-9 wp-has-aspect-ratio\"><div class=\"wp-block-embed__wrapper\">\n<p class=\"responsive-video-wrap clr\"><iframe title=\"Cores quentes e frias\" width=\"1200\" height=\"675\" src=\"https:\/\/www.youtube.com\/embed\/AP5aC0GUen0?feature=oembed\" frameborder=\"0\" allow=\"accelerometer; autoplay; clipboard-write; encrypted-media; gyroscope; picture-in-picture\" allowfullscreen><\/iframe><\/p>\n<\/div><figcaption>&#8220;Cores quentes e frias&#8221; Canal:<a href=\"https:\/\/www.youtube.com\/channel\/UChwVnF6IpTUirYYz_8PIyQA\">Vania Lima<\/a> &#8211; https:\/\/www.youtube.com\/watch?v=AP5aC0GUen0&amp;feature=youtu.be<\/figcaption><\/figure>\n\n\n\n<hr class=\"wp-block-separator\"\/>\n\n\n\n<figure class=\"wp-block-embed-youtube wp-block-embed is-type-video is-provider-youtube wp-embed-aspect-16-9 wp-has-aspect-ratio\"><div class=\"wp-block-embed__wrapper\">\n<p class=\"responsive-video-wrap clr\"><iframe title=\"Cores prim\u00e1rias, secund\u00e1rias e terci\u00e1rias\" width=\"1200\" height=\"675\" src=\"https:\/\/www.youtube.com\/embed\/L_QMhbDCfwU?feature=oembed\" frameborder=\"0\" allow=\"accelerometer; autoplay; clipboard-write; encrypted-media; gyroscope; picture-in-picture\" allowfullscreen><\/iframe><\/p>\n<\/div><figcaption>&#8220;Cores prim\u00e1rias, secund\u00e1rias e terci\u00e1rias&#8221; Canal:<a href=\"https:\/\/www.youtube.com\/channel\/UCLrdqmzb3RAXrwRoPPleRcQ\">Art<\/a> &#8211; https:\/\/www.youtube.com\/watch?v=L_QMhbDCfwU&amp;feature=youtu.be<\/figcaption><\/figure>\n\n\n\n<hr class=\"wp-block-separator\"\/>\n\n\n\n<p>Voc\u00ea memorizou quais s\u00e3o as cores quentes? E como as cores podem ser classificadas? D\u00ea uma olhada no esquema abaixo:<\/p>\n\n\n\n<p><img fetchpriority=\"high\" decoding=\"async\" width=\"556\" height=\"417\" alt=\"As cores podem ser classificadas como prim\u00e1rias, secund\u00e1rias e terci\u00e1rias.\" src=\"https:\/\/lh4.googleusercontent.com\/dH962V1mGir-c7YqN5EL5h6HSo1PhilWUKZqNE212MUHhmfip5ypFIjXjn8yE91JMK8zrrpzuW23meNNZw_5oYnPMiHYWHJ7Lw4zYnEHXMFDW58QQja4SR5A0dO7L0JuhsNqs70\"><\/p>\n\n\n\n<h2 class=\"wp-block-heading\">Cores frias, quentes e neutras<\/h2>\n\n\n\n<p class=\"has-medium-font-size\">As cores tamb\u00e9m podem ser denominadas pela sua \u201c<strong>temperatura<\/strong>\u201d, ou seja, de acordo com a&nbsp;<strong>transmiss\u00e3o<\/strong>&nbsp;<strong>de<\/strong>&nbsp;<strong>sensa\u00e7\u00f5es<\/strong>&nbsp;gerada pela tonalidade. Nesse caso, elas s\u00e3o chamadas de neutras, quentes e frias. Confira como \u00e9 a classifica\u00e7\u00e3o:<\/p>\n\n\n\n<p class=\"has-medium-font-size\"><strong>Cores neutras:<\/strong>&nbsp;s\u00e3o as cores que possuem&nbsp;<strong>pouca<\/strong>&nbsp;<strong>reflex\u00e3o<\/strong>&nbsp;da luz.<\/p>\n\n\n\n<p class=\"has-medium-font-size\"><em>Ex.: tons de cinza e de marrom.<\/em><\/p>\n\n\n\n<p class=\"has-medium-font-size\"><strong>Cores quentes:<\/strong>&nbsp;s\u00e3o as cores que podem transmitir uma&nbsp;<strong>sensa\u00e7\u00e3o<\/strong>&nbsp;<strong>de<\/strong>&nbsp;<strong>calor.<\/strong><\/p>\n\n\n\n<p class=\"has-medium-font-size\"><em>Ex.: vermelho, laranja e amarelo.<\/em><\/p>\n\n\n\n<p class=\"has-medium-font-size\"><strong>Cores frias:<\/strong>&nbsp;s\u00e3o as cores que transmitem&nbsp;<strong>sensa\u00e7\u00e3o<\/strong>&nbsp;<strong>de<\/strong>&nbsp;<strong>frio.<\/strong><\/p>\n\n\n\n<p class=\"has-medium-font-size\"><em>Ex.: azul, verde e violeta<\/em><\/p>\n\n\n\n<p class=\"has-text-color has-background has-medium-font-size has-very-light-gray-color has-vivid-red-background-color\">O artista pl\u00e1stico Romero Brito utiliza em suas telas de pintura diversas tonalidades de cores. Assista o v\u00eddeo abaixo:<\/p>\n\n\n\n<figure class=\"wp-block-embed-youtube wp-block-embed is-type-video is-provider-youtube wp-embed-aspect-4-3 wp-has-aspect-ratio\"><div class=\"wp-block-embed__wrapper\">\n<p class=\"responsive-video-wrap clr\"><iframe title=\"Romero Britto\" width=\"1200\" height=\"900\" src=\"https:\/\/www.youtube.com\/embed\/fFCIgIeOmsQ?feature=oembed\" frameborder=\"0\" allow=\"accelerometer; autoplay; clipboard-write; encrypted-media; gyroscope; picture-in-picture\" allowfullscreen><\/iframe><\/p>\n<\/div><figcaption>&#8220;Romero Britto&#8221; Canal:<a href=\"https:\/\/www.youtube.com\/channel\/UCtY6nDUcwACCkhYcmGqrdOg\">Leonardo Rodrigo Silva Victor de Ara\u00fajo<\/a> &#8211; https:\/\/www.youtube.com\/watch?v=fFCIgIeOmsQ<\/figcaption><\/figure>\n\n\n\n<hr class=\"wp-block-separator\"\/>\n\n\n\n<figure class=\"wp-block-embed-youtube wp-block-embed is-type-video is-provider-youtube wp-embed-aspect-16-9 wp-has-aspect-ratio\"><div class=\"wp-block-embed__wrapper\">\n<p class=\"responsive-video-wrap clr\"><iframe title=\"ROMERO BRITTO PARA CRIAN\u00c7AS\" width=\"1200\" height=\"675\" src=\"https:\/\/www.youtube.com\/embed\/FNrwdpn560A?feature=oembed\" frameborder=\"0\" allow=\"accelerometer; autoplay; clipboard-write; encrypted-media; gyroscope; picture-in-picture\" allowfullscreen><\/iframe><\/p>\n<\/div><figcaption>&#8220;ROMERO BRITTO PARA CRIAN\u00c7AS&#8221; Canal:<a href=\"https:\/\/www.youtube.com\/channel\/UCMLvLk-88GcuNlqFrJ2sWaQ\">Professores da EMEI Tr\u00eas Pontes<\/a> &#8211; https:\/\/www.youtube.com\/watch?v=FNrwdpn560A<\/figcaption><\/figure>\n\n\n\n<hr class=\"wp-block-separator\"\/>\n\n\n\n<figure class=\"wp-block-embed-youtube wp-block-embed is-type-video is-provider-youtube wp-embed-aspect-16-9 wp-has-aspect-ratio\"><div class=\"wp-block-embed__wrapper\">\n<p class=\"responsive-video-wrap clr\"><iframe title=\"ROMERO BRITTO\" width=\"1200\" height=\"675\" src=\"https:\/\/www.youtube.com\/embed\/SRSynV95rCY?feature=oembed\" frameborder=\"0\" allow=\"accelerometer; autoplay; clipboard-write; encrypted-media; gyroscope; picture-in-picture\" allowfullscreen><\/iframe><\/p>\n<\/div><figcaption>&#8220;ROMERO BRITTO&#8221; Canal:<a href=\"https:\/\/www.youtube.com\/channel\/UCPvI12EkZ-lJahG_BCvLWaA\">Jana Couto<\/a> &#8211; https:\/\/www.youtube.com\/watch?v=SRSynV95rCY<\/figcaption><\/figure>\n\n\n\n<hr class=\"wp-block-separator\"\/>\n\n\n\n<figure class=\"wp-block-embed-youtube wp-block-embed is-type-video is-provider-youtube wp-embed-aspect-16-9 wp-has-aspect-ratio\"><div class=\"wp-block-embed__wrapper\">\n<p class=\"responsive-video-wrap clr\"><iframe title=\"Quem foi Romero Brito?\" width=\"1200\" height=\"675\" src=\"https:\/\/www.youtube.com\/embed\/RbHNnn6WvSc?feature=oembed\" frameborder=\"0\" allow=\"accelerometer; autoplay; clipboard-write; encrypted-media; gyroscope; picture-in-picture\" allowfullscreen><\/iframe><\/p>\n<\/div><figcaption>&#8220;Quem foi Romero Brito?&#8221; Canal:<a href=\"https:\/\/www.youtube.com\/channel\/UC8VqL0SmqVNRygaKRRBqo7A\">tvsaoluis &#8211; O canal do Col\u00e9gio S\u00e3o Lu\u00eds<\/a> &#8211; https:\/\/www.youtube.com\/watch?v=RbHNnn6WvSc<\/figcaption><\/figure>\n\n\n\n<hr class=\"wp-block-separator\"\/>\n\n\n\n<p class=\"has-text-color has-background has-medium-font-size has-very-light-gray-color has-luminous-vivid-orange-background-color\">Agora utilizando uma camiseta sua, de uma cor clara, voc\u00ea ir\u00e1 customiz\u00e1-la com tinta guache usando as cores quentes. Voc\u00ea pode desenhar algum objeto, animal ou paisagem, ou at\u00e9 mesmo escrever uma linda frase. Solte a sua criatividade. Vamos l\u00e1!<\/p>\n\n\n\n<hr class=\"wp-block-separator\"\/>\n\n\n\n<p><strong>Saiba Mais | Refer\u00eancias:<\/strong><\/p>\n\n\n\n<div class=\"wp-block-columns is-layout-flex wp-container-core-columns-is-layout-9d6595d7 wp-block-columns-is-layout-flex\">\n<div class=\"wp-block-column is-layout-flow wp-block-column-is-layout-flow\">\n<figure class=\"wp-block-embed-youtube wp-block-embed is-type-video is-provider-youtube wp-embed-aspect-16-9 wp-has-aspect-ratio\"><div class=\"wp-block-embed__wrapper\">\n<p class=\"responsive-video-wrap clr\"><iframe title=\"APRENDA A MISTURA DE CORES \/\/ CONTOTOYS\" width=\"1200\" height=\"675\" src=\"https:\/\/www.youtube.com\/embed\/7k7sPKWSq-8?feature=oembed\" frameborder=\"0\" allow=\"accelerometer; autoplay; clipboard-write; encrypted-media; gyroscope; picture-in-picture\" allowfullscreen><\/iframe><\/p>\n<\/div><figcaption>&#8220;APRENDA A MISTURA DE CORES \/\/ CONTOTOYS&#8221; Canal:<a href=\"https:\/\/www.youtube.com\/channel\/UCIil_3MhhhXQI93ejOgC-WA\">CONTOTOYS<\/a> &#8211; https:\/\/www.youtube.com\/watch?v=7k7sPKWSq-8&amp;feature=youtu.be<\/figcaption><\/figure>\n<\/div>\n\n\n\n<div class=\"wp-block-column is-layout-flow wp-block-column-is-layout-flow\">\n<figure class=\"wp-block-embed-youtube wp-block-embed is-type-video is-provider-youtube wp-embed-aspect-16-9 wp-has-aspect-ratio\"><div class=\"wp-block-embed__wrapper\">\n<p class=\"responsive-video-wrap clr\"><iframe title=\"A caixa de l\u00e1pis de cor - Varal de Hist\u00f3rias\" width=\"1200\" height=\"675\" src=\"https:\/\/www.youtube.com\/embed\/qZzqycNZQHo?feature=oembed\" frameborder=\"0\" allow=\"accelerometer; autoplay; clipboard-write; encrypted-media; gyroscope; picture-in-picture\" allowfullscreen><\/iframe><\/p>\n<\/div><figcaption>&#8220;A caixa de l\u00e1pis de cor &#8211; Varal de Hist\u00f3rias&#8221; Canal:<a href=\"https:\/\/www.youtube.com\/user\/VaraldeHistorias\"><\/a> <a href=\"https:\/\/www.youtube.com\/channel\/UCzPvR5EslYq2S-BTmxZl_iQ\">Varal de Hist\u00f3rias<\/a> &#8211; https:\/\/www.youtube.com\/watch?v=qZzqycNZQHo&amp;feature=youtu.be<\/figcaption><\/figure>\n<\/div>\n\n\n\n<div class=\"wp-block-column is-layout-flow wp-block-column-is-layout-flow\">\n<figure class=\"wp-block-embed-youtube wp-block-embed is-type-video is-provider-youtube wp-embed-aspect-16-9 wp-has-aspect-ratio\"><div class=\"wp-block-embed__wrapper\">\n<p class=\"responsive-video-wrap clr\"><iframe title=\"Bom dia todas as cores - Varal de Hist\u00f3rias\" width=\"1200\" height=\"675\" src=\"https:\/\/www.youtube.com\/embed\/lzD3jfsfOQ4?feature=oembed\" frameborder=\"0\" allow=\"accelerometer; autoplay; clipboard-write; encrypted-media; gyroscope; picture-in-picture\" allowfullscreen><\/iframe><\/p>\n<\/div><figcaption>&#8220;Bom dia todas as cores &#8211; Varal de Hist\u00f3rias&#8221; Canal:<a href=\"https:\/\/www.youtube.com\/user\/VaraldeHistorias\"><\/a> <a href=\"https:\/\/www.youtube.com\/channel\/UCzPvR5EslYq2S-BTmxZl_iQ\">Varal de Hist\u00f3rias<\/a> &#8211; https:\/\/www.youtube.com\/watch?v=lzD3jfsfOQ4&amp;feature=youtu.be<\/figcaption><\/figure>\n<\/div>\n<\/div>\n\n\n\n<hr class=\"wp-block-separator\"\/>\n\n\n\n<figure class=\"wp-block-table alignfull\"><table><tbody><tr><td>Objeto de Conhecimento<\/td><td>Classifica\u00e7\u00e3o das cores: Cores prim\u00e1rias, secund\u00e1rias e terci\u00e1rias.<\/td><\/tr><tr><td>Habilidades<\/td><td>(GO-EF03AR02-B)Conhecer os elementos constitutivos das artes visuais, tais como: o ponto, a linha, a forma, a cor, o espa\u00e7o, os planos, a textura, explorando diferentes suportes, ferramentas, materiais, t\u00e9cnicas tradicionais e alternativas, como componentes fundamentais para a composi\u00e7\u00e3o, express\u00e3o e po\u00e9tica art\u00edstica e est\u00e9tica.(GO-EF03AR04-A) Distinguir, experimentar, vivenciar e explorar diferentes formas de express\u00e3o art\u00edstica tais como: desenhos, croquis, pinturas, gravuras, colagens, HQ, dobraduras, esculturas, modelagens, instala\u00e7\u00f5es, v\u00eddeos, fotografias, performances, usando sustentavelmente materiais, instrumentos, recursos, t\u00e9cnicas convencionais, desenvolvendo o senso cr\u00edtico, investigativo e colaborativo. (GO-EF03AR03-A) Conhecer as distintas matrizes est\u00e9ticas e culturais, reconhecendo os artistas que contribuem com a produ\u00e7\u00e3o art\u00edstica local e regional, especificamente, bem como produzir a partir das obras estudadas, desenvolvendo sua criatividade e a po\u00e9tica individual.<\/td><\/tr><\/tbody><\/table><\/figure>\n\n\n\n<hr class=\"wp-block-separator\"\/>\n\n\n\n<figure class=\"wp-block-table alignfull\"><table><tbody><tr><td>Proponentes\/ Professores:<\/td><td>Sonigleicy Nascimento Medeiros.<\/td><\/tr><tr><td>Institui\u00e7\u00e3o Educacional:<\/td><td>Escola Municipal Agripina Teixeira Magalh\u00e3es<\/td><\/tr><tr><td>CRE:<\/td><td>Maria Helena Bretas<\/td><\/tr><\/tbody><\/table><\/figure>\n\n\n\n<hr class=\"wp-block-separator\"\/>\n\n\n\n<p class=\"has-text-align-center\">&nbsp;Ensino Fundamental &#8211; Ciclo da Inf\u00e2ncia &#8211; Turma C &#8211; 3\u00ba ano &#8211; Corpo, Express\u00e3o e Movimento<\/p>\n","protected":false},"author":14,"featured_media":59077,"template":"","ef_categoria":[13,17],"ef_ano":[],"ef_componente":[],"class_list":["post-59074","ensino_fundamental","type-ensino_fundamental","status-publish","has-post-thumbnail","hentry","ef_categoria-ciclo-da-infancia-abc","ef_categoria-corpo-e-movimento","entry","has-media"],"acf":[],"_links":{"self":[{"href":"https:\/\/sme.goiania.go.gov.br\/conexaoescola\/wp-json\/wp\/v2\/ensino_fundamental\/59074","targetHints":{"allow":["GET"]}}],"collection":[{"href":"https:\/\/sme.goiania.go.gov.br\/conexaoescola\/wp-json\/wp\/v2\/ensino_fundamental"}],"about":[{"href":"https:\/\/sme.goiania.go.gov.br\/conexaoescola\/wp-json\/wp\/v2\/types\/ensino_fundamental"}],"author":[{"embeddable":true,"href":"https:\/\/sme.goiania.go.gov.br\/conexaoescola\/wp-json\/wp\/v2\/users\/14"}],"version-history":[{"count":0,"href":"https:\/\/sme.goiania.go.gov.br\/conexaoescola\/wp-json\/wp\/v2\/ensino_fundamental\/59074\/revisions"}],"wp:featuredmedia":[{"embeddable":true,"href":"https:\/\/sme.goiania.go.gov.br\/conexaoescola\/wp-json\/wp\/v2\/media\/59077"}],"wp:attachment":[{"href":"https:\/\/sme.goiania.go.gov.br\/conexaoescola\/wp-json\/wp\/v2\/media?parent=59074"}],"wp:term":[{"taxonomy":"ef_categoria","embeddable":true,"href":"https:\/\/sme.goiania.go.gov.br\/conexaoescola\/wp-json\/wp\/v2\/ef_categoria?post=59074"},{"taxonomy":"ef_ano","embeddable":true,"href":"https:\/\/sme.goiania.go.gov.br\/conexaoescola\/wp-json\/wp\/v2\/ef_ano?post=59074"},{"taxonomy":"ef_componente","embeddable":true,"href":"https:\/\/sme.goiania.go.gov.br\/conexaoescola\/wp-json\/wp\/v2\/ef_componente?post=59074"}],"curies":[{"name":"wp","href":"https:\/\/api.w.org\/{rel}","templated":true}]}}