{"id":59052,"date":"2020-11-16T07:00:00","date_gmt":"2020-11-16T09:00:00","guid":{"rendered":"https:\/\/sme.goiania.go.gov.br\/conexaoescola\/?post_type=ensino_fundamental&#038;p=59052"},"modified":"2021-12-14T11:12:05","modified_gmt":"2021-12-14T13:12:05","slug":"meios-de-comunicacao","status":"publish","type":"ensino_fundamental","link":"https:\/\/sme.goiania.go.gov.br\/conexaoescola\/ensino_fundamental\/meios-de-comunicacao\/","title":{"rendered":"Geografia &#8211; Meios de comunica\u00e7\u00e3o"},"content":{"rendered":"\n<p class=\"has-drop-cap has-medium-font-size\">Ol\u00e1! Hoje vamos aprender sobre os diferentes meios de comunica\u00e7\u00e3o e o seu uso na sociedade. Voc\u00eas sabem o que \u00e9 evolu\u00e7\u00e3o? E o que \u00e9 comunica\u00e7\u00e3o? A evolu\u00e7\u00e3o \u00e9 entendida como o processo atrav\u00e9s do qual ocorrem as mudan\u00e7as ou transforma\u00e7\u00f5es, por isso sempre aparece coisas novas para o nosso dia a dia. E a comunica\u00e7\u00e3o \u00e9 a maneira de transmitir ou receber uma mensagem de outra pessoa. Ser\u00e1 que sempre nos comunicamos da mesma forma? Como n\u00f3s nos comunicamos nos dias de hoje?<\/p>\n\n\n\n<hr class=\"wp-block-separator\"\/>\n\n\n\n<p class=\"has-very-light-gray-color has-vivid-green-cyan-background-color has-text-color has-background has-medium-font-size\">Atividade 1<\/p>\n\n\n\n<p class=\"has-very-dark-gray-color has-very-light-gray-background-color has-text-color has-background has-medium-font-size\"><br>Assista aos v\u00eddeos abaixo e fique sabendo um pouco mais sobre os meios de comunica\u00e7\u00e3o e para que eles servem, e a sua evolu\u00e7\u00e3o.<\/p>\n\n\n\n<figure class=\"wp-block-embed is-type-video is-provider-youtube wp-block-embed-youtube wp-embed-aspect-16-9 wp-has-aspect-ratio\"><div class=\"wp-block-embed__wrapper\">\n<p class=\"responsive-video-wrap clr\"><iframe title=\"Os Meios de Comunica\u00e7\u00e3o | V\u00eddeos Educativos para Crian\u00e7as\" width=\"1200\" height=\"675\" src=\"https:\/\/www.youtube.com\/embed\/9_CQ-nrwqyU?feature=oembed\" frameborder=\"0\" allow=\"accelerometer; autoplay; clipboard-write; encrypted-media; gyroscope; picture-in-picture\" allowfullscreen><\/iframe><\/p>\n<\/div><figcaption>&#8220;Os Meios de Comunica\u00e7\u00e3o | V\u00eddeos Educativos para Crian\u00e7as&#8221; Canal: <a href=\"https:\/\/www.youtube.com\/channel\/UCI8qJCvG6BQWAoS3UYVkMog\">Aula365 &#8211; Brasil<\/a> &#8211; https:\/\/www.youtube.com\/watch?v=9_CQ-nrwqyU<\/figcaption><\/figure>\n\n\n\n<hr class=\"wp-block-separator\"\/>\n\n\n\n<figure class=\"wp-block-embed is-type-video is-provider-youtube wp-block-embed-youtube wp-embed-aspect-16-9 wp-has-aspect-ratio\"><div class=\"wp-block-embed__wrapper\">\n<p class=\"responsive-video-wrap clr\"><iframe title=\"Meios de comunica\u00e7\u00e3o\" width=\"1200\" height=\"675\" src=\"https:\/\/www.youtube.com\/embed\/2w3Ur5S01dc?feature=oembed\" frameborder=\"0\" allow=\"accelerometer; autoplay; clipboard-write; encrypted-media; gyroscope; picture-in-picture\" allowfullscreen><\/iframe><\/p>\n<\/div><figcaption>&#8220;Meios de comunica\u00e7\u00e3o&#8221; Canal : <a href=\"https:\/\/www.youtube.com\/channel\/UCQxYxduzEGb_YwmUtu3AQJg\">Professora Vilma Ribeiro<\/a> &#8211; https:\/\/www.youtube.com\/watch?v=2w3Ur5S01dc<\/figcaption><\/figure>\n\n\n\n<p class=\"has-medium-font-size\">Agora que voc\u00ea j\u00e1 sabe o que \u00e9 meios de comunica\u00e7\u00e3o, e para que eles servem, escreva uma lista de meios de comunica\u00e7\u00e3o que voc\u00ea conhece. Voc\u00ea viu que os meios de comunica\u00e7\u00e3o evolu\u00edram bastante. Converse com adulto que voc\u00ea convive e escreva as principais mudan\u00e7as ocorridas na maneira de comunicar.<\/p>\n\n\n\n<p class=\"has-very-light-gray-color has-vivid-green-cyan-background-color has-text-color has-background has-medium-font-size\">Atividade 2<\/p>\n\n\n\n<p class=\"has-medium-font-size\"><br>Pense e responda:<\/p>\n\n\n\n<p class=\"has-medium-font-size\">Quais os meios que comunica\u00e7\u00e3o voc\u00ea usa:<\/p>\n\n\n\n<p class=\"has-medium-font-size\">Quando quer falar ou enviar mensagem para algu\u00e9m que est\u00e1 longe?<\/p>\n\n\n\n<p class=\"has-medium-font-size\">Quando quer ouvir m\u00fasicas?<\/p>\n\n\n\n<p class=\"has-medium-font-size\">Quando quer assistir um desenho animado bem legal ou saber alguma not\u00edcia?<\/p>\n\n\n\n<p class=\"has-medium-font-size\">Quando quer ler uma hist\u00f3ria?<\/p>\n\n\n\n<p class=\"has-very-light-gray-color has-vivid-green-cyan-background-color has-text-color has-background has-medium-font-size\"><br>Atividade 3<\/p>\n\n\n\n<p><br>Ou\u00e7a o poema musicado e em seguida leia atentamente a letra.<\/p>\n\n\n\n<figure class=\"wp-block-embed is-type-video is-provider-youtube wp-block-embed-youtube wp-embed-aspect-16-9 wp-has-aspect-ratio\"><div class=\"wp-block-embed__wrapper\">\n<p class=\"responsive-video-wrap clr\"><iframe title=\"SOMBRA BOA - CD CRIANCEIRAS MANOEL DE BARROS\" width=\"1200\" height=\"675\" src=\"https:\/\/www.youtube.com\/embed\/kE0jaRZavq0?feature=oembed\" frameborder=\"0\" allow=\"accelerometer; autoplay; clipboard-write; encrypted-media; gyroscope; picture-in-picture\" allowfullscreen><\/iframe><\/p>\n<\/div><figcaption>&#8220;SOMBRA BOA &#8211; CD CRIANCEIRAS MANOEL DE BARROS&#8221; Canal: <a href=\"https:\/\/www.youtube.com\/channel\/UCkNefhHlJ5b08HljuGyMmhw\">Crianceiras<\/a> &#8211; https:\/\/www.youtube.com\/watch?v=kE0jaRZavq0<\/figcaption><\/figure>\n\n\n\n<p><img fetchpriority=\"high\" decoding=\"async\" width=\"255\" height=\"255\" src=\"https:\/\/lh5.googleusercontent.com\/HGeeiJuzO36At5Bwaxd3xg_2XaEYrrxq9yCz4wfJLdL6ncRjtqmBD3O9Ak4mVYR2xuMzUxFaNpJl8ZluaCNz9CbcuxhhUu0VpqKioc4d3-ZoBxpQm-uyzW6SZGTFKImc4HR0MW9N\"><\/p>\n\n\n\n<blockquote class=\"wp-block-quote is-layout-flow wp-block-quote-is-layout-flow\"><p><\/p><cite><em>Fonte: https:\/\/br.pinterest.com\/pin\/558235316314722162\/<\/em><\/cite><\/blockquote>\n\n\n\n<p class=\"has-medium-font-size\">No poema fala de um meio de comunica\u00e7\u00e3o chamado e-mail. Voc\u00ea sabe o que \u00e9 um e-mail? Converse com um adulto e tente explicar o que \u00e9.<\/p>\n\n\n\n<p class=\"has-medium-font-size\">Atividade 4<\/p>\n\n\n\n<p class=\"has-medium-font-size\"><br>Voc\u00ea conhece a brincadeira do Telefone sem Fio?<br>O Telefone sem fio \u00e9 uma tradicional brincadeira popular, antiga, que nada mais \u00e9 que duas latas, copos ou potes com um furo no fundo e um barbante longo com as pontas presas nesses furos. Com o barbante esticado, uma pessoa fala com a boca pr\u00f3xima a uma das latas, outra pessoa pode escutar colocando o ouvido pr\u00f3ximo da outra lata.<br>Quer fazer um telefone sem fio, para brincar com seus amigos ou fam\u00edlia? Pe\u00e7a ajuda a um adulto e m\u00e3os a obra!<\/p>\n\n\n\n<p><img decoding=\"async\" width=\"373\" height=\"194\" src=\"https:\/\/lh6.googleusercontent.com\/mFCvSzphvZjWtvp2S7gxzJ59CErveXtMblUz44SqVuOO-dt9Ovir3IRPQfUlQUtXLbn1MCUQwAmg242MutJXdbkM0qjlfA6AtMQLVL271IF-4pm9Iu4Dp_kQglRQ_wXk1q2HakyO\"><\/p>\n\n\n\n<blockquote class=\"wp-block-quote is-layout-flow wp-block-quote-is-layout-flow\"><p><\/p><cite><em>Fonte: http:\/\/massacuca.com\/wp-content\/uploads\/2015\/10\/telefone4.jpg<\/em><\/cite><\/blockquote>\n\n\n\n<p>Voc\u00ea vai precisar de copos descart\u00e1veis, latas ou potes de iogurtes, barbante, cola e papel colorido. Acesse ao v\u00eddeo e veja como fazer <\/p>\n\n\n\n<figure class=\"wp-block-embed is-type-video is-provider-youtube wp-block-embed-youtube wp-embed-aspect-4-3 wp-has-aspect-ratio\"><div class=\"wp-block-embed__wrapper\">\n<p class=\"responsive-video-wrap clr\"><iframe title=\"Experi\u00eancia - Telefone de copo (barbante)\" width=\"1200\" height=\"900\" src=\"https:\/\/www.youtube.com\/embed\/PArIr5GtEvQ?feature=oembed\" frameborder=\"0\" allow=\"accelerometer; autoplay; clipboard-write; encrypted-media; gyroscope; picture-in-picture\" allowfullscreen><\/iframe><\/p>\n<\/div><figcaption>&#8220;Experi\u00eancia &#8211; Telefone de copo (barbante)&#8221; Canal: <a href=\"https:\/\/www.youtube.com\/channel\/UC6ZLAfEnF39S8UMpzhzAG-Q\">Saevinho Saev<\/a> &#8211; https:\/\/www.youtube.com\/watch?v=PArIr5GtEvQ<\/figcaption><\/figure>\n\n\n\n<hr class=\"wp-block-separator\"\/>\n\n\n\n<p><strong>Saiba Mais Refer\u00eancias:<\/strong><\/p>\n\n\n\n<div class=\"wp-block-columns is-layout-flex wp-container-core-columns-is-layout-9d6595d7 wp-block-columns-is-layout-flex\">\n<div class=\"wp-block-column is-layout-flow wp-block-column-is-layout-flow\">\n<figure class=\"wp-block-embed is-type-video is-provider-youtube wp-block-embed-youtube wp-embed-aspect-16-9 wp-has-aspect-ratio\"><div class=\"wp-block-embed__wrapper\">\n<p class=\"responsive-video-wrap clr\"><iframe title=\"Meios de comunica\u00e7\u00e3o\" width=\"1200\" height=\"675\" src=\"https:\/\/www.youtube.com\/embed\/MDky6eRYu-Q?feature=oembed\" frameborder=\"0\" allow=\"accelerometer; autoplay; clipboard-write; encrypted-media; gyroscope; picture-in-picture\" allowfullscreen><\/iframe><\/p>\n<\/div><figcaption>&#8220;Meios de comunica\u00e7\u00e3o&#8221; Canal: <a href=\"https:\/\/www.youtube.com\/channel\/UCjcdIV6DiryrKRSGESul1EQ\">Rachel Antonialli<\/a> &#8211; https:\/\/www.youtube.com\/watch?v=MDky6eRYu-Q<\/figcaption><\/figure>\n<\/div>\n\n\n\n<div class=\"wp-block-column is-layout-flow wp-block-column-is-layout-flow\">\n<figure class=\"wp-block-embed is-type-video is-provider-youtube wp-block-embed-youtube wp-embed-aspect-4-3 wp-has-aspect-ratio\"><div class=\"wp-block-embed__wrapper\">\n<p class=\"responsive-video-wrap clr\"><iframe title=\"De Onde Vem a TV? #Epis\u00f3dio 2\" width=\"1200\" height=\"900\" src=\"https:\/\/www.youtube.com\/embed\/Wm6bPczw5Ls?feature=oembed\" frameborder=\"0\" allow=\"accelerometer; autoplay; clipboard-write; encrypted-media; gyroscope; picture-in-picture\" allowfullscreen><\/iframe><\/p>\n<\/div><figcaption>&#8220;De Onde Vem a TV? <a href=\"https:\/\/www.youtube.com\/results?search_query=%23Epis%C3%B3dio\">#Epis\u00f3dio<\/a> 2&#8243; Canal:<a href=\"https:\/\/www.youtube.com\/channel\/UCEqIxM3b47mxLyStbDGa8xw\">De Onde Vem?<\/a> &#8211; https:\/\/www.youtube.com\/watch?v=Wm6bPczw5Ls<\/figcaption><\/figure>\n<\/div>\n\n\n\n<div class=\"wp-block-column is-layout-flow wp-block-column-is-layout-flow\">\n<figure class=\"wp-block-embed is-type-video is-provider-youtube wp-block-embed-youtube wp-embed-aspect-16-9 wp-has-aspect-ratio\"><div class=\"wp-block-embed__wrapper\">\n<p class=\"responsive-video-wrap clr\"><iframe title=\"A EVOLU\u00c7\u00c3O DOS MEIOS DE COMUNICA\u00c7\u00c3O\" width=\"1200\" height=\"675\" src=\"https:\/\/www.youtube.com\/embed\/R4FNszkxFYY?feature=oembed\" frameborder=\"0\" allow=\"accelerometer; autoplay; clipboard-write; encrypted-media; gyroscope; picture-in-picture\" allowfullscreen><\/iframe><\/p>\n<\/div><figcaption>&#8220;A EVOLU\u00c7\u00c3O DOS MEIOS DE COMUNICA\u00c7\u00c3O&#8221; Canal:<a href=\"https:\/\/www.youtube.com\/channel\/UCi7iZZDDp8tG6Mv6tmjVJMQ\">CliqueEducativo<\/a> &#8211; https:\/\/www.youtube.com\/watch?v=R4FNszkxFYY<\/figcaption><\/figure>\n<\/div>\n<\/div>\n\n\n\n<div class=\"wp-block-columns is-layout-flex wp-container-core-columns-is-layout-9d6595d7 wp-block-columns-is-layout-flex\">\n<div class=\"wp-block-column is-layout-flow wp-block-column-is-layout-flow\">\n<figure class=\"wp-block-embed is-type-video is-provider-youtube wp-block-embed-youtube wp-embed-aspect-16-9 wp-has-aspect-ratio\"><div class=\"wp-block-embed__wrapper\">\n<p class=\"responsive-video-wrap clr\"><iframe title=\"Rap dos Meios de Comunica\u00e7\u00e3o | ESCOLA POPEYE | M\u00daSICAS INFANTIS\" width=\"1200\" height=\"675\" src=\"https:\/\/www.youtube.com\/embed\/S1JIYB8dOHk?feature=oembed\" frameborder=\"0\" allow=\"accelerometer; autoplay; clipboard-write; encrypted-media; gyroscope; picture-in-picture\" allowfullscreen><\/iframe><\/p>\n<\/div><figcaption>&#8220;Rap dos Meios de Comunica\u00e7\u00e3o | ESCOLA POPEYE | M\u00daSICAS INFANTIS&#8221; Canal:<a href=\"https:\/\/www.youtube.com\/channel\/UCWisO7ent6JqsvkAq-NeZ5A\"><\/a> <a href=\"https:\/\/www.youtube.com\/channel\/UCWisO7ent6JqsvkAq-NeZ5A\">Escola Popeye<\/a> &#8211; https:\/\/www.youtube.com\/watch?v=S1JIYB8dOHk<\/figcaption><\/figure>\n<\/div>\n\n\n\n<div class=\"wp-block-column is-layout-flow wp-block-column-is-layout-flow\"><\/div>\n\n\n\n<div class=\"wp-block-column is-layout-flow wp-block-column-is-layout-flow\"><\/div>\n<\/div>\n\n\n\n<hr class=\"wp-block-separator\"\/>\n\n\n\n<figure class=\"wp-block-table alignfull\"><table><tbody><tr><td>Objeto de Conhecimento<\/td><td>Comparar diferentes meios de comunica\u00e7\u00e3o, suas funcionalidades e evolu\u00e7\u00e3o ao longo do tempo.<\/td><\/tr><tr><td>Habilidades<\/td><td>(EF02GE03-B) Identificar e comparar os diferentes meios de comunica\u00e7\u00e3o, reconhecer seus usos sociais e impactos ambientais gerados a partir deles, em diferentes tempos e espa\u00e7os.<\/td><\/tr><\/tbody><\/table><\/figure>\n\n\n\n<hr class=\"wp-block-separator\"\/>\n\n\n\n<figure class=\"wp-block-table alignfull\"><table><tbody><tr><td>Proponentes\/ Professores:<\/td><td>Alexandra Pereira Meneses e Adriana Ferreira Jesus<\/td><\/tr><tr><td>Institui\u00e7\u00e3o<br>Educacional:<\/td><td>Escola Municipal Eli Brasiliense<\/td><\/tr><tr><td>CRE:<\/td><td>Jarbas Jayme<\/td><\/tr><\/tbody><\/table><\/figure>\n\n\n\n<hr class=\"wp-block-separator\"\/>\n\n\n\n<p>Ensino Fundamental &#8211; Ciclo da Inf\u00e2ncia \u2013 Turma B &#8211; 2 \u030a ano &#8211; Experi\u00eancias e Curiosidades<\/p>\n","protected":false},"author":24,"featured_media":59056,"template":"","ef_categoria":[13,21],"ef_ano":[85],"ef_componente":[96],"class_list":["post-59052","ensino_fundamental","type-ensino_fundamental","status-publish","has-post-thumbnail","hentry","ef_categoria-ciclo-da-infancia-abc","ef_categoria-experiencias-e-curiosidades","ef_ano-2o-ano","ef_componente-geografia","entry","has-media"],"acf":[],"_links":{"self":[{"href":"https:\/\/sme.goiania.go.gov.br\/conexaoescola\/wp-json\/wp\/v2\/ensino_fundamental\/59052","targetHints":{"allow":["GET"]}}],"collection":[{"href":"https:\/\/sme.goiania.go.gov.br\/conexaoescola\/wp-json\/wp\/v2\/ensino_fundamental"}],"about":[{"href":"https:\/\/sme.goiania.go.gov.br\/conexaoescola\/wp-json\/wp\/v2\/types\/ensino_fundamental"}],"author":[{"embeddable":true,"href":"https:\/\/sme.goiania.go.gov.br\/conexaoescola\/wp-json\/wp\/v2\/users\/24"}],"version-history":[{"count":0,"href":"https:\/\/sme.goiania.go.gov.br\/conexaoescola\/wp-json\/wp\/v2\/ensino_fundamental\/59052\/revisions"}],"wp:featuredmedia":[{"embeddable":true,"href":"https:\/\/sme.goiania.go.gov.br\/conexaoescola\/wp-json\/wp\/v2\/media\/59056"}],"wp:attachment":[{"href":"https:\/\/sme.goiania.go.gov.br\/conexaoescola\/wp-json\/wp\/v2\/media?parent=59052"}],"wp:term":[{"taxonomy":"ef_categoria","embeddable":true,"href":"https:\/\/sme.goiania.go.gov.br\/conexaoescola\/wp-json\/wp\/v2\/ef_categoria?post=59052"},{"taxonomy":"ef_ano","embeddable":true,"href":"https:\/\/sme.goiania.go.gov.br\/conexaoescola\/wp-json\/wp\/v2\/ef_ano?post=59052"},{"taxonomy":"ef_componente","embeddable":true,"href":"https:\/\/sme.goiania.go.gov.br\/conexaoescola\/wp-json\/wp\/v2\/ef_componente?post=59052"}],"curies":[{"name":"wp","href":"https:\/\/api.w.org\/{rel}","templated":true}]}}