{"id":58973,"date":"2020-11-16T06:55:00","date_gmt":"2020-11-16T08:55:00","guid":{"rendered":"https:\/\/sme.goiania.go.gov.br\/conexaoescola\/?post_type=ensino_fundamental&#038;p=58973"},"modified":"2020-11-10T16:47:46","modified_gmt":"2020-11-10T18:47:46","slug":"trocando-ideias-fazer-musica-e-criar-entre-ritmos-e-sons","status":"publish","type":"ensino_fundamental","link":"https:\/\/sme.goiania.go.gov.br\/conexaoescola\/ensino_fundamental\/trocando-ideias-fazer-musica-e-criar-entre-ritmos-e-sons\/","title":{"rendered":"Trocando ideias fazer m\u00fasica e criar\\ entre ritmos e sons"},"content":{"rendered":"\n<p style=\"background-color:#ffffff;color:#000000\" class=\"has-text-color has-background has-drop-cap has-medium-font-size\">Bom dia! Hoje vamos conversar sobre a hist\u00f3ria da m\u00fasica brasileira, que come\u00e7ou l\u00e1 na Pr\u00e9-Hist\u00f3ria, mas atrav\u00e9s de estudos realizados chegou-se a conclus\u00e3o de que provavelmente, o homem da Pr\u00e9-Hist\u00f3ria come\u00e7ou a fazer m\u00fasica por meio de gritos, batendo palmas, p\u00e9s. A palavra m\u00fasica vem do grego mouseke, em homenagem as nove musas que eram deusas da inspira\u00e7\u00e3o. Os gregos pintavam cenas de m\u00fasicas nos vasos. Em Roma os romanos, usavam m\u00fasicas nas pe\u00e7as de teatro. As lutas dos gladiadores eram acompanhadas por m\u00fasica pr\u00f3pria para a ocasi\u00e3o. Os romanos tocavam trombetas, flautas, pratos e tambores. Nas aldeias da \u00e1frica a m\u00fasica acompanha o dia- a -dia das pessoas, um casamento um nascimento. No Brasil a influ\u00eancia musical vinha de Portugal. A riqueza r\u00edtmica da nossa m\u00fasica \u00e9 devida a influ\u00eancia Africana. A m\u00fasica faz parte das tradi\u00e7\u00f5es e costumes de um povo, poderemos verificar nos Par\u00e2metros Curriculares Nacionais de Arte, 2001:<\/p>\n\n\n\n<div class=\"wp-block-columns is-layout-flex wp-container-core-columns-is-layout-9d6595d7 wp-block-columns-is-layout-flex\">\n<div class=\"wp-block-column is-layout-flow wp-block-column-is-layout-flow\"><\/div>\n\n\n\n<div class=\"wp-block-column is-layout-flow wp-block-column-is-layout-flow\">\n<p class=\"has-text-align-right\">[\u2026]m\u00fasica sempre esteve associada \u00e0s tradi\u00e7\u00f5es e \u00e0s culturas de cada \u00e9poca. Atualmente, o desenvolvimento tecnol\u00f3gico aplicado \u00e0s comunica\u00e7\u00f5es vem modificando consideravelmente as refer\u00eancias musicais das sociedades pela possibilidade de uma escuta simult\u00e2nea de toda produ\u00e7\u00e3o mundial por meio de discos, fitas, r\u00e1dio, televis\u00e3o, computador, jogos eletr\u00f4nicos, cinema, publicidade, etc.<\/p>\n<\/div>\n<\/div>\n\n\n\n<p class=\"has-medium-font-size\">Diante dessas reflex\u00f5es irei propor uma discuss\u00e3o sobre as refer\u00eancias musicais com as quais os estudantes j\u00e1 tiveram contato. Como a m\u00fasica se insere nas atividades que desenvolvem nos contextos culturais citados, valorizado e acolhendo todos os exemplos mencionados. Que as m\u00fasicas que ouvimos comp\u00f5em nossa cultura musical e s\u00e3o combinadas e reformuladas quando nos envolver em processos de cria\u00e7\u00e3o. Por isso, \u00e9 importante estar aberto a ouvir v\u00e1rios tipos de m\u00fasica, ampliando nosso repertorio e cultura musical.<\/p>\n\n\n\n<p style=\"color:#000000\" class=\"has-text-color has-background has-medium-font-size has-very-light-gray-background-color\"><strong>ATIVIDADES<\/strong><\/p>\n\n\n\n<p class=\"has-medium-font-size\"><strong>1\u00b0.<\/strong> Diagnosticar qual \u00e9 a experi\u00eancia pr\u00e9via da turma no que diz respeito aos processos criativo em m\u00fasica, atrav\u00e9s de anota\u00e7\u00f5es em bloco de notas (digital) ou no caderno. <\/p>\n\n\n\n<p class=\"has-medium-font-size\"><strong>2\u00b0.<\/strong> Ap\u00f3s as anota\u00e7\u00f5es nos cadernos, ser\u00e1 pedido para que a sala assista o document\u00e1rio \u2013 hist\u00f3ria da m\u00fasica Brasileira Capitulo 1: primeiros tempos da m\u00fasica no Brasil, por Ant\u00f4nio Gast\u00e3o.<\/p>\n\n\n\n<figure class=\"wp-block-embed-youtube wp-block-embed is-type-video is-provider-youtube wp-embed-aspect-4-3 wp-has-aspect-ratio\"><div class=\"wp-block-embed__wrapper\">\n<p class=\"responsive-video-wrap clr\"><iframe title=\"Hist\u00f3ria da M\u00fasica Brasileira   Cap 1 Introdu\u00e7\u00e3o  primeiros tempos da mu\u0301sica no Brasil\" width=\"1200\" height=\"900\" src=\"https:\/\/www.youtube.com\/embed\/jPE3v2ngAU8?feature=oembed\" frameborder=\"0\" allow=\"accelerometer; autoplay; clipboard-write; encrypted-media; gyroscope; picture-in-picture\" allowfullscreen><\/iframe><\/p>\n<\/div><figcaption><a href=\"https:\/\/www.youtube.com\/watch?v=jPE3v2ngAU8\" target=\"_blank\" rel=\"noreferrer noopener\">Hist\u00f3ria da M\u00fasica Brasileira Cap 1 Introdu\u00e7\u00e3o primeiros tempos da m\u00fasica no Brasil &#8211; Canal Ant\u00f4nio Gast\u00e3o &#8211; YouTube<\/a><\/figcaption><\/figure>\n\n\n\n<hr class=\"wp-block-separator\"\/>\n\n\n\n<p class=\"has-medium-font-size\"><strong>3\u00b0.<\/strong> Ao termino do document\u00e1rio ser\u00e1 trabalhando mais sobre refer\u00eancias da inf\u00e2ncia dos estudantes, associando o v\u00eddeo da hist\u00f3ria da m\u00fasica Brasileira com o v\u00eddeo \u2018ta na roda\u2019 https:\/\/www.youtube.com\/watch?v=1cMf1MPRv-M solicitarei aos estudantes que voltem para as anota\u00e7\u00f5es no caderno identificado os tipos de Sons corporais e sons ambientes nos v\u00eddeos, atrav\u00e9s de anota\u00e7\u00f5es em bloco de notas (digital) ou no caderno.<\/p>\n\n\n\n<p class=\"has-medium-font-size\"><strong>4\u00b0.<\/strong> ap\u00f3s as apresenta\u00e7\u00f5es dos v\u00eddeos ser\u00e1 realizada uma atividade onde os estudantes ir\u00e3o criar uma can\u00e7\u00e3o pr\u00f3pria entre o que foi apresentado nas can\u00e7\u00f5es, e o conte\u00fado apresentado nesta aula, via aplicativo onde os professores possam interagir com os estudantes.<\/p>\n\n\n\n<p style=\"background-color:#000000;color:#ffffff\" class=\"has-text-color has-background has-medium-font-size\"><strong>Saiba Mais | Refer\u00eancias:<\/strong><\/p>\n\n\n\n<p class=\"has-medium-font-size\">Apoema: arte 6 \/ Auber Bettinelli..[ET al.]. 1. Ed .\u2014S\u00e3o Paulo :editora do Brasil, 2018. \u2013 (COLE\u00c7AO APOEMA).<br>BRASIL. Par\u00e2metros Curriculares Nacionais: arte \/ Secretaria de Educa\u00e7\u00e3o Fundamental. Bras\u00edlia: MEC\/SEF, 1997b.<br>BRITO, Teca Alencar de. M\u00fasica na Educa\u00e7\u00e3o Infantil: propostas para forma\u00e7\u00e3o<br>integral da crian\u00e7a. 2\u00aa ed. S\u00e3o Paulo: Petr\u00f3polis, 2003.<br>FREIRE, Paulo. Pedagogia da autonomia: Saberes Necess\u00e1rios \u00e1 pratica Educativa\/ 43\u00aaedi\u00e7\u00e3o, S\u00e3o Paulo: Paz e terra 2011. FREIRE, Paulo. Pedagogia do oprimido -50\u00aa. Ed. Ver. E atul . \u2013 Rio de Janeiro: Paz e terra, 2011.<br>FREIRE, Paulo. Educa\u00e7\u00e3o como pr\u00e1tica da liberdade. 10 ed. Rio de Janeiro: Paz e Terra, 1980.<br><a rel=\"noreferrer noopener\" href=\"https:\/\/www.youtube.com\/watch?v=jPE3v2ngAU8\" target=\"_blank\"><strong>https:\/\/www.youtube.com\/watch?v=jPE3v2ngAU8<\/strong><\/a><br><a rel=\"noreferrer noopener\" href=\"https:\/\/www.youtube.com\/watch?v=wK2SvnhUO5s\" target=\"_blank\"><strong>https:\/\/www.youtube.com\/watch?v=wK2SvnhUO5s<\/strong><\/a><\/p>\n\n\n\n<figure class=\"wp-block-table\"><table><tbody><tr><td><strong>Objeto de Conhecimento<\/strong><\/td><td>Materialidades e imaterialidades: Tecnologias e recursos digitais.<br>Contextos e Praticas: A m\u00fasica nas manifesta\u00e7\u00f5es culturais e Goi\u00e1s. Materialidades: Sons corporais e sons do ambiente. Nota\u00e7\u00e3o e Registro Musical: Formas de registro do som.<\/td><\/tr><tr><td><strong>Habilidades<\/strong><\/td><td>(GO-EF06AR26) Explorar diferentes tecnologias e recursos digitais, como: multimeios, anima\u00e7\u00f5es, jogos eletr\u00f4nicos, grava\u00e7\u00e3o em \u00e1udio e v\u00eddeo, fotografia, softwares, nos processos de cria\u00e7\u00e3o e intera\u00e7\u00e3o art\u00edstica, estabelecendo rela\u00e7\u00f5es e di\u00e1logos contextualizados, aproximando realidades distintas.<br>(GO-EF06AR13-B\/C) Aprofundar os conhecimentos a respeito de manifesta\u00e7\u00f5es culturais do estado de Goi\u00e1s, entendendo seu contexto hist\u00f3rico e social, identificando e analisando como a m\u00fasica se apresenta nesses eventos.<br>(GO-EF06AR37) Explorar sonoridades em diversos objetos, em materiais do ambiente e no corpo, instrumentos de pratica musical.<br>(GO-EF06AR16-A\/C) Compreender a necessidade do registro musical, conhecendo e identificando os diferentes tipos de registros: convencional e n\u00e3o convencional.<\/td><\/tr><tr><td><strong>Proponentes\/ Professores:<\/strong><\/td><td>Edinalva Rodrigues da Silva<\/td><\/tr><tr><td><strong>Institui\u00e7\u00e3o Educacional:<\/strong><\/td><td>Escola Municipal Nova Conquista<\/td><\/tr><tr><td><strong>CRE:<\/strong><\/td><td>Bretas<\/td><\/tr><\/tbody><\/table><\/figure>\n\n\n\n<hr class=\"wp-block-separator is-style-wide\"\/>\n\n\n\n<p class=\"has-text-align-center\">Ciclo da Adolesc\u00eancia \u2013 Turma F (6\u00ba ano) \u2013 \u00c9tica e Cidadania<\/p>\n","protected":false},"author":28,"featured_media":58984,"template":"","ef_categoria":[15,30],"ef_ano":[],"ef_componente":[],"class_list":["post-58973","ensino_fundamental","type-ensino_fundamental","status-publish","has-post-thumbnail","hentry","ef_categoria-ciclo-da-adolescencia-fg","ef_categoria-etica-e-cidadania-ciclo-da-adolescencia-fg","entry","has-media"],"acf":[],"_links":{"self":[{"href":"https:\/\/sme.goiania.go.gov.br\/conexaoescola\/wp-json\/wp\/v2\/ensino_fundamental\/58973","targetHints":{"allow":["GET"]}}],"collection":[{"href":"https:\/\/sme.goiania.go.gov.br\/conexaoescola\/wp-json\/wp\/v2\/ensino_fundamental"}],"about":[{"href":"https:\/\/sme.goiania.go.gov.br\/conexaoescola\/wp-json\/wp\/v2\/types\/ensino_fundamental"}],"author":[{"embeddable":true,"href":"https:\/\/sme.goiania.go.gov.br\/conexaoescola\/wp-json\/wp\/v2\/users\/28"}],"version-history":[{"count":0,"href":"https:\/\/sme.goiania.go.gov.br\/conexaoescola\/wp-json\/wp\/v2\/ensino_fundamental\/58973\/revisions"}],"wp:featuredmedia":[{"embeddable":true,"href":"https:\/\/sme.goiania.go.gov.br\/conexaoescola\/wp-json\/wp\/v2\/media\/58984"}],"wp:attachment":[{"href":"https:\/\/sme.goiania.go.gov.br\/conexaoescola\/wp-json\/wp\/v2\/media?parent=58973"}],"wp:term":[{"taxonomy":"ef_categoria","embeddable":true,"href":"https:\/\/sme.goiania.go.gov.br\/conexaoescola\/wp-json\/wp\/v2\/ef_categoria?post=58973"},{"taxonomy":"ef_ano","embeddable":true,"href":"https:\/\/sme.goiania.go.gov.br\/conexaoescola\/wp-json\/wp\/v2\/ef_ano?post=58973"},{"taxonomy":"ef_componente","embeddable":true,"href":"https:\/\/sme.goiania.go.gov.br\/conexaoescola\/wp-json\/wp\/v2\/ef_componente?post=58973"}],"curies":[{"name":"wp","href":"https:\/\/api.w.org\/{rel}","templated":true}]}}