{"id":58964,"date":"2020-11-16T06:55:00","date_gmt":"2020-11-16T08:55:00","guid":{"rendered":"https:\/\/sme.goiania.go.gov.br\/conexaoescola\/?post_type=ensino_fundamental&#038;p=58964"},"modified":"2021-11-10T12:30:54","modified_gmt":"2021-11-10T14:30:54","slug":"efeito-estufa-sua-importancia-e-consequencias-futuras","status":"publish","type":"ensino_fundamental","link":"https:\/\/sme.goiania.go.gov.br\/conexaoescola\/ensino_fundamental\/efeito-estufa-sua-importancia-e-consequencias-futuras\/","title":{"rendered":"Geografia &#8211; Efeito estufa: sua import\u00e2ncia e consequ\u00eancias futuras"},"content":{"rendered":"\n<p class=\"has-drop-cap has-light-green-cyan-background-color has-text-color has-background has-medium-font-size\" style=\"color:#000000\">Ol\u00e1! Tudo bem? Nesta aula estudaremos sobre efeito estufa e camada de oz\u00f4nio. Voc\u00ea sabe qual a import\u00e2ncia do efeito estuda para a vida terrestre? Como conscientizar sobre os cuidados para evitar o aquecimento global? Quais s\u00e3o as consequ\u00eancias do aquecimento global? O que \u00e9 camada de oz\u00f4nio e qual a sua import\u00e2ncia? O que s\u00e3o os CFC\u2019s? Como posso contribuir para evitar o aquecimento global e preservar a camada de oz\u00f4nio?<\/p>\n\n\n\n<p class=\"has-very-light-gray-background-color has-background has-medium-font-size\"><strong>TEXTO 1<\/strong><\/p>\n\n\n\n<p class=\"has-medium-font-size\">Na atmosfera terrestre est\u00e3o presentes alguns gases (g\u00e1s carb\u00f4nico, vapor de \u00e1gua e metano) que atuam em escala global, retardando a emiss\u00e3o de calor pelo planeta. Portanto, parte da energia proveniente do Sol, fica \u201cretida\u201d na Terra, fazendo com que a temperatura do planeta seja superior \u00e0 que seria esperada. Esse processo contribui para o aquecimento da Terra, sendo chamado de \u201c<em>Efeito Estufa\u201d.<\/em><\/p>\n\n\n\n<p class=\"has-medium-font-size\">Apesar de se falar sobre as consequ\u00eancias negativas do efeito estufa, observamos com clareza a sua contribui\u00e7\u00e3o para a manuten\u00e7\u00e3o da vida. Ap\u00f3s a leitura do texto presente no <em>link <\/em>abaixo, explique qual \u00e9 a import\u00e2ncia fundamental deste fen\u00f4meno para o nosso planeta. Anote no caderno o que voc\u00ea concluiu. <\/p>\n\n\n\n<p>dispon\u00edvel em<strong><em> <a rel=\"noreferrer noopener\" href=\"https:\/\/www.infoescola.com\/geografia\/efeito-estufa\/\" target=\"_blank\">link<\/a><\/em><\/strong><\/p>\n\n\n\n<p class=\"has-medium-font-size\">Sabendo que o cultivo de algumas plantas em viveiros \u00e9 realizado por meio de estufas, onde as paredes e o telhado geralmente s\u00e3o feitos de vidro ou de pl\u00e1stico incolor, a entrada da energia solar \u00e9 facilitada, por\u00e9m a sua sa\u00edda \u00e9 dificultada. Consequentemente a temperatura interna fica maior que a externa. Este processo pode ser comparado ao efeito estufa que ocorre no planeta Terra. Assim, de acordo com o conhecimento obtido e acesso ao <em>link<\/em> abaixo, use a sua criatividade e fa\u00e7a o esquema (desenho) de uma estufa com a incid\u00eancia de raios solares. <\/p>\n\n\n\n<p>dispon\u00edvel em <strong><em><a rel=\"noreferrer noopener\" href=\"https:\/\/brasilescola.uol.com.br\/o-que-e\/quimica\/o-que-e-um-efeito-estufa.htm\" target=\"_blank\">link<\/a><\/em><\/strong><\/p>\n\n\n\n<p class=\"has-very-light-gray-background-color has-background has-medium-font-size\"><strong>TEXTO 2<\/strong><\/p>\n\n\n\n<p class=\"has-medium-font-size\">Em 1896, o qu\u00edmico sueco Svante Arrhenius percebeu que a temperatura atmosf\u00e9rica terrestre estava relacionada com a concentra\u00e7\u00e3o de g\u00e1s carb\u00f4nico (CO2). Assim, previu que um aumento na concentra\u00e7\u00e3o desse g\u00e1s provocaria tamb\u00e9m aumento da temperatura atmosf\u00e9rica. Na atualidade tem sido comprovado cientificamente que a concentra\u00e7\u00e3o desse g\u00e1s na atmosfera est\u00e1 aumentando a cada ano, ocorrendo o aquecimento global.<\/p>\n\n\n\n<p class=\"has-medium-font-size\">Acesse o <em>link<\/em> abaixo e mencione as principais causas que t\u00eam contribu\u00eddo para o aumento da concentra\u00e7\u00e3o de g\u00e1s carb\u00f4nico na atmosfera e o consequente aumento artificial do efeito estufa.<\/p>\n\n\n\n<p>Dispn\u00edvel em <strong><em><a rel=\"noreferrer noopener\" href=\"https:\/\/brasilescola.uol.com.br\/geografia\/efeito-estufa.htm\" target=\"_blank\">link<\/a><\/em><\/strong><\/p>\n\n\n\n<p class=\"has-medium-font-size\">Voc\u00ea como um estudante cr\u00edtico e participante ativo da sociedade, selecione e explique duas propostas ou atitudes que podem reduzir a emiss\u00e3o de g\u00e1s carb\u00f4nico (CO2) na natureza, controlando assim o efeito estufa.<\/p>\n\n\n\n<p class=\"has-very-light-gray-background-color has-background has-medium-font-size\"><em>Sugest\u00f5es<\/em>:<\/p>\n\n\n\n<p class=\"has-light-green-cyan-background-color has-background\">(Como evitar o efeito estufa) <a href=\"https:\/\/brasilescola.uol.com.br\/geografia\/efeito-estufa.htm\" target=\"_blank\" rel=\"noreferrer noopener\">https:\/\/brasilescola.uol.com.br\/geografia\/efeito-estufa.htm<\/a><\/p>\n\n\n\n<p class=\"has-light-green-cyan-background-color has-background\">(Mudan\u00e7as clim\u00e1ticas) <a href=\"https:\/\/www.youtube.com\/watch?v=ssvFqYSlMho\" target=\"_blank\" rel=\"noreferrer noopener\">https:\/\/www.youtube.com\/watch?v=ssvFqYSlMho<\/a><\/p>\n\n\n\n<hr class=\"wp-block-separator\"\/>\n\n\n\n<p class=\"has-very-light-gray-background-color has-background has-medium-font-size\"><strong>Texto 03<\/strong><\/p>\n\n\n\n<p class=\"has-medium-font-size\">A camada de oz\u00f4nio \u00e9 respons\u00e1vel por reter boa parte dos raios solares ultravioleta, impedindo-os de atingir a superf\u00edcie terrestre. Assim, atua como um filtro, protegendo os seres vivos de seus efeitos nocivos. Subst\u00e2ncias conhecidas como CFC\u2019s (cloro, fl\u00faor, carbono) possuem efeito destrutivo sobre esta camada e eram muito utilizadas em sprays de aerosol (desodorantes e inseticidas). Atualmente o seu uso \u00e9 proibido, pois h\u00e1 evid\u00eancias cient\u00edficas que mesmo ap\u00f3s a sua elimina\u00e7\u00e3o, os CFC\u2019s ainda continuam destruindo a camada de oz\u00f4nio por longo per\u00edodo.<\/p>\n\n\n\n<p class=\"has-medium-font-size\">Sabemos que os raios ultravioleta causam danos \u00e0 sa\u00fade do ser humano, entre estes danos est\u00e3o a redu\u00e7\u00e3o da capacidade do organismo de combater as doen\u00e7as e o aumento da probabilidade de se ter c\u00e2ncer de pele. Desta forma, acesse este<em> <\/em><strong><a rel=\"noreferrer noopener\" href=\"https:\/\/brasilescola.uol.com.br\/doencas\/cancer-pele.htm\" target=\"_blank\"><em>link<\/em> <\/a><\/strong>e mencione duas formas de prevenir o c\u00e2ncer de pele.<\/p>\n\n\n\n<p class=\"has-medium-font-size\">Cite duas medidas que podemos adquirir individualmente ou coletivamente para preservar a camada de oz\u00f4nio.<\/p>\n\n\n\n<p class=\"has-medium-font-size\">Sugest\u00e3o de leitura: <strong><em><a rel=\"noreferrer noopener\" href=\"https:\/\/www.mma.gov.br\/clima\/protecao-da-camada-de-ozonio\/a-camada-de-ozonio\" target=\"_blank\">link<\/a><\/em><\/strong><\/p>\n\n\n\n<p class=\"has-text-color has-background has-medium-font-size\" style=\"background-color:#000000;color:#ffffff\"><strong>Saiba Mais | Refer\u00eancias:<\/strong><\/p>\n\n\n\n<p>Canto &amp; Canto. Ci\u00eancias Naturais: aprendendo com o cotidiano. 7\u00ba Ano. Editora Moderna. 7\u00aa Edi\u00e7\u00e3o. 2019.<\/p>\n\n\n\n<ul class=\"wp-block-list\"><li><a href=\"https:\/\/www.infoescola.com\/geografia\/efeito-estufa\/\" target=\"_blank\" rel=\"noreferrer noopener\">https:\/\/www.infoescola.com\/geografia\/efeito-estufa\/<\/a><\/li><li><a href=\"https:\/\/brasilescola.uol.com.br\/o-que-e\/quimica\/o-que-e-um-efeito-estufa.htm\" target=\"_blank\" rel=\"noreferrer noopener\">https:\/\/brasilescola.uol.com.br\/o-que-e\/quimica\/o-que-e-um-efeito-estufa.htm<\/a><\/li><li><a href=\"https:\/\/brasilescola.uol.com.br\/geografia\/efeito-estufa.htm\" target=\"_blank\" rel=\"noreferrer noopener\">https:\/\/brasilescola.uol.com.br\/geografia\/efeito-estufa.htm<\/a><\/li><li><a href=\"https:\/\/www.youtube.com\/watch?v=ssvFqYSlMho\" target=\"_blank\" rel=\"noreferrer noopener\">https:\/\/www.youtube.com\/watch?v=ssvFqYSlMho<\/a><\/li><li><a href=\"https:\/\/brasilescola.uol.com.br\/doencas\/cancer-pele.htm\" target=\"_blank\" rel=\"noreferrer noopener\">https:\/\/brasilescola.uol.com.br\/doencas\/cancer-pele.htm<\/a><\/li><li><a href=\"https:\/\/www.mma.gov.br\/clima\/protecao-da-camada-de ozonio\/a-camada-de-ozonio\" target=\"_blank\" rel=\"noreferrer noopener\">https:\/\/www.mma.gov.br\/clima\/protecao-da-camada-de ozonio\/a-camada-de-ozonio<\/a><\/li><\/ul>\n\n\n\n<figure class=\"wp-block-table is-style-stripes\"><table class=\"has-background\" style=\"background-color:#e9fbe5\"><tbody><tr><td><\/td><\/tr><\/tbody><\/table><\/figure>\n\n\n\n<figure class=\"wp-block-table alignfull is-style-stripes\"><table><tbody><tr><td>Objeto de Conhecimento<\/td><td>Efeito estufa Camada de Oz\u00f4nio<\/td><\/tr><tr><td>Habilidades<\/td><td>(EF07CI13) Descrever o mecanismo natural do efeito estufa, seu papel fundamental para o desenvolvimento da vida na Terra, discutir as a\u00e7\u00f5es humanas respons\u00e1veis pelo seu aumento artificial (queima dos combust\u00edveis f\u00f3sseis, desmatamento, queimadas, etc.) e selecionar e implementar propostas para a revers\u00e3o ou controle desse quadro. (EF07CI14) Justificar a import\u00e2ncia da camada de oz\u00f4nio para a vida na Terra, identificando os fatores que aumentam ou diminuem sua presen\u00e7a na atmosfera e discutir propostas individuais e coletivas para sua preserva\u00e7\u00e3o.<\/td><\/tr><tr><td>Proponentes\/ Professores:<\/td><td>Amanda de Morais Alves Lorena Nunes da Cruz<\/td><\/tr><tr><td>Institui\u00e7\u00e3o Educacional:<\/td><td>Escola Municipal Professora Dal\u00edsia Elizabeth Martins Doles<\/td><\/tr><tr><td>CRE:<\/td><td>Maria Helena Batista Bretas<\/td><\/tr><\/tbody><\/table><\/figure>\n\n\n\n<hr class=\"wp-block-separator\"\/>\n\n\n\n<p>Ciclo da Adolesc\u00eancia \u2013 Turma F (6\u00ba ano) \u2013 Educa\u00e7\u00e3o Ambiental e Sa\u00fade<\/p>\n","protected":false},"author":20,"featured_media":58968,"template":"","ef_categoria":[15,28],"ef_ano":[90],"ef_componente":[96],"class_list":["post-58964","ensino_fundamental","type-ensino_fundamental","status-publish","has-post-thumbnail","hentry","ef_categoria-ciclo-da-adolescencia-fg","ef_categoria-educacao-ambiental-e-saude-ciclo-da-adolescencia-fg","ef_ano-7o-ano","ef_componente-geografia","entry","has-media"],"acf":[],"_links":{"self":[{"href":"https:\/\/sme.goiania.go.gov.br\/conexaoescola\/wp-json\/wp\/v2\/ensino_fundamental\/58964","targetHints":{"allow":["GET"]}}],"collection":[{"href":"https:\/\/sme.goiania.go.gov.br\/conexaoescola\/wp-json\/wp\/v2\/ensino_fundamental"}],"about":[{"href":"https:\/\/sme.goiania.go.gov.br\/conexaoescola\/wp-json\/wp\/v2\/types\/ensino_fundamental"}],"author":[{"embeddable":true,"href":"https:\/\/sme.goiania.go.gov.br\/conexaoescola\/wp-json\/wp\/v2\/users\/20"}],"version-history":[{"count":0,"href":"https:\/\/sme.goiania.go.gov.br\/conexaoescola\/wp-json\/wp\/v2\/ensino_fundamental\/58964\/revisions"}],"wp:featuredmedia":[{"embeddable":true,"href":"https:\/\/sme.goiania.go.gov.br\/conexaoescola\/wp-json\/wp\/v2\/media\/58968"}],"wp:attachment":[{"href":"https:\/\/sme.goiania.go.gov.br\/conexaoescola\/wp-json\/wp\/v2\/media?parent=58964"}],"wp:term":[{"taxonomy":"ef_categoria","embeddable":true,"href":"https:\/\/sme.goiania.go.gov.br\/conexaoescola\/wp-json\/wp\/v2\/ef_categoria?post=58964"},{"taxonomy":"ef_ano","embeddable":true,"href":"https:\/\/sme.goiania.go.gov.br\/conexaoescola\/wp-json\/wp\/v2\/ef_ano?post=58964"},{"taxonomy":"ef_componente","embeddable":true,"href":"https:\/\/sme.goiania.go.gov.br\/conexaoescola\/wp-json\/wp\/v2\/ef_componente?post=58964"}],"curies":[{"name":"wp","href":"https:\/\/api.w.org\/{rel}","templated":true}]}}