{"id":58932,"date":"2020-11-16T07:00:00","date_gmt":"2020-11-16T09:00:00","guid":{"rendered":"https:\/\/sme.goiania.go.gov.br\/conexaoescola\/?post_type=ensino_fundamental&#038;p=58932"},"modified":"2020-11-10T11:56:13","modified_gmt":"2020-11-10T13:56:13","slug":"organizacao-dos-animais-animais-invertebrados-o-bicho-da-seda","status":"publish","type":"ensino_fundamental","link":"https:\/\/sme.goiania.go.gov.br\/conexaoescola\/ensino_fundamental\/organizacao-dos-animais-animais-invertebrados-o-bicho-da-seda\/","title":{"rendered":"ORGANIZA\u00c7\u00c3O DOS ANIMAIS: ANIMAIS INVERTEBRADOS &#8211; O BICHO DA SEDA"},"content":{"rendered":"\n<p style=\"background-color:#fff5d8\" class=\"has-background has-medium-font-size\"><strong><em>Ol\u00e1, estudante!<\/em><br><em>Esta aula foi veiculada na TV no dia 17\/11, ter\u00e7a-feira, contemplando o eixo Educa\u00e7\u00e3o Ambiental e Sa\u00fade. Aqui no Portal Conex\u00e3o Escola, ela est\u00e1 apresentada em forma de atividade, mas voc\u00ea pode assistir a videoaula quando desejar, acessando link na parte inferior da tela.<\/em><\/strong><\/p>\n\n\n\n<p style=\"background-color:#e2f1eb\" class=\"has-background has-text-align-center has-medium-font-size\"><strong>NESSA PROPOSTA VAMOS APRENDER UM POUCO MAIS SOBRE A ORGANIZA\u00c7\u00c3O DOS ANIMAIS. <br>O QUE S\u00c3O ANIMAIS INVERTEBRADOS? <br>O BICHO DA SEDA \u00c9 UM ANIMAL INVERTEBRADO? <br>VAMOS DESCOBRIR?<\/strong><\/p>\n\n\n\n<figure class=\"wp-block-image size-large is-style-rounded\"><img decoding=\"async\" src=\"https:\/\/sme.goiania.go.gov.br\/conexaoescola\/wp-content\/uploads\/2020\/11\/silkworm-3576503_1920-1024x574.jpg\" alt=\"\" class=\"wp-image-58933\"\/><figcaption><em><strong>Bicho-da-seda<\/strong><\/em><\/figcaption><\/figure>\n\n\n\n<p style=\"background-color:#e2f1eb\" class=\"has-background has-text-align-center has-medium-font-size\"><strong>ANTES DE REALIZAR ESSA ATIVIDADE ACESSE A PROPOSTA ANTERIOR: <a rel=\"noreferrer noopener\" href=\"https:\/\/sme.goiania.go.gov.br\/conexaoescola\/ensino_fundamental\/organizacao-dos-animais-artropodes-aranhas\/\" target=\"_blank\">CLASSIFICA\u00c7\u00c3O DOS ANIMAIS 1<\/a><\/strong><\/p>\n\n\n\n<p style=\"background-color:#e2f1eb\" class=\"has-background has-text-align-center has-medium-font-size\">COMO VIMOS NA ATIVIDADE ANTERIOR, EXISTEM V\u00c1RIAS FORMAS DE CLASSIFICARMOS OS ANIMAIS. <br><strong>UMA OUTRA FORMA BASTANTE COMUM \u00c9 A ORGANIZA\u00c7\u00c3O DE ACORDO COM A PRESEN\u00c7A OU AUS\u00caNCIA DE COLUNA VERTEBRAL E CR\u00c2NIO.\u00a0<\/strong><\/p>\n\n\n\n<p class=\"has-text-color has-background has-medium-font-size has-very-light-gray-color has-very-dark-gray-background-color\"><strong>VEJA A IMAGEM DO PAINEL 1:<\/strong><\/p>\n\n\n\n<p class=\"has-text-align-center has-medium-font-size\"><strong>PAINEL 1<\/strong><\/p>\n\n\n\n<figure class=\"wp-block-image\"><img decoding=\"async\" src=\"https:\/\/lh3.googleusercontent.com\/Nq5OI3aafJ7f3rhsHvrffOgToyRLI2KyxLZ7d9xXY4ancKYqGQR2QizzaYTnT1lYpIO-taVEO4rmPO3wjYj-1wmHYFy7C4UQe1H82Qxh9_34Qtu0KjfCajLbz4a0Cw\" alt=\"\"\/><\/figure>\n\n\n\n<p class=\"has-text-color has-background has-text-align-center has-medium-font-size has-very-light-gray-color has-vivid-red-background-color\"><strong>VEJA QUE NA IMAGEM DO PAINEL 1 VEMOS O ESQUELETO E O CR\u00c2NIO DO CAVALO:<\/strong><\/p>\n\n\n\n<figure class=\"wp-block-image\"><img decoding=\"async\" src=\"https:\/\/lh4.googleusercontent.com\/0stmcvkUDvnbatFw6hWhTq5WC2Ayi4FDQGr9YBHIH1XNGRX-aiOxIVcrRuiuKAa2U_yVGhOf_jZ-EScnKR2UaD0U4Tg8nf1egq4kcL78jcczz2vlBFj_nYbr5mr8eQ\" alt=\"\"\/><\/figure>\n\n\n\n<p class=\"has-text-align-center has-medium-font-size\">OBSERVE O PAINEL 2 ABAIXO E ESCREVA NO CADERNO O NOME DOS ANIMAIS QUE VOC\u00ca ACHA QUE POSSUEM ESSA MESMA ESTRUTURA (ESQUELETO E O CR\u00c2NIO):<\/p>\n\n\n\n<p class=\"has-text-align-center has-medium-font-size\">DEPOIS, ESCOLHA UM DELES E FA\u00c7A UM DESENHO REPRESENTANDO ESSA ESTRUTURA.<\/p>\n\n\n\n<p class=\"has-text-align-center has-medium-font-size\"><strong>PAINEL 2<\/strong><\/p>\n\n\n\n<figure class=\"wp-block-image\"><img decoding=\"async\" src=\"https:\/\/lh4.googleusercontent.com\/6M987Qwku_TGxl9gvtIXBV2n_AEKyvbYYwNA4xjU5HMMUiG5sr1t5cPLOzKldVrZMntiJYyvP0NmFhabYucw2uO7JMdMWdLVhvoU1LlGsXRyu1XxHNnKt6-r3BI_3Q\" alt=\"\"\/><\/figure>\n\n\n\n<p class=\"has-background has-text-align-center has-medium-font-size has-luminous-vivid-amber-background-color\">OS ANIMAIS QUE POSSUEM ESSAS ESTRUTURAS (COLUNA VERTEBRAL E CR\u00c2NIO) S\u00c3O CHAMADOS DE<strong> ANIMAIS VERTEBRADOS.<\/strong><\/p>\n\n\n\n<p class=\"has-text-color has-background has-medium-font-size has-luminous-vivid-amber-color has-very-dark-gray-background-color\">DE ACORDO COM O PAINEL 2, S\u00c3O VERTEBRADOS OS SEGUINTES ANIMAIS:\u00a0<strong> CACHORRO E ON\u00c7A.<\/strong><\/p>\n\n\n\n<p style=\"color:#000000\" class=\"has-text-color has-text-align-center has-medium-font-size\">VERIFIQUE SE VOC\u00ca ACERTOU!<\/p>\n\n\n\n<p style=\"color:#000000\" class=\"has-text-color has-text-align-center has-medium-font-size\">CHAMAMOS DE <strong>ANIMAIS INVERTEBRADOS<\/strong>, OS ANIMAIS QUE N\u00c3O POSSUEM COLUNA VERTEBRAL E CR\u00c2NIO:<\/p>\n\n\n\n<p class=\"has-text-color has-background has-text-align-center has-medium-font-size has-luminous-vivid-amber-color has-very-dark-gray-background-color\">DE ACORDO COM O PAINEL 1, S\u00c3O ANIMAIS INVERTEBRADOS:\u00a0<strong>A LAGARTA, A \u00c1GUA-VIVA E A BORBOLETA<\/strong><\/p>\n\n\n\n<p style=\"color:#000000\" class=\"has-text-color has-text-align-center has-medium-font-size\">ALGUNS ANIMAIS INVERTEBRADOS T\u00caM CORPO MACIO E DESPROTEGIDO, OUTROS POSSUEM ESQUELETO EXTERNO, QUE PROTEGE OS \u00d3RG\u00c3OS INTERNOS. UM EXEMPLO \u00c9 O <strong><span class=\"has-inline-color has-vivid-red-color\">CARANGUEJO<\/span><\/strong>:<\/p>\n\n\n\n<figure class=\"wp-block-image is-style-rounded\"><img decoding=\"async\" src=\"https:\/\/lh4.googleusercontent.com\/dHFw_PGpYlPzY9Dl_sHAO99KWPw4HEavOibTForCLYxWy6Z_yLpBlFuPUtPLmH8zrBUNQWdZUx0NjMovRtUay-k-VxtGQLTRjRKFYBxvPXsBuJM41VYaJ7ekNJp7Tw\" alt=\"\"\/><\/figure>\n\n\n\n<hr class=\"wp-block-separator is-style-wide\"\/>\n\n\n\n<p class=\"has-text-color has-background has-text-align-center has-medium-font-size has-very-light-gray-color has-very-dark-gray-background-color\">O MAIOR GRUPO DE INVERTEBRADOS \u00c9 O DOS INSETOS.<br>EXISTE UMA GRANDE VARIEDADE DE INSETOS PRESENTES NO MUNDO.<\/p>\n\n\n\n<p style=\"color:#000000\" class=\"has-text-color has-text-align-center has-medium-font-size\">A MARIPOSA \u00c9 UM EXEMPLO DE ANIMAL INVERTEBRADO:<\/p>\n\n\n\n<figure class=\"wp-block-image\"><img decoding=\"async\" src=\"https:\/\/lh6.googleusercontent.com\/rIr1vGPUBWPPNQeUCxOsNkNczQ31gds5uQ6qlo7tlqOqUbMH99x_SPY8X7l9W4Hr1pBNMOkpQOPht8y--ZzkbmddmegmjkVpcaUhXJbMp_YpliGE8C-49skMAWtndQ\" alt=\"Mariposa, Natureza, Inseto, Besouro, Inseto, Macro\"\/><\/figure>\n\n\n\n<p class=\"has-text-color has-background has-text-align-center has-medium-font-size has-very-light-gray-color has-luminous-vivid-orange-background-color\"><strong>VOC\u00ca SABIA QUE ANTES DA MARIPOSA SE TRANSFORMAR EM MARIPOSA ELA ERA UMA LAGARTA?<\/strong><\/p>\n\n\n\n<p style=\"color:#000000\" class=\"has-text-color has-text-align-center has-medium-font-size\">VOC\u00ca SABIA QUE ELA RECEBE O NOME DE BICHO DA SEDA?<\/p>\n\n\n\n<p style=\"color:#000000\" class=\"has-text-color has-text-align-center has-medium-font-size\">OBSERVE A IMAGEM ABAIXO:<\/p>\n\n\n\n<figure class=\"wp-block-image\"><img decoding=\"async\" src=\"https:\/\/lh4.googleusercontent.com\/v98naBG7sOqj0t1MUYehzBBrIAT5a4xtBkClORN-39Bulz383L1rqalAQ7jL_9-VyfA_m7vhpaKR1lqvt0PSAI6zJ12LAJQ7exMsxkMwB1DuhTelLW8XPWshYPsUcA\" alt=\"\"\/><\/figure>\n\n\n\n<p class=\"has-text-align-center has-medium-font-size\"><strong>A ESSE PROCESSO DE TRANSFORMA\u00c7\u00c3O DAMOS O NOME DE METAMORFOSE<\/strong><\/p>\n\n\n\n<p style=\"background-color:#dceacf;color:#000000\" class=\"has-text-color has-background has-text-align-center has-medium-font-size\"><strong>REFLITA SOBRE ESSAS QUEST\u00d5ES:<br>DO QUE ELAS SE ALIMENTAM?<br>ELAS N\u00c3O S\u00c3O\u00a0 MINHOCAS?<br>ELAS POSSUEM PERNAS?<br>ELAS REALMENTE FAZEM SEDA?<\/strong><\/p>\n\n\n\n<p style=\"color:#000000\" class=\"has-text-color has-text-align-center has-medium-font-size\">PARA DESCOBRIRMOS TODAS ESSAS PERGUNTAS, PRECISAMOS PESQUISAR PARA DESCOBRIR.<\/p>\n\n\n\n<p class=\"has-text-color has-background has-text-align-center has-medium-font-size has-very-light-gray-color has-vivid-purple-background-color\">QUEM IR\u00c1 NOS GUIAR NA BUSCA DE RESPOSTAS, \u00c9 A LUNA, DE O SHOW DA LUNA. <\/p>\n\n\n\n<p class=\"has-text-color has-background has-text-align-center has-medium-font-size has-vivid-purple-color has-very-light-gray-background-color\"><strong>ASSISTA AGORA AO EPIS\u00d3DIO: BICHO DA SEDA<\/strong><\/p>\n\n\n\n<figure class=\"wp-block-embed-youtube wp-block-embed is-type-video is-provider-youtube wp-embed-aspect-16-9 wp-has-aspect-ratio\"><div class=\"wp-block-embed__wrapper\">\nhttps:\/\/www.youtube.com\/watch?v=dY_F2ieuKUo&#038;t=99s\n<\/div><\/figure>\n\n\n\n<p style=\"color:#6bff46\" class=\"has-text-color has-background has-text-align-center has-medium-font-size has-vivid-purple-background-color\"><strong>COMO VIMOS\u00a0 O BICHO-DA-SEDA \u00c9 UMA LAGARTA.\u00a0<\/strong><\/p>\n\n\n\n<p style=\"color:#8707ff\" class=\"has-text-color has-background has-text-align-center has-medium-font-size has-vivid-green-cyan-background-color\"><strong>ELE PRODUZ UM FIO DE SEDA QUE SAI POR UM TUBO EM SUA CABE\u00c7A.\u00a0<br>A LAGARTA VAI ENROLANDO ESSE FIO EM TORNO DO PR\u00d3PRIO CORPO AT\u00c9 FICAR TOTALMENTE COBERTA.\u00a0<br>NESSE PONTO, EST\u00c1 PRONTO O CASULO, QUE VAI PROTEGER O BICHO-DA-SEDA AT\u00c9 ELE SE TRANSFORMAR EM MARIPOSA.\u00a0<br>O CASULO INTEIRO \u00c9 FORMADO POR UM \u00daNICO FIO CONT\u00cdNUO.<\/strong><\/p>\n\n\n\n<p class=\"has-text-align-center\"><strong>Assista ao programa Conex\u00e3o Escola \u2013 Eixo Educa\u00e7\u00e3o Ambiental e Sa\u00fade \u2013 CLASSIFICA\u00c7\u00c3O DOS ANIMAIS: VERTEBRADOS E\u00a0 INVERTEBRADOS &#8211; BICHO DA SEDA\u00a0 \u2013 Bloco 1\u00a0<\/strong><\/p>\n\n\n\n<figure class=\"wp-block-embed-youtube aligncenter wp-block-embed is-type-video is-provider-youtube wp-embed-aspect-16-9 wp-has-aspect-ratio\"><div class=\"wp-block-embed__wrapper\">\n<p class=\"responsive-video-wrap clr\"><iframe title=\"Org. dos Ani. Invert. - Bicho da Seda - E. Fun. - Ed. Amb. e Sa\u00fade - A. I. - Bl 1 - 17 nov 2020\" width=\"1200\" height=\"675\" src=\"https:\/\/www.youtube.com\/embed\/Tmf_iatLyIg?feature=oembed\" frameborder=\"0\" allow=\"accelerometer; autoplay; clipboard-write; encrypted-media; gyroscope; picture-in-picture\" allowfullscreen><\/iframe><\/p>\n<\/div><figcaption>Org. dos Ani. Invert. &#8211; Bicho da Seda &#8211; E. Fun. &#8211; Ed. Amb. e Sa\u00fade &#8211; A. I. &#8211; Bl 1 &#8211; 17 nov 2020<\/figcaption><\/figure>\n\n\n\n<hr class=\"wp-block-separator\"\/>\n\n\n\n<figure class=\"wp-block-table is-style-stripes\"><table><tbody><tr><td>Habilidades<\/td><td>(EF02CI04-A) Descrever caracter\u00edsticas de plantas e animais, como tamanho, forma, cor, fase da vida, local onde se desenvolvem, que fazem parte do cotidiano, relacionando-as ao ambiente em que vivem.<br>(GO-EF02CI09) Identificar caracter\u00edsticas pr\u00f3prias dos seres vivos.<br>(EF03CI04-B) Identificar caracter\u00edsticas dos animais mais comuns e classific\u00e1-los quanto ao modo de vida: o que comem, como se reproduzem, como se deslocam.<\/td><\/tr><tr><td>Objetos do Conhecimento<\/td><td>Seres vivos no ambiente:<br>Caracter\u00edsticas dos seres vivos<br>Caracter\u00edsticas e desenvolvimento dos animais:<br>Morfologia e h\u00e1bitos dos animais<\/td><\/tr><tr><td>Componente Curricular:<\/td><td>Ci\u00eancias&nbsp;<\/td><\/tr><\/tbody><\/table><\/figure>\n","protected":false},"author":23,"featured_media":58933,"template":"","ef_categoria":[13,18],"ef_ano":[],"ef_componente":[],"class_list":["post-58932","ensino_fundamental","type-ensino_fundamental","status-publish","has-post-thumbnail","hentry","ef_categoria-ciclo-da-infancia-abc","ef_categoria-educacao-ambiental-e-saude","entry","has-media"],"acf":[],"_links":{"self":[{"href":"https:\/\/sme.goiania.go.gov.br\/conexaoescola\/wp-json\/wp\/v2\/ensino_fundamental\/58932","targetHints":{"allow":["GET"]}}],"collection":[{"href":"https:\/\/sme.goiania.go.gov.br\/conexaoescola\/wp-json\/wp\/v2\/ensino_fundamental"}],"about":[{"href":"https:\/\/sme.goiania.go.gov.br\/conexaoescola\/wp-json\/wp\/v2\/types\/ensino_fundamental"}],"author":[{"embeddable":true,"href":"https:\/\/sme.goiania.go.gov.br\/conexaoescola\/wp-json\/wp\/v2\/users\/23"}],"version-history":[{"count":0,"href":"https:\/\/sme.goiania.go.gov.br\/conexaoescola\/wp-json\/wp\/v2\/ensino_fundamental\/58932\/revisions"}],"wp:featuredmedia":[{"embeddable":true,"href":"https:\/\/sme.goiania.go.gov.br\/conexaoescola\/wp-json\/wp\/v2\/media\/58933"}],"wp:attachment":[{"href":"https:\/\/sme.goiania.go.gov.br\/conexaoescola\/wp-json\/wp\/v2\/media?parent=58932"}],"wp:term":[{"taxonomy":"ef_categoria","embeddable":true,"href":"https:\/\/sme.goiania.go.gov.br\/conexaoescola\/wp-json\/wp\/v2\/ef_categoria?post=58932"},{"taxonomy":"ef_ano","embeddable":true,"href":"https:\/\/sme.goiania.go.gov.br\/conexaoescola\/wp-json\/wp\/v2\/ef_ano?post=58932"},{"taxonomy":"ef_componente","embeddable":true,"href":"https:\/\/sme.goiania.go.gov.br\/conexaoescola\/wp-json\/wp\/v2\/ef_componente?post=58932"}],"curies":[{"name":"wp","href":"https:\/\/api.w.org\/{rel}","templated":true}]}}