{"id":58918,"date":"2020-11-16T07:00:00","date_gmt":"2020-11-16T09:00:00","guid":{"rendered":"https:\/\/sme.goiania.go.gov.br\/conexaoescola\/?post_type=ensino_fundamental&#038;p=58918"},"modified":"2021-12-07T10:36:04","modified_gmt":"2021-12-07T12:36:04","slug":"pulando-e-cantando-parlendas","status":"publish","type":"ensino_fundamental","link":"https:\/\/sme.goiania.go.gov.br\/conexaoescola\/ensino_fundamental\/pulando-e-cantando-parlendas\/","title":{"rendered":"L\u00edngua Portuguesa &#8211; Pulando e cantando parlendas"},"content":{"rendered":"\n<p class=\"has-drop-cap has-medium-font-size\">Ol\u00e1! Hoje n\u00f3s vamos apreender sobre parlendas e rimas. Vamos cantar e ouvir algumas parlendas. Brincar de \u201cCorre Cutia\u201d e conhecer algumas palavras que rimam. Aprender como as palavras formam rimas. Isso pode ser muito divertido. Venha! Vamos apreender e brincar.<\/p>\n\n\n\n<hr class=\"wp-block-separator\"\/>\n\n\n\n<p class=\"has-very-light-gray-color has-very-dark-gray-background-color has-text-color has-background has-medium-font-size\">ATIVIDADE 1<\/p>\n\n\n\n<p class=\"has-medium-font-size\"><br>Antes de ouvir a parlenda, vamos saber o que \u00e9 uma parlenda?<br>Parlendas s\u00e3o rimas infantis, que fazem parte do folclore brasileiro. Muitas vezes s\u00e3o usadas para animar as brincadeiras.<\/p>\n\n\n\n<p class=\"has-luminous-vivid-orange-color has-text-color has-large-font-size\"><br>Quer um exemplo de parlenda?<\/p>\n\n\n\n<p class=\"has-very-light-gray-color has-vivid-purple-background-color has-text-color has-background has-medium-font-size\">\u201cUm, dois, feij\u00e3o com arroz,<br>Tr\u00eas, quatro, feij\u00e3o no prato,<br>Cinco, seis, falar ingl\u00eas,<br>Sete, oito, comer biscoito,<br>Nove, dez, comer past\u00e9is.\u201d<\/p>\n\n\n\n<p>Agora vamos ouvir, brincar, dan\u00e7ar, pular e cantar algumas parlendas:<\/p>\n\n\n\n<figure class=\"wp-block-embed is-type-video is-provider-youtube wp-block-embed-youtube wp-embed-aspect-16-9 wp-has-aspect-ratio\"><div class=\"wp-block-embed__wrapper\">\n<p class=\"responsive-video-wrap clr\"><iframe title=\"Palavra Cantada | Pot Pourri Parlendas\" width=\"1200\" height=\"675\" src=\"https:\/\/www.youtube.com\/embed\/cqp4N_Hqxvs?feature=oembed\" frameborder=\"0\" allow=\"accelerometer; autoplay; clipboard-write; encrypted-media; gyroscope; picture-in-picture\" allowfullscreen><\/iframe><\/p>\n<\/div><figcaption>&#8220;<strong>Palavra Cantada | Pot Pourri Parlendas<\/strong>&#8221; Canal: <a href=\"https:\/\/www.youtube.com\/channel\/UCGs6qb1ohFhDzeHbYeJlsAA\">Palavra Cantada Oficial<\/a> &#8211; https:\/\/www.youtube.com\/watch?v=cqp4N_Hqxvs<br><\/figcaption><\/figure>\n\n\n\n<p class=\"has-medium-font-size\"><br>Agora, que tal brincarmos? Voc\u00ea conheceu a brincadeira \u201cCorre Cutia\u201d? \u00c9 uma brincadeira muito divertida. Provavelmente voc\u00ea j\u00e1 brincou ou j\u00e1 viu essa brincadeira. Convide as pessoas de sua casa para brincar com voc\u00ea. Para lembrar como brincar \u201cCorre Cutia\u201d assista o v\u00eddeo sobre essa brincadeira, Dispon\u00edvel em:<\/p>\n\n\n\n<figure class=\"wp-block-embed is-type-video is-provider-youtube wp-block-embed-youtube wp-embed-aspect-16-9 wp-has-aspect-ratio\"><div class=\"wp-block-embed__wrapper\">\n<p class=\"responsive-video-wrap clr\"><iframe title=\"Corre cotia  - M\u00fasica Infantil - Can\u00e7\u00f5es Populares\" width=\"1200\" height=\"675\" src=\"https:\/\/www.youtube.com\/embed\/Okz41Yrxag8?feature=oembed\" frameborder=\"0\" allow=\"accelerometer; autoplay; clipboard-write; encrypted-media; gyroscope; picture-in-picture\" allowfullscreen><\/iframe><\/p>\n<\/div><figcaption>&#8220;Corre cotia &#8211; M\u00fasica Infantil &#8211; Can\u00e7\u00f5es Populares&#8221; Canal: <a href=\"https:\/\/www.youtube.com\/channel\/UC63c3NhbEzdG6tha4amE3kg\">MundoDasCriancasTV<\/a> &#8211; https:\/\/www.youtube.com\/watch?v=Okz41Yrxag8<\/figcaption><\/figure>\n\n\n\n<p class=\"has-very-light-gray-color has-very-dark-gray-background-color has-text-color has-background has-medium-font-size\"><br>ATIVIDADE 3<\/p>\n\n\n\n<p class=\"has-medium-font-size\"><br>Voc\u00ea sabe por que as parlendas s\u00e3o t\u00e3o divertidas? Porque elas s\u00e3o alegres, animadas e possuem rimas. Voc\u00ea sabe o que \u00e9 rimas? Entenda o que s\u00e3o as rimas: V\u00eddeo: VAMOS RIMAR? Aprenda a rimar de forma divertida e musical. Dispon\u00edvel em:<\/p>\n\n\n\n<figure class=\"wp-block-embed is-type-video is-provider-youtube wp-block-embed-youtube wp-embed-aspect-16-9 wp-has-aspect-ratio\"><div class=\"wp-block-embed__wrapper\">\n<p class=\"responsive-video-wrap clr\"><iframe title=\"VAMOS RIMAR? Aprenda a rimar de forma divertida e musical.\" width=\"1200\" height=\"675\" src=\"https:\/\/www.youtube.com\/embed\/ZjoOT4bp2AE?feature=oembed\" frameborder=\"0\" allow=\"accelerometer; autoplay; clipboard-write; encrypted-media; gyroscope; picture-in-picture\" allowfullscreen><\/iframe><\/p>\n<\/div><figcaption>&#8220;VAMOS RIMAR? Aprenda a rimar de forma divertida e musical.&#8221; Canal: <a href=\"https:\/\/www.youtube.com\/channel\/UCjTYzmhptcTj4HA-zKH8Ffw\">Roberta Paci\u00eancia<\/a> &#8211; https:\/\/www.youtube.com\/watch?v=ZjoOT4bp2AE<\/figcaption><\/figure>\n\n\n\n<p class=\"has-medium-font-size\"><br>As rimas s\u00e3o a repeti\u00e7\u00e3o de sons semelhantes no final das palavras proporcionando sonoridade, ritmo e musicalidade.<\/p>\n\n\n\n<p class=\"has-very-light-gray-color has-vivid-purple-background-color has-text-color has-background has-medium-font-size\"><br>Exemplo de rimas: M\u00c3O- P\u00c3O, COLA- BOLA<\/p>\n\n\n\n<p class=\"has-medium-font-size\"><br>Veja que as palavras terminam com sons iguais.<br>Depois que voc\u00ea cantou e divertiu com as parlendas, com brincadeira de \u201cCorre Cutia\u201d e aprendeu o que s\u00e3o as rimas.<\/p>\n\n\n\n<p class=\"has-vivid-red-color has-text-color has-large-font-size\"> Agora pegue o l\u00e1pis e o seu caderno.<\/p>\n\n\n\n<p class=\"has-medium-font-size\"><br>Anote na primeira linha o dia de hoje. E copie no caderno as palavras, do v\u00eddeo que voc\u00ea assistiu que riram. <\/p>\n\n\n\n<p class=\"has-very-light-gray-color has-vivid-green-cyan-background-color has-text-color has-background has-medium-font-size\">Exemplo: PANELA &#8211; JANELA.<\/p>\n\n\n\n<p class=\"has-very-light-gray-color has-vivid-cyan-blue-background-color has-text-color has-background has-medium-font-size\"><br>Organize as palavras que rimam, as que voc\u00ea viu no v\u00eddeo, colocando-as juntas. Camiseta bola dente alicate cenoura chupeta abacate vassoura pente cola<\/p>\n\n\n\n<hr class=\"wp-block-separator\"\/>\n\n\n\n<div class=\"wp-block-columns is-layout-flex wp-container-core-columns-is-layout-9d6595d7 wp-block-columns-is-layout-flex\">\n<div class=\"wp-block-column is-layout-flow wp-block-column-is-layout-flow\">\n<figure class=\"wp-block-embed is-type-video is-provider-youtube wp-block-embed-youtube wp-embed-aspect-16-9 wp-has-aspect-ratio\"><div class=\"wp-block-embed__wrapper\">\n<p class=\"responsive-video-wrap clr\"><iframe title=\"Vovoteia e Vovovico - O Grande Livro das Parlendas - 28\/01\/2016\" width=\"1200\" height=\"675\" src=\"https:\/\/www.youtube.com\/embed\/qT5kFkQ69C8?feature=oembed\" frameborder=\"0\" allow=\"accelerometer; autoplay; clipboard-write; encrypted-media; gyroscope; picture-in-picture\" allowfullscreen><\/iframe><\/p>\n<\/div><figcaption>&#8220;Vovoteia e Vovovico &#8211; O Grande Livro das Parlendas -&#8221; Canal: <a href=\"https:\/\/www.youtube.com\/channel\/UCtXVrEFdvdS5Gof7XWYw-CA\">Quintal da Cultura<\/a> &#8211; https:\/\/www.youtube.com\/watch?v=qT5kFkQ69C8&amp;feature=youtu.be<\/figcaption><\/figure>\n<\/div>\n\n\n\n<div class=\"wp-block-column is-layout-flow wp-block-column-is-layout-flow\">\n<figure class=\"wp-block-embed is-type-video is-provider-youtube wp-block-embed-youtube wp-embed-aspect-16-9 wp-has-aspect-ratio\"><div class=\"wp-block-embed__wrapper\">\n<p class=\"responsive-video-wrap clr\"><iframe title=\"Parlendas Animadas - V\u00eddeo Educativo Infantil\" width=\"1200\" height=\"675\" src=\"https:\/\/www.youtube.com\/embed\/lYDBBimX0Es?feature=oembed\" frameborder=\"0\" allow=\"accelerometer; autoplay; clipboard-write; encrypted-media; gyroscope; picture-in-picture\" allowfullscreen><\/iframe><\/p>\n<\/div><figcaption>&#8220;Parlendas Animadas &#8211; V\u00eddeo Educativo Infantil&#8221; Canal:<a href=\"https:\/\/www.youtube.com\/channel\/UCK8QPDq9zKnfSEWQImX5Ebg\">Cassio Toledo<\/a> &#8211; https:\/\/www.youtube.com\/watch?v=lYDBBimX0Es&amp;feature=youtu.be<br><br><\/figcaption><\/figure>\n<\/div>\n\n\n\n<div class=\"wp-block-column is-layout-flow wp-block-column-is-layout-flow\">\n<figure class=\"wp-block-embed is-type-video is-provider-youtube wp-block-embed-youtube wp-embed-aspect-4-3 wp-has-aspect-ratio\"><div class=\"wp-block-embed__wrapper\">\n<p class=\"responsive-video-wrap clr\"><iframe title=\"PARLENDAS ILUSTRADAS\" width=\"1200\" height=\"900\" src=\"https:\/\/www.youtube.com\/embed\/4pGJaKxD8mQ?feature=oembed\" frameborder=\"0\" allow=\"accelerometer; autoplay; clipboard-write; encrypted-media; gyroscope; picture-in-picture\" allowfullscreen><\/iframe><\/p>\n<\/div><figcaption>&#8220;PARLENDAS ILUSTRADAS&#8221; Canal: <a href=\"https:\/\/www.youtube.com\/channel\/UCgPZB72s5akHdjCIqFS7etA\">Rita Rocha<\/a> &#8211; https:\/\/www.youtube.com\/watch?v=4pGJaKxD8mQ<\/figcaption><\/figure>\n<\/div>\n<\/div>\n\n\n\n<div class=\"wp-block-columns is-layout-flex wp-container-core-columns-is-layout-9d6595d7 wp-block-columns-is-layout-flex\">\n<div class=\"wp-block-column is-layout-flow wp-block-column-is-layout-flow\">\n<figure class=\"wp-block-embed is-type-video is-provider-youtube wp-block-embed-youtube wp-embed-aspect-16-9 wp-has-aspect-ratio\"><div class=\"wp-block-embed__wrapper\">\n<p class=\"responsive-video-wrap clr\"><iframe title=\"BRINCANDO COM A RIMA\" width=\"1200\" height=\"675\" src=\"https:\/\/www.youtube.com\/embed\/x76KojZ29ak?feature=oembed\" frameborder=\"0\" allow=\"accelerometer; autoplay; clipboard-write; encrypted-media; gyroscope; picture-in-picture\" allowfullscreen><\/iframe><\/p>\n<\/div><figcaption>&#8220;BRINCANDO COM A RIMA&#8221; Canal: <a href=\"https:\/\/www.youtube.com\/channel\/UCSz2tzCFez4Pm4zGmKUFYjg\">Prof. Fe<\/a> &#8211; https:\/\/www.youtube.com\/watch?v=x76KojZ29ak<\/figcaption><\/figure>\n<\/div>\n\n\n\n<div class=\"wp-block-column is-layout-flow wp-block-column-is-layout-flow\">\n<figure class=\"wp-block-embed is-type-video is-provider-youtube wp-block-embed-youtube wp-embed-aspect-16-9 wp-has-aspect-ratio\"><div class=\"wp-block-embed__wrapper\">\n<p class=\"responsive-video-wrap clr\"><iframe title=\"Simba (O Rei Le\u00e3o) VS. Alex (Madagascar) [ARENA DO RAP] | Flow B3ats\" width=\"1200\" height=\"675\" src=\"https:\/\/www.youtube.com\/embed\/IRIYBnNq880?feature=oembed\" frameborder=\"0\" allow=\"accelerometer; autoplay; clipboard-write; encrypted-media; gyroscope; picture-in-picture\" allowfullscreen><\/iframe><\/p>\n<\/div><figcaption>&#8220;Simba (O Rei Le\u00e3o) VS. Alex (Madagascar) [ARENA DO RAP] | Flow B3ats&#8221; Canal: <a href=\"https:\/\/www.youtube.com\/channel\/UCJIRX1ThcsB6Fu2OpCRd7pA\">Flow B3ats<\/a> &#8211; https:\/\/www.youtube.com\/watch?v=IRIYBnNq880<\/figcaption><\/figure>\n<\/div>\n\n\n\n<div class=\"wp-block-column is-layout-flow wp-block-column-is-layout-flow\"><\/div>\n<\/div>\n\n\n\n<hr class=\"wp-block-separator\"\/>\n\n\n\n<figure class=\"wp-block-table alignfull\"><table><tbody><tr><td>Objeto de Conhecimento<\/td><td>Compreens\u00e3o em leitura. Produ\u00e7\u00e3o de texto oral.<\/td><\/tr><tr><td>Componente Curricular:<\/td><td>L\u00edngua Portuguesa<\/td><\/tr><tr><td>Habilidades<\/td><td>(EF01LP16-A) Ler g\u00eaneros do campo da vida cotidiana (quadras, quadrinhas, parlendas, trava-l\u00ednguas, dentre outros), em colabora\u00e7\u00e3o com os<br>colegas e com a ajuda do professor, observando as caracter\u00edsticas e organiza\u00e7\u00e3o dos textos\/g\u00eaneros selecionados.<br>(EF01LP19-D) Refletir sobre o sistema de escrita, observando as rimas.<\/td><\/tr><\/tbody><\/table><\/figure>\n\n\n\n<hr class=\"wp-block-separator\"\/>\n\n\n\n<figure class=\"wp-block-table alignfull\"><table><tbody><tr><td>Proponentes\/ Professores:<\/td><td>Aline Alves de Souza<br>Elizangela Martins da Silva<br>Marcia Gouveia da Cunha<br>Th\u00e2nia Rosa do Carmo<\/td><\/tr><tr><td>Institui\u00e7\u00e3o Educacional:<\/td><td>Escola Municipal Dom Tom\u00e1s Baldu\u00edno<\/td><\/tr><tr><td>CRE:<\/td><td>Jarbas Jayme<\/td><\/tr><\/tbody><\/table><\/figure>\n\n\n\n<hr class=\"wp-block-separator\"\/>\n\n\n\n<p class=\"has-medium-font-size\">Ensino Fundamental &#8211; Ciclo da Inf\u00e2ncia- Turma A- 1\u00baano &#8211; \u00c9tica e Cidadania<\/p>\n","protected":false},"author":24,"featured_media":58920,"template":"","ef_categoria":[13,20],"ef_ano":[84],"ef_componente":[93],"class_list":["post-58918","ensino_fundamental","type-ensino_fundamental","status-publish","has-post-thumbnail","hentry","ef_categoria-ciclo-da-infancia-abc","ef_categoria-etica-e-cidadania","ef_ano-1o-ano","ef_componente-portugues","entry","has-media"],"acf":[],"_links":{"self":[{"href":"https:\/\/sme.goiania.go.gov.br\/conexaoescola\/wp-json\/wp\/v2\/ensino_fundamental\/58918","targetHints":{"allow":["GET"]}}],"collection":[{"href":"https:\/\/sme.goiania.go.gov.br\/conexaoescola\/wp-json\/wp\/v2\/ensino_fundamental"}],"about":[{"href":"https:\/\/sme.goiania.go.gov.br\/conexaoescola\/wp-json\/wp\/v2\/types\/ensino_fundamental"}],"author":[{"embeddable":true,"href":"https:\/\/sme.goiania.go.gov.br\/conexaoescola\/wp-json\/wp\/v2\/users\/24"}],"version-history":[{"count":0,"href":"https:\/\/sme.goiania.go.gov.br\/conexaoescola\/wp-json\/wp\/v2\/ensino_fundamental\/58918\/revisions"}],"wp:featuredmedia":[{"embeddable":true,"href":"https:\/\/sme.goiania.go.gov.br\/conexaoescola\/wp-json\/wp\/v2\/media\/58920"}],"wp:attachment":[{"href":"https:\/\/sme.goiania.go.gov.br\/conexaoescola\/wp-json\/wp\/v2\/media?parent=58918"}],"wp:term":[{"taxonomy":"ef_categoria","embeddable":true,"href":"https:\/\/sme.goiania.go.gov.br\/conexaoescola\/wp-json\/wp\/v2\/ef_categoria?post=58918"},{"taxonomy":"ef_ano","embeddable":true,"href":"https:\/\/sme.goiania.go.gov.br\/conexaoescola\/wp-json\/wp\/v2\/ef_ano?post=58918"},{"taxonomy":"ef_componente","embeddable":true,"href":"https:\/\/sme.goiania.go.gov.br\/conexaoescola\/wp-json\/wp\/v2\/ef_componente?post=58918"}],"curies":[{"name":"wp","href":"https:\/\/api.w.org\/{rel}","templated":true}]}}