{"id":58916,"date":"2020-11-16T07:00:00","date_gmt":"2020-11-16T09:00:00","guid":{"rendered":"https:\/\/sme.goiania.go.gov.br\/conexaoescola\/?post_type=ensino_fundamental&#038;p=58916"},"modified":"2021-12-15T17:40:07","modified_gmt":"2021-12-15T19:40:07","slug":"leitura-em-familia-declamacao-de-poema","status":"publish","type":"ensino_fundamental","link":"https:\/\/sme.goiania.go.gov.br\/conexaoescola\/ensino_fundamental\/leitura-em-familia-declamacao-de-poema\/","title":{"rendered":"L\u00edngua Portuguesa &#8211; Leitura em fam\u00edlia-declama\u00e7\u00e3o de poema"},"content":{"rendered":"\n<p class=\"has-drop-cap has-medium-font-size\">Ol\u00e1! Voc\u00eas j\u00e1 ficaram repetindo alguma parte de uma m\u00fasica conhecida? \u00c9 comum ficarmos repetindo aquela parte da m\u00fasica com palavras, que terminam iguais ou parecidas. Ent\u00e3o, voc\u00ea sabia que os&nbsp; poemas s\u00e3o parecidos com as m\u00fasicas, neles aparecem repeti\u00e7\u00f5es de palavras com termina\u00e7\u00f5es iguais ou semelhantes.<\/p>\n\n\n\n<hr class=\"wp-block-separator\"\/>\n\n\n\n<p class=\"has-luminous-vivid-orange-color has-text-color has-large-font-size\">Hora de ler e conhecer<\/p>\n\n\n\n<p class=\"has-medium-font-size\">conhecendo o g\u00eanero poema, caracter\u00edsticas e benef\u00edcios para conhecer novas palavras e para desenvolver a leitura.&nbsp;Para conhecer um pouco sobre esse g\u00eanero textual chamado poema: Assista ao videoclipe- O que \u00e9 um poema?<\/p>\n\n\n\n<figure class=\"wp-block-embed is-type-video is-provider-youtube wp-block-embed-youtube wp-embed-aspect-16-9 wp-has-aspect-ratio\"><div class=\"wp-block-embed__wrapper\">\n<p class=\"responsive-video-wrap clr\"><iframe title=\"videoclipe - O que \u00e9 um poema?\" width=\"1200\" height=\"675\" src=\"https:\/\/www.youtube.com\/embed\/TedJnMYP0vk?feature=oembed\" frameborder=\"0\" allow=\"accelerometer; autoplay; clipboard-write; encrypted-media; gyroscope; picture-in-picture\" allowfullscreen><\/iframe><\/p>\n<\/div><figcaption>&#8220;videoclipe &#8211; O que \u00e9 um poema?&#8221; Canal:<a href=\"https:\/\/www.youtube.com\/channel\/UCW0LHBtzX-44T3ZlJN4omEQ\">Conecturma<\/a> &#8211; https:\/\/www.youtube.com\/watch?v=TedJnMYP0vk<\/figcaption><\/figure>\n\n\n\n<p class=\"has-medium-font-size\">Como voc\u00ea se sentiu ao ouvir o poema? Fa\u00e7a um desenho utilizando uma folha ou um caderno, e pinte com capricho!&nbsp;&nbsp;<\/p>\n\n\n\n<p class=\"has-vivid-red-color has-text-color has-large-font-size\">Agora, assista ao v\u00eddeo: Can\u00e7\u00e3o \u201cA CASA\u201c<\/p>\n\n\n\n<figure class=\"wp-block-embed is-type-video is-provider-youtube wp-block-embed-youtube wp-embed-aspect-16-9 wp-has-aspect-ratio\"><div class=\"wp-block-embed__wrapper\">\n<p class=\"responsive-video-wrap clr\"><iframe title=\"A casa - Vinicius de Moraes (videoclipe)\" width=\"1200\" height=\"675\" src=\"https:\/\/www.youtube.com\/embed\/videoseries?list=RDjb5z-_TyJfw\" frameborder=\"0\" allow=\"accelerometer; autoplay; clipboard-write; encrypted-media; gyroscope; picture-in-picture\" allowfullscreen><\/iframe><\/p>\n<\/div><figcaption>&#8220;A casa &#8211; Vinicius de Moraes (videoclipe)&#8221; Canal:<a href=\"https:\/\/www.youtube.com\/channel\/UCq7xec1BG1hTHSC9ruBqMeQ\">Daniel Minson Pucciariello<\/a> &#8211; https:\/\/www.youtube.com\/watch?v=jb5z-_TyJfw&amp;list=RDjb5z-_TyJfw&amp;start_radio=1<\/figcaption><\/figure>\n\n\n\n<p class=\"has-medium-font-size\">A Casa ao qual se refere o Poema \u00e9 igual ou diferente da que voc\u00ea mora?<\/p>\n\n\n\n<p class=\"has-medium-font-size\">Agora desenhe em uma folha de papel a sua casa para vermos a diferen\u00e7a.<\/p>\n\n\n\n<hr class=\"wp-block-separator\"\/>\n\n\n\n<p><strong>Saiba Mais | Refer\u00eancias:<\/strong><\/p>\n\n\n\n<div class=\"wp-block-columns is-layout-flex wp-container-core-columns-is-layout-9d6595d7 wp-block-columns-is-layout-flex\">\n<div class=\"wp-block-column is-layout-flow wp-block-column-is-layout-flow\">\n<figure class=\"wp-block-embed is-type-video is-provider-youtube wp-block-embed-youtube wp-embed-aspect-16-9 wp-has-aspect-ratio\"><div class=\"wp-block-embed__wrapper\">\n<p class=\"responsive-video-wrap clr\"><iframe title=\"A Av\u00f3 do menino - Cec\u00edlia Meireles (Poema)\" width=\"1200\" height=\"675\" src=\"https:\/\/www.youtube.com\/embed\/S7--GRVWPyo?feature=oembed\" frameborder=\"0\" allow=\"accelerometer; autoplay; clipboard-write; encrypted-media; gyroscope; picture-in-picture\" allowfullscreen><\/iframe><\/p>\n<\/div><figcaption>&#8220;A Av\u00f3 do menino &#8211; Cec\u00edlia Meireles (Poema)&#8221; Canal: <a href=\"https:\/\/www.youtube.com\/channel\/UC3HSek7srYKJVulOdUFFyfw\">Eureka M\u00eddia<\/a> &#8211; https:\/\/www.youtube.com\/watch?v=S7&#8211;GRVWPyo<\/figcaption><\/figure>\n<\/div>\n\n\n\n<div class=\"wp-block-column is-layout-flow wp-block-column-is-layout-flow\">\n<p class=\"has-very-light-gray-color has-vivid-purple-background-color has-text-color has-background\"><a href=\"http:\/\/turmadamonica.uol.com.br\/personagem\/monica\/\">http:\/\/turmadamonica.uol.com.br\/personagem\/monica\/<\/a><\/p>\n<\/div>\n\n\n\n<div class=\"wp-block-column is-layout-flow wp-block-column-is-layout-flow\"><\/div>\n<\/div>\n\n\n\n<hr class=\"wp-block-separator\"\/>\n\n\n\n<figure class=\"wp-block-table alignfull\"><table><tbody><tr><td>Objeto de Conhecimento<\/td><td>Produ\u00e7\u00e3o de texto oral: Recita\u00e7\u00e3o e declama\u00e7\u00e3o de poemas<\/td><\/tr><tr><td>Habilidades<\/td><td>(EF01LP09) Comparar palavras, identificando semelhan\u00e7as e diferen\u00e7as entre sons de s\u00edlabas iniciais, mediais e finais.(EF01LP19-C) Ler, recitar e declamar com flu\u00eancia, entona\u00e7\u00e3o adequada e utiliza\u00e7\u00e3o de recursos paralingu\u00edsticos.<br>(EF12LP07) Identificar e (re)produzir, em cantigas, quadrinhas, parlendas, traval\u00ednguas e can\u00e7\u00f5es, entre outros, rimas, alitera\u00e7\u00f5es, asson\u00e2ncias, o ritmo de fala relacionado ao ritmo e \u00e0 melodia das m\u00fasicas e seus efeitos de sentido.<\/td><\/tr><\/tbody><\/table><\/figure>\n\n\n\n<hr class=\"wp-block-separator\"\/>\n\n\n\n<figure class=\"wp-block-table alignfull\"><table><tbody><tr><td>Proponentes\/ Professores:<\/td><td>Vanessa Santos da Silva<\/td><\/tr><tr><td>Institui\u00e7\u00e3o Educacional:<\/td><td>Escola Municipal Professora Leon\u00edsia Naves de Almeida<\/td><\/tr><tr><td>CRE:<\/td><td>CRE BRETAS<\/td><\/tr><\/tbody><\/table><\/figure>\n\n\n\n<hr class=\"wp-block-separator\"\/>\n\n\n\n<p>Ensino Fundamental &#8211; Ciclo da inf\u00e2ncia-Turma A &#8211; 1\u00ba ano &#8211; Experi\u00eancias e Curiosidades<\/p>\n","protected":false},"author":24,"featured_media":58917,"template":"","ef_categoria":[13,21],"ef_ano":[84],"ef_componente":[93],"class_list":["post-58916","ensino_fundamental","type-ensino_fundamental","status-publish","has-post-thumbnail","hentry","ef_categoria-ciclo-da-infancia-abc","ef_categoria-experiencias-e-curiosidades","ef_ano-1o-ano","ef_componente-portugues","entry","has-media"],"acf":[],"_links":{"self":[{"href":"https:\/\/sme.goiania.go.gov.br\/conexaoescola\/wp-json\/wp\/v2\/ensino_fundamental\/58916","targetHints":{"allow":["GET"]}}],"collection":[{"href":"https:\/\/sme.goiania.go.gov.br\/conexaoescola\/wp-json\/wp\/v2\/ensino_fundamental"}],"about":[{"href":"https:\/\/sme.goiania.go.gov.br\/conexaoescola\/wp-json\/wp\/v2\/types\/ensino_fundamental"}],"author":[{"embeddable":true,"href":"https:\/\/sme.goiania.go.gov.br\/conexaoescola\/wp-json\/wp\/v2\/users\/24"}],"version-history":[{"count":0,"href":"https:\/\/sme.goiania.go.gov.br\/conexaoescola\/wp-json\/wp\/v2\/ensino_fundamental\/58916\/revisions"}],"wp:featuredmedia":[{"embeddable":true,"href":"https:\/\/sme.goiania.go.gov.br\/conexaoescola\/wp-json\/wp\/v2\/media\/58917"}],"wp:attachment":[{"href":"https:\/\/sme.goiania.go.gov.br\/conexaoescola\/wp-json\/wp\/v2\/media?parent=58916"}],"wp:term":[{"taxonomy":"ef_categoria","embeddable":true,"href":"https:\/\/sme.goiania.go.gov.br\/conexaoescola\/wp-json\/wp\/v2\/ef_categoria?post=58916"},{"taxonomy":"ef_ano","embeddable":true,"href":"https:\/\/sme.goiania.go.gov.br\/conexaoescola\/wp-json\/wp\/v2\/ef_ano?post=58916"},{"taxonomy":"ef_componente","embeddable":true,"href":"https:\/\/sme.goiania.go.gov.br\/conexaoescola\/wp-json\/wp\/v2\/ef_componente?post=58916"}],"curies":[{"name":"wp","href":"https:\/\/api.w.org\/{rel}","templated":true}]}}