{"id":58797,"date":"2020-11-09T07:00:00","date_gmt":"2020-11-09T09:00:00","guid":{"rendered":"https:\/\/sme.goiania.go.gov.br\/conexaoescola\/?post_type=ensino_fundamental&#038;p=58797"},"modified":"2021-12-07T11:51:27","modified_gmt":"2021-12-07T13:51:27","slug":"a-distribuicao-da-populacao-brasileira","status":"publish","type":"ensino_fundamental","link":"https:\/\/sme.goiania.go.gov.br\/conexaoescola\/ensino_fundamental\/a-distribuicao-da-populacao-brasileira\/","title":{"rendered":"Geografia &#8211; A distribui\u00e7\u00e3o da popula\u00e7\u00e3o brasileira"},"content":{"rendered":"\n<p class=\"has-drop-cap has-medium-font-size\">Ol\u00e1, nobre aluno \u00e9 muito bom ter sua presen\u00e7a nessa aula. \u00c9 uma pena que n\u00e3o estamos com as aulas presenciais, mas logo estaremos na escola juntos novamente. O Brasil \u00e9 um pa\u00eds com uma grande diversidade econ\u00f4mica, cultural, clim\u00e1tica, populacional, ou seja, \u00e9 muito diversificado. Com isso, iniciaremos o estudo das caracter\u00edsticas do povo brasileiro em espec\u00edfico os ciclos migrat\u00f3rios no s\u00e9culo XX.<\/p>\n\n\n\n<p class=\"has-vivid-red-background-color has-text-color has-background has-medium-font-size\" style=\"color:#ffffff\"><strong>ATIVIDADE 1<\/strong><\/p>\n\n\n\n<p class=\"has-medium-font-size\">Para que voc\u00ea aluno possa ter uma melhor compreens\u00e3o sobre o assunto, veja a v\u00eddeo do canal do You Tube Olhar Geogr\u00e1fico que l\u00e1 ser\u00e1 explicado de forma muito f\u00e1cil sobre o assunto. Ah! N\u00e3o liguem por o v\u00eddeo ter uma anima\u00e7\u00e3o infantilizada, pois \u00e9 a melhor explica\u00e7\u00e3o que encontrei no You Tube sobre o assunto. Ent\u00e3o chega de enrola\u00e7\u00e3o e vamos para a aula.<\/p>\n\n\n\n<figure class=\"wp-block-embed is-type-video is-provider-youtube wp-block-embed-youtube wp-embed-aspect-16-9 wp-has-aspect-ratio\"><div class=\"wp-block-embed__wrapper\">\n<p class=\"responsive-video-wrap clr\"><iframe title=\"POPULA\u00c7\u00c3O BRASILEIRA: Distribui\u00e7\u00e3o geogr\u00e1fica\" width=\"1200\" height=\"675\" src=\"https:\/\/www.youtube.com\/embed\/sCsfBCsilUk?start=187&#038;feature=oembed\" frameborder=\"0\" allow=\"accelerometer; autoplay; clipboard-write; encrypted-media; gyroscope; picture-in-picture\" allowfullscreen><\/iframe><\/p>\n<\/div><figcaption><a href=\"https:\/\/www.youtube.com\/watch?v=sCsfBCsilUk&amp;t=187s\" target=\"_blank\" rel=\"noreferrer noopener\">POPULA\u00c7\u00c3O BRASILEIRA: Distribui\u00e7\u00e3o geogr\u00e1fica &#8211; Canal OLHAR GEOGR\u00c1FICO &#8211; YouTube<\/a><\/figcaption><\/figure>\n\n\n\n<hr class=\"wp-block-separator\"\/>\n\n\n\n<p class=\"has-pale-cyan-blue-background-color has-background has-medium-font-size\"><strong>ATIVIDADE 2<\/strong><\/p>\n\n\n\n<p class=\"has-medium-font-size\">Meu caro aluno, para que voc\u00ea possa melhor aproveitar essa aula voc\u00ea deve fazer as seguintes atividades em seu caderno de Geografia sobre o assunto visto na v\u00eddeo aula, mas antes realizar essa atividade \u00e9 muito importante que se fa\u00e7a o cabe\u00e7alho completo com o nome da sua escola, com data, seu nome, a turma e o nome de seu professor de Geografia.<\/p>\n\n\n\n<p class=\"has-vivid-purple-background-color has-text-color has-background has-medium-font-size\" style=\"color:#ffffff\"><strong>Quest\u00e3o 01<\/strong><\/p>\n\n\n\n<p class=\"has-medium-font-size\">Quais s\u00e3o os pa\u00edses mais populosos do mundo? \u00c9 o Brasil est\u00e1 relacionado com esses pa\u00edses citados? Por qu\u00ea?<\/p>\n\n\n\n<p class=\"has-vivid-purple-background-color has-text-color has-background has-medium-font-size\" style=\"color:#ffffff\"><strong>Quest\u00e3o 02<\/strong><\/p>\n\n\n\n<p class=\"has-medium-font-size\">Explique porque o Brasil \u00e9 pouco povoado?<\/p>\n\n\n\n<p class=\"has-vivid-purple-background-color has-text-color has-background has-medium-font-size\" style=\"color:#ffffff\"><strong>Quest\u00e3o 03<\/strong><\/p>\n\n\n\n<p class=\"has-medium-font-size\">Todas as regi\u00f5es brasileiras possui a mesma quantidade de pessoas? Segundo o que foi explicado qual regi\u00e3o do pa\u00eds \u00e9 a mais povoada e qual \u00e9 a menos povoada?<\/p>\n\n\n\n<p class=\"has-vivid-purple-background-color has-text-color has-background has-medium-font-size\" style=\"color:#ffffff\"><strong>Quest\u00e3o 04<\/strong><\/p>\n\n\n\n<p class=\"has-medium-font-size\">Quais fatores contribui com a desigualdade a ocupa\u00e7\u00e3o do territ\u00f3rio brasileiro?<\/p>\n\n\n\n<p class=\"has-luminous-vivid-amber-background-color has-text-color has-background has-medium-font-size\" style=\"color:#000000\"><strong>Saiba Mais | Refer\u00eancias:<\/strong><\/p>\n\n\n\n<p class=\"has-medium-font-size\">Caso voc\u00ea ainda tenha d\u00favida veja outra v\u00eddeo aula sobre o assunto:<\/p>\n\n\n\n<figure class=\"wp-block-embed is-type-video is-provider-youtube wp-block-embed-youtube wp-embed-aspect-16-9 wp-has-aspect-ratio\"><div class=\"wp-block-embed__wrapper\">\n<p class=\"responsive-video-wrap clr\"><iframe title=\"Geografia - distribui\u00e7\u00e3o da popula\u00e7\u00e3o - Conv\u00e9s do Saber\" width=\"1200\" height=\"675\" src=\"https:\/\/www.youtube.com\/embed\/mRJVac3goi8?start=7&#038;feature=oembed\" frameborder=\"0\" allow=\"accelerometer; autoplay; clipboard-write; encrypted-media; gyroscope; picture-in-picture\" allowfullscreen><\/iframe><\/p>\n<\/div><figcaption><a rel=\"noreferrer noopener\" href=\"http:\/\/youtube.com\/watch?v=mRJVac3goi8&amp;t=7s\" target=\"_blank\">Geografia &#8211; distribui\u00e7\u00e3o da popula\u00e7\u00e3o &#8211; Canal Conv\u00e9s do Saber &#8211; YouTube<\/a><br>Veja v\u00e1rias vezes os v\u00eddeos e caso ainda tenha duvida pesquise sobre o assunto estudado<\/figcaption><\/figure>\n\n\n\n<figure class=\"wp-block-table\"><table><tbody><tr><td>Objeto de Conhecimento<\/td><td>Caracter\u00edsticas da popula\u00e7\u00e3o brasileira<\/td><\/tr><tr><td>Habilidades<\/td><td>(EF07GE04-A) Analisar a distribui\u00e7\u00e3o espacial da popula\u00e7\u00e3o brasileira, considerando os indicadores socioecon\u00f4micos e os aspectos \u00e9tnicos-culturais nas regi\u00f5es brasileiras.<\/td><\/tr><tr><td>Proponentes\/ Professores:<\/td><td>Erivelton Campos C\u00e2ndido<\/td><\/tr><tr><td>Institui\u00e7\u00e3o Educacional:<\/td><td>Escola Municipal Marcos Ant\u00f4nio Dias Batista&nbsp;<\/td><\/tr><tr><td>CRE:<\/td><td>Maria Helena Batista Bretas<\/td><\/tr><\/tbody><\/table><\/figure>\n\n\n\n<hr class=\"wp-block-separator\"\/>\n\n\n\n<p class=\"has-text-align-center\">Ciclo da Adolesc\u00eancia \u2013 Turma G (7\u00ba ano) \u2013 \u00c9tica e Cidadania<\/p>\n","protected":false},"author":28,"featured_media":58799,"template":"","ef_categoria":[15,30],"ef_ano":[90],"ef_componente":[96],"class_list":["post-58797","ensino_fundamental","type-ensino_fundamental","status-publish","has-post-thumbnail","hentry","ef_categoria-ciclo-da-adolescencia-fg","ef_categoria-etica-e-cidadania-ciclo-da-adolescencia-fg","ef_ano-7o-ano","ef_componente-geografia","entry","has-media"],"acf":[],"_links":{"self":[{"href":"https:\/\/sme.goiania.go.gov.br\/conexaoescola\/wp-json\/wp\/v2\/ensino_fundamental\/58797","targetHints":{"allow":["GET"]}}],"collection":[{"href":"https:\/\/sme.goiania.go.gov.br\/conexaoescola\/wp-json\/wp\/v2\/ensino_fundamental"}],"about":[{"href":"https:\/\/sme.goiania.go.gov.br\/conexaoescola\/wp-json\/wp\/v2\/types\/ensino_fundamental"}],"author":[{"embeddable":true,"href":"https:\/\/sme.goiania.go.gov.br\/conexaoescola\/wp-json\/wp\/v2\/users\/28"}],"version-history":[{"count":0,"href":"https:\/\/sme.goiania.go.gov.br\/conexaoescola\/wp-json\/wp\/v2\/ensino_fundamental\/58797\/revisions"}],"wp:featuredmedia":[{"embeddable":true,"href":"https:\/\/sme.goiania.go.gov.br\/conexaoescola\/wp-json\/wp\/v2\/media\/58799"}],"wp:attachment":[{"href":"https:\/\/sme.goiania.go.gov.br\/conexaoescola\/wp-json\/wp\/v2\/media?parent=58797"}],"wp:term":[{"taxonomy":"ef_categoria","embeddable":true,"href":"https:\/\/sme.goiania.go.gov.br\/conexaoescola\/wp-json\/wp\/v2\/ef_categoria?post=58797"},{"taxonomy":"ef_ano","embeddable":true,"href":"https:\/\/sme.goiania.go.gov.br\/conexaoescola\/wp-json\/wp\/v2\/ef_ano?post=58797"},{"taxonomy":"ef_componente","embeddable":true,"href":"https:\/\/sme.goiania.go.gov.br\/conexaoescola\/wp-json\/wp\/v2\/ef_componente?post=58797"}],"curies":[{"name":"wp","href":"https:\/\/api.w.org\/{rel}","templated":true}]}}