{"id":5877,"date":"2020-10-12T07:00:00","date_gmt":"2020-10-12T10:00:00","guid":{"rendered":"http:\/\/sme.goiania.go.gov.br\/conexaoescola\/?post_type=ensino_fundamental&#038;p=5877"},"modified":"2021-12-27T17:11:29","modified_gmt":"2021-12-27T19:11:29","slug":"natureza-e-processos-de-transformacao-2","status":"publish","type":"ensino_fundamental","link":"https:\/\/sme.goiania.go.gov.br\/conexaoescola\/ensino_fundamental\/natureza-e-processos-de-transformacao-2\/","title":{"rendered":"Geografia &#8211; Natureza e processos de transforma\u00e7\u00e3o"},"content":{"rendered":"\n<p class=\"has-drop-cap has-pale-cyan-blue-background-color has-background\">Ol\u00e1, nesta aula vamos estudar como ocorre a transforma\u00e7\u00e3o das paisagens do nosso planeta pela a\u00e7\u00e3o da natureza e pela a\u00e7\u00e3o humana. Ficou curioso(a)? Ent\u00e3o vamos estudar!!!!<\/p>\n\n\n\n<hr class=\"wp-block-separator\"\/>\n\n\n\n<p class=\"has-very-light-gray-background-color has-background\"><strong>ATIVIDADES<\/strong><\/p>\n\n\n\n<p class=\"has-medium-font-size\">1- Leia com aten\u00e7\u00e3o:<\/p>\n\n\n\n<p class=\"has-medium-font-size\"><strong>Transforma\u00e7\u00e3o das paisagens<\/strong><\/p>\n\n\n\n<p class=\"has-medium-font-size\">As paisagens do nosso planeta est\u00e3o, constantemente, sendo transformadas pela a\u00e7\u00e3o da natureza e tamb\u00e9m pela a\u00e7\u00e3o humana. Nesse processo de transforma\u00e7\u00e3o, podemos citar como a\u00e7\u00e3o da natureza: a ocorr\u00eancia de um tornado em uma cidade, a a\u00e7\u00e3o modeladora das \u00e1guas do mar ao esculpir as rochas no litoral, do rio ao escavar um vale, a erup\u00e7\u00e3o de um vulc\u00e3o, ocorr\u00eancia de um terremoto ou de um tsunami, etc.<\/p>\n\n\n\n<p class=\"has-medium-font-size\">&nbsp;&nbsp;Tornados s\u00e3o grandes redemoinhos de ventos que se formam em \u00e1reas continentais. Os ventos de um tornado podem alcan\u00e7ar at\u00e9 500 quil\u00f4metros por hora. J\u00e1 um tsunami \u00e9 uma onda mar\u00edtima gigante que \u00e9 formada no fundo dos oceanos. Esse tipo de onda pode atingir at\u00e9 30 metros de altura.<\/p>\n\n\n\n<p class=\"has-medium-font-size\">&nbsp;As transforma\u00e7\u00f5es que ocorrem nas paisagens terrestres, provocadas pela natureza, possuem ritmos diferentes. Algumas s\u00e3o transformadas em poucos minutos, como no caso de terremoto ou tsunami, j\u00e1 existe outros eventos que levam milhares de anos para provocar uma altera\u00e7\u00e3o na superf\u00edcie terrestre. \u00c9 o caso da forma\u00e7\u00e3o de c\u00e2nions, onde as \u00e1guas de um rio levam milhares de anos para remover sedimentos e escavar a rocha, at\u00e9 formar profundos vales. No Brasil existe o C\u00e2nion Itaimbezinho, no Rio Grande do Sul.<\/p>\n\n\n\n<p class=\"has-medium-font-size\">&nbsp;Em 10 de junho deste ano, ainda bem recente, ocorreu um tornado em Santa Catarina, deixando assim grandes estragos e modifica\u00e7\u00f5es na paisagem.&nbsp;&nbsp;<\/p>\n\n\n\n<p class=\"has-medium-font-size\">Em julho de 2018, ocorreu um forte terremoto no Jap\u00e3o que foi sentido na cidade de T\u00f3quio. &nbsp;&nbsp;&nbsp;&nbsp;&nbsp;&nbsp;&nbsp;&nbsp; <\/p>\n\n\n\n<p>Veja as reportagens:<\/p>\n\n\n\n<figure class=\"wp-block-embed is-type-video is-provider-youtube wp-block-embed-youtube wp-embed-aspect-16-9 wp-has-aspect-ratio\"><div class=\"wp-block-embed__wrapper\">\n<p class=\"responsive-video-wrap clr\"><iframe title=\"Tornados deixam 957 desabrigados e rastro de destrui\u00e7\u00e3o em Santa Catarina | SBT Brasil (15\/08\/20)\" width=\"1200\" height=\"675\" src=\"https:\/\/www.youtube.com\/embed\/oj3Th5DVyqk?feature=oembed\" frameborder=\"0\" allow=\"accelerometer; autoplay; clipboard-write; encrypted-media; gyroscope; picture-in-picture\" allowfullscreen><\/iframe><\/p>\n<\/div><figcaption><a href=\"https:\/\/www.youtube.com\/watch?v=oj3Th5DVyqk\" target=\"_blank\" rel=\"noreferrer noopener\">Tornados deixam 957 desabrigados e rastro de destrui\u00e7\u00e3o em Santa Catarina | SBT Brasil (15\/08\/20) &#8211; Canal SBT Jornalismo &#8211; YouTube<\/a><br><\/figcaption><\/figure>\n\n\n\n<p class=\"has-medium-font-size\">Terremoto no Jap\u00e3o em 2018: <a rel=\"noreferrer noopener\" href=\"https:\/\/www.em.com.br\/app\/noticia\/internacional\/2018\/07\/07\/interna_internacional,971882\/japao-forte-terremoto-e-sentido-em-toquio-nenhuma-vitima-ate-o-momen.shtml\" target=\"_blank\"><strong>https:\/\/www.em.com.br\/app\/noticia\/internacional\/2018\/07\/07\/interna_internacional,971882\/japao-forte-terremoto-e-sentido-em-toquio-nenhuma-vitima-ate-o-momen.shtml<\/strong><\/a><\/p>\n\n\n\n<p class=\"has-medium-font-size\">C\u00e2nion Itaimbezinho no Rio Grande do Sul: <a href=\"https:\/\/desviantes.com.br\/blog\/post\/9-canyons-incriveis-no-brasil-itaimbezinho-e-outros\/\" target=\"_blank\" rel=\"noreferrer noopener\"><strong>https:\/\/desviantes.com.br\/blog\/post\/9-canyons-incriveis-no-brasil-itaimbezinho-e-outros\/ <\/strong><\/a><\/p>\n\n\n\n<p class=\"has-medium-font-size\">Outras paisagens podem ser alteradas pela a\u00e7\u00e3o humana atrav\u00e9s de constru\u00e7\u00f5es de centros comerciais, edif\u00edcios, casa, pra\u00e7as, novos setores, abertura de novas ruas, etc. Cada uma dessas mudan\u00e7as provoca a transforma\u00e7\u00e3o da paisagem. Essa intensa transforma\u00e7\u00e3o da natureza, provocada pelos seres humanos est\u00e1 ligado ao processo de urbaniza\u00e7\u00e3o e industrializa\u00e7\u00e3o da sociedade.<\/p>\n\n\n\n<p class=\"has-medium-font-size\">Nossos ancestrais faziam poucas modifica\u00e7\u00f5es na natureza, retiravam dela apenas o necess\u00e1rio para sua sobreviv\u00eancia. Com o passar do tempo os seres humanos passaram a transform\u00e1-la em grande escala, de forma intensa e destrutiva. S\u00e3o poucas as paisagens do nosso planeta que ainda n\u00e3o foram transformadas diretamente pela a\u00e7\u00e3o humana.<\/p>\n\n\n\n<p class=\"has-medium-font-size\">Adaptado:<\/p>\n\n\n\n<p class=\"has-medium-font-size\">Vontade de Saber: &nbsp;geografia : 6\u00baano : ensino : Ensino Fundamental :&nbsp;<\/p>\n\n\n\n<p class=\"has-medium-font-size\">Anos finais \/ Neiva Camargo Torrezani. &#8211; 1. ed, &#8211; S\u00e3o Paulo :&nbsp; Quinteto<\/p>\n\n\n\n<p class=\"has-medium-font-size\">Editorial, 2018. pgs. 26-29.&nbsp;&nbsp;<\/p>\n\n\n\n<p class=\"has-medium-font-size\">2- Pe\u00e7a ao seu respons\u00e1vel para ver com voc\u00ea as fotos antigas que voc\u00eas t\u00eam principalmente as que foram tiradas em \u00e1reas abertas.<\/p>\n\n\n\n<p class=\"has-medium-font-size\">a) Analise as fotos e registre em seu caderno de Geografia as mudan\u00e7as que voc\u00ea percebe na paisagem no decorrer do tempo, comparando com os dias atuais.&nbsp;<\/p>\n\n\n\n<p class=\"has-medium-font-size\">b)&nbsp;Agora voc\u00ea vai registrar alguma coisa que est\u00e1 sendo feito no seu setor como exemplo de transforma\u00e7\u00e3o da paisagem.<\/p>\n\n\n\n<p class=\"has-medium-font-size\">c) Registre tamb\u00e9m algo que est\u00e1 sendo constru\u00eddo em Goi\u00e2nia e que para isso foi necess\u00e1rio interferir na natureza.<\/p>\n\n\n\n<p class=\"has-medium-font-size\">3- Com base no texto que leu e os v\u00eddeos que assistiu, explique com suas palavras:<\/p>\n\n\n\n<p class=\"has-medium-font-size\">a) Diferentes formas de transforma\u00e7\u00e3o da paisagem.<\/p>\n\n\n\n<p class=\"has-medium-font-size\">b) Como os homens podem construir suas hist\u00f3rias sem destruir tanto o nosso planeta<\/p>\n\n\n\n<p class=\"has-text-color has-background has-medium-font-size\" style=\"background-color:#000000;color:#ffffff\"><strong>Saiba Mais | Refer\u00eancias:<\/strong><\/p>\n\n\n\n<p>Conhe\u00e7a um pouco mais sobre as mudan\u00e7as das paisagens atrav\u00e9s dos v\u00eddeos abaixo:<\/p>\n\n\n\n<ul class=\"wp-block-list\"><li><strong>Uma viagem pelo c\u00e2nion de Itaimbezinho. Uma mudan\u00e7a provocada pela natureza.<\/strong><\/li><\/ul>\n\n\n\n<figure class=\"wp-block-embed is-type-video is-provider-youtube wp-block-embed-youtube wp-embed-aspect-16-9 wp-has-aspect-ratio\"><div class=\"wp-block-embed__wrapper\">\n<p class=\"responsive-video-wrap clr\"><iframe title=\"C\u00e2nion Itaimbezinho - Aparados da Serra - Cambar\u00e1 do Sul\" width=\"1200\" height=\"675\" src=\"https:\/\/www.youtube.com\/embed\/z6tg-MwpviU?feature=oembed\" frameborder=\"0\" allow=\"accelerometer; autoplay; clipboard-write; encrypted-media; gyroscope; picture-in-picture\" allowfullscreen><\/iframe><\/p>\n<\/div><figcaption><a href=\"https:\/\/www.youtube.com\/watch?v=z6tg-MwpviU\" target=\"_blank\" rel=\"noreferrer noopener\">C\u00e2nion Itaimbezinho &#8211; Aparados da Serra &#8211; Cambar\u00e1 do Sul &#8211; Dicas de Viagem &#8211; YouTube<\/a><\/figcaption><\/figure>\n\n\n\n<ul class=\"wp-block-list\"><li><strong>Interfer\u00eancia do homem na natureza e suas consequ\u00eancias<\/strong><\/li><\/ul>\n\n\n\n<p class=\"has-medium-font-size\"><a rel=\"noreferrer noopener\" href=\"https:\/\/brasilescola.uol.com.br\/geografia\/transformacao-natureza.htm\" target=\"_blank\"><strong>https:\/\/brasilescola.uol.com.br\/geografia\/transformacao-natureza.htm<\/strong><\/a><\/p>\n\n\n\n<ul class=\"wp-block-list\"><li><strong>Destrui\u00e7\u00e3o da natureza<\/strong><\/li><\/ul>\n\n\n\n<figure class=\"wp-block-embed is-type-video is-provider-youtube wp-block-embed-youtube wp-embed-aspect-16-9 wp-has-aspect-ratio\"><div class=\"wp-block-embed__wrapper\">\n<p class=\"responsive-video-wrap clr\"><iframe title=\"A rela\u00e7\u00e3o do homem com a natureza e o meio ambiente que o rodeia ... Um v\u00eddeo muito comovente\" width=\"1200\" height=\"675\" src=\"https:\/\/www.youtube.com\/embed\/wcBwFCVC1R0?feature=oembed\" frameborder=\"0\" allow=\"accelerometer; autoplay; clipboard-write; encrypted-media; gyroscope; picture-in-picture\" allowfullscreen><\/iframe><\/p>\n<\/div><figcaption><a href=\"https:\/\/www.youtube.com\/watch?v=wcBwFCVC1R0\" target=\"_blank\" rel=\"noreferrer noopener\">A rela\u00e7\u00e3o do homem com a natureza e o meio ambiente que o rodeia &#8230; Um v\u00eddeo muito comovente &#8211; Canal Michelle Farias &#8211; YouTube<\/a><\/figcaption><\/figure>\n\n\n\n<figure class=\"wp-block-table alignfull\"><table><tbody><tr><td><strong>Objeto de Conhecimento<\/strong><\/td><td>Transforma\u00e7\u00f5es das paisagens naturais e antr\u00f3picas. Mudan\u00e7as na intera\u00e7\u00e3o humana com a natureza.<\/td><\/tr><tr><td><strong>Componente Curricular<\/strong><\/td><td>Geografia<\/td><\/tr><tr><td><strong>Habilidades<\/strong><\/td><td>(EF06GE02-B) Compreender a ocupa\u00e7\u00e3o do espa\u00e7o geogr\u00e1fico como agente modificador das paisagens.(EF06GE07-A) Analisar e problematizar a intensifica\u00e7\u00e3o das mudan\u00e7as da rela\u00e7\u00e3o entre a sociedade e a natureza, na sociedade contempor\u00e2nea, a partir do advento da industrializa\u00e7\u00e3o e da urbaniza\u00e7\u00e3o.<\/td><\/tr><tr><td><strong>Proponentes\/ Professores:<\/strong><\/td><td>Ecione de Carvalho Soares Silva<\/td><\/tr><tr><td><strong>Institui\u00e7\u00e3o Educacional:<\/strong><\/td><td>Escola Mun. Coronel Jos\u00e9 Viana Alves.<\/td><\/tr><tr><td><strong>CRE:<\/strong><\/td><td>Brasil Di Ramos Caiado<\/td><\/tr><\/tbody><\/table><\/figure>\n\n\n\n<hr class=\"wp-block-separator\"\/>\n\n\n\n<p class=\"has-text-align-center\">Ciclo da Adolesc\u00eancia \u2013 Turma F (6\u00ba ano) \u2013 Experi\u00eancias e Curiosidades<\/p>\n","protected":false},"author":28,"featured_media":25729,"template":"","ef_categoria":[15,31],"ef_ano":[89],"ef_componente":[96],"class_list":["post-5877","ensino_fundamental","type-ensino_fundamental","status-publish","has-post-thumbnail","hentry","ef_categoria-ciclo-da-adolescencia-fg","ef_categoria-experiencias-e-curiosidades-ciclo-da-adolescencia-fg","ef_ano-6o-ano","ef_componente-geografia","entry","has-media"],"acf":[],"_links":{"self":[{"href":"https:\/\/sme.goiania.go.gov.br\/conexaoescola\/wp-json\/wp\/v2\/ensino_fundamental\/5877","targetHints":{"allow":["GET"]}}],"collection":[{"href":"https:\/\/sme.goiania.go.gov.br\/conexaoescola\/wp-json\/wp\/v2\/ensino_fundamental"}],"about":[{"href":"https:\/\/sme.goiania.go.gov.br\/conexaoescola\/wp-json\/wp\/v2\/types\/ensino_fundamental"}],"author":[{"embeddable":true,"href":"https:\/\/sme.goiania.go.gov.br\/conexaoescola\/wp-json\/wp\/v2\/users\/28"}],"version-history":[{"count":0,"href":"https:\/\/sme.goiania.go.gov.br\/conexaoescola\/wp-json\/wp\/v2\/ensino_fundamental\/5877\/revisions"}],"wp:featuredmedia":[{"embeddable":true,"href":"https:\/\/sme.goiania.go.gov.br\/conexaoescola\/wp-json\/wp\/v2\/media\/25729"}],"wp:attachment":[{"href":"https:\/\/sme.goiania.go.gov.br\/conexaoescola\/wp-json\/wp\/v2\/media?parent=5877"}],"wp:term":[{"taxonomy":"ef_categoria","embeddable":true,"href":"https:\/\/sme.goiania.go.gov.br\/conexaoescola\/wp-json\/wp\/v2\/ef_categoria?post=5877"},{"taxonomy":"ef_ano","embeddable":true,"href":"https:\/\/sme.goiania.go.gov.br\/conexaoescola\/wp-json\/wp\/v2\/ef_ano?post=5877"},{"taxonomy":"ef_componente","embeddable":true,"href":"https:\/\/sme.goiania.go.gov.br\/conexaoescola\/wp-json\/wp\/v2\/ef_componente?post=5877"}],"curies":[{"name":"wp","href":"https:\/\/api.w.org\/{rel}","templated":true}]}}