{"id":58739,"date":"2020-11-09T07:00:00","date_gmt":"2020-11-09T09:00:00","guid":{"rendered":"https:\/\/sme.goiania.go.gov.br\/conexaoescola\/?post_type=ensino_fundamental&#038;p=58739"},"modified":"2021-12-27T16:42:14","modified_gmt":"2021-12-27T18:42:14","slug":"de-onde-viemos-conhecendo-a-origem-do-universo-do-planeta-terra-e-o-que-e-o-sistema-solar","status":"publish","type":"ensino_fundamental","link":"https:\/\/sme.goiania.go.gov.br\/conexaoescola\/ensino_fundamental\/de-onde-viemos-conhecendo-a-origem-do-universo-do-planeta-terra-e-o-que-e-o-sistema-solar\/","title":{"rendered":"Geografia &#8211; De onde viemos? Conhecendo a origem do Universo, do planeta Terra e o que \u00e9 o sistema solar"},"content":{"rendered":"\n<p class=\"has-drop-cap has-pale-cyan-blue-background-color has-text-color has-background has-medium-font-size\" style=\"color:#000000\">Ol\u00e1 queridos alunos!&nbsp; Como est\u00e3o?&nbsp; Saudade de nossas aulas de Geografia?&nbsp; Hoje falaremos um pouco sobre a origem do Universo, do planeta Terra e sobre os movimentos de rota\u00e7\u00e3o e transla\u00e7\u00e3o.&nbsp;&nbsp; Prontos para embarcar nesse foguete rumo ao Sistema Solar?<\/p>\n\n\n\n<p class=\"has-medium-font-size\">Os links abaixo nortear\u00e3o nossa atividade de hoje. Neles, voc\u00eas encontrar\u00e3o leitura e v\u00eddeo que ir\u00e3o lhe ajudar a responder as quest\u00f5es propostas.<\/p>\n\n\n\n<p class=\"has-very-light-gray-background-color has-background has-medium-font-size\"><a rel=\"noreferrer noopener\" href=\"https:\/\/atlasescolar.ibge.gov.br\/a-terra\/nosso-planeta-no-universo.\" target=\"_blank\"><strong>https:\/\/atlasescolar.ibge.gov.br\/a-terra\/nosso-planeta-no-universo<\/strong><\/a><\/p>\n\n\n\n<figure class=\"wp-block-embed is-type-video is-provider-youtube wp-block-embed-youtube wp-embed-aspect-16-9 wp-has-aspect-ratio\"><div class=\"wp-block-embed__wrapper\">\n<p class=\"responsive-video-wrap clr\"><iframe title=\"VIAJANDO PELO SISTEMA SOLAR\" width=\"1200\" height=\"675\" src=\"https:\/\/www.youtube.com\/embed\/zLFvrurSef8?feature=oembed\" frameborder=\"0\" allow=\"accelerometer; autoplay; clipboard-write; encrypted-media; gyroscope; picture-in-picture\" allowfullscreen><\/iframe><\/p>\n<\/div><figcaption><a href=\"https:\/\/www.youtube.com\/watch?v=zLFvrurSef8\" target=\"_blank\" rel=\"noreferrer noopener\">VIAJANDO PELO SISTEMA SOLAR &#8211; Canal Voc\u00ea Sabia? &#8211; YouTube<\/a><\/figcaption><\/figure>\n\n\n\n<hr class=\"wp-block-separator\"\/>\n\n\n\n<p class=\"has-medium-font-size\">Sejam curiosos e pesquisem mais v\u00eddeos sobre a Via L\u00e1ctea, curiosidades sobre o Universo e outros planetas! Sugest\u00e3o: canal Voc\u00ea Sabia?<\/p>\n\n\n\n<p class=\"has-medium-font-size\">Agora, vamos para a atividade de hoje. Baseado em tudo que vimos e estudamos at\u00e9 agora, responda as quest\u00f5es a seguir.<\/p>\n\n\n\n<p class=\"has-light-green-cyan-background-color has-background has-medium-font-size\"><strong>Quest\u00e3o 01 &#8211;<\/strong><\/p>\n\n\n\n<p class=\"has-medium-font-size\">\u00c9 o sexto planeta do sistema solar a partir do Sol, sendo o segundo maior planeta desse grupo. \u00c9 conhecido por ser rodeado de an\u00e9is e ser classificado como um planeta gasoso ou joviano.<\/p>\n\n\n\n<p class=\"has-medium-font-size\">A descri\u00e7\u00e3o acima se refere a:<\/p>\n\n\n\n<p class=\"has-medium-font-size\">a) Urano&nbsp;&nbsp;&nbsp;&nbsp;&nbsp;&nbsp;&nbsp;&nbsp;&nbsp;&nbsp;&nbsp;&nbsp; &nbsp;b) Netuno &nbsp;&nbsp;&nbsp;&nbsp;&nbsp;&nbsp;&nbsp;&nbsp;&nbsp;c) Saturno&nbsp;&nbsp;&nbsp;&nbsp; &nbsp;d) J\u00fapiter &nbsp;&nbsp;&nbsp;&nbsp;&nbsp;&nbsp;e) V\u00eanus<\/p>\n\n\n\n<p class=\"has-light-green-cyan-background-color has-background has-medium-font-size\"><strong>Quest\u00e3o 02 &#8211;  <\/strong><\/p>\n\n\n\n<p class=\"has-medium-font-size\">Sobre o sistema solar, assinale V para verdadeiro e F para falso.<\/p>\n\n\n\n<p class=\"has-medium-font-size\">1. ( ) O Sol comp\u00f5e a maior parte da mat\u00e9ria de seu sistema e realiza um movimento de rota\u00e7\u00e3o.<\/p>\n\n\n\n<p class=\"has-medium-font-size\">2. ( ) Todos os planetas do sistema solar realizam o movimento de transla\u00e7\u00e3o.<\/p>\n\n\n\n<p class=\"has-medium-font-size\">3. ( ) Plut\u00e3o, em 2006, foi rebaixado para a categoria de \u201cPlaneta An\u00e3o\u201d apenas por ser muito pequeno.<\/p>\n\n\n\n<p class=\"has-medium-font-size\">4. ( ) O sistema solar \u00e9 composto por oito planetas, quatro deles rochosos e quatro gasosos.<\/p>\n\n\n\n<p class=\"has-medium-font-size\">5. ( ) O maior planeta do sistema solar \u00e9 J\u00fapiter.<\/p>\n\n\n\n<p class=\"has-medium-font-size\">6. ( ) Os dois planetas \u201cvizinhos\u201d da Terra s\u00e3o Marte e J\u00fapiter.<\/p>\n\n\n\n<p class=\"has-medium-font-size\">7. ( ) A lua terrestre \u00e9 o \u00fanico sat\u00e9lite natural do sistema solar.<\/p>\n\n\n\n<p class=\"has-medium-font-size\">8. ( ) Apenas o planeta Terra apresenta \u00e1gua em seu estado l\u00edquido em todo o sistema solar.<\/p>\n\n\n\n<p class=\"has-light-green-cyan-background-color has-background has-medium-font-size\"><strong>Quest\u00e3o 03 &#8211;<\/strong><\/p>\n\n\n\n<p class=\"has-medium-font-size\">Vamos preencher essa cruzadinha com as informa\u00e7\u00f5es:<\/p>\n\n\n\n<div class=\"wp-block-image\"><figure class=\"aligncenter size-large\"><img fetchpriority=\"high\" decoding=\"async\" width=\"598\" height=\"496\" src=\"https:\/\/sme.goiania.go.gov.br\/conexaoescola\/wp-content\/uploads\/2020\/11\/crz-e1604667256382.jpg\" alt=\"\" class=\"wp-image-58741\" srcset=\"https:\/\/sme.goiania.go.gov.br\/conexaoescola\/wp-content\/uploads\/2020\/11\/crz-e1604667256382.jpg 598w, https:\/\/sme.goiania.go.gov.br\/conexaoescola\/wp-content\/uploads\/2020\/11\/crz-e1604667256382-300x249.jpg 300w\" sizes=\"(max-width: 598px) 100vw, 598px\" \/><\/figure><\/div>\n\n\n\n<p class=\"has-medium-font-size\">1-&nbsp; Nome do planeta que vivemos.<\/p>\n\n\n\n<p class=\"has-medium-font-size\">2-&nbsp; Sat\u00e9lite natural da Terra.<\/p>\n\n\n\n<p class=\"has-medium-font-size\">3-&nbsp; Estrela do nosso sistema solar.<\/p>\n\n\n\n<p class=\"has-medium-font-size\">4-&nbsp; For\u00e7a invis\u00edvel que atrai todos os corpos para a superf\u00edcie da Terra.<\/p>\n\n\n\n<p class=\"has-medium-font-size\">5-&nbsp; Movimento que a Terra faz em torno do sol.<\/p>\n\n\n\n<p class=\"has-medium-font-size\">6-&nbsp; Movimento que a Terra faz em torno de si mesma.<\/p>\n\n\n\n<p class=\"has-light-green-cyan-background-color has-background has-medium-font-size\"><strong>Quest\u00e3o 04 &#8211;<\/strong><\/p>\n\n\n\n<p class=\"has-medium-font-size\">Agora complete a figura abaixo com o nome dos planetas que formam o sistema solar:<\/p>\n\n\n\n<div class=\"wp-block-image\"><figure class=\"aligncenter size-large\"><img decoding=\"async\" width=\"480\" height=\"310\" src=\"https:\/\/sme.goiania.go.gov.br\/conexaoescola\/wp-content\/uploads\/2020\/11\/glx-e1604667422762.png\" alt=\"\" class=\"wp-image-58742\" srcset=\"https:\/\/sme.goiania.go.gov.br\/conexaoescola\/wp-content\/uploads\/2020\/11\/glx-e1604667422762.png 480w, https:\/\/sme.goiania.go.gov.br\/conexaoescola\/wp-content\/uploads\/2020\/11\/glx-e1604667422762-300x194.png 300w\" sizes=\"(max-width: 480px) 100vw, 480px\" \/><\/figure><\/div>\n\n\n\n<hr class=\"wp-block-separator\"\/>\n\n\n\n<p class=\"has-light-green-cyan-background-color has-background has-medium-font-size\"><strong>Quest\u00e3o 05 &#8211;<\/strong><\/p>\n\n\n\n<p class=\"has-medium-font-size\">Explique com as suas palavras o que voc\u00ea compreendeu sobre os movimentos: OBS: no link 1, h\u00e1 uma figura interativa, onde voc\u00ea pode clicar e observar como ocorrem esses movimentos.<\/p>\n\n\n\n<p class=\"has-medium-font-size\">a)&nbsp; De rota\u00e7\u00e3o:<\/p>\n\n\n\n<p class=\"has-medium-font-size\">b)&nbsp; De transla\u00e7\u00e3o:<\/p>\n\n\n\n<p class=\"has-light-green-cyan-background-color has-background has-medium-font-size\"><strong>Quest\u00e3o 06 &#8211; <\/strong><\/p>\n\n\n\n<p class=\"has-medium-font-size\">Para finalizar, escreva abaixo o nome do planeta que voc\u00ea mais achou interessante e algumas curiosidades sobre ele! Voc\u00ea encontrar\u00e1 muitas curiosidades nos v\u00eddeos sugeridos do canal Voc\u00ea Sabia e no v\u00eddeo que vimos.<\/p>\n\n\n\n<p class=\"has-text-color has-background has-medium-font-size\" style=\"background-color:#000000;color:#ffffff\"><strong>Saiba Mais | Refer\u00eancias:<\/strong><\/p>\n\n\n\n<p class=\"has-medium-font-size\"><strong><a href=\"https:\/\/exercicios.brasilescola.uol.com.br\/exercicios-geografia\/exercicios-sobre-sistema-solar.htm\" target=\"_blank\" rel=\"noreferrer noopener\">https:\/\/exercicios.brasilescola.uol.com.br\/exercicios-geografia\/exercicios-sobre-sistema-solar.htm<\/a><\/strong><\/p>\n\n\n\n<p class=\"has-medium-font-size\"><a href=\"https:\/\/atlasescolar.ibge.gov.br\/a-terra\/nosso-planeta-no-universo\" target=\"_blank\" rel=\"noreferrer noopener\"><strong>https:\/\/atlasescolar.ibge.gov.br\/a-terra\/nosso-planeta-no-universo<\/strong><\/a><\/p>\n\n\n\n<figure class=\"wp-block-embed is-type-video is-provider-youtube wp-block-embed-youtube wp-embed-aspect-16-9 wp-has-aspect-ratio\"><div class=\"wp-block-embed__wrapper\">\n<p class=\"responsive-video-wrap clr\"><iframe title=\"VIAJANDO PELO SISTEMA SOLAR\" width=\"1200\" height=\"675\" src=\"https:\/\/www.youtube.com\/embed\/zLFvrurSef8?feature=oembed\" frameborder=\"0\" allow=\"accelerometer; autoplay; clipboard-write; encrypted-media; gyroscope; picture-in-picture\" allowfullscreen><\/iframe><\/p>\n<\/div><figcaption><a rel=\"noreferrer noopener\" href=\"https:\/\/www.youtube.com\/watch?v=zLFvrurSef8\" target=\"_blank\">VIAJANDO PELO SISTEMA SOLAR &#8211; Canal Voc\u00ea Sabia? &#8211; YouTube<\/a><br><\/figcaption><\/figure>\n\n\n\n<hr class=\"wp-block-separator\"\/>\n\n\n\n<figure class=\"wp-block-table\"><table><tbody><tr><td>Objeto de Conhecimento<\/td><td>Rela\u00e7\u00f5es entre os componentes f\u00edsico-naturais<\/td><\/tr><tr><td>&nbsp;Componentes Curriculares<\/td><td>Geografia<\/td><\/tr><tr><td>Habilidades<\/td><td>(EF06GE03-A) Compreender a din\u00e2mica do sistema solar e sua rela\u00e7\u00e3o com o Universo &nbsp;<\/td><\/tr><tr><td>Proponentes\/ Professores:<\/td><td>&nbsp;Ana Cl\u00e1udia Alves Carvalho Mendes<\/td><\/tr><tr><td>Institui\u00e7\u00e3o Educacional:<\/td><td>Escola Municipal Lions Clube Bandeirantes<\/td><\/tr><tr><td>CRE:<\/td><td>Brasil Di Ramos Caiado<\/td><\/tr><\/tbody><\/table><\/figure>\n\n\n\n<hr class=\"wp-block-separator\"\/>\n\n\n\n<p class=\"has-text-align-center\">Ciclo da Adolesc\u00eancia \u2013 Turma F (6\u00ba ano) \u2013 Ed. Ambiental e Sa\u00fade<\/p>\n","protected":false},"author":28,"featured_media":58746,"template":"","ef_categoria":[15,28],"ef_ano":[89],"ef_componente":[96],"class_list":["post-58739","ensino_fundamental","type-ensino_fundamental","status-publish","has-post-thumbnail","hentry","ef_categoria-ciclo-da-adolescencia-fg","ef_categoria-educacao-ambiental-e-saude-ciclo-da-adolescencia-fg","ef_ano-6o-ano","ef_componente-geografia","entry","has-media"],"acf":[],"_links":{"self":[{"href":"https:\/\/sme.goiania.go.gov.br\/conexaoescola\/wp-json\/wp\/v2\/ensino_fundamental\/58739","targetHints":{"allow":["GET"]}}],"collection":[{"href":"https:\/\/sme.goiania.go.gov.br\/conexaoescola\/wp-json\/wp\/v2\/ensino_fundamental"}],"about":[{"href":"https:\/\/sme.goiania.go.gov.br\/conexaoescola\/wp-json\/wp\/v2\/types\/ensino_fundamental"}],"author":[{"embeddable":true,"href":"https:\/\/sme.goiania.go.gov.br\/conexaoescola\/wp-json\/wp\/v2\/users\/28"}],"version-history":[{"count":0,"href":"https:\/\/sme.goiania.go.gov.br\/conexaoescola\/wp-json\/wp\/v2\/ensino_fundamental\/58739\/revisions"}],"wp:featuredmedia":[{"embeddable":true,"href":"https:\/\/sme.goiania.go.gov.br\/conexaoescola\/wp-json\/wp\/v2\/media\/58746"}],"wp:attachment":[{"href":"https:\/\/sme.goiania.go.gov.br\/conexaoescola\/wp-json\/wp\/v2\/media?parent=58739"}],"wp:term":[{"taxonomy":"ef_categoria","embeddable":true,"href":"https:\/\/sme.goiania.go.gov.br\/conexaoescola\/wp-json\/wp\/v2\/ef_categoria?post=58739"},{"taxonomy":"ef_ano","embeddable":true,"href":"https:\/\/sme.goiania.go.gov.br\/conexaoescola\/wp-json\/wp\/v2\/ef_ano?post=58739"},{"taxonomy":"ef_componente","embeddable":true,"href":"https:\/\/sme.goiania.go.gov.br\/conexaoescola\/wp-json\/wp\/v2\/ef_componente?post=58739"}],"curies":[{"name":"wp","href":"https:\/\/api.w.org\/{rel}","templated":true}]}}