{"id":58663,"date":"2020-11-09T07:00:00","date_gmt":"2020-11-09T09:00:00","guid":{"rendered":"https:\/\/sme.goiania.go.gov.br\/conexaoescola\/?post_type=ensino_fundamental&#038;p=58663"},"modified":"2022-01-12T12:43:21","modified_gmt":"2022-01-12T14:43:21","slug":"patrimonio-historico-nossa-riqueza-2","status":"publish","type":"ensino_fundamental","link":"https:\/\/sme.goiania.go.gov.br\/conexaoescola\/ensino_fundamental\/patrimonio-historico-nossa-riqueza-2\/","title":{"rendered":"Hist\u00f3ria &#8211; Patrim\u00f4nio hist\u00f3rico: nossa riqueza"},"content":{"rendered":"\n<p class=\"has-medium-font-size\">Sabia que assim como as pessoas, os lugares tamb\u00e9m t\u00eam sua hist\u00f3ria?&nbsp; Convido voc\u00ea a conhecer melhor o local onde vivemos e nosso patrim\u00f4nio hist\u00f3rico!<\/p>\n\n\n\n<hr class=\"wp-block-separator\"\/>\n\n\n\n<p class=\"has-medium-font-size\">Patrim\u00f4nio Hist\u00f3rico&nbsp;<\/p>\n\n\n\n<p class=\"has-medium-font-size\">O patrim\u00f4nio hist\u00f3rico representa os&nbsp;bens materiais ou naturais que possuem import\u00e2ncia na hist\u00f3ria&nbsp;de determinada sociedade ou comunidade. Pode ser pr\u00e9dios, ru\u00ednas, est\u00e1tuas, esculturas, templos, igrejas, pra\u00e7as, ou at\u00e9 mesmo parte de uma cidade, por exemplo, o centro hist\u00f3rico.<\/p>\n\n\n\n<blockquote class=\"wp-block-quote is-layout-flow wp-block-quote-is-layout-flow\"><p><\/p><cite><em>Trecho do texto retirado do site: <\/em><a href=\"https:\/\/www.todamateria.com.br\/patrimonio-historico\/\">https:\/\/www.todamateria.com.br\/patrimonio-historico\/<\/a><em>)<\/em><\/cite><\/blockquote>\n\n\n\n<p class=\"has-medium-font-size\">Para melhor compreender vamos assistir ao v\u00eddeo:<\/p>\n\n\n\n<figure class=\"wp-block-embed is-type-video is-provider-youtube wp-block-embed-youtube wp-embed-aspect-16-9 wp-has-aspect-ratio\"><div class=\"wp-block-embed__wrapper\">\n<p class=\"responsive-video-wrap clr\"><iframe title=\"Bens materiais e Imateriais - O QUE \u00c9 PATRIM\u00d4NIO CULTURAL E NATURAL?\" width=\"1200\" height=\"675\" src=\"https:\/\/www.youtube.com\/embed\/10oTbIenVQ4?feature=oembed\" frameborder=\"0\" allow=\"accelerometer; autoplay; clipboard-write; encrypted-media; gyroscope; picture-in-picture\" allowfullscreen><\/iframe><\/p>\n<\/div><figcaption>&#8220;Bens materiais e Imateriais &#8211; O que \u00e9 patrim\u00f4nio cultural e natural?&#8221; Canal:<a href=\"https:\/\/www.youtube.com\/channel\/UCQz2Vw0l9pGIFvTqUR1RsuA\">V\u00e1rios Nadas<\/a> &#8211; https:\/\/www.youtube.com\/watch?v=10oTbIenVQ4<\/figcaption><\/figure>\n\n\n\n<p class=\"has-medium-font-size\">Agora que voc\u00ea j\u00e1 sabe o que \u00e9 patrim\u00f4nio hist\u00f3rico, vamos conhecer o patrim\u00f4nio local da nossa cidade?&nbsp;Goi\u00e2nia inclui 22 edif\u00edcios e monumentos p\u00fablicos, concentrados em sua maioria no centro da cidade, e o n\u00facleo pioneiro de Campinas. Entre essas edifica\u00e7\u00f5es, destacam-se o Cine Teatro Goi\u00e2nia e a Torre do Rel\u00f3gio da Av. Goi\u00e1s, de 1942. O estilo art d\u00e9co inspirou os primeiros pr\u00e9dios da capital.<\/p>\n\n\n\n<blockquote class=\"wp-block-quote is-layout-flow wp-block-quote-is-layout-flow\"><p><\/p><cite><em>(Trecho do texto retirado do site: <\/em><a href=\"http:\/\/portal.iphan.gov.br\/pagina\/detalhes\/361\/\">http:\/\/portal.iphan.gov.br\/pagina\/detalhes\/361\/<\/a><em>)<\/em><\/cite><\/blockquote>\n\n\n\n<div class=\"wp-block-image\"><figure class=\"aligncenter\"><img decoding=\"async\" src=\"https:\/\/lh6.googleusercontent.com\/LQFEuhksTZiK2_sUKtLdtvfeTpjL1RF1peuImmiL-YPvtJlzUwBjR2khsMx20spa1G8ljRpUVgWHGYAy6C4NQIpOE3LT3fzB1Q0GVI0QgwVCEJ_g26Fuy6FIGqSmWh7_Y0qPwm05\" alt=\"\"\/><figcaption>(fonte: <a href=\"https:\/\/pt.wikipedia.org\/wiki\/Teatro_Goi%C3%A2nia\">https:\/\/pt.wikipedia.org\/wiki\/Teatro_Goi%C3%A2nia<\/a>) &nbsp;<\/figcaption><\/figure><\/div>\n\n\n\n<div class=\"wp-block-image\"><figure class=\"aligncenter\"><img decoding=\"async\" src=\"https:\/\/lh4.googleusercontent.com\/z985uhB7c9QLJCZ1XvTFFcep2JbsyCwkeXJW-ke1_oUbE05HsczihxBANwaJi3GzB1FWAZWu-YFDWIAV6OOKniYzdLCR2tsVV2jnesfiO_9XR1yA9K1pOd5Bq0AayZKL-C13HM4d\" alt=\"\"\/><figcaption>&nbsp; &nbsp; (fonte: <a href=\"http:\/\/www.ipatrimonio.org\/goiania-relogio-da-av-goias\">http:\/\/www.ipatrimonio.org\/goiania-relogio-da-av-goias<\/a>)<\/figcaption><\/figure><\/div>\n\n\n\n<div class=\"wp-block-image\"><figure class=\"aligncenter\"><img decoding=\"async\" src=\"https:\/\/lh5.googleusercontent.com\/jKH4EVAUIyADI1r35b7kRx4411GpaYXroYD-tSinVdalxvIwieE650pv0wHCkOlivTjowmOhka7tu3gktX1GPX7baGEUlzeEayUZoymJWejbCxWJShUNhFqVfJ0vhplt_QOLihl8\" alt=\"\"\/><figcaption>(Fonte: <a href=\"http:\/\/ohoje.com\/noticia\/cultura\/n\/158310\/t\/estilo-art-deco-comemora-85-anos-de-sobrevivencia-em-goiania\">http:\/\/ohoje.com\/noticia\/cultura\/n\/158310\/t\/estilo-art-deco-comemora-85-anos-de-sobrevivencia-em-goiania<\/a>)<\/figcaption><\/figure><\/div>\n\n\n\n<p class=\"has-medium-font-size\">Vamos fazer uma visita ao museu virtual e conhecer mais monumentos de nossa cidade.&nbsp;<\/p>\n\n\n\n<p class=\"has-very-light-gray-color has-vivid-purple-background-color has-text-color has-background\"><a href=\"http:\/\/www.seduce.go.gov.br\/museuvirtual\/\">http:\/\/www.seduce.go.gov.br\/museuvirtual\/<\/a><\/p>\n\n\n\n<p class=\"has-medium-font-size\">Converse com sua fam\u00edlia sobre o que voc\u00ea viu no museu.&nbsp;<\/p>\n\n\n\n<p class=\"has-very-light-gray-color has-very-dark-gray-background-color has-text-color has-background has-medium-font-size\">Atividade: 1<\/p>\n\n\n\n<p class=\"has-medium-font-size\">Registre no seu caderno suas descobertas.&nbsp;<\/p>\n\n\n\n<p class=\"has-medium-font-size\">Voc\u00ea j\u00e1 conhecia algum dos patrim\u00f4nios hist\u00f3ricos apresentados?&nbsp;<\/p>\n\n\n\n<p class=\"has-medium-font-size\">Voc\u00ea gostou da visita ao museu virtual?&nbsp; O que voc\u00ea achou mais interessante?&nbsp;<\/p>\n\n\n\n<p class=\"has-medium-font-size\">O que poderia ser feito para preservar o patrim\u00f4nio hist\u00f3rico da cidade?&nbsp;<\/p>\n\n\n\n<p class=\"has-very-light-gray-color has-very-dark-gray-background-color has-text-color has-background has-medium-font-size\">Atividade: 2<\/p>\n\n\n\n<p class=\"has-medium-font-size\">Agora, continuando nossa \u201cexpedi\u00e7\u00e3o\u201d pelo museu virtual, e aprecia\u00e7\u00e3o das fotografias expostas na aula anterior e de tais edifica\u00e7\u00f5es. Escolha apenas uma edifica\u00e7\u00e3o (d\u00ea prefer\u00eancia a edifica\u00e7\u00f5es tombadas) e depois fa\u00e7a seu desenho de observa\u00e7\u00e3o (croquis). N\u00e3o deixe de registrar em seu caderno. Conto com voc\u00eas para a produ\u00e7\u00e3o belos desenhos.<\/p>\n\n\n\n<hr class=\"wp-block-separator\"\/>\n\n\n\n<p><strong>Saiba Mais | Refer\u00eancias:<\/strong><\/p>\n\n\n\n<div class=\"wp-block-columns is-layout-flex wp-container-core-columns-is-layout-9d6595d7 wp-block-columns-is-layout-flex\">\n<div class=\"wp-block-column is-layout-flow wp-block-column-is-layout-flow\">\n<figure class=\"wp-block-embed is-type-video is-provider-youtube wp-block-embed-youtube wp-embed-aspect-16-9 wp-has-aspect-ratio\"><div class=\"wp-block-embed__wrapper\">\n<p class=\"responsive-video-wrap clr\"><iframe title=\"CUIDADO COM O PATRIM\u00d4NIO PUBLICO - TURMA DA MONICA\" width=\"1200\" height=\"675\" src=\"https:\/\/www.youtube.com\/embed\/4d1gdWcCyAU?feature=oembed\" frameborder=\"0\" allow=\"accelerometer; autoplay; clipboard-write; encrypted-media; gyroscope; picture-in-picture\" allowfullscreen><\/iframe><\/p>\n<\/div><figcaption>&#8220;CUIDADO COM O PATRIM\u00d4NIO PUBLICO &#8211; TURMA DA MONICA&#8221; Canal: <a href=\"https:\/\/www.youtube.com\/channel\/UC7EgKxf__UkRmbTaPRivA3g\">Frank Dias Ferreira<\/a> &#8211; https:\/\/www.youtube.com\/watch?v=4d1gdWcCyAU<\/figcaption><\/figure>\n<\/div>\n<\/div>\n\n\n\n<hr class=\"wp-block-separator\"\/>\n\n\n\n<figure class=\"wp-block-table alignfull\"><table><tbody><tr><td>Objeto de Conhecimento <\/td><td>Patrim\u00f4nio hist\u00f3rico do munic\u00edpio;&nbsp;Hist\u00f3ria local: mem\u00f3ria, arquitetura e aspectos culturais, pol\u00edticos e sociais.&nbsp;Contextos e Pr\u00e1ticas: Patrim\u00f4nio cultural, material e imaterial, de culturas diversas.<\/td><\/tr><tr><td>Componente curricular:&nbsp;<\/td><td>Hist\u00f3ria&nbsp;\/ Arte<\/td><\/tr><tr><td>Habilidades <br><\/td><td>(GO-EF03HI04) Identificar os patrim\u00f4nios hist\u00f3ricos e culturais de sua cidade ou regi\u00e3o e discutir as raz\u00f5es culturais, sociais e pol\u00edticas para que assim sejam considerados. <br>(GO-EF03HI04-A) Reconhecer a import\u00e2ncia da preserva\u00e7\u00e3o do patrim\u00f4nio hist\u00f3rico da comunidade e do munic\u00edpio, de forma \u00e9tica e consciente.<br>(GO-EF03AR25) Conhecer\u00a0 e valorizar o patrim\u00f4nio cultural, material e imaterial, de culturas diversas, com foco no estado de Goi\u00e1s, incluindo suas matrizes ind\u00edgenas, africanas e europeias, de diferentes \u00e9pocas, favorecendo a constru\u00e7\u00e3o de vocabul\u00e1rio e repert\u00f3rio relativos \u00e0s diferentes linguagens art\u00edsticas.<\/td><\/tr><\/tbody><\/table><\/figure>\n\n\n\n<hr class=\"wp-block-separator\"\/>\n\n\n\n<figure class=\"wp-block-table alignfull\"><table><tbody><tr><td>Proponentes\/ Professores:<\/td><td>Raphaella Azevedo de Rezende Galdino.&nbsp;N\u00faria Gonzaga da Silva Oliveira.&nbsp;<\/td><\/tr><tr><td>Institui\u00e7\u00e3o Educacional:<\/td><td>Escola Municipal Eva Vieira de Almeida.&nbsp;<\/td><\/tr><tr><td>CRE:<\/td><td>Jarbas Jayme.<\/td><\/tr><\/tbody><\/table><\/figure>\n\n\n\n<hr class=\"wp-block-separator\"\/>\n\n\n\n<p>&nbsp;Ensino Fundamental &#8211; Ciclo da inf\u00e2ncia &#8211; Turma C&nbsp; &#8211; 3\u00ba ano &#8211; \u00c9tica e Cidadania<\/p>\n","protected":false},"author":24,"featured_media":58665,"template":"","ef_categoria":[13,20],"ef_ano":[86],"ef_componente":[95],"class_list":["post-58663","ensino_fundamental","type-ensino_fundamental","status-publish","has-post-thumbnail","hentry","ef_categoria-ciclo-da-infancia-abc","ef_categoria-etica-e-cidadania","ef_ano-3o-ano","ef_componente-historia","entry","has-media"],"acf":[],"_links":{"self":[{"href":"https:\/\/sme.goiania.go.gov.br\/conexaoescola\/wp-json\/wp\/v2\/ensino_fundamental\/58663","targetHints":{"allow":["GET"]}}],"collection":[{"href":"https:\/\/sme.goiania.go.gov.br\/conexaoescola\/wp-json\/wp\/v2\/ensino_fundamental"}],"about":[{"href":"https:\/\/sme.goiania.go.gov.br\/conexaoescola\/wp-json\/wp\/v2\/types\/ensino_fundamental"}],"author":[{"embeddable":true,"href":"https:\/\/sme.goiania.go.gov.br\/conexaoescola\/wp-json\/wp\/v2\/users\/24"}],"version-history":[{"count":0,"href":"https:\/\/sme.goiania.go.gov.br\/conexaoescola\/wp-json\/wp\/v2\/ensino_fundamental\/58663\/revisions"}],"wp:featuredmedia":[{"embeddable":true,"href":"https:\/\/sme.goiania.go.gov.br\/conexaoescola\/wp-json\/wp\/v2\/media\/58665"}],"wp:attachment":[{"href":"https:\/\/sme.goiania.go.gov.br\/conexaoescola\/wp-json\/wp\/v2\/media?parent=58663"}],"wp:term":[{"taxonomy":"ef_categoria","embeddable":true,"href":"https:\/\/sme.goiania.go.gov.br\/conexaoescola\/wp-json\/wp\/v2\/ef_categoria?post=58663"},{"taxonomy":"ef_ano","embeddable":true,"href":"https:\/\/sme.goiania.go.gov.br\/conexaoescola\/wp-json\/wp\/v2\/ef_ano?post=58663"},{"taxonomy":"ef_componente","embeddable":true,"href":"https:\/\/sme.goiania.go.gov.br\/conexaoescola\/wp-json\/wp\/v2\/ef_componente?post=58663"}],"curies":[{"name":"wp","href":"https:\/\/api.w.org\/{rel}","templated":true}]}}