{"id":5858,"date":"2020-10-05T07:00:00","date_gmt":"2020-10-05T10:00:00","guid":{"rendered":"http:\/\/sme.goiania.go.gov.br\/conexaoescola\/?post_type=ensino_fundamental&#038;p=5858"},"modified":"2023-04-09T17:27:15","modified_gmt":"2023-04-09T20:27:15","slug":"da-danca-que-se-tinha-e-da-danca-que-sem-tem-2","status":"publish","type":"ensino_fundamental","link":"https:\/\/sme.goiania.go.gov.br\/conexaoescola\/ensino_fundamental\/da-danca-que-se-tinha-e-da-danca-que-sem-tem-2\/","title":{"rendered":"Da dan\u00e7a que se tinha e da dan\u00e7a que sem tem"},"content":{"rendered":"\n<p class=\"has-drop-cap has-medium-font-size\">Ol\u00e1! Voc\u00ea sabe desde quando a dan\u00e7a existe? A dan\u00e7a \u00e9 uma linguagem art\u00edstica milenar e desde os prim\u00f3rdios est\u00e1 presente na vida do ser humano. <\/p>\n\n\n\n<p class=\"has-medium-font-size\">Mas ser\u00e1 que a forma que dan\u00e7amos hoje \u00e9 a mesma que antigamente?  Nessa atividade voc\u00ea vai conhecer um pouco mais sobre a hist\u00f3ria da dan\u00e7a e sua evolu\u00e7\u00e3o.<\/p>\n\n\n\n<p class=\"has-medium-font-size\">Para voc\u00ea entender melhor sobre o assunto, vamos conhecer um pouco mais da Hist\u00f3ria da dan\u00e7a. Acesse o link e assista tamb\u00e9m aos v\u00eddeos 1 e 2.<\/p>\n\n\n\n<p class=\"has-medium-font-size\">Descubra a grande hist\u00f3ria da dan\u00e7a- Super Blog Prof:<\/p>\n\n\n\n<p class=\"has-very-light-gray-background-color has-background has-medium-font-size\"><a href=\"https:\/\/www.superprof.com.br\/blog\/nascimento-arte-dancar\/\" target=\"_blank\" rel=\"noreferrer noopener\">https:\/\/www.superprof.com.br\/blog\/nascimento-arte-dancar\/<\/a><\/p>\n\n\n\n<figure class=\"wp-block-embed is-type-video is-provider-youtube wp-block-embed-youtube wp-embed-aspect-16-9 wp-has-aspect-ratio\"><div class=\"wp-block-embed__wrapper\">\n<p class=\"responsive-video-wrap clr\"><iframe title=\"S\u00f3 Dan\u00e7a - Hist\u00f3ria da Dan\u00e7a\" width=\"1200\" height=\"675\" src=\"https:\/\/www.youtube.com\/embed\/GeRhlkImBoE?feature=oembed\" frameborder=\"0\" allow=\"accelerometer; autoplay; clipboard-write; encrypted-media; gyroscope; picture-in-picture; web-share\" allowfullscreen><\/iframe><\/p>\n<\/div><figcaption class=\"wp-element-caption\">S\u00f3 Dan\u00e7a &#8211; Hist\u00f3ria da Dan\u00e7a- Canal s\u00f3 dan\u00e7a<\/figcaption><\/figure>\n\n\n\n<figure class=\"wp-block-embed is-type-video is-provider-youtube wp-block-embed-youtube wp-embed-aspect-4-3 wp-has-aspect-ratio\"><div class=\"wp-block-embed__wrapper\">\n<p class=\"responsive-video-wrap clr\"><iframe title=\"HIST\u00d3RIA DA DAN\u00c7A\" width=\"1200\" height=\"900\" src=\"https:\/\/www.youtube.com\/embed\/57VJhiVotug?feature=oembed\" frameborder=\"0\" allow=\"accelerometer; autoplay; clipboard-write; encrypted-media; gyroscope; picture-in-picture; web-share\" allowfullscreen><\/iframe><\/p>\n<\/div><figcaption class=\"wp-element-caption\">Hist\u00f3ria da Dan\u00e7a &#8211; Canal Professor Rhuan Fagundes<\/figcaption><\/figure>\n\n\n\n<p class=\"has-medium-font-size\">A dan\u00e7a tem hist\u00f3ria e essa hist\u00f3ria acompanha as transforma\u00e7\u00f5es humanas!!! Para voc\u00ea entender melhor sobre a evolu\u00e7\u00e3o da dan\u00e7a, assista aos v\u00eddeos 3 e 4 e embarque nessa viagem dan\u00e7ante pelo tempo.<\/p>\n\n\n\n<figure class=\"wp-block-embed-youtube wp-block-embed is-type-video is-provider-youtube wp-embed-aspect-16-9 wp-has-aspect-ratio\"><div class=\"wp-block-embed__wrapper\">\n<p class=\"responsive-video-wrap clr\"><iframe title=\"Evolu\u00e7\u00e3o da dan\u00e7a de 1950 a 2010\" width=\"1200\" height=\"675\" src=\"https:\/\/www.youtube.com\/embed\/Y5PD7KjdxOw?start=234&#038;feature=oembed\" frameborder=\"0\" allow=\"accelerometer; autoplay; clipboard-write; encrypted-media; gyroscope; picture-in-picture; web-share\" allowfullscreen><\/iframe><\/p>\n<\/div><figcaption>A evolu\u00e7\u00e3o da Dan\u00e7a 1950 &#8211; 2010 \u2013 Canal Lisboa Junior<\/figcaption><\/figure>\n\n\n\n<figure class=\"wp-block-embed is-type-video is-provider-youtube wp-block-embed-youtube wp-embed-aspect-4-3 wp-has-aspect-ratio\"><div class=\"wp-block-embed__wrapper\">\n<p class=\"responsive-video-wrap clr\"><iframe title=\"Evolu\u00e7\u00e3o da dan\u00e7a (1920 \u00e0 +-2010)\" width=\"1200\" height=\"900\" src=\"https:\/\/www.youtube.com\/embed\/7Oxx6q_upv8?feature=oembed\" frameborder=\"0\" allow=\"accelerometer; autoplay; clipboard-write; encrypted-media; gyroscope; picture-in-picture; web-share\" allowfullscreen><\/iframe><\/p>\n<\/div><figcaption class=\"wp-element-caption\">Evolu\u00e7\u00e3o da dan\u00e7a (1920 \u00e0 +-2010)- canal Marcelo Alburquerque<\/figcaption><\/figure>\n\n\n\n<p class=\"has-medium-font-size\">Agora que voc\u00ea j\u00e1 conheceu um pouco sobre a hist\u00f3ria da dan\u00e7a vamos para o pr\u00f3ximo passo!!<\/p>\n\n\n\n<p class=\"has-pale-cyan-blue-background-color has-background has-medium-font-size\"><strong>Parte 1<\/strong><\/p>\n\n\n\n<p class=\"has-medium-font-size\"> Pergunte para seus pais e av\u00f3s se eles acham que a dan\u00e7a sofreu mudan\u00e7as com passar do tempo? E o jeito de dan\u00e7ar, mudou??<\/p>\n\n\n\n<p class=\"has-pale-cyan-blue-background-color has-background has-medium-font-size\"><strong>Parte 2<\/strong><\/p>\n\n\n\n<p class=\"has-medium-font-size\">Pe\u00e7a para seus pais e av\u00f3s que, se poss\u00edvel, te ensine ou dance um pouco com voc\u00ea da mesma forma como antigamente. Desta maneira ser\u00e1 poss\u00edvel ter uma an\u00e1lise com o pr\u00f3prio corpo sobre as mudan\u00e7as ou n\u00e3o no jeito de dan\u00e7ar<\/p>\n\n\n\n<p class=\"has-pale-cyan-blue-background-color has-background has-medium-font-size\"><strong>Parte 3<\/strong><\/p>\n\n\n\n<p class=\"has-medium-font-size\">Registre suas sensa\u00e7\u00f5es ao dan\u00e7ar junto com seus pais e av\u00f3s.<\/p>\n\n\n\n<p class=\"has-very-light-gray-background-color has-background has-medium-font-size\"><strong>SAIBA MAIS:<\/strong><\/p>\n\n\n\n<figure class=\"wp-block-embed is-type-video is-provider-youtube wp-block-embed-youtube wp-embed-aspect-16-9 wp-has-aspect-ratio\"><div class=\"wp-block-embed__wrapper\">\n<p class=\"responsive-video-wrap clr\"><iframe title=\"A Hist\u00f3ria da Dan\u00e7a\" width=\"1200\" height=\"675\" src=\"https:\/\/www.youtube.com\/embed\/zhhlFffm3TU?feature=oembed\" frameborder=\"0\" allow=\"accelerometer; autoplay; clipboard-write; encrypted-media; gyroscope; picture-in-picture; web-share\" allowfullscreen><\/iframe><\/p>\n<\/div><figcaption class=\"wp-element-caption\">A hist\u00f3ria da Dan\u00e7a- canal Ticiele Camargo<\/figcaption><\/figure>\n\n\n\n<p><\/p>\n\n\n\n<p class=\"has-very-light-gray-background-color has-background has-medium-font-size\"><a href=\"https:\/\/brasilescola.uol.com.br\/artes\/danca.htm\" target=\"_blank\" rel=\"noreferrer noopener\">https:\/\/brasilescola.uol.com.br\/artes\/danca.htm<\/a><\/p>\n\n\n\n<p>(Site Uol Brasil Escola \u2013 Dan\u00e7a \u2013 Jussara de Barros)<\/p>\n\n\n\n<p class=\"has-very-light-gray-background-color has-background has-medium-font-size\"><a href=\"https:\/\/www.mundodadanca.art.br\/2010\/03\/evolucao-da-danca-parte-i.html\" target=\"_blank\" rel=\"noreferrer noopener\">https:\/\/www.mundodadanca.art.br\/2010\/03\/evolucao-da-danca-parte-i.html<\/a><\/p>\n\n\n\n<p class=\"has-medium-font-size\">Mundo Dan\u00e7a- Evolu\u00e7\u00e3o da Dan\u00e7a \u2013 Parte 1- Roger Souza<\/p>\n\n\n\n<p class=\"has-very-light-gray-background-color has-background has-medium-font-size\"><a href=\"https:\/\/www.mundodadanca.art.br\/2010\/03\/historia-da-danca-reflexao-2.html\" target=\"_blank\" rel=\"noreferrer noopener\">https:\/\/www.mundodadanca.art.br\/2010\/03\/historia-da-danca-reflexao-2.html<\/a><\/p>\n\n\n\n<p class=\"has-medium-font-size\">Mundo Dan\u00e7a &#8211; Evolu\u00e7\u00e3o da Dan\u00e7a \u2013 Parte 2 \u2013 Roger Souza<\/p>\n\n\n\n<p class=\"has-medium-font-size\"><a href=\"https:\/\/www.todamateria.com.br\/historia-da-danca\/\" target=\"_blank\" rel=\"noreferrer noopener\">https:\/\/www.todamateria.com.br\/historia-da-danca\/<\/a> (Site Toda Mat\u00e9ria- Hist\u00f3ria da Dan\u00e7a \u2013 Juliana Bizerra)<\/p>\n\n\n\n<figure class=\"wp-block-table alignwide\"><table><tbody><tr><td><strong>Objetos de Aprendizagem\/Conte\u00fados:<\/strong> Elementos da Linguagem: Pr\u00e1ticas e produ\u00e7\u00e3o em dan\u00e7a nas dimens\u00f5es: cultural, social, pol\u00edtica, hist\u00f3rica, est\u00e9tica e \u00e9tica.<\/td><\/tr><tr><td><strong>Habilidades:<\/strong> (GO-EF08AR10-A) Identificar e compreender criticamente o campo das pr\u00e1ticas e de produ\u00e7\u00e3o em dan\u00e7a nas suas diferentes dimens\u00f5es: cultural, social, pol\u00edtica, hist\u00f3rica, est\u00e9tica e \u00e9tica.<\/td><\/tr><\/tbody><\/table><\/figure>\n\n\n\n<hr class=\"wp-block-separator has-css-opacity\"\/>\n\n\n\n<p class=\"has-text-align-center\">Ciclo da Adolesc\u00eancia \u2013 Turma H (8\u00ba ano) \u2013 Corpo, Express\u00e3o e Movimento<\/p>\n","protected":false},"author":28,"featured_media":5859,"template":"","ef_categoria":[16,32],"ef_ano":[],"ef_componente":[],"class_list":["post-5858","ensino_fundamental","type-ensino_fundamental","status-publish","has-post-thumbnail","hentry","ef_categoria-ciclo-da-adolescencia-hi","ef_categoria-corpo-e-movimento-ciclo-da-adolescencia-hi","entry","has-media"],"acf":[],"_links":{"self":[{"href":"https:\/\/sme.goiania.go.gov.br\/conexaoescola\/wp-json\/wp\/v2\/ensino_fundamental\/5858","targetHints":{"allow":["GET"]}}],"collection":[{"href":"https:\/\/sme.goiania.go.gov.br\/conexaoescola\/wp-json\/wp\/v2\/ensino_fundamental"}],"about":[{"href":"https:\/\/sme.goiania.go.gov.br\/conexaoescola\/wp-json\/wp\/v2\/types\/ensino_fundamental"}],"author":[{"embeddable":true,"href":"https:\/\/sme.goiania.go.gov.br\/conexaoescola\/wp-json\/wp\/v2\/users\/28"}],"version-history":[{"count":4,"href":"https:\/\/sme.goiania.go.gov.br\/conexaoescola\/wp-json\/wp\/v2\/ensino_fundamental\/5858\/revisions"}],"predecessor-version":[{"id":160559,"href":"https:\/\/sme.goiania.go.gov.br\/conexaoescola\/wp-json\/wp\/v2\/ensino_fundamental\/5858\/revisions\/160559"}],"wp:featuredmedia":[{"embeddable":true,"href":"https:\/\/sme.goiania.go.gov.br\/conexaoescola\/wp-json\/wp\/v2\/media\/5859"}],"wp:attachment":[{"href":"https:\/\/sme.goiania.go.gov.br\/conexaoescola\/wp-json\/wp\/v2\/media?parent=5858"}],"wp:term":[{"taxonomy":"ef_categoria","embeddable":true,"href":"https:\/\/sme.goiania.go.gov.br\/conexaoescola\/wp-json\/wp\/v2\/ef_categoria?post=5858"},{"taxonomy":"ef_ano","embeddable":true,"href":"https:\/\/sme.goiania.go.gov.br\/conexaoescola\/wp-json\/wp\/v2\/ef_ano?post=5858"},{"taxonomy":"ef_componente","embeddable":true,"href":"https:\/\/sme.goiania.go.gov.br\/conexaoescola\/wp-json\/wp\/v2\/ef_componente?post=5858"}],"curies":[{"name":"wp","href":"https:\/\/api.w.org\/{rel}","templated":true}]}}