{"id":58566,"date":"2020-11-09T07:00:00","date_gmt":"2020-11-09T09:00:00","guid":{"rendered":"https:\/\/sme.goiania.go.gov.br\/conexaoescola\/?post_type=ensino_fundamental&#038;p=58566"},"modified":"2020-11-03T10:01:12","modified_gmt":"2020-11-03T12:01:12","slug":"voce-conhece-a-historia-dos-dez-sacizinhos","status":"publish","type":"ensino_fundamental","link":"https:\/\/sme.goiania.go.gov.br\/conexaoescola\/ensino_fundamental\/voce-conhece-a-historia-dos-dez-sacizinhos\/","title":{"rendered":"Voc\u00ea conhece a hist\u00f3ria dos dez sacizinhos?"},"content":{"rendered":"\n<p class=\"has-drop-cap has-medium-font-size\">Ol\u00e1 tudo bem? Voc\u00ea conhece o Saci Perer\u00ea? Ele \u00e9 um personagem muito divertido, engra\u00e7ado, alegre e faz parte do folclore brasileiro. Se um Saci Perer\u00ea apronta muito imagina dez. Voc\u00ea vai conhecer esse personagem divertido e se surpreender com a hist\u00f3ria dos Dez Sacizinhos da Tatiana Belinky.<\/p>\n\n\n\n<hr class=\"wp-block-separator\"\/>\n\n\n\n<p class=\"has-medium-font-size\">Voc\u00ea vai conhecer o Saci Perer\u00ea um personagem danadinho e peralta do folclore brasileiro. Menino da pele preta de uma perna s\u00f3, que fuma cachimbo e usa carapu\u00e7a vermelha. A carapu\u00e7a d\u00e1 pra ele poderes m\u00e1gicos. O Saci Perer\u00ea n\u00e3o \u00e9 mau, apenas gosta de fazer travessuras, como dar n\u00f3 no rabo do cavalo, assustar cachorros e pregar pe\u00e7as nos viajantes. Depois cai em gostosas gargalhadas com o resultado das molecagens. \u00a0<\/p>\n\n\n\n<blockquote class=\"wp-block-quote is-layout-flow wp-block-quote-is-layout-flow\"><p><\/p><cite><em>Texto original dispon\u00edvel em: &#8220;Saci Perer\u00ea &#8211; Lendas e Mitos&#8221; em S\u00f3 Hist\u00f3ria. Virtuous Tecnologia da Informa\u00e7\u00e3o, 2009-2020. Dispon\u00edvel na Internet em <\/em><a href=\"http:\/\/www.sohistoria.com.br\/lendasemitos\/saci\/\">http:\/\/www.sohistoria.com.br\/lendasemitos\/saci\/<\/a><em> Consultado em 07\/08\/2020 \u00e0s 10:12.\u00a0 Adaptado por: Kelem Cristina Resplandes\u00a0<\/em><\/cite><\/blockquote>\n\n\n\n<p class=\"has-text-color has-background has-medium-font-size has-very-light-gray-color has-vivid-purple-background-color\">Atividade 1<\/p>\n\n\n\n<p class=\"has-medium-font-size\">Acesse o link e assista o v\u00eddeo que conta a hist\u00f3ria do Saci Perer\u00ea da turma do folclore.<\/p>\n\n\n\n<figure class=\"wp-block-embed-youtube wp-block-embed is-type-video is-provider-youtube wp-embed-aspect-16-9 wp-has-aspect-ratio\"><div class=\"wp-block-embed__wrapper\">\n<p class=\"responsive-video-wrap clr\"><iframe title=\"LENDA DO SACI-PERER\u00ca - TURMA DO FOLCLORE - JOVEM PAN KIDS\" width=\"1200\" height=\"675\" src=\"https:\/\/www.youtube.com\/embed\/VJOQtOuYtsE?feature=oembed\" frameborder=\"0\" allow=\"accelerometer; autoplay; clipboard-write; encrypted-media; gyroscope; picture-in-picture\" allowfullscreen><\/iframe><\/p>\n<\/div><figcaption>&#8220;LENDA DO SACI-PERER\u00ca&#8221; Canal: <a href=\"https:\/\/www.youtube.com\/channel\/UC9SuX4yL2z4HN4qm-P0YUcQ\">JP Kids<\/a> &#8211; https:\/\/www.youtube.com\/watch?v=VJOQtOuYtsE<\/figcaption><\/figure>\n\n\n\n<p class=\"has-medium-font-size\">Agora que voc\u00ea conheceu o Saci Perer\u00ea voc\u00ea pode tentar escrever como voc\u00ea souber o nome dele no seu caderno.&nbsp;<\/p>\n\n\n\n<p class=\"has-text-color has-background has-medium-font-size has-very-light-gray-color has-vivid-purple-background-color\">Atividade 2&nbsp;<\/p>\n\n\n\n<p class=\"has-medium-font-size\">Voc\u00ea gosta de cantar? O Saci Perer\u00ea gosta muito de cantar e dan\u00e7ar. Voc\u00ea pode se divertir muito junto com ele. Vamos l\u00e1!<\/p>\n\n\n\n<p class=\"has-medium-font-size\">Clique no link para cantar e dan\u00e7ar com o Saci Perer\u00ea.<\/p>\n\n\n\n<figure class=\"wp-block-embed-youtube wp-block-embed is-type-video is-provider-youtube wp-embed-aspect-16-9 wp-has-aspect-ratio\"><div class=\"wp-block-embed__wrapper\">\n<p class=\"responsive-video-wrap clr\"><iframe title=\"M\u00daSICA DO SACI-PERER\u00ca - TURMA DO FOLCLORE - JOVEM PAN KIDS\" width=\"1200\" height=\"675\" src=\"https:\/\/www.youtube.com\/embed\/KWA0zAs_BC8?feature=oembed\" frameborder=\"0\" allow=\"accelerometer; autoplay; clipboard-write; encrypted-media; gyroscope; picture-in-picture\" allowfullscreen><\/iframe><\/p>\n<\/div><figcaption>&#8220;M\u00fasica do Saci Perer\u00ea \u2013 Turma do Folclore&#8221; Canal: Jovem Pan Kids &#8211; <a href=\"https:\/\/www.youtube.com\/watch?v=KWA0zAs_BC8\">https:\/\/www.youtube.com\/watch?v=KWA0zAs_BC8<\/a><\/figcaption><\/figure>\n\n\n\n<p>.<\/p>\n\n\n\n<p class=\"has-medium-font-size\">Hora da hist\u00f3ria! Tatiana Belinky escreveu uma hist\u00f3ria interessante com dez Sacizinhos que v\u00e3o desaparecendo um por um, como num passe de magicas.<\/p>\n\n\n\n<p class=\"has-text-color has-background has-medium-font-size has-very-light-gray-color has-vivid-purple-background-color\">Atividade 3<\/p>\n\n\n\n<p>Clique no link e entre no mundo encantado dessa hist\u00f3ria.<\/p>\n\n\n\n<figure class=\"wp-block-embed-youtube wp-block-embed is-type-video is-provider-youtube wp-embed-aspect-4-3 wp-has-aspect-ratio\"><div class=\"wp-block-embed__wrapper\">\n<p class=\"responsive-video-wrap clr\"><iframe title=\"Quintal da Cultura - Sacizinhos - 04\/10\/12\" width=\"1200\" height=\"900\" src=\"https:\/\/www.youtube.com\/embed\/eQ_kVSTXR94?start=24&#038;feature=oembed\" frameborder=\"0\" allow=\"accelerometer; autoplay; clipboard-write; encrypted-media; gyroscope; picture-in-picture\" allowfullscreen><\/iframe><\/p>\n<\/div><figcaption>&#8220;Os Dez Sacizinhos, da autora Tatiana Belinky&#8221; Canal: Quintal da Cultura &#8211; <a href=\"https:\/\/www.youtube.com\/watch?v=eQ_kVSTXR94&amp;t=24s\">https:\/\/www.youtube.com\/watch?v=eQ_kVSTXR94&amp;t=24s<\/a><\/figcaption><\/figure>\n\n\n\n<p class=\"has-medium-font-size\">Voc\u00ea tem boa mem\u00f3ria? Vamos testar? Para isso tente responder as perguntas sobre a Hist\u00f3ria que voc\u00ea viu no v\u00eddeo:<\/p>\n\n\n\n<p class=\"has-medium-font-size\">De que a hist\u00f3ria fala?\u00a0<\/p>\n\n\n\n<p class=\"has-medium-font-size\">Quantos eram os sacizinhos?\u00a0<\/p>\n\n\n\n<p class=\"has-medium-font-size\">O que aconteceu com eles?<\/p>\n\n\n\n<p class=\"has-medium-font-size\">\u00a0Como eles sumiam?\u00a0<\/p>\n\n\n\n<p class=\"has-medium-font-size\">O que aconteceu no final da hist\u00f3ria?\u00a0<\/p>\n\n\n\n<p class=\"has-medium-font-size\">Qual a parte da hist\u00f3ria voc\u00ea mais gostou?\u00a0\u00a0<\/p>\n\n\n\n<p class=\"has-text-color has-background has-medium-font-size has-very-light-gray-color has-vivid-purple-background-color\">Atividade 4<\/p>\n\n\n\n<p class=\"has-medium-font-size\">Agora e a sua vez! Recontar a hist\u00f3ria para algu\u00e9m da sua casa.<\/p>\n\n\n\n<p class=\"has-medium-font-size\">As imagens v\u00e3o te ajudar na hora de recontar.<\/p>\n\n\n\n<figure class=\"wp-block-image\"><img decoding=\"async\" src=\"https:\/\/lh6.googleusercontent.com\/L9wnMx28WrYvMIpeAWsuab80P0SjocSdMRyM-zezd3DyqBfz83RNU10sT89ycWc3hKMKns856QWSqm0b8ZzTQhfb_3vL-YeJrOVvdSZnCbplListE-7lYx7TS-BmZfSPAvcR5d4\" alt=\"\"\/><\/figure>\n\n\n\n<figure class=\"wp-block-image\"><img decoding=\"async\" src=\"https:\/\/lh3.googleusercontent.com\/TS1YbcyzkMhUTpHVBoYhefGkMa0IAL9Iuv1XMi9J2IA2YQ8PsgrqAcVXfL0YPgshhqoiEIB9z01Yu5ixk08g7cx0UIiRjngL84EZidg9imx21aZa_PiQj27ntVGbL2JQfV3aKhQ\" alt=\"\"\/><\/figure>\n\n\n\n<figure class=\"wp-block-image\"><img decoding=\"async\" src=\"https:\/\/lh5.googleusercontent.com\/QL-IR6JoIfc8dS5MD0_hZS_ynsqn79-D8YASUrWgBXJc2nubj-hT0OO17zsPhKJlvWTtb1CezL8sPbKeqAksHpw-xV7p4N_yiYl9--jhlXf3VNhMSS2DAlNC1aNDcd1A9zfDp0E\" alt=\"\"\/><\/figure>\n\n\n\n<figure class=\"wp-block-image\"><img decoding=\"async\" src=\"https:\/\/lh5.googleusercontent.com\/PTR8qQwxceQx-2MBL_5G1p-P3K6ewEniOE6AKPkbz0rwB4qSOLP5oaaRN5UqzNFM8mPM64sEGa9DI3sy2XzTopIxieiqwrJE-sGNwQLc3QIShslrDTu5o-mwp9nroOjVlrXco-s\" alt=\"\"\/><\/figure>\n\n\n\n<figure class=\"wp-block-image\"><img decoding=\"async\" src=\"https:\/\/lh6.googleusercontent.com\/Op7bPcO6EU-L5aBjFsFNeLB9umMslPUbM3J09H7O8SEuBIgftM3p4KrqcOX1MHVIXDGmunF0I4S7ZUknHKxWEHOZOp16mPjqQYQxf5JkRbucX-GZ8NDr2hDaPpIQrzNhmTFUh9A\" alt=\"\"\/><\/figure>\n\n\n\n<figure class=\"wp-block-image\"><img decoding=\"async\" src=\"https:\/\/lh6.googleusercontent.com\/hUvvHOkuzOnrbzleNTSY7v1jVRN2dN38RQfe6wxXOY3B9HFYDX1R0EEI-mq7kWVwMDJkPbtoECstFqsKJr_x29LkEPwfjwlzuuQZuUwqaz8DnJgWL9vGleiCVeGpmv2H5GkFWQI\" alt=\"\"\/><\/figure>\n\n\n\n<figure class=\"wp-block-image\"><img decoding=\"async\" src=\"https:\/\/lh6.googleusercontent.com\/ErBe237YR-7CJ9igdL2XG9Nciwn32ubme3WEO-vrDOU5zrmX6_l3RQrTfD8GIKmqz6vgy5xSZ-qvmX83YPc0CrC6zfsdDu-EEmi0CZ_PxX6jLYxHV4zKClShSoK0s9Ap2yrrMdo\" alt=\"\"\/><\/figure>\n\n\n\n<figure class=\"wp-block-image\"><img decoding=\"async\" src=\"https:\/\/lh5.googleusercontent.com\/FAyGrbtxaSyrUKeKcerzosXDHGxlw9yoXhsR0teEvXSA07HE12WmjuMDpr53QvpC00HdInCRY4hU4zpefzxcBr14qadUUP9vroRa3VODubZ8GGjJvRatFnr7dKX_RSaeside1Tw\" alt=\"\"\/><\/figure>\n\n\n\n<figure class=\"wp-block-image\"><img decoding=\"async\" src=\"https:\/\/lh3.googleusercontent.com\/BvkeqIbplFP4DNiqY9yLuYaH2NwcsfWK4RurzVACG5mrJQdVU3N6K3-cBNuKsV36E_BUJJK7mfhnnEEsJt2RACIFmOm_-XVBmW_ciIAe06UnfRIfrQH05wRCyo2uEhMI1ebijZE\" alt=\"\"\/><\/figure>\n\n\n\n<figure class=\"wp-block-image\"><img decoding=\"async\" src=\"https:\/\/lh6.googleusercontent.com\/BCtelLafhm_961T7NeYcMQYk-W82sQOyjB0ish4ZZ5EkclSEZ2Qg_52P3-xHfLaskW2crQQxxmGgsDY6jXDH-Vki8evNdabiMpr6WiyWEqNTZEIJGROxFgzGrkeHHyUzCJgpByI\" alt=\"\"\/><\/figure>\n\n\n\n<figure class=\"wp-block-image\"><img decoding=\"async\" src=\"https:\/\/lh5.googleusercontent.com\/DdT3SjnI41nNlIFCfEUsGaba8HlVbOTLDPZ9TpclT0Q25w4MFQBC4Fo64mRH-c2iZeYWL0ztLmltSGahU-KgvxSku5qafRj3bdwu7x-Y3ovwmUWpZfYPSmcF9xwMIGXC25p-aBw\" alt=\"\"\/><\/figure>\n\n\n\n<figure class=\"wp-block-image\"><img decoding=\"async\" src=\"https:\/\/lh4.googleusercontent.com\/p8jc_6ZrdAGWrZkqpcl1xfZnvkXJj0FrRyC1crVB1PryKyiHMAs8BeuEz-UaqyusSafHTyPGX5pRAnONEhM4OJ_A8Z8G8cpsHqwlqkAED9EIaq8u5GuKrLJD6h7Zp3_18GbTJy4\" alt=\"\"\/><\/figure>\n\n\n\n<blockquote class=\"wp-block-quote is-layout-flow wp-block-quote-is-layout-flow\"><p><\/p><cite><em>Imagens do livro Os dez Sacizinhos de Tatiana Belinky<\/em><\/cite><\/blockquote>\n\n\n\n<p class=\"has-text-color has-background has-medium-font-size has-very-light-gray-color has-vivid-purple-background-color\">Atividade 5&nbsp;<\/p>\n\n\n\n<p class=\"has-medium-font-size\">Desenhe no seu caderno a parte da hist\u00f3ria que voc\u00ea mais gostou.<\/p>\n\n\n\n<hr class=\"wp-block-separator\"\/>\n\n\n\n<p><strong>Saiba Mais | Refer\u00eancias:<\/strong><\/p>\n\n\n\n<div class=\"wp-block-columns is-layout-flex wp-container-core-columns-is-layout-9d6595d7 wp-block-columns-is-layout-flex\">\n<div class=\"wp-block-column is-layout-flow wp-block-column-is-layout-flow\">\n<figure class=\"wp-block-embed-youtube wp-block-embed is-type-video is-provider-youtube wp-embed-aspect-16-9 wp-has-aspect-ratio\"><div class=\"wp-block-embed__wrapper\">\n<p class=\"responsive-video-wrap clr\"><iframe title=\"Dobradura - Recorte e colagem do Saci Perer\u00ea - Folclore. Artes Visuais, Aula de artes\" width=\"1200\" height=\"675\" src=\"https:\/\/www.youtube.com\/embed\/Imk9WYqGT0M?feature=oembed\" frameborder=\"0\" allow=\"accelerometer; autoplay; clipboard-write; encrypted-media; gyroscope; picture-in-picture\" allowfullscreen><\/iframe><\/p>\n<\/div><figcaption>&#8220;Dobradura &#8211; Recorte e colagem do Saci Perer\u00ea &#8211; Folclore. Artes Visuais, Aula de artes&#8221; Canal:<a href=\"https:\/\/www.youtube.com\/channel\/UC2rMASy0tBZNahS4RxvOhiw\">Atividades de artes para sala de aula &#8211; FaccinArte<\/a> &#8211; https:\/\/www.youtube.com\/watch?v=Imk9WYqGT0M&amp;feature=youtu.be<\/figcaption><\/figure>\n<\/div>\n\n\n\n<div class=\"wp-block-column is-layout-flow wp-block-column-is-layout-flow\">\n<figure class=\"wp-block-embed-youtube wp-block-embed is-type-video is-provider-youtube wp-embed-aspect-16-9 wp-has-aspect-ratio\"><div class=\"wp-block-embed__wrapper\">\n<p class=\"responsive-video-wrap clr\"><iframe title=\"Chico Bento e o Saci (Folclore) - Turma da M\u00f4nica - Quadrinhos narrados\" width=\"1200\" height=\"675\" src=\"https:\/\/www.youtube.com\/embed\/lX64uF0ZYRA?feature=oembed\" frameborder=\"0\" allow=\"accelerometer; autoplay; clipboard-write; encrypted-media; gyroscope; picture-in-picture\" allowfullscreen><\/iframe><\/p>\n<\/div><figcaption>&#8220;Chico Bento e o Saci (Folclore) &#8211; Turma da M\u00f4nica &#8211; Quadrinhos narrados&#8221; Canal: <a href=\"https:\/\/www.youtube.com\/channel\/UCY50YjnaeI7ezvRagFWeWmw\">Bonecos da Lu &#8211; Gibis e Jogos<\/a> &#8211; https:\/\/www.youtube.com\/watch?v=lX64uF0ZYRA<\/figcaption><\/figure>\n<\/div>\n<\/div>\n\n\n\n<hr class=\"wp-block-separator\"\/>\n\n\n\n<figure class=\"wp-block-table alignfull\"><table><tbody><tr><td>Objeto de Conhecimento<\/td><td>Escuta atenta: Desenvolvimento da escuta atenta para melhoria da comunica\u00e7\u00e3o e da intera\u00e7\u00e3o com o grupo. Desenvolvimento do senso cr\u00edtico ap\u00f3s escuta atenta.<\/td><\/tr><tr><td>Componente Curricular&nbsp;<\/td><td>L\u00edngua Portuguesa<\/td><\/tr><tr><td>Habilidades<\/td><td>(EF15LP10-C) Desenvolver o senso cr\u00edtico, ap\u00f3s escuta atenta, sobre assuntos discutidos e estudados em diferentes situa\u00e7\u00f5es comunicativas.(EF15LP12-A) Reconhecer que as express\u00f5es corporais podem ser associadas a fala, exercendo papel importante na constru\u00e7\u00e3o dos sentidos dos textos orais.<\/td><\/tr><\/tbody><\/table><\/figure>\n\n\n\n<hr class=\"wp-block-separator\"\/>\n\n\n\n<figure class=\"wp-block-table alignfull\"><table><tbody><tr><td>Proponentes\/ Professores:<\/td><td>Kelem Cristina ResplandesSimone Ribeiro da Silva<\/td><\/tr><tr><td>Institui\u00e7\u00e3o Educacional:<\/td><td>Centro Promocional Todos os Santos II<\/td><\/tr><tr><td>CRE:<\/td><td>Coordenadoria Regional Brasil Di Ramos<\/td><\/tr><\/tbody><\/table><\/figure>\n\n\n\n<hr class=\"wp-block-separator\"\/>\n\n\n\n<p>Ensino Fundamental &#8211; Ciclo da inf\u00e2ncia &#8211; Turma A &#8211; 1\u00ba ano &#8211; Experi\u00eancias e Curiosidades<\/p>\n","protected":false},"author":24,"featured_media":58567,"template":"","ef_categoria":[13,21],"ef_ano":[],"ef_componente":[],"class_list":["post-58566","ensino_fundamental","type-ensino_fundamental","status-publish","has-post-thumbnail","hentry","ef_categoria-ciclo-da-infancia-abc","ef_categoria-experiencias-e-curiosidades","entry","has-media"],"acf":[],"_links":{"self":[{"href":"https:\/\/sme.goiania.go.gov.br\/conexaoescola\/wp-json\/wp\/v2\/ensino_fundamental\/58566","targetHints":{"allow":["GET"]}}],"collection":[{"href":"https:\/\/sme.goiania.go.gov.br\/conexaoescola\/wp-json\/wp\/v2\/ensino_fundamental"}],"about":[{"href":"https:\/\/sme.goiania.go.gov.br\/conexaoescola\/wp-json\/wp\/v2\/types\/ensino_fundamental"}],"author":[{"embeddable":true,"href":"https:\/\/sme.goiania.go.gov.br\/conexaoescola\/wp-json\/wp\/v2\/users\/24"}],"version-history":[{"count":0,"href":"https:\/\/sme.goiania.go.gov.br\/conexaoescola\/wp-json\/wp\/v2\/ensino_fundamental\/58566\/revisions"}],"wp:featuredmedia":[{"embeddable":true,"href":"https:\/\/sme.goiania.go.gov.br\/conexaoescola\/wp-json\/wp\/v2\/media\/58567"}],"wp:attachment":[{"href":"https:\/\/sme.goiania.go.gov.br\/conexaoescola\/wp-json\/wp\/v2\/media?parent=58566"}],"wp:term":[{"taxonomy":"ef_categoria","embeddable":true,"href":"https:\/\/sme.goiania.go.gov.br\/conexaoescola\/wp-json\/wp\/v2\/ef_categoria?post=58566"},{"taxonomy":"ef_ano","embeddable":true,"href":"https:\/\/sme.goiania.go.gov.br\/conexaoescola\/wp-json\/wp\/v2\/ef_ano?post=58566"},{"taxonomy":"ef_componente","embeddable":true,"href":"https:\/\/sme.goiania.go.gov.br\/conexaoescola\/wp-json\/wp\/v2\/ef_componente?post=58566"}],"curies":[{"name":"wp","href":"https:\/\/api.w.org\/{rel}","templated":true}]}}