{"id":58303,"date":"2020-11-02T07:00:00","date_gmt":"2020-11-02T09:00:00","guid":{"rendered":"http:\/\/sme.goiania.go.gov.br\/conexaoescola\/?post_type=ensino_fundamental&#038;p=58303"},"modified":"2021-12-27T16:53:49","modified_gmt":"2021-12-27T18:53:49","slug":"glub-um-mergulho-estatistico","status":"publish","type":"ensino_fundamental","link":"https:\/\/sme.goiania.go.gov.br\/conexaoescola\/ensino_fundamental\/glub-um-mergulho-estatistico\/","title":{"rendered":"Matem\u00e1tica &#8211; Glub&#8230; Um mergulho estat\u00edstico!"},"content":{"rendered":"\n<p class=\"has-drop-cap has-background has-medium-font-size\" style=\"background-color:#ccebff\">Ol\u00e1! Como voc\u00ea est\u00e1? Espero que esteja bem. E o estudo da Matem\u00e1tica? Est\u00e1 preparado para mergulhar em um universo de descobertas e aprendizagem? Voc\u00ea j\u00e1 ouviu falar de Estat\u00edstica? Conhece formas em que ela \u00e9 utilizada na sociedade? Hoje voc\u00ea vai conhecer um pouco desse conte\u00fado e se surpreender de como a Estat\u00edstica est\u00e1 t\u00e3o pr\u00f3xima de voc\u00ea! Vamos come\u00e7ar?<\/p>\n\n\n\n<p class=\"has-medium-font-size\">A Estat\u00edstica \u00e9 bastante utilizada em diversos ramos da sociedade, no intuito de realizar pesquisas, colher dados e process\u00e1-los bem como analisar informa\u00e7\u00f5es.<\/p>\n\n\n\n<p class=\"has-medium-font-size\">Assista ao v\u00eddeo a seguir e veja o que \u00e9 e para que serve a Estat\u00edstica:<\/p>\n\n\n\n<figure class=\"wp-block-embed is-type-video is-provider-youtube wp-block-embed-youtube wp-embed-aspect-16-9 wp-has-aspect-ratio\"><div class=\"wp-block-embed__wrapper\">\n<p class=\"responsive-video-wrap clr\"><iframe title=\"O que \u00e9 Estat\u00edstica? -  Bioestat\u00edstica #0\" width=\"1200\" height=\"675\" src=\"https:\/\/www.youtube.com\/embed\/BV67KHwV-5A?feature=oembed\" frameborder=\"0\" allow=\"accelerometer; autoplay; clipboard-write; encrypted-media; gyroscope; picture-in-picture\" allowfullscreen><\/iframe><\/p>\n<\/div><figcaption>O que \u00e9 Estat\u00edstica? &#8211; Bioestat\u00edstica #0 &#8211; Canal Rog\u00e9rio Anton- YouTube<\/figcaption><\/figure>\n\n\n\n<hr class=\"wp-block-separator\"\/>\n\n\n\n<p class=\"has-luminous-vivid-amber-background-color has-background has-medium-font-size\"><strong>ATIVIDADE 1<\/strong><\/p>\n\n\n\n<p class=\"has-vivid-green-cyan-background-color has-background has-medium-font-size\"><strong>Responda em seu caderno as quest\u00f5es a seguir relacionadas ao v\u00eddeo que voc\u00ea assistiu. Se precisar, assista-o novamente. Vamos l\u00e1?<\/strong><\/p>\n\n\n\n<p class=\"has-medium-font-size\">1) De acordo com o v\u00eddeo, o que \u00e9 a Estat\u00edstica e para que ela serve?<\/p>\n\n\n\n<p class=\"has-medium-font-size\">2) Cite dois exemplos de como a Estat\u00edstica \u00e9 utilizada:<\/p>\n\n\n\n<p class=\"has-medium-font-size\">3) O que \u00e9 an\u00e1lise estat\u00edstica? Quais os dois m\u00e9todos utilizados para fazer a an\u00e1lise estat\u00edstica?<\/p>\n\n\n\n<p class=\"has-medium-font-size\">Uma das formas de apresentar informa\u00e7\u00f5es e dados \u00e9 atrav\u00e9s dos gr\u00e1ficos. Esse tipo de apresenta\u00e7\u00e3o facilita a compreens\u00e3o. Veja alguns tipos:<\/p>\n\n\n\n<figure class=\"wp-block-gallery columns-2 is-cropped wp-block-gallery-1 is-layout-flex wp-block-gallery-is-layout-flex\"><ul class=\"blocks-gallery-grid\"><li class=\"blocks-gallery-item\"><figure><img fetchpriority=\"high\" decoding=\"async\" width=\"721\" height=\"411\" src=\"http:\/\/sme.goiania.go.gov.br\/conexaoescola\/wp-content\/uploads\/2020\/11\/IMG2-e1603857459340.png\" alt=\"\" data-id=\"58306\" data-full-url=\"http:\/\/sme.goiania.go.gov.br\/conexaoescola\/wp-content\/uploads\/2020\/11\/IMG2-e1603857459340.png\" data-link=\"http:\/\/sme.goiania.go.gov.br\/conexaoescola\/?attachment_id=58306\" class=\"wp-image-58306\" srcset=\"https:\/\/sme.goiania.go.gov.br\/conexaoescola\/wp-content\/uploads\/2020\/11\/IMG2-e1603857459340.png 721w, https:\/\/sme.goiania.go.gov.br\/conexaoescola\/wp-content\/uploads\/2020\/11\/IMG2-e1603857459340-300x171.png 300w\" sizes=\"(max-width: 721px) 100vw, 721px\" \/><\/figure><\/li><li class=\"blocks-gallery-item\"><figure><img decoding=\"async\" src=\"http:\/\/sme.goiania.go.gov.br\/conexaoescola\/wp-content\/uploads\/2020\/11\/IMG1-e1603857439577.png\" alt=\"\" data-id=\"58307\" data-full-url=\"http:\/\/sme.goiania.go.gov.br\/conexaoescola\/wp-content\/uploads\/2020\/11\/IMG1-e1603857439577.png\" data-link=\"http:\/\/sme.goiania.go.gov.br\/conexaoescola\/?attachment_id=58307\" class=\"wp-image-58307\"\/><\/figure><\/li><\/ul><figcaption class=\"blocks-gallery-caption\">Gr\u00e1fico 1: colunas horizontais\u2191<br>Gr\u00e1fico 2: colunas verticais\u2191<\/figcaption><\/figure>\n\n\n\n<figure class=\"wp-block-gallery columns-2 is-cropped wp-block-gallery-2 is-layout-flex wp-block-gallery-is-layout-flex\"><ul class=\"blocks-gallery-grid\"><li class=\"blocks-gallery-item\"><figure><img decoding=\"async\" width=\"710\" height=\"406\" src=\"http:\/\/sme.goiania.go.gov.br\/conexaoescola\/wp-content\/uploads\/2020\/10\/IMG4-e1603857768541.png\" alt=\"\" data-id=\"58310\" data-full-url=\"http:\/\/sme.goiania.go.gov.br\/conexaoescola\/wp-content\/uploads\/2020\/10\/IMG4-e1603857768541.png\" data-link=\"http:\/\/sme.goiania.go.gov.br\/conexaoescola\/?attachment_id=58310\" class=\"wp-image-58310\" srcset=\"https:\/\/sme.goiania.go.gov.br\/conexaoescola\/wp-content\/uploads\/2020\/10\/IMG4-e1603857768541.png 710w, https:\/\/sme.goiania.go.gov.br\/conexaoescola\/wp-content\/uploads\/2020\/10\/IMG4-e1603857768541-300x172.png 300w\" sizes=\"(max-width: 710px) 100vw, 710px\" \/><\/figure><\/li><li class=\"blocks-gallery-item\"><figure><img decoding=\"async\" width=\"731\" height=\"371\" src=\"http:\/\/sme.goiania.go.gov.br\/conexaoescola\/wp-content\/uploads\/2020\/10\/IMG3-e1603857748365.png\" alt=\"\" data-id=\"58309\" data-full-url=\"http:\/\/sme.goiania.go.gov.br\/conexaoescola\/wp-content\/uploads\/2020\/10\/IMG3-e1603857748365.png\" data-link=\"http:\/\/sme.goiania.go.gov.br\/conexaoescola\/?attachment_id=58309\" class=\"wp-image-58309\" srcset=\"https:\/\/sme.goiania.go.gov.br\/conexaoescola\/wp-content\/uploads\/2020\/10\/IMG3-e1603857748365.png 731w, https:\/\/sme.goiania.go.gov.br\/conexaoescola\/wp-content\/uploads\/2020\/10\/IMG3-e1603857748365-300x152.png 300w\" sizes=\"(max-width: 731px) 100vw, 731px\" \/><\/figure><\/li><\/ul><figcaption class=\"blocks-gallery-caption\">Gr\u00e1fico 3: de rede\u2191<br>Grafico 4: de setores\u2191<\/figcaption><\/figure>\n\n\n\n<hr class=\"wp-block-separator\"\/>\n\n\n\n<p class=\"has-medium-font-size\">Portanto, os&nbsp;<strong>gr\u00e1ficos<\/strong>&nbsp;s\u00e3o representa\u00e7\u00f5es que facilitam a an\u00e1lise de dados, os quais costumam ser dispostos em tabelas quando se realiza pesquisas&nbsp;<a href=\"about:blank\">estat\u00edsticas<\/a>.<\/p>\n\n\n\n<p class=\"has-medium-font-size\">Voc\u00ea j\u00e1 parou para pensar como deve ser constru\u00eddo um gr\u00e1fico?<\/p>\n\n\n\n<p class=\"has-medium-font-size\">Ao construirmos um gr\u00e1fico em estat\u00edstica, devemos levar em considera\u00e7\u00e3o alguns elementos que s\u00e3o essenciais para sua melhor compreens\u00e3o.&nbsp;<strong>Um gr\u00e1fico deve ser simples<\/strong>&nbsp;devido \u00e0 necessidade de passar uma informa\u00e7\u00e3o de maneira mais r\u00e1pida, ou seja, em um gr\u00e1fico estat\u00edstico, n\u00e3o deve haver muitas informa\u00e7\u00f5es, devemos colocar nele somente o necess\u00e1rio. Al\u00e9m disso, as informa\u00e7\u00f5es de um gr\u00e1fico devem ser claras e verdadeiras de acordo com as informa\u00e7\u00f5es levantadas na pesquisa.<\/p>\n\n\n\n<p class=\"has-medium-font-size\">Veja um exemplo:<\/p>\n\n\n\n<p class=\"has-medium-font-size\">Uma empresa deseja verificar seu faturamento em determinado ano, os dados foram dispostos em uma tabela:<\/p>\n\n\n\n<p class=\"has-medium-font-size\">Uma empresa deseja verificar seu faturamento em determinado ano, os dados foram dispostos em uma tabela:<\/p>\n\n\n\n<figure class=\"wp-block-table alignfull is-style-stripes\"><table class=\"has-background\" style=\"background-color:#e9fbe5\"><tbody><tr><td><strong>M\u00eas<\/strong><\/td><td><strong>Faturamento<\/strong><\/td><td><strong>M\u00eas<\/strong><\/td><td><strong>Faturamento<\/strong><\/td><\/tr><tr><td>Janeiro<\/td><td>R$ 10.000,00<\/td><td>Julho<\/td><td>R$ 8.000,00<\/td><\/tr><tr><td>Fevereiro<\/td><td>R$ 15.000,00<\/td><td>Agosto<\/td><td>R$ 16.000,00<\/td><\/tr><tr><td>Mar\u00e7o<\/td><td>R$ 8.000,00<\/td><td>Setembro<\/td><td>R$ 10.000,00<\/td><\/tr><tr><td>Abril<\/td><td>R$ 15.000,00<\/td><td>Outubro<\/td><td>R$ 11.000,00<\/td><\/tr><tr><td>Maio<\/td><td>R$ 20.000,00<\/td><td>Novembro<\/td><td>R$ 11.000,00<\/td><\/tr><tr><td>Junho<\/td><td>R$ 24.000,00<\/td><td>Dezembro<\/td><td>R$ 20.000,00<\/td><\/tr><\/tbody><\/table><\/figure>\n\n\n\n<p class=\"has-medium-font-size\">Agora, veja a demonstra\u00e7\u00e3o dos dados contidos na tabela em um gr\u00e1fico de segmentos:<\/p>\n\n\n\n<p class=\"has-text-align-center has-medium-font-size\">Faturamento anual da empresa<\/p>\n\n\n\n<div class=\"wp-block-image\"><figure class=\"aligncenter size-large\"><img loading=\"lazy\" decoding=\"async\" width=\"767\" height=\"354\" src=\"http:\/\/sme.goiania.go.gov.br\/conexaoescola\/wp-content\/uploads\/2020\/11\/graf-e1603891905961.png\" alt=\"\" class=\"wp-image-58339\" srcset=\"https:\/\/sme.goiania.go.gov.br\/conexaoescola\/wp-content\/uploads\/2020\/11\/graf-e1603891905961.png 767w, https:\/\/sme.goiania.go.gov.br\/conexaoescola\/wp-content\/uploads\/2020\/11\/graf-e1603891905961-300x138.png 300w\" sizes=\"(max-width: 767px) 100vw, 767px\" \/><figcaption>Fonte da imagem 7:<a href=\"https:\/\/brasilescola.uol.com.br\/matematica\/graficos.htm\" target=\"_blank\" rel=\"noreferrer noopener\">https:\/\/brasilescola.uol.com.br\/matematica\/graficos.htm<\/a><\/figcaption><\/figure><\/div>\n\n\n\n<p class=\"has-luminous-vivid-amber-background-color has-background has-medium-font-size\"><strong>ATIVIDADE 2<\/strong><\/p>\n\n\n\n<p class=\"has-light-green-cyan-background-color has-background has-medium-font-size\">Registre em seu caderno as quest\u00f5es a seguir analisando o gr\u00e1fico acima:<\/p>\n\n\n\n<ul class=\"wp-block-list\"><li>Em quais meses o faturamento foi abaixo de R$11 000,00?<\/li><li>Qual o total do faturamento do primeiro semestre (janeiro a junho)?<\/li><li>Em que m\u00eas houve o maior faturamento? Qual valor em reais?<\/li><li>Qual o total do faturamento do segundo semestre (julho a dezembro)?<\/li><li>Quais os meses em que o faturamento foi de R$20 000,00?<\/li><\/ul>\n\n\n\n<p class=\"has-medium-font-size\">Muito bem! Falamos aqui que gr\u00e1ficos s\u00e3o representa\u00e7\u00f5es utilizadas em an\u00e1lises informativas ou de valores num\u00e9ricos. Esses dados s\u00e3o transmitidos por pontos, linhas e&nbsp;<a href=\"about:blank\">formas geom\u00e9tricas<\/a>.<\/p>\n\n\n\n<p class=\"has-medium-font-size\">Servem para destacar a dimens\u00e3o est\u00e1tica dos fen\u00f4menos, indicar padr\u00f5es e tend\u00eancias, al\u00e9m de comparar determinadas circunst\u00e2ncias em um per\u00edodo de tempo.<br>Normalmente s\u00e3o aplicados em pesquisas, concursos, vestibulares, nos meios de comunica\u00e7\u00e3o (jornais impressos, internet, TV, etc.) e em disciplinas escolares (matem\u00e1tica, hist\u00f3ria, qu\u00edmica, f\u00edsica, entre outros).<\/p>\n\n\n\n<p class=\"has-medium-font-size\">E voc\u00ea sabe quais elementos n\u00e3o podem faltar em um gr\u00e1fico?<\/p>\n\n\n\n<p class=\"has-medium-font-size\">Alguns elementos est\u00e3o presentes em todos os tipos de gr\u00e1ficos. S\u00e3o eles:<\/p>\n\n\n\n<p class=\"has-medium-font-size\"><strong>T\u00edtulo:<\/strong> frases curtas com a palavra-chave do assunto apresentado.<\/p>\n\n\n\n<p class=\"has-medium-font-size\"><strong>Fonte:<\/strong> parte importante para dar credibilidade ao gr\u00e1fico. Identifica\u00e7\u00e3o da fonte (estudos cient\u00edficos, \u00f3rg\u00e3os p\u00fablicos, institui\u00e7\u00f5es privadas, economistas, etc.) no qual a informa\u00e7\u00e3o foi retirada.&nbsp;<\/p>\n\n\n\n<p class=\"has-medium-font-size\"><strong>N\u00fameros:<\/strong> valores que s\u00e3o essenciais para a compara\u00e7\u00e3o dos fatos. Eles s\u00e3o organizados em ordem crescente e apontam quantidades e per\u00edodos (m\u00eas, semestre, ano).&nbsp;<\/p>\n\n\n\n<p class=\"has-medium-font-size\"><strong>Legendas:<\/strong> pequeno resumo das informa\u00e7\u00f5es analisadas no gr\u00e1fico. Podem ser colocadas em qualquer parte e destacadas por cores.&nbsp;<\/p>\n\n\n\n<p class=\"has-medium-font-size\">\u00d3timo! J\u00e1 sabemos o que \u00e9 a Estat\u00edstica, os tipos de gr\u00e1ficos e os elementos que n\u00e3o podem faltar em um gr\u00e1fico. Agora, no v\u00eddeo a seguir <a rel=\"noreferrer noopener\" href=\"https:\/\/pt.khanacademy.org\/math\/pre-algebra\/pre-algebra-math-reasoning\/pre-algebra-picture-bar-graphs\/v\/creating-bar-charts-1\" target=\"_blank\">CLICANDO AQUI<\/a> e veja como se constr\u00f3i um gr\u00e1fico.<\/p>\n\n\n\n<p class=\"has-luminous-vivid-amber-background-color has-background has-medium-font-size\"><strong>ATIVIDADE 3<\/strong><\/p>\n\n\n\n<div class=\"wp-block-media-text alignwide is-stacked-on-mobile\"><figure class=\"wp-block-media-text__media\"><img loading=\"lazy\" decoding=\"async\" width=\"298\" height=\"214\" src=\"http:\/\/sme.goiania.go.gov.br\/conexaoescola\/wp-content\/uploads\/2020\/11\/mudas-e1603893175521.png\" alt=\"\" class=\"wp-image-58345 size-full\"\/><\/figure><div class=\"wp-block-media-text__content\">\n<p>Agora \u00e9 sua vez! Vamos praticar? Registre as perguntas e respostas em seu caderno.<\/p>\n\n\n\n<p class=\"has-medium-font-size\">Lu\u00edza plantou&nbsp;100 sementes para cada tipo de vegetal em sua horta. Entretanto, apenas algumas das sementes cresceram e viraram mudas. Veja esses n\u00fameros na tabela ao lado:<\/p>\n<\/div><\/div>\n\n\n\n<p class=\"has-medium-font-size\"><strong>Crie um gr\u00e1fico de barras para representar quantas mudas cresceram para cada tipo de vegetal. Siga o modelo abaixo. N\u00e3o se esque\u00e7a de criar um t\u00edtulo para seu gr\u00e1fico.<\/strong><\/p>\n\n\n\n<div class=\"wp-block-image\"><figure class=\"aligncenter size-large\"><img loading=\"lazy\" decoding=\"async\" width=\"497\" height=\"387\" src=\"http:\/\/sme.goiania.go.gov.br\/conexaoescola\/wp-content\/uploads\/2020\/11\/grf-const-e1603893337822.png\" alt=\"\" class=\"wp-image-58348\" srcset=\"https:\/\/sme.goiania.go.gov.br\/conexaoescola\/wp-content\/uploads\/2020\/11\/grf-const-e1603893337822.png 497w, https:\/\/sme.goiania.go.gov.br\/conexaoescola\/wp-content\/uploads\/2020\/11\/grf-const-e1603893337822-300x234.png 300w\" sizes=\"(max-width: 497px) 100vw, 497px\" \/><figcaption>Dispon\u00edvel em <strong><a href=\"https:\/\/pt.khanacademy.org\/math\/pre-algebra\/pre-algebra-math-reasoning\/pre-algebra-picture-bar-graphs\/e\/creating_bar_charts_1\" target=\"_blank\" rel=\"noreferrer noopener\">link<\/a><\/strong><\/figcaption><\/figure><\/div>\n\n\n\n<hr class=\"wp-block-separator\"\/>\n\n\n\n<p>Por falar em Estat\u00edstica, voc\u00ea sabe o que \u00e9 IBGE (Instituto Brasileiro de Geografia e Estat\u00edstica)?&nbsp;&nbsp; Veja o v\u00eddeo a seguir:<\/p>\n\n\n\n<figure class=\"wp-block-embed is-type-video is-provider-youtube wp-block-embed-youtube wp-embed-aspect-16-9 wp-has-aspect-ratio\"><div class=\"wp-block-embed__wrapper\">\n<p class=\"responsive-video-wrap clr\"><iframe title=\"Estat\u00edstica (para leigos) - O que o IBGE faz?\" width=\"1200\" height=\"675\" src=\"https:\/\/www.youtube.com\/embed\/5fzajbJSCtI?feature=oembed\" frameborder=\"0\" allow=\"accelerometer; autoplay; clipboard-write; encrypted-media; gyroscope; picture-in-picture\" allowfullscreen><\/iframe><\/p>\n<\/div><figcaption><a rel=\"noreferrer noopener\" href=\"https:\/\/www.youtube.com\/watch?v=5fzajbJSCtI\" target=\"_blank\">Estat\u00edstica (para leigos) &#8211; O que o IBGE faz? &#8211; Canal<br>Estat\u00edstica (para leigos): aprenda f\u00e1cil e r\u00e1pido! &#8211; YuTube<\/a><br><\/figcaption><\/figure>\n\n\n\n<hr class=\"wp-block-separator\"\/>\n\n\n\n<p class=\"has-medium-font-size\">Viu s\u00f3? O IBGE (Instituto Brasileiro de Geografia e Estat\u00edstica) \u00e9 considerado um \u00f3rg\u00e3o importante e conceituado na \u00e1rea de Estat\u00edstica.<\/p>\n\n\n\n<p class=\"has-vivid-red-background-color has-text-color has-background\" style=\"color:#ffffff\"><strong>ATIVIDADE 4<\/strong><\/p>\n\n\n\n<p class=\"has-medium-font-size\">1. Agora, no seu caderno, responda as perguntas a seguir: Qual o significado de IBGE?<\/p>\n\n\n\n<p class=\"has-medium-font-size\">2. Qual a fun\u00e7\u00e3o do IBGE?<\/p>\n\n\n\n<p class=\"has-medium-font-size\">3. Como \u00e9 feita a pesquisa do IBGE?<\/p>\n\n\n\n<p class=\"has-medium-font-size\">Muito bem! Hoje mergulhamos nos conhecimentos estat\u00edsticos. Foi bem legal n\u00e3o acha? Continue empenhado nos estudos e n\u00e3o se esque\u00e7a de que voc\u00ea \u00e9 capaz. At\u00e9 a pr\u00f3xima!<\/p>\n\n\n\n<p class=\"has-vivid-red-background-color has-text-color has-background has-medium-font-size\" style=\"color:#ffffff\"><strong>Saiba Mais \/ Refer\u00eancias:<\/strong><\/p>\n\n\n\n<figure class=\"wp-block-embed is-type-video is-provider-youtube wp-block-embed-youtube wp-embed-aspect-16-9 wp-has-aspect-ratio\"><div class=\"wp-block-embed__wrapper\">\n<p class=\"responsive-video-wrap clr\"><iframe title=\"Exerc\u00edcios com Gr\u00e1ficos e Tabelas (Matem\u00e1tica 6\u00ba ano com Prof. Aurea)\" width=\"1200\" height=\"675\" src=\"https:\/\/www.youtube.com\/embed\/yrtJZA4t5gk?feature=oembed\" frameborder=\"0\" allow=\"accelerometer; autoplay; clipboard-write; encrypted-media; gyroscope; picture-in-picture\" allowfullscreen><\/iframe><\/p>\n<\/div><figcaption><a rel=\"noreferrer noopener\" href=\"https:\/\/www.youtube.com\/watch?v=yrtJZA4t5gk\" target=\"_blank\">Exerc\u00edcios com Gr\u00e1ficos e Tabelas (Matem\u00e1tica 6\u00ba ano com Prof. Aurea)<br>Canal Explicador Virtual &#8211; EV@ &#8211; YuTube<\/a><br><\/figcaption><\/figure>\n\n\n\n<figure class=\"wp-block-table alignfull\"><table><tbody><tr><td>Objeto de Conhecimento<\/td><td>&#8211; Leitura e interpreta\u00e7\u00e3o de tabelas e gr\u00e1ficos (de colunas ou barra simples ou m\u00faltiplas) referentes a vari\u00e1veis categ\u00f3ricas e vari\u00e1veis num\u00e9ricas: &#8211; Coletas de dados, organiza\u00e7\u00e3o e registro<\/td><\/tr><tr><td>Componente Curricular<\/td><td>Matem\u00e1tica<\/td><\/tr><tr><td>Habilidades<\/td><td>(EF06MA32-A) Ler, interpretar, resolver e interpretar situa\u00e7\u00f5es que envolvam dados de pesquisas sobre contextos ambientais, sustentabilidade, tr\u00e2nsito, consumo respons\u00e1vel, entre outros apresentadas pela m\u00eddia em tabelas e em diferentes tipos de gr\u00e1ficos e redigir textos escritos com o objetivo de sintetizar conclus\u00f5es. (EF06MA33) Planejar e coletar dados de pesquisa referente a pr\u00e1ticas sociais escolhidas pelos alunos e fazer o uso de planilhas eletr\u00f4nicas para o registro, representa\u00e7\u00e3o e interpreta\u00e7\u00e3o das informa\u00e7\u00f5es em tabelas, v\u00e1rios tipos de gr\u00e1ficos e texto.<\/td><\/tr><tr><td>Proponentes\/ Professores:<\/td><td>\u00c2ngela Bet\u00e2nia Dias de Souza Fernanda Carolina Ribeiro de Freitas Almeida Willian Limirio de Oliveira J\u00fanior Wender Divino de Souza Teodoro<\/td><\/tr><\/tbody><\/table><\/figure>\n\n\n\n<figure class=\"wp-block-table alignfull\"><table><tbody><tr><td>Institui\u00e7\u00e3o Educacional:<\/td><td>Escola Municipal Lions Clube Bandeirantes<\/td><\/tr><tr><td>CRE:<\/td><td>Brasil Di Ramos Caiado<\/td><\/tr><\/tbody><\/table><\/figure>\n\n\n\n<hr class=\"wp-block-separator\"\/>\n","protected":false},"author":28,"featured_media":58356,"template":"","ef_categoria":[15,29],"ef_ano":[89],"ef_componente":[94],"class_list":["post-58303","ensino_fundamental","type-ensino_fundamental","status-publish","has-post-thumbnail","hentry","ef_categoria-ciclo-da-adolescencia-fg","ef_categoria-educacao-financeira-e-empreendedorismo-ciclo-da-adolescencia-fg","ef_ano-6o-ano","ef_componente-matematica","entry","has-media"],"acf":[],"_links":{"self":[{"href":"https:\/\/sme.goiania.go.gov.br\/conexaoescola\/wp-json\/wp\/v2\/ensino_fundamental\/58303","targetHints":{"allow":["GET"]}}],"collection":[{"href":"https:\/\/sme.goiania.go.gov.br\/conexaoescola\/wp-json\/wp\/v2\/ensino_fundamental"}],"about":[{"href":"https:\/\/sme.goiania.go.gov.br\/conexaoescola\/wp-json\/wp\/v2\/types\/ensino_fundamental"}],"author":[{"embeddable":true,"href":"https:\/\/sme.goiania.go.gov.br\/conexaoescola\/wp-json\/wp\/v2\/users\/28"}],"version-history":[{"count":0,"href":"https:\/\/sme.goiania.go.gov.br\/conexaoescola\/wp-json\/wp\/v2\/ensino_fundamental\/58303\/revisions"}],"wp:featuredmedia":[{"embeddable":true,"href":"https:\/\/sme.goiania.go.gov.br\/conexaoescola\/wp-json\/wp\/v2\/media\/58356"}],"wp:attachment":[{"href":"https:\/\/sme.goiania.go.gov.br\/conexaoescola\/wp-json\/wp\/v2\/media?parent=58303"}],"wp:term":[{"taxonomy":"ef_categoria","embeddable":true,"href":"https:\/\/sme.goiania.go.gov.br\/conexaoescola\/wp-json\/wp\/v2\/ef_categoria?post=58303"},{"taxonomy":"ef_ano","embeddable":true,"href":"https:\/\/sme.goiania.go.gov.br\/conexaoescola\/wp-json\/wp\/v2\/ef_ano?post=58303"},{"taxonomy":"ef_componente","embeddable":true,"href":"https:\/\/sme.goiania.go.gov.br\/conexaoescola\/wp-json\/wp\/v2\/ef_componente?post=58303"}],"curies":[{"name":"wp","href":"https:\/\/api.w.org\/{rel}","templated":true}]}}