{"id":58281,"date":"2020-11-02T07:05:00","date_gmt":"2020-11-02T09:05:00","guid":{"rendered":"http:\/\/sme.goiania.go.gov.br\/conexaoescola\/?post_type=ensino_fundamental&#038;p=58281"},"modified":"2021-11-25T11:01:25","modified_gmt":"2021-11-25T13:01:25","slug":"vamos-brincar-2","status":"publish","type":"ensino_fundamental","link":"https:\/\/sme.goiania.go.gov.br\/conexaoescola\/ensino_fundamental\/vamos-brincar-2\/","title":{"rendered":"Educa\u00e7\u00e3o F\u00edsica &#8211; Vamos brincar?"},"content":{"rendered":"\n<p><\/p>\n\n\n\n<p class=\"has-drop-cap has-medium-font-size\">Ol\u00e1! Voc\u00ea j\u00e1 brincou hoje? N\u00e3o? Ent\u00e3o venha se divertir e conhecer mais sobre as brincadeiras populares, aquelas antigas, do tempo em que a vov\u00f3 ou o vov\u00f4 eram crian\u00e7as.<\/p>\n\n\n\n<hr class=\"wp-block-separator\"\/>\n\n\n\n<p class=\"has-medium-font-size\">Voc\u00ea sabe como e de quais brincadeiras seus av\u00f3s ou seus bisav\u00f3s brincavam? Naquele tempo n\u00e3o existiam tantos brinquedos diferentes nem tantas atra\u00e7\u00f5es tecnol\u00f3gicas que os chamasse aten\u00e7\u00e3o, ent\u00e3o o jeito era brincar, se divertir com o que criavam. Algumas brincadeiras eram bem simples e utilizavam poucos materiais, mas com certeza era divers\u00e3o na certa! Muitas dessas brincadeiras seguiram atrav\u00e9s dos tempos e ainda hoje s\u00e3o relembradas e brincadas por muitas crian\u00e7as.&nbsp;<\/p>\n\n\n\n<p class=\"has-medium-font-size\">Essas brincadeiras s\u00e3o conhecidas como brincadeiras da cultura popular, que foram criadas por pessoas comuns, passando por gera\u00e7\u00f5es e sendo recriadas em alguns locais por onde passou. Geralmente eram brincadas na rua da casa dos participantes, ou at\u00e9 mesmo no quintal. Ser\u00e1 que hoje em dia tamb\u00e9m seria poss\u00edvel brincar assim? Quem sabe se com muita aten\u00e7\u00e3o e o acompanhamento de um adulto para garantir a seguran\u00e7a de quem est\u00e1 brincando seja sim poss\u00edvel.<\/p>\n\n\n\n<p class=\"has-medium-font-size\">Quer conhecer algumas das brincadeiras que eram brincadas h\u00e1 tempos atr\u00e1s?<\/p>\n\n\n\n<p class=\"has-medium-font-size\">Assista ao v\u00eddeo e confira como as pessoas se divertiam brincando.<\/p>\n\n\n\n<figure class=\"wp-block-embed is-type-video is-provider-youtube wp-block-embed-youtube wp-embed-aspect-16-9 wp-has-aspect-ratio\"><div class=\"wp-block-embed__wrapper\">\n<p class=\"responsive-video-wrap clr\"><iframe title=\"VEM BRINCAR NA RUA -  Kitty Driemeyer - M\u00fasica Infantil\" width=\"1200\" height=\"675\" src=\"https:\/\/www.youtube.com\/embed\/z3LmtVKbGjU?feature=oembed\" frameborder=\"0\" allow=\"accelerometer; autoplay; clipboard-write; encrypted-media; gyroscope; picture-in-picture\" allowfullscreen><\/iframe><\/p>\n<\/div><figcaption>&#8220;Vem brincar na rua&#8221; Canal: <a href=\"https:\/\/www.youtube.com\/channel\/UCnkY7Gculf9q_cSh986Whjg\">Kitty Driemeyer<\/a> &#8211; https:\/\/www.youtube.com\/watch?v=z3LmtVKbGjU<\/figcaption><\/figure>\n\n\n\n<p class=\"has-medium-font-size\">Viu s\u00f3 quantas possibilidades? Agora que voc\u00ea viu algumas brincadeiras populares, conhe\u00e7a um pouco mais sobre o \u201cchicotinho queimado\u201d, tamb\u00e9m conhecido como \u201cquente ou frio\u201d. Uma brincadeira que n\u00e3o precisa de muitos materiais e que ajuda a desenvolver aten\u00e7\u00e3o, agilidade e no\u00e7\u00e3o espa\u00e7o-temporal.<\/p>\n\n\n\n<p class=\"has-medium-font-size\">&nbsp;Assista ao v\u00eddeo para saber como se brinca.<\/p>\n\n\n\n<figure class=\"wp-block-embed is-type-video is-provider-youtube wp-block-embed-youtube wp-embed-aspect-16-9 wp-has-aspect-ratio\"><div class=\"wp-block-embed__wrapper\">\n<p class=\"responsive-video-wrap clr\"><iframe title=\"T\u00e1 de brincadeira - Chicotinho Queimado - 22\/09\/15\" width=\"1200\" height=\"675\" src=\"https:\/\/www.youtube.com\/embed\/EV4SwjAUDIE?feature=oembed\" frameborder=\"0\" allow=\"accelerometer; autoplay; clipboard-write; encrypted-media; gyroscope; picture-in-picture\" allowfullscreen><\/iframe><\/p>\n<\/div><figcaption>&#8220;T\u00e1 de brincadeira&#8221; Canal: Quintal da Cultura &#8211; <a href=\"https:\/\/www.youtube.com\/watch?v=EV4SwjAUDIE\">https:\/\/www.youtube.com\/watch?v=EV4SwjAUDIE<\/a><\/figcaption><\/figure>\n\n\n\n<p class=\"has-medium-font-size\">J\u00e1 que voc\u00ea aprendeu a brincar, convide algu\u00e9m de sua fam\u00edlia para brincar com voc\u00ea. Escolham algum objeto que dever\u00e1 ser escondido sem que o outro participante veja. Agora \u00e9 a vez de procurar. D\u00ea dicas a quem est\u00e1 procurando pelo objeto dizendo as palavras \u201cquente\u201d caso a pessoa se aproxime do objeto, ou \u201cfrio\u201d se ela estiver se afastando do objeto escondido. Depois de encontrado, trocam-se os pap\u00e9is e agora a outra pessoa esconde o objeto.<\/p>\n\n\n\n<p class=\"has-medium-font-size\">Depois de repetir a brincadeira muitas vezes, converse com um adulto pr\u00f3ximo a voc\u00ea e pe\u00e7a a ele que lhe diga como foram as brincadeiras de sua inf\u00e2ncia. Como ele brincava? O local onde brincava? N\u00e3o se esque\u00e7a de registrar em seu caderno as brincadeiras ditas por ele. Finalize a atividade fazendo um lindo desenho da brincadeira que voc\u00ea ouviu e te pareceu mais legal<\/p>\n\n\n\n<p class=\"has-very-light-gray-color has-vivid-purple-background-color has-text-color has-background has-large-font-size\"><strong><em>Aproveite a divers\u00e3o!<\/em><\/strong><\/p>\n\n\n\n<hr class=\"wp-block-separator\"\/>\n\n\n\n<p><strong>Saiba Mais \/ Refer\u00eancias:<\/strong><\/p>\n\n\n\n<div class=\"wp-block-columns is-layout-flex wp-container-core-columns-is-layout-9d6595d7 wp-block-columns-is-layout-flex\">\n<div class=\"wp-block-column is-layout-flow wp-block-column-is-layout-flow\">\n<figure class=\"wp-block-embed is-type-video is-provider-youtube wp-block-embed-youtube wp-embed-aspect-16-9 wp-has-aspect-ratio\"><div class=\"wp-block-embed__wrapper\">\n<p class=\"responsive-video-wrap clr\"><iframe title=\"T\u00e1 de brincadeira - Mapa do tesouro - 27\/10\/15\" width=\"1200\" height=\"675\" src=\"https:\/\/www.youtube.com\/embed\/lGFDol5xzO0?feature=oembed\" frameborder=\"0\" allow=\"accelerometer; autoplay; clipboard-write; encrypted-media; gyroscope; picture-in-picture\" allowfullscreen><\/iframe><\/p>\n<\/div><figcaption>&#8220;T\u00e1 de brincadeira &#8211; Mapa do tesouro&nbsp;&#8221; Canal: <a href=\"https:\/\/www.youtube.com\/channel\/UCtXVrEFdvdS5Gof7XWYw-CA\">Quintal da Cultura<\/a> &#8211; https:\/\/www.youtube.com\/watch?v=lGFDol5xzO0<\/figcaption><\/figure>\n<\/div>\n\n\n\n<div class=\"wp-block-column is-layout-flow wp-block-column-is-layout-flow\">\n<figure class=\"wp-block-embed is-type-video is-provider-youtube wp-block-embed-youtube wp-embed-aspect-16-9 wp-has-aspect-ratio\"><div class=\"wp-block-embed__wrapper\">\n<p class=\"responsive-video-wrap clr\"><iframe title=\"Brincadeiras para quarentena #3 - 5 marias - Tempo da vov\u00f3\" width=\"1200\" height=\"675\" src=\"https:\/\/www.youtube.com\/embed\/JvLIztejAHc?feature=oembed\" frameborder=\"0\" allow=\"accelerometer; autoplay; clipboard-write; encrypted-media; gyroscope; picture-in-picture\" allowfullscreen><\/iframe><\/p>\n<\/div><figcaption>&#8220;Brincadeiras para quarentena #3 &#8211; 5 marias &#8211; Tempo da vov\u00f3&#8221; Canal: Vitorio &#8211; https:\/\/www.youtube.com\/watch?v=JvLIztejAHc<\/figcaption><\/figure>\n<\/div>\n\n\n\n<div class=\"wp-block-column is-layout-flow wp-block-column-is-layout-flow\">\n<figure class=\"wp-block-embed is-type-video is-provider-youtube wp-block-embed-youtube wp-embed-aspect-16-9 wp-has-aspect-ratio\"><div class=\"wp-block-embed__wrapper\">\n<p class=\"responsive-video-wrap clr\"><iframe title=\"T\u00e1 de brincadeira - Passa Anel - 18\/08\/15\" width=\"1200\" height=\"675\" src=\"https:\/\/www.youtube.com\/embed\/XJwBavQosJk?feature=oembed\" frameborder=\"0\" allow=\"accelerometer; autoplay; clipboard-write; encrypted-media; gyroscope; picture-in-picture\" allowfullscreen><\/iframe><\/p>\n<\/div><figcaption>&#8220;T\u00e1 de brincadeira &#8211; Passa Anel &#8211;&nbsp;&#8221; Canal: <a href=\"https:\/\/www.youtube.com\/channel\/UCtXVrEFdvdS5Gof7XWYw-CA\">Quintal da Cultura<\/a><\/figcaption><\/figure>\n<\/div>\n<\/div>\n\n\n\n<hr class=\"wp-block-separator\"\/>\n\n\n\n<figure class=\"wp-block-table alignfull\"><table><tbody><tr><td>Objeto de Conhecimento<\/td><td>Brincadeiras e jogos da cultura popular, presentes no contexto comunit\u00e1rio e regional: conceito.<\/td><\/tr><tr><td>Componente Curricular:<\/td><td>Educa\u00e7\u00e3o F\u00edsica&nbsp;<\/td><\/tr><tr><td>Habilidades<\/td><td>(GO-EF02EF01) Vivenciar, fruir e recriar diferentes brinquedos, brincadeiras e jogos da cultura popular, de diferentes caracter\u00edsticas, principalmente as cooperativas, presentes no contexto comunit\u00e1rio e regional, reconhecendo e respeitando as diferen\u00e7as individuais.<\/td><\/tr><\/tbody><\/table><\/figure>\n\n\n\n<hr class=\"wp-block-separator\"\/>\n\n\n\n<figure class=\"wp-block-table alignfull\"><table><tbody><tr><td><strong>Proponentes\/ Professores:<\/strong><\/td><td>Nairo Luiz Faleiros Rocha<\/td><\/tr><tr><td><strong>Institui\u00e7\u00e3o Educacional:<\/strong><\/td><td>Escola Municipal Pedro Gomes de Menezes<\/td><\/tr><tr><td><strong>CRE:<\/strong><\/td><td>Brasil Di Ramos Caiado<\/td><\/tr><\/tbody><\/table><\/figure>\n\n\n\n<hr class=\"wp-block-separator\"\/>\n\n\n\n<p>Ensino Fundamental &#8211; Ciclo da Inf\u00e2ncia \u2013 Turma \u201cB\u201d \u2013 2\u00ba ano &#8211; Corpo, Express\u00e3o e Movimento.<\/p>\n","protected":false},"author":30,"featured_media":58282,"template":"","ef_categoria":[13,17],"ef_ano":[85],"ef_componente":[97],"class_list":["post-58281","ensino_fundamental","type-ensino_fundamental","status-publish","has-post-thumbnail","hentry","ef_categoria-ciclo-da-infancia-abc","ef_categoria-corpo-e-movimento","ef_ano-2o-ano","ef_componente-educacao-fisica","entry","has-media"],"acf":[],"_links":{"self":[{"href":"https:\/\/sme.goiania.go.gov.br\/conexaoescola\/wp-json\/wp\/v2\/ensino_fundamental\/58281","targetHints":{"allow":["GET"]}}],"collection":[{"href":"https:\/\/sme.goiania.go.gov.br\/conexaoescola\/wp-json\/wp\/v2\/ensino_fundamental"}],"about":[{"href":"https:\/\/sme.goiania.go.gov.br\/conexaoescola\/wp-json\/wp\/v2\/types\/ensino_fundamental"}],"author":[{"embeddable":true,"href":"https:\/\/sme.goiania.go.gov.br\/conexaoescola\/wp-json\/wp\/v2\/users\/30"}],"version-history":[{"count":0,"href":"https:\/\/sme.goiania.go.gov.br\/conexaoescola\/wp-json\/wp\/v2\/ensino_fundamental\/58281\/revisions"}],"wp:featuredmedia":[{"embeddable":true,"href":"https:\/\/sme.goiania.go.gov.br\/conexaoescola\/wp-json\/wp\/v2\/media\/58282"}],"wp:attachment":[{"href":"https:\/\/sme.goiania.go.gov.br\/conexaoescola\/wp-json\/wp\/v2\/media?parent=58281"}],"wp:term":[{"taxonomy":"ef_categoria","embeddable":true,"href":"https:\/\/sme.goiania.go.gov.br\/conexaoescola\/wp-json\/wp\/v2\/ef_categoria?post=58281"},{"taxonomy":"ef_ano","embeddable":true,"href":"https:\/\/sme.goiania.go.gov.br\/conexaoescola\/wp-json\/wp\/v2\/ef_ano?post=58281"},{"taxonomy":"ef_componente","embeddable":true,"href":"https:\/\/sme.goiania.go.gov.br\/conexaoescola\/wp-json\/wp\/v2\/ef_componente?post=58281"}],"curies":[{"name":"wp","href":"https:\/\/api.w.org\/{rel}","templated":true}]}}