{"id":58277,"date":"2020-11-02T07:05:00","date_gmt":"2020-11-02T09:05:00","guid":{"rendered":"http:\/\/sme.goiania.go.gov.br\/conexaoescola\/?post_type=ensino_fundamental&#038;p=58277"},"modified":"2020-11-02T13:21:44","modified_gmt":"2020-11-02T15:21:44","slug":"o-sol-como-fonte-de-luz-e-calor-2","status":"publish","type":"ensino_fundamental","link":"https:\/\/sme.goiania.go.gov.br\/conexaoescola\/ensino_fundamental\/o-sol-como-fonte-de-luz-e-calor-2\/","title":{"rendered":"O sol como fonte de luz e calor."},"content":{"rendered":"\n<hr class=\"wp-block-separator\"\/>\n\n\n\n<p class=\"has-drop-cap has-medium-font-size\">Ol\u00e1 Crian\u00e7as!&nbsp; Hoje vamos conhecer um pouco mais sobre a import\u00e2ncia e os benef\u00edcios do sol. Vamos l\u00e1!<\/p>\n\n\n\n<hr class=\"wp-block-separator\"\/>\n\n\n\n<p class=\"has-text-color has-background has-medium-font-size has-very-light-gray-color has-very-dark-gray-background-color\"><strong>ATIVIDADE 1<\/strong><\/p>\n\n\n\n<p class=\"has-medium-font-size\">Acesse o link abaixo e assista ao v\u00eddeo \u2013 O Di\u00e1rio de Mika \/ Minha amiga sombra:<\/p>\n\n\n\n<figure class=\"wp-block-embed-youtube wp-block-embed is-type-video is-provider-youtube wp-embed-aspect-16-9 wp-has-aspect-ratio\"><div class=\"wp-block-embed__wrapper\">\n<p class=\"responsive-video-wrap clr\"><iframe title=\"O Di\u00e1rio de Mika | Minha Amiga Sombra #Epis\u00f3dio\" width=\"1200\" height=\"675\" src=\"https:\/\/www.youtube.com\/embed\/1rOC6VNKF-k?start=13&#038;feature=oembed\" frameborder=\"0\" allow=\"accelerometer; autoplay; clipboard-write; encrypted-media; gyroscope; picture-in-picture\" allowfullscreen><\/iframe><\/p>\n<\/div><figcaption>&#8220;Minha amiga sombra&#8221; Canal: <a href=\"https:\/\/www.youtube.com\/channel\/UCjhEPI7VpQ6WN0xq9XXrn6g\">O Di\u00e1rio de Mika<\/a> &#8211; <a href=\"https:\/\/www.youtube.com\/watch?v=1rOC6VNKF-k&amp;t=13s\">https:\/\/www.youtube.com\/watch?v=1rOC6VNKF-k&amp;t=13s<\/a><\/figcaption><\/figure>\n\n\n\n<p class=\"has-medium-font-size\">Voc\u00ea viu no v\u00eddeo da Mika que ela brinca com sua pr\u00f3pria sombra?&nbsp;<\/p>\n\n\n\n<p class=\"has-medium-font-size\">Percebeu que a sombra tem tamanhos diferentes dependendo da posi\u00e7\u00e3o e do hor\u00e1rio que elas est\u00e3o?<\/p>\n\n\n\n<p class=\"has-medium-font-size\">Leia o texto a seguir e responda no seu caderno:<\/p>\n\n\n\n<p class=\"has-medium-font-size\">Em sua opini\u00e3o a sombra desta casa ocorre de manh\u00e3 ao meio dia ou \u00e0 tarde? Por qu\u00ea?<br><img fetchpriority=\"high\" decoding=\"async\" width=\"495\" height=\"267\" alt=\"Plano de Aula - 2\u00ba ano - Ci\u00eancias - AS SOMBRAS E O SOL\" src=\"https:\/\/lh3.googleusercontent.com\/wB3ZCcJ08wPf-8E7Nitn2S_kuWviq24HH6EB9wMIf_02dLNjsOKPSn7FkO13lz-NyusrW77tieONB71FgeYnhCMtMZEJwXkMTB4-V-qRwnXVOQXqSdnsN9sgvhPxi0GnrAKa3Cg\">Dispon\u00edvelem:https:\/\/images.app.goo.gl\/44MmLVKW4MgLDhUr5<\/p>\n\n\n\n<p class=\"has-text-color has-background has-medium-font-size has-very-light-gray-color has-very-dark-gray-background-color\"><strong>ATIVIDADE 2<\/strong><\/p>\n\n\n\n<p class=\"has-medium-font-size\">Vamos para o pr\u00f3ximo v\u00eddeo \u2013 O Sol: Fonte de luz e calor. Acesse o link abaixo:<\/p>\n\n\n\n<figure class=\"wp-block-embed-youtube wp-block-embed is-type-video is-provider-youtube wp-embed-aspect-16-9 wp-has-aspect-ratio\"><div class=\"wp-block-embed__wrapper\">\n<p class=\"responsive-video-wrap clr\"><iframe title=\"O Sol: Fonte de luz e calor.\" width=\"1200\" height=\"675\" src=\"https:\/\/www.youtube.com\/embed\/lGgc8JQq0iU?feature=oembed\" frameborder=\"0\" allow=\"accelerometer; autoplay; clipboard-write; encrypted-media; gyroscope; picture-in-picture\" allowfullscreen><\/iframe><\/p>\n<\/div><figcaption>&#8220;O Sol: Fonte de luz e calor.&#8221; Canal: <a href=\"https:\/\/www.youtube.com\/channel\/UClSQP2GbVLcoM_nfnYiXejw\">Educar Sempre<\/a> &#8211; https:\/\/www.youtube.com\/watch?v=lGgc8JQq0iU&amp;feature=youtu.be<\/figcaption><\/figure>\n\n\n\n<p class=\"has-medium-font-size\">Gostou do v\u00eddeo? Respondam no seu caderno as quest\u00f5es a seguir:<\/p>\n\n\n\n<p class=\"has-medium-font-size\">Por que os seres vivos precisam do sol?<\/p>\n\n\n\n<p class=\"has-medium-font-size\">Em que hor\u00e1rio podemos ficar expostos ao sol?<\/p>\n\n\n\n<p class=\"has-medium-font-size\">Fa\u00e7a uma lista de coisas que s\u00e3o feitas com a ajuda da luz do sol.<\/p>\n\n\n\n<p class=\"has-text-color has-background has-medium-font-size has-very-light-gray-color has-very-dark-gray-background-color\"><strong>ATIVIDADE 3&nbsp;<\/strong><\/p>\n\n\n\n<p class=\"has-medium-font-size\">Para encerrar assista ao v\u00eddeo \u2013 Veja o recado da M\u00f4nica sobre os cuidados com a prote\u00e7\u00e3o solar &#8211; Dispon\u00edvel em:<\/p>\n\n\n\n<figure class=\"wp-block-embed-youtube wp-block-embed is-type-video is-provider-youtube wp-embed-aspect-16-9 wp-has-aspect-ratio\"><div class=\"wp-block-embed__wrapper\">\n<p class=\"responsive-video-wrap clr\"><iframe title=\"Veja o recado da M\u00f4nica sobre os cuidados com a prote\u00e7\u00e3o solar\" width=\"1200\" height=\"675\" src=\"https:\/\/www.youtube.com\/embed\/kOHuuXFdZCA?feature=oembed\" frameborder=\"0\" allow=\"accelerometer; autoplay; clipboard-write; encrypted-media; gyroscope; picture-in-picture\" allowfullscreen><\/iframe><\/p>\n<\/div><figcaption>&#8220;Veja o recado da M\u00f4nica sobre os cuidados com a prote\u00e7\u00e3o solar&#8221; Canal: <a href=\"https:\/\/www.youtube.com\/channel\/UCiXA_682iXb9XIkLBbggXEA\">Sol Amigo da Inf\u00e2ncia<\/a> &#8211; https:\/\/www.youtube.com\/watch?v=kOHuuXFdZCA&amp;feature=youtu.be<\/figcaption><\/figure>\n\n\n\n<p class=\"has-medium-font-size\">Convide sua fam\u00edlia para ver um belo por do sol. Depois fa\u00e7a um desenho e escreva o que voc\u00ea sentiu ao observar este momento.<\/p>\n\n\n\n<p class=\"has-medium-font-size\">Quantas informa\u00e7\u00f5es importantes voc\u00ea aprendeu sobre o sol como fonte de luz e calor. Foi bem divertido hoje, n\u00e3o foi? M\u00fasica, atividades e muitas aprendizagens.<\/p>\n\n\n\n<hr class=\"wp-block-separator\"\/>\n\n\n\n<p><strong>Saiba Mais | Refer\u00eancias:<\/strong><\/p>\n\n\n\n<div class=\"wp-block-columns is-layout-flex wp-container-core-columns-is-layout-9d6595d7 wp-block-columns-is-layout-flex\">\n<div class=\"wp-block-column is-layout-flow wp-block-column-is-layout-flow\">\n<figure class=\"wp-block-embed-youtube wp-block-embed is-type-video is-provider-youtube wp-embed-aspect-16-9 wp-has-aspect-ratio\"><div class=\"wp-block-embed__wrapper\">\n<p class=\"responsive-video-wrap clr\"><iframe title=\"Energia Solar  (NUCAP\/UNICARIOCA | CNEN\/IEN)\" width=\"1200\" height=\"675\" src=\"https:\/\/www.youtube.com\/embed\/63uMFCnsxAw?feature=oembed\" frameborder=\"0\" allow=\"accelerometer; autoplay; clipboard-write; encrypted-media; gyroscope; picture-in-picture\" allowfullscreen><\/iframe><\/p>\n<\/div><figcaption>&#8220;Energia Solar&#8221; Canal: Fontes de Energia El\u00e9trica &#8211; https:\/\/www.youtube.com\/watch?v=63uMFCnsxAw<\/figcaption><\/figure>\n<\/div>\n\n\n\n<div class=\"wp-block-column is-layout-flow wp-block-column-is-layout-flow\">\n<figure class=\"wp-block-embed-youtube wp-block-embed is-type-video is-provider-youtube wp-embed-aspect-16-9 wp-has-aspect-ratio\"><div class=\"wp-block-embed__wrapper\">\n<p class=\"responsive-video-wrap clr\"><iframe title=\"Caminho da Energia   Solar\" width=\"1200\" height=\"675\" src=\"https:\/\/www.youtube.com\/embed\/YPyn65wHkVE?feature=oembed\" frameborder=\"0\" allow=\"accelerometer; autoplay; clipboard-write; encrypted-media; gyroscope; picture-in-picture\" allowfullscreen><\/iframe><\/p>\n<\/div><figcaption>&#8220;Caminho da Energia Solar&#8221; Canal: <a href=\"https:\/\/www.youtube.com\/channel\/UCcu9co7n1RRoI6cbhs8H-GQ\">CanalFurnas<\/a> &#8211; https:\/\/www.youtube.com\/watch?v=YPyn65wHkVE<\/figcaption><\/figure>\n<\/div>\n<\/div>\n\n\n\n<hr class=\"wp-block-separator\"\/>\n\n\n\n<figure class=\"wp-block-table alignfull\"><table><tbody><tr><td>Objeto de Conhecimento<\/td><td>&#8211; Posi\u00e7\u00e3o aparente do Sol- O Sol como fonte de luz e calor: radia\u00e7\u00e3o solar- Efeitos da radia\u00e7\u00e3o solar para os seres vivos<\/td><\/tr><tr><td>Habilidades:Ci\u00eanciasPortugu\u00eas&nbsp;<br><br><br><br><br><br><br><br><br>&nbsp;<\/td><td>(EF02CI07-A) Observar e identificar as mudan\u00e7as ocorridas na sombra projetada na Terra, em diferentes hor\u00e1rios do dia, reconhecendo o movimento aparente do Sol.<br>&nbsp;(EF02CI07-B) Associar o local de visualiza\u00e7\u00e3o do Sol no amanhecer como nascente e no entardecer como poente.<br>&nbsp;(EF02CI08-A) Identificar o Sol como fonte de luz e calor, destacando a sua import\u00e2ncia para a vida na Terra.<br>&nbsp;(EF02CI08-B) Reconhecer os efeitos da radia\u00e7\u00e3o solar nos seres vivos, destacando benef\u00edcios e malef\u00edcios para o ser humano.<br>(EF02LP23-B) Produzir, com certa autonomia, pequenos registros de observa\u00e7\u00e3o de resultados de pesquisa, coerentes com um tema investigado.&nbsp;<br>(EF15LP05-C) Produzir pequenos textos com roteiros associados \u00e0 imagens e atentar-se \u00e0 estrutura textual.<\/td><\/tr><\/tbody><\/table><\/figure>\n\n\n\n<hr class=\"wp-block-separator\"\/>\n\n\n\n<figure class=\"wp-block-table alignfull\"><table><tbody><tr><td>Proponentes\/ Professores:<\/td><td>Marcio Antonio de Figueiredo Barreto<\/td><\/tr><tr><td>Institui\u00e7\u00e3o Educacional:<\/td><td>Escola Municipal Professor Paulo Freire<\/td><\/tr><tr><td>CRE:<\/td><td>Brasil di Ramos Caiado<\/td><\/tr><\/tbody><\/table><\/figure>\n\n\n\n<hr class=\"wp-block-separator\"\/>\n\n\n\n<p>Ensino Fundamental &#8211; Ciclo da Inf\u00e2ncia- Turma \u2013 B &nbsp; 2\u00ba Ano &#8211; Educa\u00e7\u00e3o Ambiental e Sa\u00fade<\/p>\n","protected":false},"author":30,"featured_media":58280,"template":"","ef_categoria":[13,18],"ef_ano":[],"ef_componente":[],"class_list":["post-58277","ensino_fundamental","type-ensino_fundamental","status-publish","has-post-thumbnail","hentry","ef_categoria-ciclo-da-infancia-abc","ef_categoria-educacao-ambiental-e-saude","entry","has-media"],"acf":[],"_links":{"self":[{"href":"https:\/\/sme.goiania.go.gov.br\/conexaoescola\/wp-json\/wp\/v2\/ensino_fundamental\/58277","targetHints":{"allow":["GET"]}}],"collection":[{"href":"https:\/\/sme.goiania.go.gov.br\/conexaoescola\/wp-json\/wp\/v2\/ensino_fundamental"}],"about":[{"href":"https:\/\/sme.goiania.go.gov.br\/conexaoescola\/wp-json\/wp\/v2\/types\/ensino_fundamental"}],"author":[{"embeddable":true,"href":"https:\/\/sme.goiania.go.gov.br\/conexaoescola\/wp-json\/wp\/v2\/users\/30"}],"version-history":[{"count":0,"href":"https:\/\/sme.goiania.go.gov.br\/conexaoescola\/wp-json\/wp\/v2\/ensino_fundamental\/58277\/revisions"}],"wp:featuredmedia":[{"embeddable":true,"href":"https:\/\/sme.goiania.go.gov.br\/conexaoescola\/wp-json\/wp\/v2\/media\/58280"}],"wp:attachment":[{"href":"https:\/\/sme.goiania.go.gov.br\/conexaoescola\/wp-json\/wp\/v2\/media?parent=58277"}],"wp:term":[{"taxonomy":"ef_categoria","embeddable":true,"href":"https:\/\/sme.goiania.go.gov.br\/conexaoescola\/wp-json\/wp\/v2\/ef_categoria?post=58277"},{"taxonomy":"ef_ano","embeddable":true,"href":"https:\/\/sme.goiania.go.gov.br\/conexaoescola\/wp-json\/wp\/v2\/ef_ano?post=58277"},{"taxonomy":"ef_componente","embeddable":true,"href":"https:\/\/sme.goiania.go.gov.br\/conexaoescola\/wp-json\/wp\/v2\/ef_componente?post=58277"}],"curies":[{"name":"wp","href":"https:\/\/api.w.org\/{rel}","templated":true}]}}