{"id":58261,"date":"2020-11-02T07:00:00","date_gmt":"2020-11-02T09:00:00","guid":{"rendered":"http:\/\/sme.goiania.go.gov.br\/conexaoescola\/?post_type=ensino_fundamental&#038;p=58261"},"modified":"2020-11-02T13:43:09","modified_gmt":"2020-11-02T15:43:09","slug":"as-fases-da-lua","status":"publish","type":"ensino_fundamental","link":"https:\/\/sme.goiania.go.gov.br\/conexaoescola\/ensino_fundamental\/as-fases-da-lua\/","title":{"rendered":"AS FASES DA LUA"},"content":{"rendered":"\n<p style=\"background-color:#faf3e0\" class=\"has-text-color has-background has-medium-font-size has-very-dark-gray-color\"><em>Ol\u00e1, estudante!<\/em><br><em>Esta aula foi veiculada na TV no dia 03\/11, ter\u00e7a-feira, contemplando o eixo Educa\u00e7\u00e3o Ambiental e Sa\u00fade. Aqui no Portal Conex\u00e3o Escola, ela est\u00e1 apresentada em forma de atividade, mas voc\u00ea pode assistir a videoaula quando desejar, acessando link na parte inferior da tela.<\/em><\/p>\n\n\n\n<p style=\"background-color:#f6ecff;color:#451e69;font-size:25px\" class=\"has-text-color has-background has-text-align-center\"><strong>Como estava a Lua ontem? <br>Como est\u00e1 a lua hoje? <br>E como ela estar\u00e1 daqui duas semanas? <br>Na proposta dessa atividade vamos estudar as fases da Lua.<\/strong><\/p>\n\n\n\n<div class=\"wp-block-image is-style-rounded\"><figure class=\"aligncenter size-large\"><img fetchpriority=\"high\" decoding=\"async\" width=\"1024\" height=\"689\" src=\"http:\/\/sme.goiania.go.gov.br\/conexaoescola\/wp-content\/uploads\/2020\/10\/moon-1527501_1920-1024x689.jpg\" alt=\"\" class=\"wp-image-58266\" srcset=\"https:\/\/sme.goiania.go.gov.br\/conexaoescola\/wp-content\/uploads\/2020\/10\/moon-1527501_1920-1024x689.jpg 1024w, https:\/\/sme.goiania.go.gov.br\/conexaoescola\/wp-content\/uploads\/2020\/10\/moon-1527501_1920-300x202.jpg 300w, https:\/\/sme.goiania.go.gov.br\/conexaoescola\/wp-content\/uploads\/2020\/10\/moon-1527501_1920-768x516.jpg 768w, https:\/\/sme.goiania.go.gov.br\/conexaoescola\/wp-content\/uploads\/2020\/10\/moon-1527501_1920-1536x1033.jpg 1536w, https:\/\/sme.goiania.go.gov.br\/conexaoescola\/wp-content\/uploads\/2020\/10\/moon-1527501_1920.jpg 1920w\" sizes=\"(max-width: 1024px) 100vw, 1024px\" \/><figcaption>Lua &#8211; fonte: pixabay<\/figcaption><\/figure><\/div>\n\n\n\n<hr class=\"wp-block-separator is-style-wide\"\/>\n\n\n\n<p style=\"font-size:25px\"><strong>As fases da Lua<\/strong><\/p>\n\n\n\n<p style=\"color:#ffffff\" class=\"has-text-color has-background has-text-align-center has-medium-font-size has-very-dark-gray-background-color\"><strong>Hoje vamos descobrir tudo sobre a lua, o sat\u00e9lite natural do nosso Planeta Terra! Voc\u00ea sabe que as fases da lua s\u00e3o: Lua cheia, minguante, crescente, Lua nova. Mas por que algumas vezes vemos a lua durante o dia?<\/strong><\/p>\n\n\n\n<div class=\"wp-block-image\"><figure class=\"aligncenter\"><img decoding=\"async\" src=\"https:\/\/lh6.googleusercontent.com\/_lP0vjvuabdT802xFTCnJKNjqAuQm1byf4BJZxbfuVmKq9mMRq2DcA7VfeetL8fh6PIgmvA0ytpCSUu2PZ4gSJW80zVIifYs8dl-7IRaWlMt0_6lY5EzIl1_bmIAsQ\" alt=\"\"\/><\/figure><\/div>\n\n\n\n<p style=\"color:#fcfcfc\" class=\"has-text-color has-background has-text-align-center has-medium-font-size has-very-dark-gray-background-color\"><strong>Para come\u00e7ar nosso encontro, vamos ouvir uma hist\u00f3ria sobre dois gatos, que se conheceram e descobriram mundos diferentes<\/strong>:<br><strong>o da escurid\u00e3o da noite e o da claridade do dia<\/strong>.<\/p>\n\n\n\n<p style=\"font-size:15px\" class=\"has-text-align-center\"><strong>V\u00eddeo: \u201cContos Piraporianos\u201d<\/strong><\/p>\n\n\n\n<figure class=\"wp-block-embed-youtube aligncenter wp-block-embed is-type-video is-provider-youtube wp-embed-aspect-16-9 wp-has-aspect-ratio\"><div class=\"wp-block-embed__wrapper\">\n<p class=\"responsive-video-wrap clr\"><iframe title=\"Contos Piraporianos\" width=\"1200\" height=\"675\" src=\"https:\/\/www.youtube.com\/embed\/_QF3oB2xrDk?feature=oembed\" frameborder=\"0\" allow=\"accelerometer; autoplay; clipboard-write; encrypted-media; gyroscope; picture-in-picture\" allowfullscreen><\/iframe><\/p>\n<\/div><figcaption>Janine Rodrigues &#8211; Contos Piraporianos<\/figcaption><\/figure>\n\n\n\n<p style=\"color:#fbfbfb\" class=\"has-text-color has-background has-text-align-center has-medium-font-size has-very-dark-gray-background-color\"><strong>Quando observamos a lua no c\u00e9u, percebemos que ela sempre est\u00e1 mudando.&nbsp; <\/strong><br><strong>Ora esta grande, depois vai diminuindo, depois fica grande de novo e assim vai!&nbsp; Esse \u00e9 o ciclo da lua, sua mudan\u00e7a de fases, que os cientistas d\u00e3o o nome de \u201cLuna\u00e7\u00e3o! \u201d&nbsp; <\/strong><\/p>\n\n\n\n<p style=\"background-color:#dce3e8;font-size:25px\" class=\"has-text-color has-background has-text-align-center has-vivid-purple-color\"><strong>Vamos descobrir mais sobre a Lua?<\/strong><\/p>\n\n\n\n<figure class=\"wp-block-embed-youtube wp-block-embed is-type-video is-provider-youtube wp-embed-aspect-16-9 wp-has-aspect-ratio\"><div class=\"wp-block-embed__wrapper\">\nhttps:\/\/www.youtube.com\/watch?v=e7SF0opk274\n<\/div><figcaption>V\u00eddeo: \u201cQuatro Luas para Luna &#x1f311;&#x1f312;&#x1f313;&#x1f315; &#8211; O Show da Luna! Epis\u00f3dio Completo 09 | Primeira Temporada | Kids\u201d no canal O show da Luna!, no site YouTube.<\/figcaption><\/figure>\n\n\n\n<ul class=\"wp-block-list\"><li><strong>LUA NOVA<\/strong><\/li><\/ul>\n\n\n\n<div class=\"wp-block-image is-style-rounded\"><figure class=\"aligncenter\"><img decoding=\"async\" src=\"https:\/\/lh4.googleusercontent.com\/nvTT4Gy5jqBL1XtDY1JeGaX9_b80SZ-CTG-xTZDw2jUfI0sJE-kmHl10avA8a4fTsLCNLylH0tmjGiWZFNKEN5njOyCHa0Ep-D9-G40OY3UvydjCM8Hxz-ld_BJ3xA\" alt=\"\"\/><\/figure><\/div>\n\n\n\n<ul class=\"wp-block-list\"><li><strong>LUA CRESCENTE<\/strong><\/li><\/ul>\n\n\n\n<div class=\"wp-block-image is-style-rounded\"><figure class=\"aligncenter\"><img decoding=\"async\" src=\"https:\/\/lh6.googleusercontent.com\/2pSh-zLFp4JkPCWE490CwGeIv9gfQB4esC0SwCv6k01L7KYN-Fs3QPIoZYsnCT_ICgeLo-FOIqSvjiwjV-szIeVpZ9U0rHwq781z3I6O4U3jcc744HYADMHzpq85tA\" alt=\"\"\/><\/figure><\/div>\n\n\n\n<ul class=\"wp-block-list\"><li><strong>LUA CHEIA<\/strong><\/li><\/ul>\n\n\n\n<div class=\"wp-block-image is-style-rounded\"><figure class=\"aligncenter\"><img decoding=\"async\" src=\"https:\/\/lh3.googleusercontent.com\/jMri4L7RYH9KXYOGOJ6uex-7jMz9AWngCZc4fCU1jT_wSetbRx0s5R2u0mZN5IkAJQea4Ii2oZT2zhmYILO3xW0vkjgp_xnJxBnGWdnyzpDk6u7z6qjC5Bmr6wdsUg\" alt=\"\"\/><\/figure><\/div>\n\n\n\n<ul class=\"wp-block-list\"><li><strong>LUA MINGUANTE<\/strong><\/li><\/ul>\n\n\n\n<figure class=\"wp-block-image is-style-rounded\"><img decoding=\"async\" src=\"https:\/\/lh3.googleusercontent.com\/9SfH3nYKfl3l1-E1iq3J7M_B4xb3h_YJ5CcXZA6ewQtvnDpq7Exu4xvfMRAU5ezq_gC7OBqCil3B-r9s8Ps5xOrq9MLp1EYLHBLm9p-l8JA4oU61eKqA0jQC0HNvZg\" alt=\"\"\/><\/figure>\n\n\n\n<p style=\"background-color:#1a1b1b;font-size:25px\" class=\"has-text-color has-background has-text-align-center has-very-light-gray-color\"><strong>Essas s\u00e3o as fases da Lua, como ela estar\u00e1 hoje a noite?<\/strong><\/p>\n\n\n\n<div class=\"wp-block-group\"><div class=\"wp-block-group__inner-container is-layout-flow wp-block-group-is-layout-flow\">\n<div class=\"wp-block-group\"><div class=\"wp-block-group__inner-container is-layout-flow wp-block-group-is-layout-flow\">\n<p style=\"font-size:25px\"><strong><em>Atividade<\/em><\/strong><\/p>\n<\/div><\/div>\n\n\n\n<p class=\"has-medium-font-size\"><strong>Quest\u00e3o 01<\/strong><br>Observe hoje a noite o c\u00e9u, depois escreva qual fase da Lua voc\u00ea viu e fa\u00e7a um desenho.<\/p>\n\n\n\n<p class=\"has-medium-font-size\"><strong>Quest\u00e3o 02<\/strong><br>Imagine uma hist\u00f3ria sobre a Lua, se conseguir escreva ela no seu caderno e depois conte ela para seus familiares, amigos e professores.<\/p>\n\n\n\n<p class=\"has-medium-font-size\"><strong>Quest\u00e3o 03<\/strong><br>Desenhe no seu caderno todas as fases da Lua e escreva o nome de cada uma delas.<\/p>\n\n\n\n<hr class=\"wp-block-separator is-style-wide\"\/>\n\n\n\n<p class=\"has-text-align-center has-medium-font-size\"><strong>Assista ao programa Conex\u00e3o Escola \u2013 Eixo Educa\u00e7\u00e3o Ambiental e Sa\u00fade \u2013 Fases da Lua&nbsp; \u2013 Bloco 1&nbsp;<\/strong><\/p>\n\n\n\n<figure class=\"wp-block-video\"><video controls src=\"https:\/\/player.vimeo.com\/external\/436997539.hd.mp4?s=22f53304a94adca4d349183ad5fa1cbd516514fc&amp;profile_id=175\t\t\t\"><\/video><\/figure>\n<\/div><\/div>\n\n\n\n<figure class=\"wp-block-table is-style-stripes\"><table><tbody><tr><td>Refer\u00eancias:<\/td><td>Funda\u00e7\u00e3o Lemann<\/td><\/tr><tr><td>Habilidades<\/td><td>(EF03CI08) Observar, identificar e registrar os corpos celestes vis\u00edveis no c\u00e9u durante o dia e\/ou noite, diferenciando: Sol, demais estrelas, Lua e planetas.<\/td><\/tr><tr><td>Objetos do Conhecimento<\/td><td>Caracter\u00edsticas da Terra<br>Observa\u00e7\u00e3o do c\u00e9u<\/td><\/tr><tr><td>Componente Curricular:<\/td><td>Ci\u00eancias&nbsp;<\/td><\/tr><\/tbody><\/table><\/figure>\n\n\n\n<p><\/p>\n","protected":false},"author":30,"featured_media":58274,"template":"","ef_categoria":[13,18],"ef_ano":[],"ef_componente":[],"class_list":["post-58261","ensino_fundamental","type-ensino_fundamental","status-publish","has-post-thumbnail","hentry","ef_categoria-ciclo-da-infancia-abc","ef_categoria-educacao-ambiental-e-saude","entry","has-media"],"acf":[],"_links":{"self":[{"href":"https:\/\/sme.goiania.go.gov.br\/conexaoescola\/wp-json\/wp\/v2\/ensino_fundamental\/58261","targetHints":{"allow":["GET"]}}],"collection":[{"href":"https:\/\/sme.goiania.go.gov.br\/conexaoescola\/wp-json\/wp\/v2\/ensino_fundamental"}],"about":[{"href":"https:\/\/sme.goiania.go.gov.br\/conexaoescola\/wp-json\/wp\/v2\/types\/ensino_fundamental"}],"author":[{"embeddable":true,"href":"https:\/\/sme.goiania.go.gov.br\/conexaoescola\/wp-json\/wp\/v2\/users\/30"}],"version-history":[{"count":0,"href":"https:\/\/sme.goiania.go.gov.br\/conexaoescola\/wp-json\/wp\/v2\/ensino_fundamental\/58261\/revisions"}],"wp:featuredmedia":[{"embeddable":true,"href":"https:\/\/sme.goiania.go.gov.br\/conexaoescola\/wp-json\/wp\/v2\/media\/58274"}],"wp:attachment":[{"href":"https:\/\/sme.goiania.go.gov.br\/conexaoescola\/wp-json\/wp\/v2\/media?parent=58261"}],"wp:term":[{"taxonomy":"ef_categoria","embeddable":true,"href":"https:\/\/sme.goiania.go.gov.br\/conexaoescola\/wp-json\/wp\/v2\/ef_categoria?post=58261"},{"taxonomy":"ef_ano","embeddable":true,"href":"https:\/\/sme.goiania.go.gov.br\/conexaoescola\/wp-json\/wp\/v2\/ef_ano?post=58261"},{"taxonomy":"ef_componente","embeddable":true,"href":"https:\/\/sme.goiania.go.gov.br\/conexaoescola\/wp-json\/wp\/v2\/ef_componente?post=58261"}],"curies":[{"name":"wp","href":"https:\/\/api.w.org\/{rel}","templated":true}]}}