{"id":58254,"date":"2020-11-02T07:10:00","date_gmt":"2020-11-02T09:10:00","guid":{"rendered":"http:\/\/sme.goiania.go.gov.br\/conexaoescola\/?post_type=ensino_fundamental&#038;p=58254"},"modified":"2020-11-02T13:30:07","modified_gmt":"2020-11-02T15:30:07","slug":"macaco-foi-a-feira","status":"publish","type":"ensino_fundamental","link":"https:\/\/sme.goiania.go.gov.br\/conexaoescola\/ensino_fundamental\/macaco-foi-a-feira\/","title":{"rendered":"Macaco foi \u00e0 feira"},"content":{"rendered":"\n<p class=\"has-drop-cap has-medium-font-size\">Ol\u00e1! Hoje vamos, ler, cantar, brincar e aprender um pouco mais sobre as parlendas e feiras. Produzir uma lista, montar uma feirinha e observar diferen\u00e7as na escrita de textos.<\/p>\n\n\n\n<p class=\"has-text-color has-large-font-size has-luminous-vivid-orange-color\">Vamos l\u00e1!<\/p>\n\n\n\n<hr class=\"wp-block-separator\"\/>\n\n\n\n<p class=\"has-text-color has-background has-medium-font-size has-very-light-gray-color has-very-dark-gray-background-color\"><strong>Atividade 1<\/strong><\/p>\n\n\n\n<p class=\"has-medium-font-size\">Parlenda s\u00e3o versos infantis ritmados e repetitivos, normalmente breves e com rimas. S\u00e3o versos simples, divertidos e de f\u00e1cil memoriza\u00e7\u00e3o. S\u00e3o cria\u00e7\u00f5es an\u00f4nimas que fazem parte do folclore brasileiro e passam de gera\u00e7\u00e3o, transmitindo a cultura popular.<\/p>\n\n\n\n<p class=\"has-medium-font-size\">Vamos ler e ouvir agora a parlenda: \u201cO Macaco foi a feira\u201d com ajuda do seu respons\u00e1vel.&nbsp;<\/p>\n\n\n\n<figure class=\"wp-block-embed-youtube wp-block-embed is-type-video is-provider-youtube wp-embed-aspect-16-9 wp-has-aspect-ratio\"><div class=\"wp-block-embed__wrapper\">\n<p class=\"responsive-video-wrap clr\"><iframe title=\"PARLENDA O MACACO FOI A FEIRA\" width=\"1200\" height=\"675\" src=\"https:\/\/www.youtube.com\/embed\/-uxdj38c_OA?feature=oembed\" frameborder=\"0\" allow=\"accelerometer; autoplay; clipboard-write; encrypted-media; gyroscope; picture-in-picture\" allowfullscreen><\/iframe><\/p>\n<\/div><figcaption>&#8220;PARLENDA O MACACO FOI A FEIRA&#8221; &#8211; Canal: <a href=\"https:\/\/www.youtube.com\/channel\/UCUfYYMv6Cz6-P5SnAO8uzHw\">Aprendiz do Ensinar<\/a> &#8211; https:\/\/www.youtube.com\/watch?v=-uxdj38c_OA<\/figcaption><\/figure>\n\n\n\n<p class=\"has-medium-font-size\">Agora converse com algu\u00e9m da sua casa sobre o assunto da parlenda. O que \u00e9 uma feira? Voc\u00ea j\u00e1 foi a feira? O macaco comprou uma cadeira na feira. Voc\u00ea j\u00e1 viu vender cadeira na feira?&nbsp; Tem feira perto de sua casa? S\u00f3 existe um tipo de feira? O que podemos comprar em uma feira? Observe como foi escrito a parlenda. Cante novamente a parlenda ouvindo a m\u00fasica. Pode cantar e brincar.<\/p>\n\n\n\n<hr class=\"wp-block-separator\"\/>\n\n\n\n<p class=\"has-text-color has-background has-medium-font-size has-very-light-gray-color has-very-dark-gray-background-color\"><strong>Atividade 2<\/strong><\/p>\n\n\n\n<p class=\"has-medium-font-size\">Vamos falar um pouco mais sobre a feira ao qual o macaco foi. Em feiras livres perto de casa geralmente n\u00f3s podemos comprar: verduras, legumes, frutas, hortali\u00e7as em geral, mas existem v\u00e1rios tipos de feiras. Feiras de roupas, artesanatos, autom\u00f3veis, cultural, de neg\u00f3cios. Para saber um pouco mais sobre a import\u00e2ncia das feiras acesse o link abaixo. Com ajuda de um adulto leia sobre as feiras de artesanatos e tente escrever tr\u00eas coisas que encontramos na feira que voc\u00ea mais gosta.&nbsp;<\/p>\n\n\n\n<figure class=\"wp-block-embed-wordpress wp-block-embed is-type-wp-embed is-provider-revista-artesanato\"><div class=\"wp-block-embed__wrapper\">\n<div class=\"oceanwp-oembed-wrap clr\"><blockquote class=\"wp-embedded-content\" data-secret=\"sIVMF1Kfie\"><a href=\"https:\/\/www.revistaartesanato.com.br\/a-importancia-das-feiras-de-artesanato\">A import\u00e2ncia das Feiras de Artesanato<\/a><\/blockquote><iframe class=\"wp-embedded-content\" sandbox=\"allow-scripts\" security=\"restricted\" style=\"position: absolute; clip: rect(1px, 1px, 1px, 1px);\" title=\"&#8220;A import\u00e2ncia das Feiras de Artesanato&#8221; &#8212; Revista Artesanato\" src=\"https:\/\/www.revistaartesanato.com.br\/a-importancia-das-feiras-de-artesanato\/embed\/#?secret=sIVMF1Kfie\" data-secret=\"sIVMF1Kfie\" width=\"600\" height=\"338\" frameborder=\"0\" marginwidth=\"0\" marginheight=\"0\" scrolling=\"no\"><\/iframe><\/div>\n<\/div><\/figure>\n\n\n\n<hr class=\"wp-block-separator\"\/>\n\n\n\n<p class=\"has-text-color has-background has-medium-font-size has-very-light-gray-color has-very-dark-gray-background-color\"><strong>Atividade 3<\/strong><\/p>\n\n\n\n<p class=\"has-medium-font-size\">Pensando em uma alimenta\u00e7\u00e3o saud\u00e1vel e os produtos oferecidos na feira mais pr\u00f3xima de sua casa. Agora em seu caderno com ajuda de um adulto fa\u00e7a uma lista de compras, depois pinte as vogais que voc\u00ea conhece e fa\u00e7a uma bela ilustra\u00e7\u00e3o para os itens que voc\u00ea colocou em sua lista. N\u00e3o se esque\u00e7a que, em uma lista os produtos a serem comprados s\u00e3o listados um abaixo do outro. Observe agora como uma parlenda \u00e9 diferente de uma lista. O que voc\u00eas perceberam de diferente entre os dois textos? Qual a finalidade de cada um? Vamos brincar e fazer uma feirinha em casa? Monte sua barraca. O que voc\u00ea vai vender? Que pre\u00e7o voc\u00ea vai colocar. Fa\u00e7a etiquetas com pre\u00e7o, para chamar aten\u00e7\u00e3o dos compradores. E divirta-se.<\/p>\n\n\n\n<p class=\"has-text-color has-medium-font-size has-vivid-red-color\"><strong>Fique atento:&nbsp;<\/strong><\/p>\n\n\n\n<p class=\"has-text-color has-background has-medium-font-size has-very-light-gray-color has-luminous-vivid-orange-background-color\">Nessa \u00e9poca de pandemia \u00e9 necess\u00e1rio evitar sair de casa. Higienizar bem as m\u00e3os com \u00e1gua e sab\u00e3o e os produtos comprados na feira e supermercados<\/p>\n\n\n\n<hr class=\"wp-block-separator\"\/>\n\n\n\n<p><strong>Saiba Mais | Refer\u00eancias:<\/strong><\/p>\n\n\n\n<div class=\"wp-block-columns is-layout-flex wp-container-core-columns-is-layout-9d6595d7 wp-block-columns-is-layout-flex\">\n<div class=\"wp-block-column is-layout-flow wp-block-column-is-layout-flow\">\n<figure class=\"wp-block-embed-youtube wp-block-embed is-type-video is-provider-youtube wp-embed-aspect-4-3 wp-has-aspect-ratio\"><div class=\"wp-block-embed__wrapper\">\n<p class=\"responsive-video-wrap clr\"><iframe title=\"MACACO FOI A FEIRA - Parlenda - Volunt\u00e1rios Brincantes - Rodrigo Libanio Christo -\" width=\"1200\" height=\"900\" src=\"https:\/\/www.youtube.com\/embed\/FQs9QiOJISI?feature=oembed\" frameborder=\"0\" allow=\"accelerometer; autoplay; clipboard-write; encrypted-media; gyroscope; picture-in-picture\" allowfullscreen><\/iframe><\/p>\n<\/div><figcaption>&#8220;MACACO FOI A FEIRA &#8211; Parlenda&nbsp;&#8221; Canal: <br>rodrigolibaniox &#8211; https:\/\/www.youtube.com\/watch?v=FQs9QiOJISI&amp;feature=youtu.be<\/figcaption><\/figure>\n<\/div>\n\n\n\n<div class=\"wp-block-column is-layout-flow wp-block-column-is-layout-flow\">\n<figure class=\"wp-block-embed-youtube wp-block-embed is-type-video is-provider-youtube wp-embed-aspect-4-3 wp-has-aspect-ratio\"><div class=\"wp-block-embed__wrapper\">\n<p class=\"responsive-video-wrap clr\"><iframe title=\"PARLENDAS ILUSTRADAS\" width=\"1200\" height=\"900\" src=\"https:\/\/www.youtube.com\/embed\/4pGJaKxD8mQ?feature=oembed\" frameborder=\"0\" allow=\"accelerometer; autoplay; clipboard-write; encrypted-media; gyroscope; picture-in-picture\" allowfullscreen><\/iframe><\/p>\n<\/div><figcaption>&#8220;PARLENDAS ILUSTRADAS&#8221; Canal: <br>Rita Rocha &#8211; https:\/\/www.youtube.com\/watch?v=4pGJaKxD8mQ&amp;feature=youtu.be<\/figcaption><\/figure>\n<\/div>\n\n\n\n<div class=\"wp-block-column is-layout-flow wp-block-column-is-layout-flow\">\n<p class=\"has-text-color has-background has-very-light-gray-color has-vivid-purple-background-color\"><a href=\"https:\/\/paisefilhos.uol.com.br\/crianca\/lista-de-supermercado\/ \">https:\/\/paisefilhos.uol.com.br\/crianca\/lista-de-supermercado\/ <\/a><\/p>\n<\/div>\n<\/div>\n\n\n\n<hr class=\"wp-block-separator\"\/>\n\n\n\n<figure class=\"wp-block-table alignfull\"><table><tbody><tr><td>Objeto de Conhecimento<\/td><td>-Compreens\u00e3o em leitura.Parlenda-Situa\u00e7\u00e3o comunicativa, finalidade e o tema, assunto do texto.-Forma de composi\u00e7\u00e3o do texto.Parlenda x lista- Letras e palavras rela\u00e7\u00e3o entre fala e escrita.Produ\u00e7\u00e3o de lista<\/td><\/tr><tr><td>Habilidades<\/td><td><strong>EF12LP04-A\/B\/C\/D<\/strong>&#8211; Ler e compreender, em colabora\u00e7\u00e3o com os colegas e com a&nbsp; ajuda do professor ou seja com certa autonomia, listas, bilhetes, calend\u00e1rios, avisos, receitas entre outros g\u00eaneros, considerando a situa\u00e7\u00e3o comunicativa e o tema\/ assunto do texto e relacionando a sua forma de organiza\u00e7\u00e3o a sua finalidade.<strong>EF01LP16-<\/strong> Ler e compreender, em colabora\u00e7\u00e3o com os colegas e com a ajuda do professor, quadras, quadrinhas, parlendas, trava l\u00ednguas, dentre outros g\u00eaneros, considerando a situa\u00e7\u00e3o comunicativa e o tema\/ assunto do texto e relacionando sua forma de organiza\u00e7\u00e3o.<strong>EF01LP20-<\/strong> Identificar e reproduzir em lista, bilhetes, agendas, calend\u00e1rios, regras, avisos, convites, receitas, instru\u00e7\u00f5es de montagem (digitais ou impressas) a formata\u00e7\u00e3o e diagrama\u00e7\u00e3o espec\u00edfica de cada um desses g\u00eaneros.<strong>EF12LP07A<\/strong>-Reconhecer, no processo de leitura, recursos ling\u00fc\u00edsticos e discursivos que constituem os g\u00eaneros previstos, de modo que seja poss\u00edvel reproduzido em atividade de escrita e reescrita, assim como recri\u00e1-los em atividade de produ\u00e7\u00e3o de texto.<\/td><\/tr><\/tbody><\/table><\/figure>\n\n\n\n<hr class=\"wp-block-separator\"\/>\n\n\n\n<figure class=\"wp-block-table alignfull\"><table><tbody><tr><td>Proponentes\/ Professores:<\/td><td>Heles Regina Gon\u00e7alvesLuciene Rodrigues de BritoVal\u00e9ria Bacelar Brasil<\/td><\/tr><tr><td>Institui\u00e7\u00e3o Educacional:<\/td><td>Escola Municipal Monteiro Lobato<\/td><\/tr><tr><td>CRE:<\/td><td>Jarbas Jayme<\/td><\/tr><\/tbody><\/table><\/figure>\n\n\n\n<hr class=\"wp-block-separator\"\/>\n\n\n\n<p>Ensino Fundamental &#8211; Ciclo da Inf\u00e2ncia &#8211; Turma A &#8211; 1\u00ba ano &#8211; Experi\u00eancias e Curiosidades<\/p>\n","protected":false},"author":30,"featured_media":58255,"template":"","ef_categoria":[13,21],"ef_ano":[],"ef_componente":[],"class_list":["post-58254","ensino_fundamental","type-ensino_fundamental","status-publish","has-post-thumbnail","hentry","ef_categoria-ciclo-da-infancia-abc","ef_categoria-experiencias-e-curiosidades","entry","has-media"],"acf":[],"_links":{"self":[{"href":"https:\/\/sme.goiania.go.gov.br\/conexaoescola\/wp-json\/wp\/v2\/ensino_fundamental\/58254","targetHints":{"allow":["GET"]}}],"collection":[{"href":"https:\/\/sme.goiania.go.gov.br\/conexaoescola\/wp-json\/wp\/v2\/ensino_fundamental"}],"about":[{"href":"https:\/\/sme.goiania.go.gov.br\/conexaoescola\/wp-json\/wp\/v2\/types\/ensino_fundamental"}],"author":[{"embeddable":true,"href":"https:\/\/sme.goiania.go.gov.br\/conexaoescola\/wp-json\/wp\/v2\/users\/30"}],"version-history":[{"count":0,"href":"https:\/\/sme.goiania.go.gov.br\/conexaoescola\/wp-json\/wp\/v2\/ensino_fundamental\/58254\/revisions"}],"wp:featuredmedia":[{"embeddable":true,"href":"https:\/\/sme.goiania.go.gov.br\/conexaoescola\/wp-json\/wp\/v2\/media\/58255"}],"wp:attachment":[{"href":"https:\/\/sme.goiania.go.gov.br\/conexaoescola\/wp-json\/wp\/v2\/media?parent=58254"}],"wp:term":[{"taxonomy":"ef_categoria","embeddable":true,"href":"https:\/\/sme.goiania.go.gov.br\/conexaoescola\/wp-json\/wp\/v2\/ef_categoria?post=58254"},{"taxonomy":"ef_ano","embeddable":true,"href":"https:\/\/sme.goiania.go.gov.br\/conexaoescola\/wp-json\/wp\/v2\/ef_ano?post=58254"},{"taxonomy":"ef_componente","embeddable":true,"href":"https:\/\/sme.goiania.go.gov.br\/conexaoescola\/wp-json\/wp\/v2\/ef_componente?post=58254"}],"curies":[{"name":"wp","href":"https:\/\/api.w.org\/{rel}","templated":true}]}}