{"id":5694,"date":"2020-10-05T07:00:00","date_gmt":"2020-10-05T10:00:00","guid":{"rendered":"http:\/\/sme.goiania.go.gov.br\/conexaoescola\/?post_type=ensino_fundamental&#038;p=5694"},"modified":"2021-11-25T10:31:45","modified_gmt":"2021-11-25T12:31:45","slug":"solidariedade-em-tempos-de-pandemia","status":"publish","type":"ensino_fundamental","link":"https:\/\/sme.goiania.go.gov.br\/conexaoescola\/ensino_fundamental\/solidariedade-em-tempos-de-pandemia\/","title":{"rendered":"L\u00edngua Portuguesa &#8211; Solidariedade em tempos de Pandemia"},"content":{"rendered":"\n<p class=\"has-drop-cap has-medium-font-size\">Ol\u00e1, tudo bem com voc\u00ea? H\u00e1 todo momento voc\u00ea ouve ou l\u00ea uma reportagem, n\u00e3o \u00e9 mesmo? Hoje voc\u00ea vai aprender um pouco mais sobre o g\u00eanero textual reportagem e aproveitar este momento delicado que estamos passando para refletir sobre a solidariedade em tempos de pandemia.<\/p>\n\n\n\n<p class=\"has-medium-font-size\">Separamos alguns v\u00eddeos divertidos e atividades que poder\u00e3o te ajudar a compreender melhor este assunto.<\/p>\n\n\n\n<p class=\"has-medium-font-size\">A <strong>reportagem<\/strong> \u00e9 um g\u00eanero textual n\u00e3o-liter\u00e1rio. Ela \u00e9 considerada um texto jornal\u00edstico veiculado pelos meios de comunica\u00e7\u00e3o: jornais, revistas, televis\u00e3o, internet, r\u00e1dio, dentre outros. Sendo assim, assista ao v\u00eddeo do professor Guga Valente e compreenda a import\u00e2ncia deste g\u00eanero textual:<\/p>\n\n\n\n<figure class=\"wp-block-embed is-type-video is-provider-youtube wp-block-embed-youtube wp-embed-aspect-16-9 wp-has-aspect-ratio\"><div class=\"wp-block-embed__wrapper\">\n<p class=\"responsive-video-wrap clr\"><iframe title=\"Reportagem | G\u00eaneros textuais - Brasil Escola\" width=\"1200\" height=\"675\" src=\"https:\/\/www.youtube.com\/embed\/k9EDaXAWuJw?feature=oembed\" frameborder=\"0\" allow=\"accelerometer; autoplay; clipboard-write; encrypted-media; gyroscope; picture-in-picture\" allowfullscreen><\/iframe><\/p>\n<\/div><figcaption><a href=\"https:\/\/www.youtube.com\/watch?v=k9EDaXAWuJw\" target=\"_blank\" rel=\"noreferrer noopener\">Reportagem | G\u00eaneros textuais &#8211; Brasil Escola &#8211; Canal Brasil Escola &#8211; YouTube<\/a><\/figcaption><\/figure>\n\n\n\n<p class=\"has-very-light-gray-background-color has-text-color has-background has-medium-font-size\" style=\"color:#000000\"><strong>ATIVIDADE 1<\/strong><\/p>\n\n\n\n<p class=\"has-medium-font-size\">Registre em seu caderno ou no bloco de notas do seu celular o que voc\u00ea conseguiu apreender do conceito de uma reportagem e quais s\u00e3o seus principais elementos.<\/p>\n\n\n\n<p class=\"has-very-light-gray-background-color has-text-color has-background has-medium-font-size\" style=\"color:#000000\"><strong>ATIVIDADE 2 <\/strong><\/p>\n\n\n\n<p class=\"has-medium-font-size\">Agora voc\u00ea vai conhecer um pouco de como se estrutura uma reportagem. Acesse o endere\u00e7o eletr\u00f4nico baixo e fa\u00e7a a leitura do texto apresentado.<\/p>\n\n\n\n<p class=\"has-very-dark-gray-color has-pale-cyan-blue-background-color has-text-color has-background has-medium-font-size\"><a href=\"https:\/\/www.significados.com.br\/reportagem\/\" target=\"_blank\" rel=\"noreferrer noopener\">https:\/\/www.significados.com.br\/reportagem\/<\/a><\/p>\n\n\n\n<p class=\"has-medium-font-size\">A reportagem se estrutura, de maneira geral, da seguinte forma:<\/p>\n\n\n\n<p class=\"has-medium-font-size\"><strong>T\u00edtulo ou manchete:<\/strong> \u00e9 o nome do texto. Deve ser formulada de forma a chamar a aten\u00e7\u00e3o e despertar o interesse dos receptores. Consiste, geralmente, em frases de efeito concisas.<\/p>\n\n\n\n<p class=\"has-medium-font-size\"><strong>Subt\u00edtulo ou t\u00edtulo secund\u00e1rio:<\/strong> complementa o t\u00edtulo principal e apresenta mais informa\u00e7\u00f5es, ainda que breves, sobre o que ser\u00e1 encontrado no texto. Esse elemento \u00e9 facultativo.<\/p>\n\n\n\n<p class=\"has-medium-font-size\"><strong>Lide ou lead:<\/strong> no jornalismo, a lide (ou lead) \u00e9 o primeiro par\u00e1grafo do texto no qual s\u00e3o apresentadas as principais informa\u00e7\u00f5es da mat\u00e9ria, fornecendo um panorama aos receptores. Devido ao car\u00e1ter mais detalhado da reportagem, a lide n\u00e3o precisa responder todas as perguntas (O qu\u00ea? Quem? Quando? Onde? Como? Por qu\u00ea?) que dever\u00e3o ser respondidas em decorrer do texto.<\/p>\n\n\n\n<p class=\"has-medium-font-size\"><strong>Corpo do texto:<\/strong> \u00e9 o desenvolvimento da reportagem. \u00c9 o elemento do texto que vai reunir todas as informa\u00e7\u00f5es adquiridas pelo rep\u00f3rter, como pesquisas, entrevistas, material gr\u00e1fico, etc. Ao final do corpo do texto o jornalista dever\u00e1 ter respondido todas as perguntas relacionadas ao tema abordado.<\/p>\n\n\n\n<p class=\"has-very-light-gray-background-color has-text-color has-background has-medium-font-size\" style=\"color:#000000\"><strong>ATIVIDADE 3<\/strong><\/p>\n\n\n\n<p class=\"has-medium-font-size\">Hoje vamos ver uma reportagem que aborda um tema muito importante: A solidariedade, principalmente nestes tempos de pandemia devido ao novo Coronav\u00edrus, em que muitas pessoas est\u00e3o vivenciando momentos de muitas dificuldades.<\/p>\n\n\n\n<p class=\"has-medium-font-size\">H\u00e1 muita gente tentando ajudar aos que est\u00e3o passando por situa\u00e7\u00f5es assim!<\/p>\n\n\n\n<p class=\"has-medium-font-size\">Aqui na cidade de Goi\u00e2nia, depois que o Prefeito baixou o decreto obrigando o uso de m\u00e1scaras, muita gente tem buscado ajudar pessoas que est\u00e3o desempregadas, doando alimentos e tamb\u00e9m doando m\u00e1scaras. Veja na reportagem a seguir que belo exemplo!<\/p>\n\n\n\n<div class=\"wp-block-columns is-layout-flex wp-container-core-columns-is-layout-9d6595d7 wp-block-columns-is-layout-flex\">\n<div class=\"wp-block-column is-layout-flow wp-block-column-is-layout-flow\">\n<p class=\"has-very-light-gray-background-color has-text-color has-background has-medium-font-size\" style=\"color:#000000\">&#8220;Fisioterapeuta pendura mais de 100 m\u00e1scaras para doa\u00e7\u00e3o em \u00e1rvore de Aparecida de Goi\u00e2nia&#8221;<\/p>\n<\/div>\n\n\n\n<div class=\"wp-block-column is-layout-flow wp-block-column-is-layout-flow\">\n<p class=\"has-text-align-center has-pale-cyan-blue-background-color has-text-color has-background has-medium-font-size\" style=\"color:#000000\"><a rel=\"noreferrer noopener\" href=\"https:\/\/g1.globo.com\/go\/goias\/noticia\/2020\/06\/25\/fisioterapeuta-pendura-mais-de-100-mascaras-para-doacao-em-arvore-de-aparecida-de-goiania.ghtml\" target=\"_blank\"><strong>CLIQUE AQUI <\/strong><\/a> para ler a mat\u00e9ria<\/p>\n<\/div>\n<\/div>\n\n\n\n<hr class=\"wp-block-separator\"\/>\n\n\n\n<p class=\"has-medium-font-size\">1. Identifique na reportagem que voc\u00ea leu e assistiu em v\u00eddeo na atividade 1:<\/p>\n\n\n\n<p class=\"has-medium-font-size\">a) O rep\u00f3rter respons\u00e1vel por apresentar a reportagem.<\/p>\n\n\n\n<p class=\"has-medium-font-size\">b) O t\u00edtulo da reportagem.<\/p>\n\n\n\n<p class=\"has-medium-font-size\">c) O Subt\u00edtulo da reportagem.<\/p>\n\n\n\n<p class=\"has-medium-font-size\">d) Onde a reportagem foi veiculada?<\/p>\n\n\n\n<p class=\"has-medium-font-size\">e) Que elementos na reportagem indicam a veracidade dos fatos?<\/p>\n\n\n\n<p class=\"has-medium-font-size\">2. Fa\u00e7a um resumo da lide.<\/p>\n\n\n\n<hr class=\"wp-block-separator\"\/>\n\n\n\n<p class=\"has-very-light-gray-background-color has-text-color has-background has-medium-font-size\" style=\"color:#000000\"><strong>ATIVIDADE 4<\/strong><\/p>\n\n\n\n<p class=\"has-medium-font-size\">Voc\u00ea sabia que nesse momento de Pandemia, outras pessoas em Belo Horizonte e S\u00e3o Paulo tamb\u00e9m tiveram boas ideias?<\/p>\n\n\n\n<p class=\"has-medium-font-size\">Assista aos v\u00eddeos:<\/p>\n\n\n\n<div class=\"wp-block-columns is-layout-flex wp-container-core-columns-is-layout-9d6595d7 wp-block-columns-is-layout-flex\">\n<div class=\"wp-block-column is-layout-flow wp-block-column-is-layout-flow\">\n<figure class=\"wp-block-embed is-type-video is-provider-youtube wp-block-embed-youtube wp-embed-aspect-16-9 wp-has-aspect-ratio\"><div class=\"wp-block-embed__wrapper\">\n<p class=\"responsive-video-wrap clr\"><iframe title=\"\u00c1rvore vira &quot;p\u00e9 de m\u00e1scara&quot; em Belo Horizonte; entenda\" width=\"1200\" height=\"675\" src=\"https:\/\/www.youtube.com\/embed\/ZlgLzTYfMYA?feature=oembed\" frameborder=\"0\" allow=\"accelerometer; autoplay; clipboard-write; encrypted-media; gyroscope; picture-in-picture\" allowfullscreen><\/iframe><\/p>\n<\/div><figcaption><a href=\"https:\/\/www.youtube.com\/watch?v=ZlgLzTYfMYA\" target=\"_blank\" rel=\"noreferrer noopener\">\u00c1rvore vira &#8220;p\u00e9 de m\u00e1scara&#8221; em Belo Horizonte; entenda &#8211; Canal Band Jornalismo &#8211; YouTube<\/a><\/figcaption><\/figure>\n<\/div>\n\n\n\n<div class=\"wp-block-column is-layout-flow wp-block-column-is-layout-flow\">\n<figure class=\"wp-block-embed is-type-video is-provider-youtube wp-block-embed-youtube wp-embed-aspect-16-9 wp-has-aspect-ratio\"><div class=\"wp-block-embed__wrapper\">\n<p class=\"responsive-video-wrap clr\"><iframe title=\"Pandemia de coronav\u00edrus incentiva a solidariedade em S\u00e3o Paulo\" width=\"1200\" height=\"675\" src=\"https:\/\/www.youtube.com\/embed\/AtYlR6Nr7kU?feature=oembed\" frameborder=\"0\" allow=\"accelerometer; autoplay; clipboard-write; encrypted-media; gyroscope; picture-in-picture\" allowfullscreen><\/iframe><\/p>\n<\/div><figcaption><a href=\"https:\/\/www.youtube.com\/watch?v=AtYlR6Nr7kU\" target=\"_blank\" rel=\"noreferrer noopener\">Pandemia de coronav\u00edrus incentiva a solidariedade em S\u00e3o Paulo &#8211; Canal Jornal da Record<br>YouTube<\/a><\/figcaption><\/figure>\n<\/div>\n<\/div>\n\n\n\n<hr class=\"wp-block-separator\"\/>\n\n\n\n<p class=\"has-medium-font-size\">Depois de assistir aos v\u00eddeos, vamos refletir! Responda em seu caderno as quest\u00f5es propostas:<\/p>\n\n\n\n<p class=\"has-medium-font-size\">1. Para voc\u00ea o que \u00e9 solidariedade? \u00c9 importante gestos como os que vimos nas reportagens a que assistimos?<\/p>\n\n\n\n<p class=\"has-medium-font-size\">2. A solidariedade \u00e9 um valor presente na nossa sociedade?<\/p>\n\n\n\n<p class=\"has-medium-font-size\">3. Ser solid\u00e1rio provoca sensa\u00e7\u00e3o de bem-estar? Nos torna mais feliz? \u00c9 um gesto de cidadania?<\/p>\n\n\n\n<p class=\"has-medium-font-size\">4. Pensando no momento que estamos vivendo devido \u00e0 Pandemia da COVID-19, como n\u00f3s podemos ser solid\u00e1rios?<\/p>\n\n\n\n<p class=\"has-medium-font-size\">5. Sinta-se desafiado a pesquisar outros v\u00eddeos de reportagens que mostrem a\u00e7\u00f5es solid\u00e1rias nesse momento de Pandemia.<\/p>\n\n\n\n<p class=\"has-very-light-gray-background-color has-text-color has-background has-medium-font-size\" style=\"color:#000000\"><strong>ATIVIDADE 5<\/strong><\/p>\n\n\n\n<p class=\"has-medium-font-size\">Agora \u00e9 com voc\u00ea!<\/p>\n\n\n\n<p class=\"has-medium-font-size\">Fa\u00e7a uma reportagem com o tema \u201cSolidariedade em tempos de Pandemia do novo Coronav\u00edrus\u201d!<\/p>\n\n\n\n<p class=\"has-medium-font-size\">Busque na internet dados, novas hist\u00f3rias e monte sua reportagem!<\/p>\n\n\n\n<p class=\"has-medium-font-size\">Escreva-a e fa\u00e7a um v\u00eddeo em seu celular!<\/p>\n\n\n\n<p class=\"has-medium-font-size\">Vamos ver como se sai!!! Bom trabalho!<\/p>\n\n\n\n<hr class=\"wp-block-separator\"\/>\n\n\n\n<p class=\"has-text-color has-background has-medium-font-size\" style=\"background-color:#000000;color:#ffffff\">Saiba Mais | Refer\u00eancias:<\/p>\n\n\n\n<p class=\"has-medium-font-size\">\u2022 Conhe\u00e7a mais sobre a pandemia do novo Coronav\u00edrus: <a href=\"https:\/\/saude.abril.com.br\/medicina\/oms-decreta-pandemia-do-novo-coronavirus-saiba-o-que-isso-significa\/\" target=\"_blank\" rel=\"noreferrer noopener\">https:\/\/saude.abril.com.br\/medicina\/oms-decreta-pandemia-do-novo-coronavirus-saiba-o-que-isso-significa\/<\/a><br>\u2022 Visite o site: <a href=\"https:\/\/www.dicio.com.br\/solidariedade\/\" target=\"_blank\" rel=\"noreferrer noopener\">https:\/\/www.dicio.com.br\/solidariedade\/<\/a><br>\u2022 Conhe\u00e7a mais a\u00e7\u00f5es solid\u00e1rias nesse momento de Pandemia:<a href=\"https:\/\/www.youtube.com\/watch?v=LQzd8NtDGr0\" target=\"_blank\" rel=\"noreferrer noopener\"> https:\/\/www.youtube.com\/watch?v=LQzd8NtDGr0<\/a><\/p>\n\n\n\n<figure class=\"wp-block-table alignfull is-style-regular\"><table><tbody><tr><td><strong>Objeto de Conhecimento<\/strong><\/td><td>Estrat\u00e9gia de leitura: apreender os sentidos globais do texto. Elementos centrais da reportagem. Rela\u00e7\u00e3o entre texto e imagem. Estrat\u00e9gia de leitura: distin\u00e7\u00e3o de fato e opini\u00e3o. <em>Hiperlinks<\/em> em textos noticiosos. Rela\u00e7\u00e3o entre os textos: Compara\u00e7\u00e3o de informa\u00e7\u00f5es sobre fatos divulgados, procedimentos de curadoria, em diferentes m\u00eddias.<br><br><\/td><\/tr><tr><td><strong>Habilidades<\/strong><\/td><td>(EF69LP03) Identificar, em not\u00edcias, o fato central, suas principais circunst\u00e2ncias e eventuais decorr\u00eancias; em reportagens e fotorreportagens, o fato ou tem\u00e1tica retratada e a perspectiva de abordagem [\u2026]. (EF69LP03-A) Compreender a rela\u00e7\u00e3o de sentido entre imagem e texto verbal (multimodalidade) nos variados g\u00eaneros, por meio de recursos lingu\u00edsticos e semi\u00f3ticos. (EF67LP03-B) Posicionar-se em rela\u00e7\u00e3o aos enfoques dados aos fatos\/assuntos veiculados. (EF67LP04-A) Identificar elementos que indicam a veracidade ou a imprecis\u00e3o do fato pesquisado. (EF67LP01-A) Observar e compreender a relev\u00e2ncia e a rela\u00e7\u00e3o dos textos linkados, considerando o objetivo de leitura.<br><\/td><\/tr><tr><td><strong>Proponentes\/ Professores:<\/strong><\/td><td>\u00cdsis Luiza de Oliveira Arag\u00e3o Maria Ist\u00e9lia Soares Assolari<\/td><\/tr><tr><td><strong>Institui\u00e7\u00e3o Educacional:<\/strong><\/td><td>Escola Municipal Pedro Costa de Medeiros<br><\/td><\/tr><tr><td><strong>CRE:<\/strong><\/td><td>Central<\/td><\/tr><\/tbody><\/table><\/figure>\n\n\n\n<hr class=\"wp-block-separator\"\/>\n\n\n\n<p class=\"has-text-align-center\">Ciclo da Adolesc\u00eancia \u2013 Turma G (7\u00ba ano) \u2013 \u00c9tica e Cidadania<\/p>\n","protected":false},"author":28,"featured_media":5701,"template":"","ef_categoria":[15,30],"ef_ano":[90],"ef_componente":[93],"class_list":["post-5694","ensino_fundamental","type-ensino_fundamental","status-publish","has-post-thumbnail","hentry","ef_categoria-ciclo-da-adolescencia-fg","ef_categoria-etica-e-cidadania-ciclo-da-adolescencia-fg","ef_ano-7o-ano","ef_componente-portugues","entry","has-media"],"acf":[],"_links":{"self":[{"href":"https:\/\/sme.goiania.go.gov.br\/conexaoescola\/wp-json\/wp\/v2\/ensino_fundamental\/5694","targetHints":{"allow":["GET"]}}],"collection":[{"href":"https:\/\/sme.goiania.go.gov.br\/conexaoescola\/wp-json\/wp\/v2\/ensino_fundamental"}],"about":[{"href":"https:\/\/sme.goiania.go.gov.br\/conexaoescola\/wp-json\/wp\/v2\/types\/ensino_fundamental"}],"author":[{"embeddable":true,"href":"https:\/\/sme.goiania.go.gov.br\/conexaoescola\/wp-json\/wp\/v2\/users\/28"}],"version-history":[{"count":0,"href":"https:\/\/sme.goiania.go.gov.br\/conexaoescola\/wp-json\/wp\/v2\/ensino_fundamental\/5694\/revisions"}],"wp:featuredmedia":[{"embeddable":true,"href":"https:\/\/sme.goiania.go.gov.br\/conexaoescola\/wp-json\/wp\/v2\/media\/5701"}],"wp:attachment":[{"href":"https:\/\/sme.goiania.go.gov.br\/conexaoescola\/wp-json\/wp\/v2\/media?parent=5694"}],"wp:term":[{"taxonomy":"ef_categoria","embeddable":true,"href":"https:\/\/sme.goiania.go.gov.br\/conexaoescola\/wp-json\/wp\/v2\/ef_categoria?post=5694"},{"taxonomy":"ef_ano","embeddable":true,"href":"https:\/\/sme.goiania.go.gov.br\/conexaoescola\/wp-json\/wp\/v2\/ef_ano?post=5694"},{"taxonomy":"ef_componente","embeddable":true,"href":"https:\/\/sme.goiania.go.gov.br\/conexaoescola\/wp-json\/wp\/v2\/ef_componente?post=5694"}],"curies":[{"name":"wp","href":"https:\/\/api.w.org\/{rel}","templated":true}]}}