{"id":5489,"date":"2020-10-05T07:00:00","date_gmt":"2020-10-05T10:00:00","guid":{"rendered":"http:\/\/sme.goiania.go.gov.br\/conexaoescola\/?post_type=ensino_fundamental&#038;p=5489"},"modified":"2021-12-14T12:16:20","modified_gmt":"2021-12-14T14:16:20","slug":"historias-infantil-e-musicalizacao","status":"publish","type":"ensino_fundamental","link":"https:\/\/sme.goiania.go.gov.br\/conexaoescola\/ensino_fundamental\/historias-infantil-e-musicalizacao\/","title":{"rendered":"Arte &#8211; Hist\u00f3rias infantis e musicaliza\u00e7\u00e3o"},"content":{"rendered":"\n<p class=\"has-drop-cap has-medium-font-size\">Ol\u00e1! Voc\u00ea gosta de ouvir hist\u00f3rias?&nbsp; Hoje voc\u00ea vai se aventurar no mundo imagin\u00e1rio das hist\u00f3rias infantis e brincar um pouco com a sua musicalidade. Vamos l\u00e1!<\/p>\n\n\n\n<hr class=\"wp-block-separator\"\/>\n\n\n\n<p class=\"has-very-light-gray-color has-very-dark-gray-background-color has-text-color has-background has-medium-font-size\"><strong>Atividade 1<\/strong><\/p>\n\n\n\n<p class=\"has-vivid-purple-color has-text-color has-medium-font-size\">As hist\u00f3rias infantis fazem parte do imagin\u00e1rio popular. Hoje voc\u00ea vai ouvir uma linda hist\u00f3ria cheia de aventura e musicalidade.<\/p>\n\n\n\n<figure class=\"wp-block-embed is-type-video is-provider-youtube wp-block-embed-youtube wp-embed-aspect-16-9 wp-has-aspect-ratio\"><div class=\"wp-block-embed__wrapper\">\n<p class=\"responsive-video-wrap clr\"><iframe title=\"Bom dia todas as cores - Varal de Hist\u00f3rias\" width=\"1200\" height=\"675\" src=\"https:\/\/www.youtube.com\/embed\/lzD3jfsfOQ4?feature=oembed\" frameborder=\"0\" allow=\"accelerometer; autoplay; clipboard-write; encrypted-media; gyroscope; picture-in-picture\" allowfullscreen><\/iframe><\/p>\n<\/div><figcaption>Canal: Varal de hist\u00f3rias \u201cBom dia todas as cores.\u201d &#8211; <a href=\"https:\/\/youtu.be\/lzD3jfsfOQ4\">https:\/\/youtu.be\/lzD3jfsfOQ4<\/a><\/figcaption><\/figure>\n\n\n\n<p class=\"has-vivid-cyan-blue-color has-text-color has-medium-font-size\">&nbsp;Voc\u00ea percebeu que na hist\u00f3ria contada tem muito ritmo e som? Voc\u00ea gosta de m\u00fasica?&nbsp;<\/p>\n\n\n\n<hr class=\"wp-block-separator\"\/>\n\n\n\n<p class=\"has-very-light-gray-color has-very-dark-gray-background-color has-text-color has-background has-medium-font-size\"><strong>Atividade 2<\/strong><\/p>\n\n\n\n<p class=\"has-medium-font-size\">Agora voc\u00ea vai aprender a letra de uma m\u00fasica e desenvolver sua musicalidade atrav\u00e9s do ritmo, melodia e som.&nbsp;<\/p>\n\n\n\n<figure class=\"wp-block-embed is-type-video is-provider-youtube wp-block-embed-youtube wp-embed-aspect-16-9 wp-has-aspect-ratio\"><div class=\"wp-block-embed__wrapper\">\n <p class=\"responsive-video-wrap clr\"><iframe title=\"OLHA O CAMALEA\u0303O\" width=\"1200\" height=\"675\" src=\"https:\/\/www.youtube.com\/embed\/SjpaXBfQ9tc?feature=oembed\" frameborder=\"0\" allow=\"accelerometer; autoplay; clipboard-write; encrypted-media; gyroscope; picture-in-picture\" allowfullscreen><\/iframe><\/p>\n<\/div><figcaption>Canal: Start Escola de m\u00fasica \u201cOlha o camale\u00e3o\u201d <a href=\"https:\/\/youtu.be\/SjpaXBfQ9tc\">https:\/\/youtu.be\/SjpaXBfQ9tc<\/a><\/figcaption><\/figure>\n\n\n\n<p class=\"has-medium-font-size\">&nbsp;Voc\u00ea gostou da m\u00fasica? Percebeu sua melodia, ritmo e som? Tudo combina e est\u00e1 interligado n\u00e3o \u00e9 mesmo? A essa sequ\u00eancia de sons damos o nome de escala musical que \u00e9 composta pela uni\u00e3o de v\u00e1rias notas musicais.<\/p>\n\n\n\n<p class=\"has-very-light-gray-color has-vivid-green-cyan-background-color has-text-color has-background has-medium-font-size\">Vamos conhecer quais s\u00e3o as notas musicais?<\/p>\n\n\n\n<figure class=\"wp-block-embed is-type-video is-provider-youtube wp-block-embed-youtube wp-embed-aspect-16-9 wp-has-aspect-ratio\"><div class=\"wp-block-embed__wrapper\">\n https:\/\/youtu.be\/wHGnl2SxS5k\n<\/div><figcaption>Canal D\u00f3 r\u00e9 mundo \u201cNotas musicais M\u00fasica infantil \/desenho Animado \/Instrumentos musicais\u201d &#8211; <a href=\"https:\/\/youtu.be\/wHGnl2SxS5k\">https:\/\/youtu.be\/wHGnl2SxS5k<\/a><\/figcaption><\/figure>\n\n\n\n<hr class=\"wp-block-separator\"\/>\n\n\n\n<p class=\"has-very-light-gray-color has-very-dark-gray-background-color has-text-color has-background has-medium-font-size\">Atividade 3<\/p>\n\n\n\n<p class=\"has-medium-font-size\">Voc\u00ea descobriu qual \u00e9 o personagem principal da hist\u00f3ria contada no v\u00eddeo e da m\u00fasica que voc\u00ea aprendeu?<\/p>\n\n\n\n<p class=\"has-medium-font-size\">Agora que voc\u00ea j\u00e1 ouviu a hist\u00f3ria, aprendeu cantar a m\u00fasica e identificou o personagem principal. Voc\u00ea utilizar\u00e1 um material reciclado para confeccionar este personagem (pode ser rolinho de papel higi\u00eanico, latinha, palito de picol\u00e9, garrafa pet, entre outros.) Enfeite ele da cor que voc\u00ea mais gosta!!<\/p>\n\n\n\n<p class=\"has-very-light-gray-color has-luminous-vivid-amber-background-color has-text-color has-background has-medium-font-size\">Quando terminar mostre sua tarefa para os seus familiares, escreva uma bela frase sobre o personagem.&nbsp; Que tal voc\u00ea gravar um v\u00eddeo recontando essa hist\u00f3ria, hein? Solte a sua criatividade. Vamos l\u00e1!<\/p>\n\n\n\n<hr class=\"wp-block-separator\"\/>\n\n\n\n<p><strong>Saiba Mais | Refer\u00eancias:<\/strong><\/p>\n\n\n\n<div class=\"wp-block-columns is-layout-flex wp-container-core-columns-is-layout-9d6595d7 wp-block-columns-is-layout-flex\">\n<div class=\"wp-block-column is-layout-flow wp-block-column-is-layout-flow\">\n<figure class=\"wp-block-embed is-type-video is-provider-youtube wp-block-embed-youtube wp-embed-aspect-16-9 wp-has-aspect-ratio\"><div class=\"wp-block-embed__wrapper\">\n <p class=\"responsive-video-wrap clr\"><iframe title=\"Como os Camale\u00f5es conseguem Mudar de Cor? - FATOS RESPONDE\" width=\"1200\" height=\"675\" src=\"https:\/\/www.youtube.com\/embed\/t-H8NzpMj6k?feature=oembed\" frameborder=\"0\" allow=\"accelerometer; autoplay; clipboard-write; encrypted-media; gyroscope; picture-in-picture\" allowfullscreen><\/iframe><\/p>\n<\/div><figcaption>Canal: Fatos Desconhecido \u201cComo os Camale\u00f5es conseguem mudar de cor?\u201d &#8211; <a href=\"https:\/\/youtu.be\/t-H8NzpMj6k\">https:\/\/youtu.be\/t-H8NzpMj6k<\/a><\/figcaption><\/figure>\n<\/div>\n\n\n\n<div class=\"wp-block-column is-layout-flow wp-block-column-is-layout-flow\">\n<figure class=\"wp-block-embed is-type-video is-provider-youtube wp-block-embed-youtube wp-embed-aspect-16-9 wp-has-aspect-ratio\"><div class=\"wp-block-embed__wrapper\">\n<p class=\"responsive-video-wrap clr\"><iframe title=\"As notas musicais  - D\u00f3 R\u00e9 Mi F\u00e1 Sol L\u00e1 Si - Educativo infantil\" width=\"1200\" height=\"675\" src=\"https:\/\/www.youtube.com\/embed\/IxkPl25kA2k?feature=oembed\" frameborder=\"0\" allow=\"accelerometer; autoplay; clipboard-write; encrypted-media; gyroscope; picture-in-picture\" allowfullscreen><\/iframe><\/p>\n<\/div><figcaption>Canal: Ensino meu filho \u201cAs notas musicais D\u00d3 R\u00c9 MI FA SOL LA SI- Educativo Infantil .\u201d &#8211; <a href=\"https:\/\/youtu.be\/IxkPl25kA2k\">https:\/\/youtu.be\/IxkPl25kA2k<\/a><\/figcaption><\/figure>\n<\/div>\n\n\n\n<div class=\"wp-block-column is-layout-flow wp-block-column-is-layout-flow\">\n<figure class=\"wp-block-embed is-type-video is-provider-youtube wp-block-embed-youtube wp-embed-aspect-16-9 wp-has-aspect-ratio\"><div class=\"wp-block-embed__wrapper\">\n<p class=\"responsive-video-wrap clr\"><iframe title=\"O SOM DOS INSTRUMENTOS MUSICAIS EDUCATIVO PARA CRIAN\u00c7AS\" width=\"1200\" height=\"675\" src=\"https:\/\/www.youtube.com\/embed\/au8IiC5hq44?feature=oembed\" frameborder=\"0\" allow=\"accelerometer; autoplay; clipboard-write; encrypted-media; gyroscope; picture-in-picture\" allowfullscreen><\/iframe><\/p>\n<\/div><figcaption>Canal: Youtubim \u201cO som dos instrumentos musicais educativo para crian\u00e7as.\u201d &#8211; <a href=\"https:\/\/youtu.be\/au8IiC5hq44\">https:\/\/youtu.be\/au8IiC5hq44<\/a><\/figcaption><\/figure>\n<\/div>\n<\/div>\n\n\n\n<hr class=\"wp-block-separator\"\/>\n\n\n\n<figure class=\"wp-block-table\"><table><tbody><tr><td>Objeto de Conhecimento<\/td><td>Matrizes Est\u00e9ticas e Culturais: local e regional e seus artistas representantes<br>Elementos da linguagem: elementos constitutivos da m\u00fasica<\/td><\/tr><tr><td>Habilidades<\/td><td>(GO-EF02AR04-A) Distinguir, experimentar, vivenciar e explorar diferentes formas de express\u00e3o art\u00edstica como desenhos, croquis, pinturas, gravuras, colagens, HQ, dobraduras, esculturas, modelagens, instala\u00e7\u00f5es, v\u00eddeos, fotografias, performances, usando sustentavelmente materiais, instrumentos, recursos e t\u00e9cnicas convencionais e n\u00e3o convencionais, desenvolvendo o senso cr\u00edtico, investigativo e a cria\u00e7\u00e3o autoral.<br>(GO-EF02AR14-B\/C) perceber e identificar os elementos constitutivos da m\u00fasica: a melodia, e o ritmo e do som: a altura, a intensidade, o timbre, e a dura\u00e7\u00e3o, por meio de pr\u00e1ticas musicais diversas.<br><\/td><\/tr><\/tbody><\/table><\/figure>\n\n\n\n<hr class=\"wp-block-separator\"\/>\n\n\n\n<figure class=\"wp-block-table\"><table><tbody><tr><td>Proponentes\/ Professores:<\/td><td>Aion\u00e1 Assis Oliveira&nbsp;<br>Paulo Vitor Rhuan dos Santos Pereira<br><\/td><\/tr><tr><td>Institui\u00e7\u00e3o Educacional:<\/td><td>Escola Municipal Joel Marcelino de Oliveira<\/td><\/tr><tr><td>CRE:<\/td><td>Maria Helena Batista&nbsp; Bretas<\/td><\/tr><\/tbody><\/table><\/figure>\n\n\n\n<hr class=\"wp-block-separator\"\/>\n\n\n\n<p>Ensino Fundamental &#8211; Ciclo da Inf\u00e2ncia &#8211; Turma  B \u2013 2\u00ba ano &#8211; Agrupamento B \u2013 2\u00ba ano<\/p>\n","protected":false},"author":24,"featured_media":5494,"template":"","ef_categoria":[13,17],"ef_ano":[85],"ef_componente":[99],"class_list":["post-5489","ensino_fundamental","type-ensino_fundamental","status-publish","has-post-thumbnail","hentry","ef_categoria-ciclo-da-infancia-abc","ef_categoria-corpo-e-movimento","ef_ano-2o-ano","ef_componente-arte-ef","entry","has-media"],"acf":[],"_links":{"self":[{"href":"https:\/\/sme.goiania.go.gov.br\/conexaoescola\/wp-json\/wp\/v2\/ensino_fundamental\/5489","targetHints":{"allow":["GET"]}}],"collection":[{"href":"https:\/\/sme.goiania.go.gov.br\/conexaoescola\/wp-json\/wp\/v2\/ensino_fundamental"}],"about":[{"href":"https:\/\/sme.goiania.go.gov.br\/conexaoescola\/wp-json\/wp\/v2\/types\/ensino_fundamental"}],"author":[{"embeddable":true,"href":"https:\/\/sme.goiania.go.gov.br\/conexaoescola\/wp-json\/wp\/v2\/users\/24"}],"version-history":[{"count":0,"href":"https:\/\/sme.goiania.go.gov.br\/conexaoescola\/wp-json\/wp\/v2\/ensino_fundamental\/5489\/revisions"}],"wp:featuredmedia":[{"embeddable":true,"href":"https:\/\/sme.goiania.go.gov.br\/conexaoescola\/wp-json\/wp\/v2\/media\/5494"}],"wp:attachment":[{"href":"https:\/\/sme.goiania.go.gov.br\/conexaoescola\/wp-json\/wp\/v2\/media?parent=5489"}],"wp:term":[{"taxonomy":"ef_categoria","embeddable":true,"href":"https:\/\/sme.goiania.go.gov.br\/conexaoescola\/wp-json\/wp\/v2\/ef_categoria?post=5489"},{"taxonomy":"ef_ano","embeddable":true,"href":"https:\/\/sme.goiania.go.gov.br\/conexaoescola\/wp-json\/wp\/v2\/ef_ano?post=5489"},{"taxonomy":"ef_componente","embeddable":true,"href":"https:\/\/sme.goiania.go.gov.br\/conexaoescola\/wp-json\/wp\/v2\/ef_componente?post=5489"}],"curies":[{"name":"wp","href":"https:\/\/api.w.org\/{rel}","templated":true}]}}