{"id":5486,"date":"2020-10-05T07:00:00","date_gmt":"2020-10-05T10:00:00","guid":{"rendered":"http:\/\/sme.goiania.go.gov.br\/conexaoescola\/?post_type=ensino_fundamental&#038;p=5486"},"modified":"2020-09-29T10:00:08","modified_gmt":"2020-09-29T13:00:08","slug":"lavar-as-maos-salva-vidas","status":"publish","type":"ensino_fundamental","link":"https:\/\/sme.goiania.go.gov.br\/conexaoescola\/ensino_fundamental\/lavar-as-maos-salva-vidas\/","title":{"rendered":"Lavar as m\u00e3os salva vidas"},"content":{"rendered":"\n<p class=\"has-drop-cap has-medium-font-size\">Ol\u00e1! Seja bem-vindo ao portal Conex\u00e3o Escola!\u00a0\u00a0\u00a0Em arte, divulgada em perfil da Turma da M\u00f4nica no <em>Instagram<\/em>, o personagem \u201cCasc\u00e3o\u201d de Maur\u00edcio de Sousa entrou na campanha de preven\u00e7\u00e3o contra o Coronav\u00edrus.\u00a0Toda uma gera\u00e7\u00e3o\u00a0sabe muito bem que o\u00a0<strong>Casc\u00e3o\u00a0<\/strong>morre de medo de \u00e1gua, mas, em prol da campanha de preven\u00e7\u00e3o do novo\u00a0<strong>coronav\u00edrus<\/strong>, o personagem do\u00a0Maur\u00edcio de<strong> <\/strong>Sousa\u00a0enfrentou o seu trauma e decidiu lavar as m\u00e3os.<\/p>\n\n\n\n<hr class=\"wp-block-separator\"\/>\n\n\n\n<p class=\"has-text-color has-background has-medium-font-size has-very-light-gray-color has-very-dark-gray-background-color\"><strong>Atividade 1 \u2013 Interpreta\u00e7\u00e3o visual e oral<\/strong><\/p>\n\n\n\n<figure class=\"wp-block-image\"><img decoding=\"async\" src=\"https:\/\/lh6.googleusercontent.com\/ONyvai-fOKG5vcy9fQL8fn5tJzLjAnR3VyTDGBZC52kmVFW2X1tib0bwwJDT8ilnV2kZYfJ50cMxhSN2Os0DNSodrSNADE1w8RMKGlBQ4f-B28BnZYU1vPgx2jcjbcAdMEIPN5c\" alt=\"\"\/><figcaption>https:\/\/www.instagram.com\/p\/B9sNWkzn2nB\/?utm_source=ig_embed<\/figcaption><\/figure>\n\n\n\n<p class=\"has-medium-font-size\">\u00a0\u00a0A arte acima, uma tirinha divulgada no\u00a0<a href=\"https:\/\/www.instagram.com\/turmadamonica\/\"><strong>perfil oficial do\u00a0Instagram<\/strong><\/a>\u00a0da\u00a0<strong>Turma da M\u00f4nica<\/strong>, mostra\u00a0<strong>Casc\u00e3o\u00a0<\/strong>com os outros personagens em frente a uma pia. Em cima deles, em um bal\u00e3o l\u00ea-se: &#8220;Lavar as m\u00e3os salva vidas!&#8221;. Na legenda da imagem, o texto ressalta a import\u00e2ncia do ato: &#8220;esta \u00e9 a principal forma de se prevenir contra o novo coronav\u00edrus.\u00a0E como a transmiss\u00e3o acontece tamb\u00e9m por contato f\u00edsico, quando as got\u00edculas alcan\u00e7am mucosas do olho, nariz e boca, o melhor \u00e9 evitar beijos e abra\u00e7os. N\u00e3o \u00e9 desprezo, \u00e9 apenas prote\u00e7\u00e3o&#8221;.\u00a0<\/p>\n\n\n\n<blockquote class=\"wp-block-quote is-layout-flow wp-block-quote-is-layout-flow\"><p><\/p><cite><em>SOUSA, Maur\u00edcio de. <\/em><strong>Lavar as M\u00e3os Salva Vidas<\/strong><em>. S\u00e3o Paulo, 13 mar. 2020. Instagram: @turmadam\u00f4nica. Dispon\u00edvel em: https:\/\/www.instagram.com\/p\/B9sNWkzn2nB\/? utm_source=ig _ embed. Acesso em 27 jun.2020.<\/em><\/cite><\/blockquote>\n\n\n\n<p class=\"has-text-color has-background has-medium-font-size has-very-light-gray-color has-vivid-green-cyan-background-color\">E voc\u00ea? O que sabe sobre o coronav\u00edrus? O que tem feito para enfrentar e se proteger?<\/p>\n\n\n\n<hr class=\"wp-block-separator\"\/>\n\n\n\n<p class=\"has-text-color has-background has-medium-font-size has-very-light-gray-color has-very-dark-gray-background-color\"><strong>Atividade 2 \u2013 Interpreta\u00e7\u00e3o visual e produ\u00e7\u00e3o escrita<\/strong><\/p>\n\n\n\n<figure class=\"wp-block-embed-youtube wp-block-embed is-type-video is-provider-youtube wp-embed-aspect-16-9 wp-has-aspect-ratio\"><div class=\"wp-block-embed__wrapper\">\n<p class=\"responsive-video-wrap clr\"><iframe title=\"Coronav\u00edrus como se proteger - Turma da M\u00f4nica\" width=\"1200\" height=\"675\" src=\"https:\/\/www.youtube.com\/embed\/f_FLbFM0elI?feature=oembed\" frameborder=\"0\" allow=\"accelerometer; autoplay; clipboard-write; encrypted-media; gyroscope; picture-in-picture\" allowfullscreen><\/iframe><\/p>\n<\/div><figcaption>Canal : Clube das Meninas &#8220;Coronav\u00edrus como se proteger\u00a0&#8220;https:\/\/www.youtube.com\/watch?v=f_FLbFM0elI&amp;feature=youtu.be&#8221;<\/figcaption><\/figure>\n\n\n\n<p class=\"has-text-color has-medium-font-size has-vivid-green-cyan-color\">Agora, a partir das informa\u00e7\u00f5es apresentadas no v\u00eddeo, produza um pequeno texto em seu caderno, falando sobre os cuidados que devemos ter frente \u00e0 pandemia do Coronav\u00edrus.&nbsp;<\/p>\n\n\n\n<p class=\"has-text-color has-background has-medium-font-size has-very-light-gray-color has-very-dark-gray-background-color\">&nbsp;<strong>Atividade 3 \u2013 <\/strong><strong>Vocabulary Covid-19<\/strong><\/p>\n\n\n\n<p class=\"has-medium-font-size\">Assista\u00a0 ao v\u00eddeo Peppa Pig Official Channel Wash Your Hands Song with Peppa Pig a seguir:\u00a0<\/p>\n\n\n\n<figure class=\"wp-block-embed-youtube wp-block-embed is-type-video is-provider-youtube wp-embed-aspect-16-9 wp-has-aspect-ratio\"><div class=\"wp-block-embed__wrapper\">\nhttps:\/\/www.youtube.com\/watch?v=5xeC1uexiGw\n<\/div><figcaption>Canal : Peppa Pig Official Channel &#8221; <strong>Wash Your Hands Song with Peppa Pig<\/strong>&#8221; &#8211; <strong>Wash Your Hands Song with Peppa Pig<\/strong><\/figcaption><\/figure>\n\n\n\n<p class=\"has-medium-font-size\">Agora, treine o Vocabul\u00e1rio em L\u00edngua Inglesa sobre \u201cPreven\u00e7\u00e3o ao coronav\u00edrus\u201d<\/p>\n\n\n\n<p class=\"has-text-color has-medium-font-size has-vivid-purple-color\">Express\u00f5es: &nbsp; &nbsp; Lave as m\u00e3os&nbsp; &#8212;&#8212; wash&nbsp; your&nbsp; hands<\/p>\n\n\n\n<p class=\"has-text-color has-medium-font-size has-luminous-vivid-amber-color\">&nbsp;&nbsp;&nbsp;&nbsp;&nbsp;&nbsp;&nbsp;&nbsp;&nbsp;&nbsp;&nbsp;&nbsp;&nbsp;&nbsp;&nbsp;&nbsp;&nbsp;&nbsp;&nbsp;&nbsp;&nbsp;&nbsp;&nbsp;&nbsp;Use m\u00e1scaras &#8212;&#8211;&nbsp; &nbsp; wear masks<\/p>\n\n\n\n<p class=\"has-text-color has-medium-font-size has-vivid-green-cyan-color\">&nbsp;&nbsp;&nbsp;&nbsp;&nbsp;&nbsp;&nbsp;&nbsp;&nbsp;&nbsp;&nbsp;&nbsp;&nbsp;&nbsp;&nbsp;&nbsp;&nbsp;&nbsp;&nbsp;&nbsp;&nbsp;&nbsp;&nbsp;&nbsp;\u00c1lcool em gel &#8212;&#8212;&nbsp; &nbsp; alcohol in gel<\/p>\n\n\n\n<p class=\"has-text-color has-medium-font-size has-vivid-purple-color\">&nbsp;&nbsp;&nbsp;&nbsp;&nbsp;&nbsp;&nbsp;&nbsp;&nbsp;&nbsp;&nbsp;&nbsp;&nbsp;&nbsp;&nbsp;&nbsp;&nbsp;&nbsp;&nbsp;&nbsp;&nbsp;&nbsp;&nbsp;&nbsp;Fique em casa&nbsp; &#8212;-&nbsp; &nbsp; stay in home<\/p>\n","protected":false},"author":24,"featured_media":5488,"template":"","ef_categoria":[13,18],"ef_ano":[],"ef_componente":[],"class_list":["post-5486","ensino_fundamental","type-ensino_fundamental","status-publish","has-post-thumbnail","hentry","ef_categoria-ciclo-da-infancia-abc","ef_categoria-educacao-ambiental-e-saude","entry","has-media"],"acf":[],"_links":{"self":[{"href":"https:\/\/sme.goiania.go.gov.br\/conexaoescola\/wp-json\/wp\/v2\/ensino_fundamental\/5486","targetHints":{"allow":["GET"]}}],"collection":[{"href":"https:\/\/sme.goiania.go.gov.br\/conexaoescola\/wp-json\/wp\/v2\/ensino_fundamental"}],"about":[{"href":"https:\/\/sme.goiania.go.gov.br\/conexaoescola\/wp-json\/wp\/v2\/types\/ensino_fundamental"}],"author":[{"embeddable":true,"href":"https:\/\/sme.goiania.go.gov.br\/conexaoescola\/wp-json\/wp\/v2\/users\/24"}],"version-history":[{"count":0,"href":"https:\/\/sme.goiania.go.gov.br\/conexaoescola\/wp-json\/wp\/v2\/ensino_fundamental\/5486\/revisions"}],"wp:featuredmedia":[{"embeddable":true,"href":"https:\/\/sme.goiania.go.gov.br\/conexaoescola\/wp-json\/wp\/v2\/media\/5488"}],"wp:attachment":[{"href":"https:\/\/sme.goiania.go.gov.br\/conexaoescola\/wp-json\/wp\/v2\/media?parent=5486"}],"wp:term":[{"taxonomy":"ef_categoria","embeddable":true,"href":"https:\/\/sme.goiania.go.gov.br\/conexaoescola\/wp-json\/wp\/v2\/ef_categoria?post=5486"},{"taxonomy":"ef_ano","embeddable":true,"href":"https:\/\/sme.goiania.go.gov.br\/conexaoescola\/wp-json\/wp\/v2\/ef_ano?post=5486"},{"taxonomy":"ef_componente","embeddable":true,"href":"https:\/\/sme.goiania.go.gov.br\/conexaoescola\/wp-json\/wp\/v2\/ef_componente?post=5486"}],"curies":[{"name":"wp","href":"https:\/\/api.w.org\/{rel}","templated":true}]}}