{"id":5475,"date":"2020-10-05T07:00:00","date_gmt":"2020-10-05T10:00:00","guid":{"rendered":"http:\/\/sme.goiania.go.gov.br\/conexaoescola\/?post_type=ensino_fundamental&#038;p=5475"},"modified":"2021-12-14T09:31:21","modified_gmt":"2021-12-14T11:31:21","slug":"como-posso-ajudar-minha-familia","status":"publish","type":"ensino_fundamental","link":"https:\/\/sme.goiania.go.gov.br\/conexaoescola\/ensino_fundamental\/como-posso-ajudar-minha-familia\/","title":{"rendered":"L\u00edngua Portuguesa &#8211; Como posso ajudar minha fam\u00edlia?"},"content":{"rendered":"\n<p class=\"has-very-light-gray-color has-vivid-purple-background-color has-text-color has-background has-medium-font-size\">Assistia o v\u00eddeo e conhe\u00e7a um pouco da hist\u00f3ria da fam\u00edlia de Marcelo:<\/p>\n\n\n\n<figure class=\"wp-block-embed is-type-video is-provider-youtube wp-block-embed-youtube wp-embed-aspect-4-3 wp-has-aspect-ratio\"><div class=\"wp-block-embed__wrapper\">\n<p class=\"responsive-video-wrap clr\"><iframe title=\"A FAM\u00cdLIA DO MARCELO\" width=\"1200\" height=\"900\" src=\"https:\/\/www.youtube.com\/embed\/M7VGsXvu970?feature=oembed\" frameborder=\"0\" allow=\"accelerometer; autoplay; clipboard-write; encrypted-media; gyroscope; picture-in-picture\" allowfullscreen><\/iframe><\/p>\n<\/div><figcaption>Canal: Marisildabiblioteca &#8220;a fam\u00edlia do Marcello&#8221; &#8211; <a href=\"https:\/\/www.youtube.com\/watch?v=M7VGsXvu970\">https:\/\/www.youtube.com\/wa<\/a><\/figcaption><\/figure>\n\n\n\n<p class=\"has-luminous-vivid-orange-color has-text-color has-medium-font-size\">Existem muitas configura\u00e7\u00f5es de fam\u00edlias, independentemente de suas caracter\u00edsticas \u00e9 na fam\u00edlia que voc\u00ea aprende os valores e regras para viver em sociedade.&nbsp; <strong>Escreva o nome das pessoas que convivem com voc\u00ea e quais as responsabilidades de cada um em sua casa.<\/strong><\/p>\n\n\n\n<hr class=\"wp-block-separator\"\/>\n\n\n\n<p class=\"has-very-light-gray-color has-very-dark-gray-background-color has-text-color has-background has-medium-font-size\">Assista o v\u00eddeo e descubra algumas maneiras de ajudar a sua fam\u00edlia:<\/p>\n\n\n\n<figure class=\"wp-block-embed is-type-video is-provider-youtube wp-block-embed-youtube wp-embed-aspect-16-9 wp-has-aspect-ratio\"><div class=\"wp-block-embed__wrapper\">\n<p class=\"responsive-video-wrap clr\"><iframe title=\"Coopera\u00e7\u00e3o em Fam\u00edlia\" width=\"1200\" height=\"675\" src=\"https:\/\/www.youtube.com\/embed\/Hc_GrZG4wKI?feature=oembed\" frameborder=\"0\" allow=\"accelerometer; autoplay; clipboard-write; encrypted-media; gyroscope; picture-in-picture\" allowfullscreen><\/iframe><\/p>\n<\/div><figcaption>Canal :Professora Jessica &#8220;coopera\u00e7\u00e3o em fam\u00edlia&#8221; &#8211; <a href=\"https:\/\/www.youtube.com\/watch?v=Hc_GrZG4wKI\">https:\/\/www.youtube.com\/watch?v=Hc_GrZG4wKI<\/a><\/figcaption><\/figure>\n\n\n\n<p class=\"has-medium-font-size\">Agora que descobriu como cooperar em casa, que tal criar uma lista? Voc\u00ea sabe o que \u00e9 lista?&nbsp;<\/p>\n\n\n\n<p class=\"has-vivid-purple-color has-text-color has-medium-font-size\"><strong>Lista \u00e9 um texto que traz as palavras ou frases colocadas um abaixo da outra, como forma de organizar o que se planeja fazer. Existem v\u00e1rios tipos de listas: de compras, de materiais escolares, telef\u00f4nica e de brinquedos. <\/strong>Observe as listas abaixo:<\/p>\n\n\n\n<figure class=\"wp-block-table alignwide is-style-regular\"><table class=\"has-background\" style=\"background-color:#e9fbe5\"><tbody><tr><td><strong>Lista de deveres dom\u00e9sticos<\/strong><br>Tirar a poeira;<br>Lavar a lou\u00e7a;<br>Passar aspirador de p\u00f3;<br>Recolher e pendurar roupas do varal;<br>Preparar lanchinhos;<br>Colocar o lixo para fora;Cuidar dos animais.<\/td><td><strong>Lista de compras<\/strong><br>Arroz;Feij\u00e3o;Macarr\u00e3o;Molho de tomate;Legumes;Frutas;P\u00e3o de forma;Leite.<\/td><td><strong>Lista de materiais escolares:<\/strong><br>2 Cadernos capa dura;1 massinha de modelar;1 caixa giz de cera;1 caixa de l\u00e1pis de cor;1 tubo de cola.&nbsp;<\/td><\/tr><\/tbody><\/table><\/figure>\n\n\n\n<p class=\"has-very-light-gray-color has-vivid-purple-background-color has-text-color has-background\">Agora, escreva uma lista de coisas que voc\u00ea pode fazer para ajudar sua fam\u00edlia em casa.&nbsp;<\/p>\n\n\n\n<p class=\"has-vivid-red-color has-text-color has-large-font-size\">At\u00e9 breve!<\/p>\n\n\n\n<p><strong>Para saber mais:<\/strong><\/p>\n\n\n\n<div class=\"wp-block-columns is-layout-flex wp-container-core-columns-is-layout-9d6595d7 wp-block-columns-is-layout-flex\">\n<div class=\"wp-block-column is-layout-flow wp-block-column-is-layout-flow\">\n<p class=\"has-very-light-gray-color has-vivid-cyan-blue-background-color has-text-color has-background\"><a href=\"https:\/\/www.smartkids.com.br\/trabalho\/familia\">https:\/\/www.smartkids.com.br\/trabalho\/familia<\/a><\/p>\n<\/div>\n\n\n\n<div class=\"wp-block-column is-layout-flow wp-block-column-is-layout-flow\">\n<figure class=\"wp-block-embed is-type-video is-provider-youtube wp-block-embed-youtube wp-embed-aspect-16-9 wp-has-aspect-ratio\"><div class=\"wp-block-embed__wrapper\">\n<p class=\"responsive-video-wrap clr\"><iframe title=\"A Fam\u00edlia - \u00c1rvore Geneal\u00f3gica para crian\u00e7as - Vocabul\u00e1rio - Pai, m\u00e3e, irm\u00e3o, av\u00f3s, tios...\" width=\"1200\" height=\"675\" src=\"https:\/\/www.youtube.com\/embed\/pZvhBKdoMAA?feature=oembed\" frameborder=\"0\" allow=\"accelerometer; autoplay; clipboard-write; encrypted-media; gyroscope; picture-in-picture\" allowfullscreen><\/iframe><\/p>\n<\/div><figcaption><a href=\"Canal: Smile and Learn\">Canal: Smile and Learn <\/a>&#8220;\u00c1rvore&nbsp; Geneal\u00f3gica para crian\u00e7as&#8221; &#8211;<a href=\"https:\/\/www.youtube.com\/watch?v=pZvhBKdoMAA\">https:\/\/www.youtube.com\/watch?v=pZvhBKdoMAA<\/a> <\/figcaption><\/figure>\n<\/div>\n\n\n\n<div class=\"wp-block-column is-layout-flow wp-block-column-is-layout-flow\">\n<figure class=\"wp-block-embed is-type-video is-provider-youtube wp-block-embed-youtube wp-embed-aspect-4-3 wp-has-aspect-ratio\"><div class=\"wp-block-embed__wrapper\">\n<p class=\"responsive-video-wrap clr\"><iframe title=\"Musica Fam\u00edlia- Rita Rameh\" width=\"1200\" height=\"900\" src=\"https:\/\/www.youtube.com\/embed\/EpDKjnRvWqM?feature=oembed\" frameborder=\"0\" allow=\"accelerometer; autoplay; clipboard-write; encrypted-media; gyroscope; picture-in-picture\" allowfullscreen><\/iframe><\/p>\n<\/div><figcaption>Canal&nbsp;: Luana Ferronatto &#8220;M\u00fasica Fam\u00edlia&#8221; &#8211; <a href=\"https:\/\/www.youtube.com\/watch?v=EpDKjnRvWqM\">https:\/\/www.youtube.com\/watch?v=EpDKjnRvWqM<\/a><\/figcaption><\/figure>\n<\/div>\n<\/div>\n\n\n\n<hr class=\"wp-block-separator\"\/>\n\n\n\n<figure class=\"wp-block-table\"><table><tbody><tr><td>OBJETOS DE CONHECIMENTO:<br><\/td><td>&nbsp;L\u00edngua Portuguesa:<strong>&nbsp; <\/strong>Escrita aut\u00f4noma e compartilhada: Produ\u00e7\u00e3o de textos<\/td><\/tr><tr><td>HABILIDADES:<\/td><td>L\u00edngua Portuguesa:<strong>&nbsp; ( <\/strong>EF02LP13) Planejar e produzir bilhetes, listas, recados e cartas, entre outros, em meio impresso e\/ou digital, entre outros g\u00eaneros, considerando a situa\u00e7\u00e3o comunicativa e o tema\/assunto\/finalidade do texto<\/td><\/tr><\/tbody><\/table><\/figure>\n\n\n\n<hr class=\"wp-block-separator\"\/>\n\n\n\n<p><strong>&nbsp;<\/strong>Ensino Fundamental &#8211; Ciclo da Inf\u00e2ncia \u2013 Turma B \u2013 2\u00ba ano &#8211; \u00c9tica e Cidadania<\/p>\n","protected":false},"author":24,"featured_media":5479,"template":"","ef_categoria":[13,20],"ef_ano":[85],"ef_componente":[93],"class_list":["post-5475","ensino_fundamental","type-ensino_fundamental","status-publish","has-post-thumbnail","hentry","ef_categoria-ciclo-da-infancia-abc","ef_categoria-etica-e-cidadania","ef_ano-2o-ano","ef_componente-portugues","entry","has-media"],"acf":[],"_links":{"self":[{"href":"https:\/\/sme.goiania.go.gov.br\/conexaoescola\/wp-json\/wp\/v2\/ensino_fundamental\/5475","targetHints":{"allow":["GET"]}}],"collection":[{"href":"https:\/\/sme.goiania.go.gov.br\/conexaoescola\/wp-json\/wp\/v2\/ensino_fundamental"}],"about":[{"href":"https:\/\/sme.goiania.go.gov.br\/conexaoescola\/wp-json\/wp\/v2\/types\/ensino_fundamental"}],"author":[{"embeddable":true,"href":"https:\/\/sme.goiania.go.gov.br\/conexaoescola\/wp-json\/wp\/v2\/users\/24"}],"version-history":[{"count":0,"href":"https:\/\/sme.goiania.go.gov.br\/conexaoescola\/wp-json\/wp\/v2\/ensino_fundamental\/5475\/revisions"}],"wp:featuredmedia":[{"embeddable":true,"href":"https:\/\/sme.goiania.go.gov.br\/conexaoescola\/wp-json\/wp\/v2\/media\/5479"}],"wp:attachment":[{"href":"https:\/\/sme.goiania.go.gov.br\/conexaoescola\/wp-json\/wp\/v2\/media?parent=5475"}],"wp:term":[{"taxonomy":"ef_categoria","embeddable":true,"href":"https:\/\/sme.goiania.go.gov.br\/conexaoescola\/wp-json\/wp\/v2\/ef_categoria?post=5475"},{"taxonomy":"ef_ano","embeddable":true,"href":"https:\/\/sme.goiania.go.gov.br\/conexaoescola\/wp-json\/wp\/v2\/ef_ano?post=5475"},{"taxonomy":"ef_componente","embeddable":true,"href":"https:\/\/sme.goiania.go.gov.br\/conexaoescola\/wp-json\/wp\/v2\/ef_componente?post=5475"}],"curies":[{"name":"wp","href":"https:\/\/api.w.org\/{rel}","templated":true}]}}