{"id":5395,"date":"2020-10-05T07:00:00","date_gmt":"2020-10-05T10:00:00","guid":{"rendered":"http:\/\/sme.goiania.go.gov.br\/conexaoescola\/?post_type=ensino_fundamental&#038;p=5395"},"modified":"2020-10-05T11:52:39","modified_gmt":"2020-10-05T14:52:39","slug":"quantas-horas-sao","status":"publish","type":"ensino_fundamental","link":"https:\/\/sme.goiania.go.gov.br\/conexaoescola\/ensino_fundamental\/quantas-horas-sao\/","title":{"rendered":"QUANTAS HORAS S\u00c3O?!"},"content":{"rendered":"\n<p style=\"background-color:#f7adbf\" class=\"has-background has-medium-font-size\"><strong>Ol\u00e1, estudante! Esta aula foi veiculada na TV no dia 05\/10, segunda-feira, contemplando o eixo Educa\u00e7\u00e3o Financeira e Empreendedorismo. No Portal Conex\u00e3o Escola, ela est\u00e1 apresentada em uma forma de atividade, mas voc\u00ea pode assistir \u00e0 videoaula quando desejar, acessando o link na parte inferior da tela. Aproveite, assista e compartilhe! Vamos l\u00e1?<\/strong><\/p>\n\n\n\n<hr class=\"wp-block-separator\"\/>\n\n\n\n<p class=\"has-medium-font-size\">Hoje voc\u00ea vai aprender um pouco mais sobre <strong>MEDIDA DE TEMPO. <\/strong><\/p>\n\n\n\n<p class=\"has-medium-font-size\">Vamos ver e ouvir o que a Professora Alessandra tem para nos contar! VAMOS L\u00c1?<\/p>\n\n\n\n<hr class=\"wp-block-separator\"\/>\n\n\n\n<figure class=\"wp-block-embed-youtube wp-block-embed is-type-video is-provider-youtube wp-embed-aspect-16-9 wp-has-aspect-ratio\"><div class=\"wp-block-embed__wrapper\">\n<p class=\"responsive-video-wrap clr\"><iframe title=\"TEMPO - REL\u00d3GIO - PARTE 3\" width=\"1200\" height=\"675\" src=\"https:\/\/www.youtube.com\/embed\/Jj_eiCyJSF0?feature=oembed\" frameborder=\"0\" allow=\"accelerometer; autoplay; clipboard-write; encrypted-media; gyroscope; picture-in-picture\" allowfullscreen><\/iframe><\/p>\n<\/div><figcaption>&#8220;TEMPO &#8211; REL\u00d3GIO &#8211; PARTE 3&#8221; Canal: <a href=\"https:\/\/www.youtube.com\/channel\/UCL7FK4RMKWpSMzpQpaVXsWg\">Alessandra Carneiro de Freitas<\/a> &#8211; Link: https:\/\/www.youtube.com\/watch?v=Jj_eiCyJSF0&amp;feature=youtu.be<\/figcaption><\/figure>\n\n\n\n<hr class=\"wp-block-separator\"\/>\n\n\n\n<p class=\"has-medium-font-size\">A Professora Alessandra explicou que o dia tem vinte e quatro horas, que o rel\u00f3gio anal\u00f3gico marca 12 horas e que, para completar as 24 horas ele d\u00e1 2 voltas.<\/p>\n\n\n\n<p class=\"has-medium-font-size\">Vamos entender essa hist\u00f3ria?<\/p>\n\n\n\n<p class=\"has-medium-font-size\">Observe a seguir dois modelos de rel\u00f3gio: o digital e o anal\u00f3gico.<\/p>\n\n\n\n<hr class=\"wp-block-separator\"\/>\n\n\n\n<figure class=\"wp-block-image size-large\"><img fetchpriority=\"high\" decoding=\"async\" width=\"864\" height=\"487\" src=\"http:\/\/sme.goiania.go.gov.br\/conexaoescola\/wp-content\/uploads\/2020\/09\/08_Rel\u00f3gio-1-e1601256923328.png\" alt=\"\" class=\"wp-image-5396\" srcset=\"https:\/\/sme.goiania.go.gov.br\/conexaoescola\/wp-content\/uploads\/2020\/09\/08_Rel\u00f3gio-1-e1601256923328.png 864w, https:\/\/sme.goiania.go.gov.br\/conexaoescola\/wp-content\/uploads\/2020\/09\/08_Rel\u00f3gio-1-e1601256923328-300x169.png 300w, https:\/\/sme.goiania.go.gov.br\/conexaoescola\/wp-content\/uploads\/2020\/09\/08_Rel\u00f3gio-1-e1601256923328-768x433.png 768w\" sizes=\"(max-width: 864px) 100vw, 864px\" \/><\/figure>\n\n\n\n<hr class=\"wp-block-separator\"\/>\n\n\n\n<p class=\"has-medium-font-size\">No primeiro podemos saber as horas, os minutos e os segundos atrav\u00e9s dos n\u00fameros.<\/p>\n\n\n\n<p class=\"has-medium-font-size\">No segundo podemos saber a marca\u00e7\u00e3o do tempo observando os ponteiros:<\/p>\n\n\n\n<p class=\"has-medium-font-size\">O ponteiro preto indica as horas<\/p>\n\n\n\n<p class=\"has-medium-font-size\">O azul os minutos<\/p>\n\n\n\n<p class=\"has-medium-font-size\">&nbsp;E o vermelho os segundos.<\/p>\n\n\n\n<p class=\"has-text-color has-medium-font-size has-vivid-red-color\"><strong>Mas&#8230; tem algo estranho ai!!!<\/strong><\/p>\n\n\n\n<p class=\"has-medium-font-size\"><strong>Um dos rel\u00f3gios est\u00e1 marcando 15 horas e o outro est\u00e1 marcando tr\u00eas horas!!!<\/strong><\/p>\n\n\n\n<p class=\"has-medium-font-size\"><strong>Acho que isso est\u00e1 errado!<\/strong><\/p>\n\n\n\n<p><strong>SER\u00c1? VAMOS VER!!<\/strong><\/p>\n\n\n\n<p class=\"has-medium-font-size\">Voc\u00ea&nbsp; se lembra que a Professora Alessandra falou que o dia tem vinte e quatro horas, que o rel\u00f3gio anal\u00f3gico marca 12 horas e que, para completar as 24 horas ele d\u00e1 2 voltas?<\/p>\n\n\n\n<p class=\"has-medium-font-size\">Ent\u00e3o&#8230;<\/p>\n\n\n\n<p class=\"has-medium-font-size\">Para n\u00e3o errar precisamos olhar o tempo.<\/p>\n\n\n\n<p class=\"has-medium-font-size\">Se for durante o dia o rel\u00f3gio anal\u00f3gico est\u00e1 marcando 15 horas e 25 segundos.<\/p>\n\n\n\n<p class=\"has-medium-font-size\">Se for \u00e0 noite, ele est\u00e1 marcando 03 horas da manh\u00e3 ou como dizem, 03 horas da madrugada e 25 segundos.<\/p>\n\n\n\n<p class=\"has-medium-font-size\">Vamos observar outro exemplo:<\/p>\n\n\n\n<hr class=\"wp-block-separator\"\/>\n\n\n\n<figure class=\"wp-block-image size-large\"><img decoding=\"async\" width=\"860\" height=\"487\" src=\"http:\/\/sme.goiania.go.gov.br\/conexaoescola\/wp-content\/uploads\/2020\/09\/08_Rel\u00f3gio-2-e1601257159447.png\" alt=\"\" class=\"wp-image-5397\" srcset=\"https:\/\/sme.goiania.go.gov.br\/conexaoescola\/wp-content\/uploads\/2020\/09\/08_Rel\u00f3gio-2-e1601257159447.png 860w, https:\/\/sme.goiania.go.gov.br\/conexaoescola\/wp-content\/uploads\/2020\/09\/08_Rel\u00f3gio-2-e1601257159447-300x170.png 300w, https:\/\/sme.goiania.go.gov.br\/conexaoescola\/wp-content\/uploads\/2020\/09\/08_Rel\u00f3gio-2-e1601257159447-768x435.png 768w\" sizes=\"(max-width: 860px) 100vw, 860px\" \/><\/figure>\n\n\n\n<hr class=\"wp-block-separator\"\/>\n\n\n\n<p class=\"has-medium-font-size\">O ponteiro preto, que indica as horas est\u00e1 apontando para o n\u00famero 2<\/p>\n\n\n\n<p class=\"has-medium-font-size\">O azul, que indica os minutos est\u00e1 apontando para o n\u00famero 4<\/p>\n\n\n\n<p class=\"has-medium-font-size\">&nbsp;E o vermelho, que indica os segundos est\u00e1 apontando para o n\u00famero 11<\/p>\n\n\n\n<p class=\"has-medium-font-size\">Ent\u00e3o podemos concluir que, se for durante o dia o rel\u00f3gio est\u00e1 marcando 14 horas, 20 minutos, e 55 segundos.<\/p>\n\n\n\n<p class=\"has-medium-font-size\">E se for a noite o rel\u00f3gio est\u00e1 marcando 2 horas, 20 minutos, e 55 segundos da manh\u00e3 ou da madrugada.<\/p>\n\n\n\n<p class=\"has-medium-font-size\">Agora vamos observar outro exemplo e falar de um erro que \u00e9 bem comum entre as pessoas<\/p>\n\n\n\n<hr class=\"wp-block-separator\"\/>\n\n\n\n<figure class=\"wp-block-image size-large\"><img decoding=\"async\" width=\"860\" height=\"485\" src=\"http:\/\/sme.goiania.go.gov.br\/conexaoescola\/wp-content\/uploads\/2020\/09\/08_Rel\u00f3gio-3-e1601257323176.png\" alt=\"\" class=\"wp-image-5398\" srcset=\"https:\/\/sme.goiania.go.gov.br\/conexaoescola\/wp-content\/uploads\/2020\/09\/08_Rel\u00f3gio-3-e1601257323176.png 860w, https:\/\/sme.goiania.go.gov.br\/conexaoescola\/wp-content\/uploads\/2020\/09\/08_Rel\u00f3gio-3-e1601257323176-300x169.png 300w, https:\/\/sme.goiania.go.gov.br\/conexaoescola\/wp-content\/uploads\/2020\/09\/08_Rel\u00f3gio-3-e1601257323176-768x433.png 768w\" sizes=\"(max-width: 860px) 100vw, 860px\" \/><\/figure>\n\n\n\n<hr class=\"wp-block-separator\"\/>\n\n\n\n<p class=\"has-medium-font-size\">O ponteiro preto, que indica as horas est\u00e1 apontando para o n\u00famero 12<\/p>\n\n\n\n<p class=\"has-medium-font-size\">O azul, que indica os minutos est\u00e1 apontando para o n\u00famero 6<\/p>\n\n\n\n<p class=\"has-medium-font-size\">&nbsp;E o vermelho, que indica os segundos tamb\u00e9m est\u00e1 apontando para o n\u00famero 06<\/p>\n\n\n\n<p class=\"has-medium-font-size\">J\u00e1 sabemos que, se for durante o dia o rel\u00f3gio est\u00e1 marcando 12 horas, 30 minutos, e 30 segundos, ou <strong>MEIO<\/strong> <strong>DIA E MEIA.<\/strong><\/p>\n\n\n\n<p class=\"has-medium-font-size\">J\u00e1 ouvi muitas pessoas dizerem <strong>MEIO DIA E MEIO<\/strong>, mas o correto \u00e9 <strong>MEIO DIA E MEIA,<\/strong> porque estamos falando de meia hora<\/p>\n\n\n\n<p class=\"has-medium-font-size\">Nesse caso estamos falando de metade do dia e metade da hora, por isso o correto \u00e9 dizer <strong>MEIO DIA E MEIA.<\/strong><\/p>\n\n\n\n<p class=\"has-medium-font-size\">E se for \u00e0 noite o rel\u00f3gio est\u00e1 marcando 00 horas, 30 minutos, e 30 segundos, ou <strong>MEIA NOITE E MEIA.<\/strong><\/p>\n\n\n\n<p class=\"has-medium-font-size\">Agora vamos pensar em uma outra situa\u00e7\u00e3o a respeito do tempo.<\/p>\n\n\n\n<p class=\"has-medium-font-size\"><strong>1 hora \u00e9 muito ou \u00e9 pouco tempo?<\/strong><\/p>\n\n\n\n<p class=\"has-text-color has-medium-font-size has-vivid-red-color\">Depende!!!<\/p>\n\n\n\n<hr class=\"wp-block-separator\"\/>\n\n\n\n<figure class=\"wp-block-image size-large\"><img loading=\"lazy\" decoding=\"async\" width=\"1024\" height=\"561\" src=\"http:\/\/sme.goiania.go.gov.br\/conexaoescola\/wp-content\/uploads\/2020\/09\/08_Crian\u00e7a-brincando-e1601257554371-1024x561.png\" alt=\"\" class=\"wp-image-5399\" srcset=\"https:\/\/sme.goiania.go.gov.br\/conexaoescola\/wp-content\/uploads\/2020\/09\/08_Crian\u00e7a-brincando-e1601257554371-1024x561.png 1024w, https:\/\/sme.goiania.go.gov.br\/conexaoescola\/wp-content\/uploads\/2020\/09\/08_Crian\u00e7a-brincando-e1601257554371-300x164.png 300w, https:\/\/sme.goiania.go.gov.br\/conexaoescola\/wp-content\/uploads\/2020\/09\/08_Crian\u00e7a-brincando-e1601257554371-768x421.png 768w, https:\/\/sme.goiania.go.gov.br\/conexaoescola\/wp-content\/uploads\/2020\/09\/08_Crian\u00e7a-brincando-e1601257554371.png 1164w\" sizes=\"(max-width: 1024px) 100vw, 1024px\" \/><\/figure>\n\n\n\n<hr class=\"wp-block-separator\"\/>\n\n\n\n<p class=\"has-medium-font-size\">Se voc\u00ea estiver brincando no parque com seus amigos, ou no clube naquela piscina gostosa 1 hora passa voando!!<\/p>\n\n\n\n<p class=\"has-medium-font-size\">Mas se voc\u00ea estiver sentido dor&#8230;..<\/p>\n\n\n\n<p class=\"has-text-color has-medium-font-size has-vivid-red-color\"><strong>Ai, ai, ai&#8230;.<\/strong><\/p>\n\n\n\n<p class=\"has-medium-font-size\">Uma hora \u00e9 uma eternidade!!!<\/p>\n\n\n\n<p class=\"has-medium-font-size\">A percep\u00e7\u00e3o da passagem do tempo depende do estado em que voc\u00ea se encontra!<\/p>\n\n\n\n<hr class=\"wp-block-separator\"\/>\n\n\n\n<figure class=\"wp-block-table\"><table><tbody><tr><td>Componente<\/td><td>Habilidade<\/td><\/tr><tr><td>Matem\u00e1tica<\/td><td>(EF03MA22-A) Identificar semelhan\u00e7as e diferen\u00e7as entre rel\u00f3gios digital e anal\u00f3gico.<br>(EF03MA22-B) Ler e registrar medidas e intervalos de tempo, utilizando rel\u00f3gio, anal\u00f3gico e digital, para informar os hor\u00e1rios de in\u00edcio e t\u00e9rmino de realiza\u00e7\u00e3o de uma atividade e sua dura\u00e7\u00e3o.<br>(EF03MA22-C) Reconhecer as rela\u00e7\u00f5es entre os intervalos de tempo e as fra\u00e7\u00f5es. Exemplo: intervalo de 30 minutos = metade de uma hora; intervalo de 20 minutos = um ter\u00e7o de uma hora; intervalo de 15 minutos = um quarto de uma hora.<\/td><\/tr><\/tbody><\/table><\/figure>\n\n\n\n<hr class=\"wp-block-separator\"\/>\n\n\n\n<p style=\"background-color:#fbced9\" class=\"has-background has-text-align-center has-medium-font-size\"><strong>Ensino Fundamental&nbsp; &#8211; Ciclo da inf\u00e2ncia \u2013 Educa\u00e7\u00e3o Financeira e Empreendedorismo \u2013 3\u00ba ano<\/strong><\/p>\n\n\n\n<p class=\"has-text-align-center has-medium-font-size\">Assista o v\u00eddeo abaixo e tenha acesso ao conte\u00fado completo dessa atividade:<\/p>\n\n\n\n<hr class=\"wp-block-separator\"\/>\n\n\n\n<figure class=\"wp-block-embed-youtube wp-block-embed is-type-video is-provider-youtube wp-embed-aspect-16-9 wp-has-aspect-ratio\"><div class=\"wp-block-embed__wrapper\">\n<p class=\"responsive-video-wrap clr\"><iframe title=\"Quantas horas s\u00e3o?  Ed  Finan. e Empreendedorismo - Ens.  Fund. - Anos Iniciais - Bl-1- 5 out 2020\" width=\"1200\" height=\"675\" src=\"https:\/\/www.youtube.com\/embed\/eRf9UczXvwc?feature=oembed\" frameborder=\"0\" allow=\"accelerometer; autoplay; clipboard-write; encrypted-media; gyroscope; picture-in-picture\" allowfullscreen><\/iframe><\/p>\n<\/div><figcaption>Quantas horas s\u00e3o? Ed Finan. e Empreendedorismo &#8211; Ens. Fund. &#8211; Anos Iniciais &#8211; Bl-1- 5 out 2020<\/figcaption><\/figure>\n\n\n\n<hr class=\"wp-block-separator\"\/>\n","protected":false},"author":14,"featured_media":5400,"template":"","ef_categoria":[13,19],"ef_ano":[],"ef_componente":[],"class_list":["post-5395","ensino_fundamental","type-ensino_fundamental","status-publish","has-post-thumbnail","hentry","ef_categoria-ciclo-da-infancia-abc","ef_categoria-educacao-financeira-e-empreendedorismo","entry","has-media"],"acf":[],"_links":{"self":[{"href":"https:\/\/sme.goiania.go.gov.br\/conexaoescola\/wp-json\/wp\/v2\/ensino_fundamental\/5395","targetHints":{"allow":["GET"]}}],"collection":[{"href":"https:\/\/sme.goiania.go.gov.br\/conexaoescola\/wp-json\/wp\/v2\/ensino_fundamental"}],"about":[{"href":"https:\/\/sme.goiania.go.gov.br\/conexaoescola\/wp-json\/wp\/v2\/types\/ensino_fundamental"}],"author":[{"embeddable":true,"href":"https:\/\/sme.goiania.go.gov.br\/conexaoescola\/wp-json\/wp\/v2\/users\/14"}],"version-history":[{"count":0,"href":"https:\/\/sme.goiania.go.gov.br\/conexaoescola\/wp-json\/wp\/v2\/ensino_fundamental\/5395\/revisions"}],"wp:featuredmedia":[{"embeddable":true,"href":"https:\/\/sme.goiania.go.gov.br\/conexaoescola\/wp-json\/wp\/v2\/media\/5400"}],"wp:attachment":[{"href":"https:\/\/sme.goiania.go.gov.br\/conexaoescola\/wp-json\/wp\/v2\/media?parent=5395"}],"wp:term":[{"taxonomy":"ef_categoria","embeddable":true,"href":"https:\/\/sme.goiania.go.gov.br\/conexaoescola\/wp-json\/wp\/v2\/ef_categoria?post=5395"},{"taxonomy":"ef_ano","embeddable":true,"href":"https:\/\/sme.goiania.go.gov.br\/conexaoescola\/wp-json\/wp\/v2\/ef_ano?post=5395"},{"taxonomy":"ef_componente","embeddable":true,"href":"https:\/\/sme.goiania.go.gov.br\/conexaoescola\/wp-json\/wp\/v2\/ef_componente?post=5395"}],"curies":[{"name":"wp","href":"https:\/\/api.w.org\/{rel}","templated":true}]}}