{"id":5285,"date":"2020-09-28T07:00:00","date_gmt":"2020-09-28T10:00:00","guid":{"rendered":"http:\/\/sme.goiania.go.gov.br\/conexaoescola\/?post_type=ensino_fundamental&#038;p=5285"},"modified":"2020-09-28T11:10:40","modified_gmt":"2020-09-28T14:10:40","slug":"o-relogio-e-a-gestao-do-tempo-3","status":"publish","type":"ensino_fundamental","link":"https:\/\/sme.goiania.go.gov.br\/conexaoescola\/ensino_fundamental\/o-relogio-e-a-gestao-do-tempo-3\/","title":{"rendered":"O REL\u00d3GIO E A GEST\u00c3O DO TEMPO"},"content":{"rendered":"\n<p style=\"background-color:#f7becc\" class=\"has-background has-text-align-center has-medium-font-size\"><strong>O TEMPO PERGUNTOU PRO TEMPO<br>QUANTO TEMPO O TEMPO TEM.<br>O TEMPO RESPONDEU PRO TEMPO<br>QUE O TEMPO TEM TANTO TEMPO<br>QUANTO TEMPO O TEMPO TEM.<\/strong><\/p>\n\n\n\n<p class=\"has-text-color has-text-align-right has-pale-pink-color\"><strong>Dom\u00ednio p\u00fablico<\/strong><\/p>\n\n\n\n<p class=\"has-text-align-center has-medium-font-size\"><strong>QUANTO TEMPO O TEMPO TEM?<\/strong><\/p>\n\n\n\n<p class=\"has-medium-font-size\">Temos um bom tempo para divers\u00e3o, alegria e aprendizado!<\/p>\n\n\n\n<p class=\"has-medium-font-size\">Chame todos da sua casa e vamos embarcar nessa onda do conhecimento.<\/p>\n\n\n\n<p class=\"has-medium-font-size\">Hoje vamos falar sobre a marca\u00e7\u00e3o do tempo ao longo do dia e da import\u00e2ncia de se ter uma rotina.<\/p>\n\n\n\n<p class=\"has-medium-font-size\">Se voc\u00ea organizar bem o seu dia, ter\u00e1 tempo de sobra para tudo que precisa fazer e ainda sobrar&nbsp; espa\u00e7o para brincar e se divertir!<\/p>\n\n\n\n<p class=\"has-medium-font-size\">\u00c9 muito importante fazer da organiza\u00e7\u00e3o um h\u00e1bito.<\/p>\n\n\n\n<p class=\"has-medium-font-size\">E h\u00e1bitos s\u00e3o constru\u00eddos com o passar do tempo.<\/p>\n\n\n\n<p class=\"has-medium-font-size\">Se desde crian\u00e7a &nbsp;voc\u00ea desenvolver bons h\u00e1bitos e boas atitudes, quando se tornar adulto essas quest\u00f5es ser\u00e3o tratadas de forma mais tranquila.<\/p>\n\n\n\n<p class=\"has-medium-font-size\">Organize seu espa\u00e7o de estudo, o quarto onde voc\u00ea dorme,<\/p>\n\n\n\n<p class=\"has-medium-font-size\">seus brinquedos&#8230; <\/p>\n\n\n\n<p class=\"has-text-color has-medium-font-size has-vivid-red-color\"><strong>SUA ROTINA<\/strong><\/p>\n\n\n\n<p class=\"has-medium-font-size\">Para conseguir se organizar direitinho \u00e9 importante saber marcar as horas, os minutos e at\u00e9 os segundos.<\/p>\n\n\n\n<p class=\"has-medium-font-size\">Voc\u00ea n\u00e3o sabe olhar as horas em rel\u00f3gios anal\u00f3gicos?<\/p>\n\n\n\n<p class=\"has-medium-font-size\">Fique tranquilo!<\/p>\n\n\n\n<p class=\"has-medium-font-size\">A Professora Alessandra Freitas preparou uma explica\u00e7\u00e3o bem legal sobre esse assunto. Vamos ver o que ela tem para nos contar?<\/p>\n\n\n\n<hr class=\"wp-block-separator\"\/>\n\n\n\n<figure class=\"wp-block-embed-youtube wp-block-embed is-type-video is-provider-youtube wp-embed-aspect-16-9 wp-has-aspect-ratio\"><div class=\"wp-block-embed__wrapper\">\n<p class=\"responsive-video-wrap clr\"><iframe title=\"TEMPO - REL\u00d3GIO - PARTE 1\" width=\"1200\" height=\"675\" src=\"https:\/\/www.youtube.com\/embed\/sgm7kb1KsU4?feature=oembed\" frameborder=\"0\" allow=\"accelerometer; autoplay; clipboard-write; encrypted-media; gyroscope; picture-in-picture\" allowfullscreen><\/iframe><\/p>\n<\/div><figcaption>&#8220;TEMPO &#8211; REL\u00d3GIO &#8211; PARTE 1&#8221; &#8211; Canal: <a href=\"https:\/\/www.youtube.com\/channel\/UCL7FK4RMKWpSMzpQpaVXsWg\">Alessandra Carneiro de Freitas<\/a> &#8211; Link: https:\/\/www.youtube.com\/watch?v=sgm7kb1KsU4<\/figcaption><\/figure>\n\n\n\n<hr class=\"wp-block-separator\"\/>\n\n\n\n<p class=\"has-medium-font-size\">A Professora Alessandra explicou que o dia tem vinte e quatro horas.<\/p>\n\n\n\n<p class=\"has-medium-font-size\">Disse tamb\u00e9m que, por volta das 5 horas da manh\u00e3 come\u00e7a a clarear.<\/p>\n\n\n\n<p class=\"has-text-color has-medium-font-size has-vivid-red-color\"><strong>MAS&#8230;..<\/strong><\/p>\n\n\n\n<p class=\"has-medium-font-size\">Que horas voc\u00ea acorda?<\/p>\n\n\n\n<p class=\"has-medium-font-size\">Nesse per\u00edodo de pandemia voc\u00ea n\u00e3o est\u00e1 indo para a escola. Certo?<\/p>\n\n\n\n<p class=\"has-medium-font-size\">Ent\u00e3o o que voc\u00ea faz entre cinco horas da manh\u00e3 e o meio dia?<\/p>\n\n\n\n<p class=\"has-medium-font-size\">J\u00e1 pensou nisso?<\/p>\n\n\n\n<p class=\"has-text-color has-medium-font-size has-vivid-red-color\"><strong>N\u00e3o?<\/strong><\/p>\n\n\n\n<p class=\"has-medium-font-size\">Pense comigo!<\/p>\n\n\n\n<p class=\"has-medium-font-size\">De 5 horas da manh\u00e3 at\u00e9 o meio dia s\u00e3o 7 horas.<\/p>\n\n\n\n<p class=\"has-medium-font-size\">Muito tempo, n\u00e3o \u00e9 mesmo!<\/p>\n\n\n\n<p class=\"has-medium-font-size\">Agora vamos pensar mais um pouquinho em nosso dia&#8230;<\/p>\n\n\n\n<p class=\"has-medium-font-size\">Vimos nas explica\u00e7\u00f5es da Professora Alessandra que, por volta das 18 horas, come\u00e7a a escurecer novamente.<\/p>\n\n\n\n<p class=\"has-medium-font-size\">Ent\u00e3o, de meio dia at\u00e9 as 18 horas temos mais 6 horas.<\/p>\n\n\n\n<p class=\"has-medium-font-size\"><strong> Ai, ai, ai, ai&#8230;.<\/strong> S\u00e3o muitas horas!<\/p>\n\n\n\n<p class=\"has-medium-font-size\">Vamos pensar em organizar nosso tempo?<\/p>\n\n\n\n<p class=\"has-medium-font-size\">Ent\u00e3o vamos l\u00e1!<\/p>\n\n\n\n<p class=\"has-medium-font-size\">Convide algu\u00e9m da sua casa e construa seu pr\u00f3prio rel\u00f3gio observando tudo que foi ensinado: <\/p>\n\n\n\n<p class=\"has-medium-font-size\">Tem que ter 3 ponteiros: um para marcar as horas, outro para marcar os minutos e outro para marcar os segundos.<\/p>\n\n\n\n<p class=\"has-medium-font-size\">Tem que ter os n\u00fameros de 1 a 12, lembrando que, para completar as 24 horas o rel\u00f3gio d\u00e1 2 voltas.<\/p>\n\n\n\n<hr class=\"wp-block-separator\"\/>\n\n\n\n<figure class=\"wp-block-image size-large\"><img fetchpriority=\"high\" decoding=\"async\" width=\"858\" height=\"483\" src=\"http:\/\/sme.goiania.go.gov.br\/conexaoescola\/wp-content\/uploads\/2020\/09\/07_Imagem-rel\u00f3gio-1-e1601122825384.png\" alt=\"\" class=\"wp-image-5258\" srcset=\"https:\/\/sme.goiania.go.gov.br\/conexaoescola\/wp-content\/uploads\/2020\/09\/07_Imagem-rel\u00f3gio-1-e1601122825384.png 858w, https:\/\/sme.goiania.go.gov.br\/conexaoescola\/wp-content\/uploads\/2020\/09\/07_Imagem-rel\u00f3gio-1-e1601122825384-300x169.png 300w, https:\/\/sme.goiania.go.gov.br\/conexaoescola\/wp-content\/uploads\/2020\/09\/07_Imagem-rel\u00f3gio-1-e1601122825384-768x432.png 768w\" sizes=\"(max-width: 858px) 100vw, 858px\" \/><\/figure>\n\n\n\n<hr class=\"wp-block-separator\"\/>\n\n\n\n<p class=\"has-medium-font-size\"><strong> <\/strong>Lembra que no programa passado falamos do calend\u00e1rio?<\/p>\n\n\n\n<p class=\"has-medium-font-size\">Que ele marca os anos, meses, dias da semana e do m\u00eas?<\/p>\n\n\n\n<p class=\"has-medium-font-size\">Agora voc\u00ea pode organizar seus hor\u00e1rios e dias da semana.<\/p>\n\n\n\n<p class=\"has-medium-font-size\">Vamos l\u00e1!<\/p>\n\n\n\n<hr class=\"wp-block-separator\"\/>\n\n\n\n<figure class=\"wp-block-image size-large\"><img decoding=\"async\" width=\"860\" height=\"483\" src=\"http:\/\/sme.goiania.go.gov.br\/conexaoescola\/wp-content\/uploads\/2020\/09\/07_Imagem-calend\u00e1rio-e1601122894842.png\" alt=\"\" class=\"wp-image-5260\" srcset=\"https:\/\/sme.goiania.go.gov.br\/conexaoescola\/wp-content\/uploads\/2020\/09\/07_Imagem-calend\u00e1rio-e1601122894842.png 860w, https:\/\/sme.goiania.go.gov.br\/conexaoescola\/wp-content\/uploads\/2020\/09\/07_Imagem-calend\u00e1rio-e1601122894842-300x168.png 300w, https:\/\/sme.goiania.go.gov.br\/conexaoescola\/wp-content\/uploads\/2020\/09\/07_Imagem-calend\u00e1rio-e1601122894842-768x431.png 768w\" sizes=\"(max-width: 860px) 100vw, 860px\" \/><\/figure>\n\n\n\n<hr class=\"wp-block-separator\"\/>\n\n\n\n<p style=\"background-color:#ebbfca\" class=\"has-background has-text-align-center has-medium-font-size\"><strong>MATEM\u00c1TICA EST\u00c1 EM TUDO!<\/strong><\/p>\n\n\n\n<p class=\"has-medium-font-size\">Inclusive da gest\u00e3o do nosso tempo.<\/p>\n\n\n\n<p class=\"has-medium-font-size\">Como j\u00e1 dissemos ela nos acompanha desde a hora que acordamos at\u00e9 a hora que vamos dormir.<\/p>\n\n\n\n<p class=\"has-medium-font-size\">Veja s\u00f3 alguns exemplos de n\u00fameros em nosso rel\u00f3gio:<\/p>\n\n\n\n<p class=\"has-medium-font-size\">O dia tem 24 horas<\/p>\n\n\n\n<p class=\"has-medium-font-size\">Cada hora tem 60 minutos<\/p>\n\n\n\n<p class=\"has-medium-font-size\">Cada minuto tem 60 segundos<\/p>\n\n\n\n<p class=\"has-medium-font-size\">Para conseguir olhar as horas no rel\u00f3gio anal\u00f3gico, voc\u00ea precisa saber contar de 5 em cinto at\u00e9 60. Vamos treinar?<\/p>\n\n\n\n<p class=\"has-medium-font-size\">5, 10, 15, 20, 25, 30, 35, 40, 45, 50, 55,60.<\/p>\n\n\n\n<p class=\"has-medium-font-size\">Precisa contar tamb\u00e9m de 10 em 10 at\u00e9 60, olhe s\u00f3:<\/p>\n\n\n\n<p class=\"has-medium-font-size\">10, 20, 30, 40, 50, 60.<\/p>\n\n\n\n<p class=\"has-text-color has-medium-font-size has-vivid-red-color\"><strong>\u00c9 hora do desafio! <\/strong><\/p>\n\n\n\n<p class=\"has-text-color has-medium-font-size has-very-dark-gray-color\">Quantos minutos tem um dia?<\/p>\n\n\n\n<p class=\"has-medium-font-size\">Quantos segundos ltem uma hora?<\/p>\n\n\n\n<p class=\"has-medium-font-size\">Quantas horas tem uma semana?<\/p>\n\n\n\n<p class=\"has-medium-font-size\">VAmos para outro desafio! <\/p>\n\n\n\n<p class=\"has-medium-font-size\">Fala bem r\u00e1pido e sem errar\u2026<\/p>\n\n\n\n<p class=\"has-text-color has-text-align-center has-medium-font-size has-vivid-red-color\"><strong>CAC\u00c1 QUER CAQUI\u2026<\/strong><\/p>\n\n\n\n<p class=\"has-medium-font-size\">Esse desafio \u00e9 pra l\u00e1 de complicado!<\/p>\n\n\n\n<p class=\"has-medium-font-size\">Eu conhe\u00e7o algu\u00e9m que \u00e9 fera em trava-l\u00edngua.<\/p>\n\n\n\n<p class=\"has-medium-font-size\">Vou chamar o Rodrigo do canal MA ME MI MO MUSICA para resolver essa parada!<\/p>\n\n\n\n<hr class=\"wp-block-separator\"\/>\n\n\n\n<figure class=\"wp-block-embed-youtube wp-block-embed is-type-video is-provider-youtube wp-embed-aspect-16-9 wp-has-aspect-ratio\"><div class=\"wp-block-embed__wrapper\">\n<p class=\"responsive-video-wrap clr\"><iframe title=\"Cantando Trava-l\u00ednguas (Cac\u00e1 quer caqui).\" width=\"1200\" height=\"675\" src=\"https:\/\/www.youtube.com\/embed\/uBkjBEDOj28?feature=oembed\" frameborder=\"0\" allow=\"accelerometer; autoplay; clipboard-write; encrypted-media; gyroscope; picture-in-picture\" allowfullscreen><\/iframe><\/p>\n<\/div><figcaption>&#8220;Cantando Trava-l\u00ednguas (Cac\u00e1 quer caqui).&#8221; Canal: <a href=\"https:\/\/www.youtube.com\/channel\/UCH4BQBj_jxVEgTWMzdSqUPQ\">Ma me mi mo M\u00fasica!<\/a> &#8211; Link: https:\/\/www.youtube.com\/watch?v=uBkjBEDOj28<\/figcaption><\/figure>\n\n\n\n<hr class=\"wp-block-separator\"\/>\n\n\n\n<figure class=\"wp-block-table\"><table><tbody><tr><td>Componente<\/td><td>Habilidade<\/td><\/tr><tr><td>Matem\u00e1tica<\/td><td>(EF01MA17-D) Esquematizar, por meio de tabelas com ilustra\u00e7\u00f5es, desenhos e pequenos textos, as atividades que s\u00e3o desenvolvidas em cada per\u00edodo do dia.<br>(EF01MA17-F) Relacionar a sucess\u00e3o do tempo com o movimento da Terra, associando por meio de desenhos, ilustra\u00e7\u00f5es e pequenos textos, a posi\u00e7\u00e3o do Sol no in\u00edcio da manh\u00e3, ao meio dia e no final da tarde, indo de leste a oeste, com a sucess\u00e3o das horas do dia, utilizando tecnologias digitais, quando necess\u00e1rio.<br>(EF02MA19-B) Reconhecer unidades distintas de medida de tempo, como dias, meses, anos, horas, minutos, e instrumentos diversos de medida e marca\u00e7\u00e3o temporal, rel\u00f3gios digitais e\/ou anal\u00f3gicos.<\/td><\/tr><\/tbody><\/table><\/figure>\n\n\n\n<hr class=\"wp-block-separator\"\/>\n\n\n\n<p class=\"has-text-align-center has-medium-font-size\">Ensino Fundamental&nbsp; &#8211; Ciclo da inf\u00e2ncia \u2013 Educa\u00e7\u00e3o Financeira e Empreendedorismo \u2013 1\u00ba ano<\/p>\n\n\n\n<hr class=\"wp-block-separator\"\/>\n\n\n\n<p class=\"has-text-align-center has-medium-font-size\">Assista o v\u00eddeo abaixo e tenha acesso ao conte\u00fado completo dessa atividade:<\/p>\n\n\n\n<figure class=\"wp-block-embed-youtube wp-block-embed is-type-video is-provider-youtube wp-embed-aspect-16-9 wp-has-aspect-ratio\"><div class=\"wp-block-embed__wrapper\">\n<p class=\"responsive-video-wrap clr\"><iframe title=\"O rel\u00f3gio e a gest\u00e3o do tempo - Ens  Fund. - Ed  Financeira e Empreendedorismo - 28-set-2020 - Bl-1\" width=\"1200\" height=\"675\" src=\"https:\/\/www.youtube.com\/embed\/IZmhBj2ACH0?feature=oembed\" frameborder=\"0\" allow=\"accelerometer; autoplay; clipboard-write; encrypted-media; gyroscope; picture-in-picture\" allowfullscreen><\/iframe><\/p>\n<\/div><\/figure>\n\n\n\n<p><\/p>\n","protected":false},"author":14,"featured_media":5279,"template":"","ef_categoria":[13,19],"ef_ano":[],"ef_componente":[],"class_list":["post-5285","ensino_fundamental","type-ensino_fundamental","status-publish","has-post-thumbnail","hentry","ef_categoria-ciclo-da-infancia-abc","ef_categoria-educacao-financeira-e-empreendedorismo","entry","has-media"],"acf":[],"_links":{"self":[{"href":"https:\/\/sme.goiania.go.gov.br\/conexaoescola\/wp-json\/wp\/v2\/ensino_fundamental\/5285","targetHints":{"allow":["GET"]}}],"collection":[{"href":"https:\/\/sme.goiania.go.gov.br\/conexaoescola\/wp-json\/wp\/v2\/ensino_fundamental"}],"about":[{"href":"https:\/\/sme.goiania.go.gov.br\/conexaoescola\/wp-json\/wp\/v2\/types\/ensino_fundamental"}],"author":[{"embeddable":true,"href":"https:\/\/sme.goiania.go.gov.br\/conexaoescola\/wp-json\/wp\/v2\/users\/14"}],"version-history":[{"count":0,"href":"https:\/\/sme.goiania.go.gov.br\/conexaoescola\/wp-json\/wp\/v2\/ensino_fundamental\/5285\/revisions"}],"wp:featuredmedia":[{"embeddable":true,"href":"https:\/\/sme.goiania.go.gov.br\/conexaoescola\/wp-json\/wp\/v2\/media\/5279"}],"wp:attachment":[{"href":"https:\/\/sme.goiania.go.gov.br\/conexaoescola\/wp-json\/wp\/v2\/media?parent=5285"}],"wp:term":[{"taxonomy":"ef_categoria","embeddable":true,"href":"https:\/\/sme.goiania.go.gov.br\/conexaoescola\/wp-json\/wp\/v2\/ef_categoria?post=5285"},{"taxonomy":"ef_ano","embeddable":true,"href":"https:\/\/sme.goiania.go.gov.br\/conexaoescola\/wp-json\/wp\/v2\/ef_ano?post=5285"},{"taxonomy":"ef_componente","embeddable":true,"href":"https:\/\/sme.goiania.go.gov.br\/conexaoescola\/wp-json\/wp\/v2\/ef_componente?post=5285"}],"curies":[{"name":"wp","href":"https:\/\/api.w.org\/{rel}","templated":true}]}}