{"id":5261,"date":"2020-09-28T07:00:00","date_gmt":"2020-09-28T10:00:00","guid":{"rendered":"http:\/\/sme.goiania.go.gov.br\/conexaoescola\/?post_type=ensino_fundamental&#038;p=5261"},"modified":"2021-12-07T12:13:18","modified_gmt":"2021-12-07T14:13:18","slug":"unidades-de-medidas-de-comprimento","status":"publish","type":"ensino_fundamental","link":"https:\/\/sme.goiania.go.gov.br\/conexaoescola\/ensino_fundamental\/unidades-de-medidas-de-comprimento\/","title":{"rendered":"Matem\u00e1tica &#8211; Unidades de medidas de comprimento"},"content":{"rendered":"\n<p class=\"has-drop-cap has-medium-font-size\">Ol\u00e1, tudo bem? Hoje vamos aprender um pouco mais sobre as unidades de medidas de comprimento que ser\u00e1 o quil\u00f4metro, o metro, o cent\u00edmetro e o mil\u00edmetro. Ent\u00e3o pegue o seu caderno de Matem\u00e1tica e siga corretamente o passo a passo de cada atividade. <\/p>\n\n\n\n<hr class=\"wp-block-separator\"\/>\n\n\n\n<p class=\"has-very-light-gray-color has-vivid-purple-background-color has-text-color has-background has-medium-font-size\">Vamos come\u00e7ar?<\/p>\n\n\n\n<hr class=\"wp-block-separator\"\/>\n\n\n\n<p class=\"has-medium-font-size\"><strong>Atividade 1<\/strong><\/p>\n\n\n\n<p class=\"has-medium-font-size\">Clique no v\u00eddeo abaixo e assista.<\/p>\n\n\n\n<figure class=\"wp-block-embed is-type-video is-provider-youtube wp-block-embed-youtube wp-embed-aspect-16-9 wp-has-aspect-ratio\"><div class=\"wp-block-embed__wrapper\">\n<p class=\"responsive-video-wrap clr\"><iframe title=\"Medida de Comprimento\" width=\"1200\" height=\"675\" src=\"https:\/\/www.youtube.com\/embed\/tJIDx6WDWr4?feature=oembed\" frameborder=\"0\" allow=\"accelerometer; autoplay; clipboard-write; encrypted-media; gyroscope; picture-in-picture\" allowfullscreen><\/iframe><\/p>\n<\/div><figcaption>Canal: Tia Florzinha &#8220;Medida de comprimento&#8221;<a href=\"https:\/\/www.youtube.com\/watch?v=tJIDx6WDWr4\">https:\/\/www.youtube.com\/watch?v=tJIDx6WDWr4<\/a>&nbsp;&nbsp;<\/figcaption><\/figure>\n\n\n\n<p class=\"has-medium-font-size\"><strong>Atividade 2<\/strong> <\/p>\n\n\n\n<p class=\"has-medium-font-size\">Assista mais um v\u00eddeo. <\/p>\n\n\n\n<figure class=\"wp-block-embed is-type-video is-provider-youtube wp-block-embed-youtube wp-embed-aspect-16-9 wp-has-aspect-ratio\"><div class=\"wp-block-embed__wrapper\">\n<p class=\"responsive-video-wrap clr\"><iframe title=\"Como transformar QUIL\u00d4METROS em METROS\" width=\"1200\" height=\"675\" src=\"https:\/\/www.youtube.com\/embed\/Tfv1QCMHa8o?feature=oembed\" frameborder=\"0\" allow=\"accelerometer; autoplay; clipboard-write; encrypted-media; gyroscope; picture-in-picture\" allowfullscreen><\/iframe><\/p>\n<\/div><figcaption>Canal: Matem\u00e1tica Genial &#8220;Como transformar quil\u00f4metros em metros&#8221;<a href=\"https:\/\/www.youtube.com\/watch?v=Tfv1QCMHa8o\">https:\/\/www.youtube.com\/watch?v=Tfv1QCMHa8o<\/a><\/figcaption><\/figure>\n\n\n\n<p class=\"has-medium-font-size\"><strong>Atividade 3<\/strong><\/p>\n\n\n\n<p>Assista o \u00faltimo v\u00eddeo. <\/p>\n\n\n\n<p>T\u00edtulo: Como transformar cent\u00edmetro em metro ou metro em cent\u00edmetro<\/p>\n\n\n\n<p>YOUTUBE, Canal: Matem\u00e1tica Genial:&nbsp;<\/p>\n\n\n\n<figure class=\"wp-block-embed is-type-video is-provider-youtube wp-block-embed-youtube wp-embed-aspect-16-9 wp-has-aspect-ratio\"><div class=\"wp-block-embed__wrapper\">\n<p class=\"responsive-video-wrap clr\"><iframe title=\"Como transformar CENT\u00cdMETRO em METRO ou METRO em CENT\u00cdMETRO\" width=\"1200\" height=\"675\" src=\"https:\/\/www.youtube.com\/embed\/Wv2etMOEtTA?feature=oembed\" frameborder=\"0\" allow=\"accelerometer; autoplay; clipboard-write; encrypted-media; gyroscope; picture-in-picture\" allowfullscreen><\/iframe><\/p>\n<\/div><figcaption>Canal: Matem\u00e1tica Genial &#8220;Como transformar cent\u00edmetro em metro ou metro em cent\u00edmetro&#8221;- <a href=\"https:\/\/www.youtube.com\/watch?v=Wv2etMOEtTA\">https:\/\/www.youtube.com\/watch?v=Wv2etMOEtTA<\/a><\/figcaption><\/figure>\n\n\n\n<p class=\"has-medium-font-size\"><strong>Atividade 4<\/strong><\/p>\n\n\n\n<p class=\"has-very-light-gray-color has-luminous-vivid-orange-background-color has-text-color has-background has-medium-font-size\">Anote no caderno o resumo das v\u00eddeo-aulas:<\/p>\n\n\n\n<p class=\"has-luminous-vivid-amber-color has-text-color has-medium-font-size\">A cada 1 Km = 1.000 m<\/p>\n\n\n\n<p class=\"has-vivid-cyan-blue-color has-text-color has-medium-font-size\">A cada 1 m = 100 cm<\/p>\n\n\n\n<p class=\"has-vivid-red-color has-text-color has-medium-font-size\">A cada 1 cm = 10 mm<\/p>\n\n\n\n<p class=\"has-very-light-gray-color has-vivid-purple-background-color has-text-color has-background has-medium-font-size\">Agora, copie e responda as seguintes perguntas:<\/p>\n\n\n\n<p class=\"has-vivid-purple-color has-text-color has-medium-font-size\">Qual \u00e9 a unidade de medida usada para:<\/p>\n\n\n\n<p class=\"has-vivid-cyan-blue-color has-text-color has-medium-font-size\">Medirmos uma estrada? ___________________________<\/p>\n\n\n\n<p class=\"has-vivid-green-cyan-color has-text-color has-medium-font-size\">Medirmos um tecido? _____________________________<\/p>\n\n\n\n<p class=\"has-vivid-red-color has-text-color has-medium-font-size\">Medirmos um l\u00e1pis? ______________________________<\/p>\n\n\n\n<p class=\"has-very-light-gray-color has-vivid-cyan-blue-background-color has-text-color has-background has-medium-font-size\">Complete as lacunas como se pede:<\/p>\n\n\n\n<p class=\"has-medium-font-size\">5 km = _____________ m<\/p>\n\n\n\n<p class=\"has-medium-font-size\">23 km = ____________ m<\/p>\n\n\n\n<p class=\"has-medium-font-size\">1 cm = _____________ mm<\/p>\n\n\n\n<p class=\"has-medium-font-size\">3 cm = _____________ mm<\/p>\n\n\n\n<p class=\"has-medium-font-size\">5 m = ______________ cm<\/p>\n\n\n\n<p class=\"has-medium-font-size\">10 m = _____________ cm<\/p>\n\n\n\n<p class=\"has-very-light-gray-color has-vivid-cyan-blue-background-color has-text-color has-background has-medium-font-size\">Pegue sua r\u00e9gua e me\u00e7a os seguintes objetos:<\/p>\n\n\n\n<p class=\"has-medium-font-size\">Celular: ______ cm ou _______ mm.<\/p>\n\n\n\n<p class=\"has-medium-font-size\">L\u00e1pis:&nbsp; _______ cm ou _______ mm.<\/p>\n\n\n\n<p class=\"has-medium-font-size\">Caderno: ______ cm ou _______ mm.<\/p>\n\n\n\n<p class=\"has-medium-font-size\"><strong>Atividade 5<\/strong><\/p>\n\n\n\n<p class=\"has-medium-font-size\">Resolva os problemas abaixo:<\/p>\n\n\n\n<p class=\"has-very-light-gray-color has-vivid-purple-background-color has-text-color has-background\">No fim da tarde Leonardo gosta de fazer caminhado no lago da cidade. Ele andou 5.000 metros. Quantos quil\u00f4metros ele andou?<\/p>\n\n\n\n<p class=\"has-very-light-gray-color has-vivid-cyan-blue-background-color has-text-color has-background\">A dist\u00e2ncia de Goi\u00e2nia at\u00e9 Goianira \u00e9 de aproximadamente 23 km. Qual \u00e9 a dist\u00e2ncia dos dois munic\u00edpios em metros?<\/p>\n\n\n\n<p class=\"has-very-light-gray-color has-pale-cyan-blue-background-color has-text-color has-background\">Juliana mediu seu estojo e tem 20 cm. Qual seria a medida em mm?<\/p>\n\n\n\n<p class=\"has-vivid-green-cyan-color has-text-color has-large-font-size\">At\u00e9 a pr\u00f3xima aula!<\/p>\n\n\n\n<p><strong>Saiba Mais \/ Refer\u00eancias:<\/strong><\/p>\n\n\n\n<div class=\"wp-block-columns is-layout-flex wp-container-core-columns-is-layout-9d6595d7 wp-block-columns-is-layout-flex\">\n<div class=\"wp-block-column is-layout-flow wp-block-column-is-layout-flow\">\n<p class=\"has-very-light-gray-color has-vivid-purple-background-color has-text-color has-background\"><a href=\"https:\/\/www.jogosdaescola.com.br\/medidas\/\">https:\/\/www.jogosdaescola.com.br\/medidas\/<\/a><\/p>\n<\/div>\n\n\n\n<div class=\"wp-block-column is-layout-flow wp-block-column-is-layout-flow\">\n<p class=\"has-very-light-gray-color has-pale-cyan-blue-background-color has-text-color has-background\"><a href=\"https:\/\/www.jogosdaescola.com.br\/medidas\">https:\/\/www.jogosdaescola.com.br\/medidas<\/a><\/p>\n<\/div>\n<\/div>\n\n\n\n<hr class=\"wp-block-separator\"\/>\n\n\n\n<figure class=\"wp-block-table alignfull\"><table><tbody><tr><td>Objeto de Conhecimento<\/td><td>Leitura, interpreta\u00e7\u00e3o, resolu\u00e7\u00e3o e elabora\u00e7\u00e3o de problemas envolvendo medidas de comprimento.<\/td><\/tr><tr><td>Componente Curricular<\/td><td>Matem\u00e1tica<\/td><\/tr><tr><td>Habilidades<\/td><td>(EF05MA19-A) Ler, interpretar, resolver e elaborar problemas envolvendo medidas de comprimento, recorrendo a transforma\u00e7\u00f5es entre as unidades mais usuais em contextos socioculturais.<\/td><\/tr><\/tbody><\/table><\/figure>\n\n\n\n<hr class=\"wp-block-separator\"\/>\n\n\n\n<figure class=\"wp-block-table alignfull\"><table><tbody><tr><td>Proponentes\/ Professores:<\/td><td>Elineide Gon\u00e7alves da Silva<br>&nbsp;Charlene Ferreira Almeida<br>&nbsp;Nelma Regina Souza de Jesus<br><\/td><\/tr><tr><td>Institui\u00e7\u00e3o Educacional:<\/td><td>Escola Municipal Nossa Senhora da Terra<\/td><\/tr><tr><td>CRE:<\/td><td>Brasil Di Ramos Caiado<\/td><\/tr><\/tbody><\/table><\/figure>\n\n\n\n<hr class=\"wp-block-separator\"\/>\n\n\n\n<p>Ciclo da Inf\u00e2ncia \u2013 Turma &#8211; E \u2013 5\u00ba ano &#8211; Educa\u00e7\u00e3o Financeira e Empreendedorismo<\/p>\n","protected":false},"author":24,"featured_media":5041,"template":"","ef_categoria":[14,24],"ef_ano":[88],"ef_componente":[94],"class_list":["post-5261","ensino_fundamental","type-ensino_fundamental","status-publish","has-post-thumbnail","hentry","ef_categoria-ciclo-da-infancia-de","ef_categoria-educacao-financeira-e-empreendedorismo-ciclo-da-infancia-de","ef_ano-5o-ano","ef_componente-matematica","entry","has-media"],"acf":[],"_links":{"self":[{"href":"https:\/\/sme.goiania.go.gov.br\/conexaoescola\/wp-json\/wp\/v2\/ensino_fundamental\/5261","targetHints":{"allow":["GET"]}}],"collection":[{"href":"https:\/\/sme.goiania.go.gov.br\/conexaoescola\/wp-json\/wp\/v2\/ensino_fundamental"}],"about":[{"href":"https:\/\/sme.goiania.go.gov.br\/conexaoescola\/wp-json\/wp\/v2\/types\/ensino_fundamental"}],"author":[{"embeddable":true,"href":"https:\/\/sme.goiania.go.gov.br\/conexaoescola\/wp-json\/wp\/v2\/users\/24"}],"version-history":[{"count":0,"href":"https:\/\/sme.goiania.go.gov.br\/conexaoescola\/wp-json\/wp\/v2\/ensino_fundamental\/5261\/revisions"}],"wp:featuredmedia":[{"embeddable":true,"href":"https:\/\/sme.goiania.go.gov.br\/conexaoescola\/wp-json\/wp\/v2\/media\/5041"}],"wp:attachment":[{"href":"https:\/\/sme.goiania.go.gov.br\/conexaoescola\/wp-json\/wp\/v2\/media?parent=5261"}],"wp:term":[{"taxonomy":"ef_categoria","embeddable":true,"href":"https:\/\/sme.goiania.go.gov.br\/conexaoescola\/wp-json\/wp\/v2\/ef_categoria?post=5261"},{"taxonomy":"ef_ano","embeddable":true,"href":"https:\/\/sme.goiania.go.gov.br\/conexaoescola\/wp-json\/wp\/v2\/ef_ano?post=5261"},{"taxonomy":"ef_componente","embeddable":true,"href":"https:\/\/sme.goiania.go.gov.br\/conexaoescola\/wp-json\/wp\/v2\/ef_componente?post=5261"}],"curies":[{"name":"wp","href":"https:\/\/api.w.org\/{rel}","templated":true}]}}