{"id":5251,"date":"2020-09-28T07:00:00","date_gmt":"2020-09-28T10:00:00","guid":{"rendered":"http:\/\/sme.goiania.go.gov.br\/conexaoescola\/?post_type=ensino_fundamental&#038;p=5251"},"modified":"2020-12-17T10:17:31","modified_gmt":"2020-12-17T12:17:31","slug":"doce-pao-doce-seres-vivos-fungos","status":"publish","type":"ensino_fundamental","link":"https:\/\/sme.goiania.go.gov.br\/conexaoescola\/ensino_fundamental\/doce-pao-doce-seres-vivos-fungos\/","title":{"rendered":"DOCE, P\u00c3O, DOCE! (SERES VIVOS &#8211; FUNGOS)"},"content":{"rendered":"\n<p style=\"background-color:#fff5d8;color:#000000\" class=\"has-text-color has-background has-medium-font-size\">OL\u00c1, ESTUDANTE!<br>ESTA AULA FOI VEICULADA NA TV NO DIA 29\/09, TER\u00c7A-FEIRA, CONTEMPLANDO O EIXO EDUCA\u00c7\u00c3O AMBIENTAL E SA\u00daDE. AQUI NO PORTAL CONEX\u00c3O ESCOLA, ELA EST\u00c1 APRESENTADA EM FORMA DE ATIVIDADE, MAS VOC\u00ca PODE ASSISTIR A VIDEOAULA QUANDO DESEJAR, ACESSANDO LINK NA PARTE INFERIOR DA TELA.<\/p>\n\n\n\n<div class=\"wp-block-image is-style-rounded\"><figure class=\"aligncenter size-large is-resized\"><img fetchpriority=\"high\" decoding=\"async\" src=\"http:\/\/sme.goiania.go.gov.br\/conexaoescola\/wp-content\/uploads\/2020\/09\/bread-3367582_1920-e1601073382238-1024x654.png\" alt=\"\" class=\"wp-image-5252\" width=\"468\" height=\"299\" srcset=\"https:\/\/sme.goiania.go.gov.br\/conexaoescola\/wp-content\/uploads\/2020\/09\/bread-3367582_1920-e1601073382238-1024x654.png 1024w, https:\/\/sme.goiania.go.gov.br\/conexaoescola\/wp-content\/uploads\/2020\/09\/bread-3367582_1920-e1601073382238-300x192.png 300w, https:\/\/sme.goiania.go.gov.br\/conexaoescola\/wp-content\/uploads\/2020\/09\/bread-3367582_1920-e1601073382238-768x491.png 768w, https:\/\/sme.goiania.go.gov.br\/conexaoescola\/wp-content\/uploads\/2020\/09\/bread-3367582_1920-e1601073382238-1536x982.png 1536w, https:\/\/sme.goiania.go.gov.br\/conexaoescola\/wp-content\/uploads\/2020\/09\/bread-3367582_1920-e1601073382238.png 1920w\" sizes=\"(max-width: 468px) 100vw, 468px\" \/><figcaption>Fonte: Pixabay. <em>P\u00e3es<\/em><\/figcaption><\/figure><\/div>\n\n\n\n<p style=\"color:#000000\" class=\"has-text-color has-background has-medium-font-size has-very-light-gray-background-color\">NA PROPOSTA DE HOJE, VAMOS APRENDER UM POUCO MAIS SOBRE OS SERES VIVOS E CONHECER O REINO DOS FUNGOS. VOC\u00ca J\u00c1 PAROU PARA PENSAR QUE EXISTEM ALGUNS SERES VIVOS QUE S\u00c3O IMPERCEPT\u00cdVEIS A OLHO NU?<\/p>\n\n\n\n<hr class=\"wp-block-separator is-style-wide\"\/>\n\n\n\n<p style=\"color:#060606\" class=\"has-text-color has-medium-font-size\">OBSERVE AS IMAGENS DO PAINEL 1:<\/p>\n\n\n\n<p class=\"has-text-align-center has-medium-font-size\"><strong>PAINEL 1<\/strong><\/p>\n\n\n\n<div class=\"wp-block-image is-style-default\"><figure class=\"aligncenter size-large is-resized\"><img decoding=\"async\" src=\"http:\/\/sme.goiania.go.gov.br\/conexaoescola\/wp-content\/uploads\/2020\/09\/Pa\u0303o--1024x709.png\" alt=\"\" class=\"wp-image-5253\" width=\"991\" height=\"685\" srcset=\"https:\/\/sme.goiania.go.gov.br\/conexaoescola\/wp-content\/uploads\/2020\/09\/Pa\u0303o--1024x709.png 1024w, https:\/\/sme.goiania.go.gov.br\/conexaoescola\/wp-content\/uploads\/2020\/09\/Pa\u0303o--300x208.png 300w, https:\/\/sme.goiania.go.gov.br\/conexaoescola\/wp-content\/uploads\/2020\/09\/Pa\u0303o--768x532.png 768w, https:\/\/sme.goiania.go.gov.br\/conexaoescola\/wp-content\/uploads\/2020\/09\/Pa\u0303o-.png 1164w\" sizes=\"(max-width: 991px) 100vw, 991px\" \/><\/figure><\/div>\n\n\n\n<p style=\"background-color:#ffdfc8;color:#000000\" class=\"has-text-color has-background has-medium-font-size\">VOC\u00ca J\u00c1 PAROU PARA PENSAR COMO O P\u00c3OZINHO QUE COMEMOS NA ESCOLA OU EM CASA \u00c9 FEITO? <br>COMO AQUELA MASSA PEQUENA E MOLENGA (IMAGEM 2)&nbsp; PODE VIRAR UM P\u00c3O GRANDE E FOFINHO (IMAGEM 3)?<br><strong>E DEPOIS? <\/strong><br>VOC\u00ca J\u00c1 PERCEBEU QUE N\u00c3O PODEMOS DEMORAR MUITO TEMPO PARA COM\u00ca-LO? <br>SE DEMORARMOS MUITO O MOFO TOMA CONTA (COMO NA IMAGEM 4)! <br>MAS O QUE \u00c9 O MOFO? <br><\/p>\n\n\n\n<p class=\"has-text-color has-text-align-center has-medium-font-size has-luminous-vivid-orange-color\"><strong>PARA RESPONDER PARTE DESSAS PERGUNTAS, ASSISTA AO EPIS\u00d3DIO DE &#8220;O SHOW DA LUNA&#8221;: DOCE, P\u00c3O, DOCE!<\/strong><\/p>\n\n\n\n<figure class=\"wp-block-embed-youtube aligncenter wp-block-embed is-type-video is-provider-youtube wp-embed-aspect-16-9 wp-has-aspect-ratio\"><div class=\"wp-block-embed__wrapper\">\nhttps:\/\/www.youtube.com\/watch?v=K8N-mZ1mvhg&#038;t=11s\n<\/div><figcaption>Show da Luna. Epis\u00f3dio: Doce, p\u00e3o, doce!<\/figcaption><\/figure>\n\n\n\n<p style=\"color:#000000\" class=\"has-text-color has-background has-text-align-center has-medium-font-size has-very-light-gray-background-color\"><strong>VIU S\u00d3! O INGREDIENTE RESPONS\u00c1VEL POR DEIXAR O P\u00c3OZINHO MACIO E FOFINHO \u00c9 O FERMENTO, E O MAIS INTERESSANTE DISSO TUDO \u00c9 QUE O FERMENTO USADO NO P\u00c3O, CHAMADO DE FERMENTO BIOL\u00d3GICO, \u00c9 <span class=\"has-inline-color has-luminous-vivid-orange-color\">COMPOSTO POR V\u00c1RIOS FUNGOS. <\/span> QUANDO FALAMOS EM FUNGOS, GERALMENTE, AS PESSOAS LEMBRAM DO MOFO &#8211; COMO O MOFO REPRESENTADO PELA IMAGEM 4 (PAINEL 1) &#8211; OU DOS FUNGOS QUE CAUSAM DOEN\u00c7AS.  MAS EXISTEM FUNGOS QUE SERVEM DE ALIMENTO PARA N\u00d3S, SERES HUMANOS. OUTRA PERCEP\u00c7\u00c3O IMPORTANTE FOI A DE QUE OS FUNGOS, PODEM SER MICROSC\u00d3PICOS, COMO OS DO FERMENTO, CHAMADOS DE LEVEDURA. <br>ELES VIVEM NO AR E NA SUPERF\u00cdCIE DAS COISAS. QUANDO ENTRAM EM CONTATO COM A MASSA DE P\u00c3O, ESSAS LEVEDURAS, SE ALIMENTAM DOS A\u00c7\u00daCARES E, AO MESMO TEMPO, ELIMINAM \u00c1LCOOL E UM UM TIPO DE G\u00c1S CHAMADO DE G\u00c1S CARB\u00d4NICO.  CHAMAMOS ESSE PROCESSO DE FERMENTA\u00c7\u00c3O.  \u00c9 POR CAUSA DO G\u00c1S CARB\u00d4NICO QUE A MASSA DO P\u00c3O AUMENTA SEU VOLUME.  J\u00c1 O \u00c1LCOOL EVAPORA QUANDO A MASSA \u00c9 LEVADA AO FORNO. <br>E O QUE ACONTECE COM OS FUNGOS? <br>DEPOIS DE TANTO TRABALHO, MORREM TODOS!&nbsp;<\/strong><\/p>\n\n\n\n<p style=\"background-color:#0b0b0b;font-size:25px\" class=\"has-text-color has-background has-luminous-vivid-orange-color\"><strong>PERGUNTAS<\/strong><\/p>\n\n\n\n<p style=\"color:#000000\" class=\"has-text-color has-medium-font-size\"><strong>QUEST\u00c3O 1<\/strong><\/p>\n\n\n\n<p style=\"color:#000000\" class=\"has-text-color has-medium-font-size\">OS FUNGOS S\u00c3O SERES VIVOS OU SERES N\u00c3O VIVOS? <\/p>\n\n\n\n<p style=\"color:#000000\" class=\"has-text-color has-medium-font-size\"><strong>QUEST\u00c3O 2<\/strong><\/p>\n\n\n\n<p style=\"color:#000000\" class=\"has-text-color has-medium-font-size\">COMO VOC\u00ca CHEGOU A ESSA CONCLUS\u00c3O? EXPLIQUE:<strong><br><\/strong><\/p>\n\n\n\n<hr class=\"wp-block-separator\"\/>\n\n\n\n<p class=\"has-text-color has-text-align-center has-medium-font-size has-luminous-vivid-orange-color\"><strong>O QUE S\u00c3O SERES VIVOS E SERES N\u00c3O VIVOS?<\/strong><\/p>\n\n\n\n<p style=\"color:#000000\" class=\"has-text-color has-text-align-center has-medium-font-size\"><strong>SERES VIVOS<\/strong><br>O PLANETA TERRA \u00c9 CONSTITU\u00cdDO POR ELEMENTOS VIVOS (SERES VIVOS) E ELEMENTOS N\u00c3O VIVOS. A PARTIR DA IMAGEM (ESQUEMA ABAIXO) \u00c9 POSS\u00cdVEL IDENTIFICAR UMA CARACTER\u00cdSTICA QUE TODOS OS SERES VIVOS POSSUEM COMO PROPRIEDADE: A HABILIDADE DE NASCER, CRESCER, REPRODUZIR, ENVELHECER E MORRER. VEJA O ESQUEMA:<\/p>\n\n\n\n<p style=\"color:#000000\" class=\"has-text-color has-text-align-center has-normal-font-size\"><strong>CICLO DE VIDA DA GALINHA<\/strong><\/p>\n\n\n\n<div class=\"wp-block-image\"><figure class=\"aligncenter size-large\"><img decoding=\"async\" width=\"1024\" height=\"576\" src=\"http:\/\/sme.goiania.go.gov.br\/conexaoescola\/wp-content\/uploads\/2020\/09\/CICLO-DE-VIDA-GALINHA.JPG-1024x576.jpg\" alt=\"\" class=\"wp-image-5257\" srcset=\"https:\/\/sme.goiania.go.gov.br\/conexaoescola\/wp-content\/uploads\/2020\/09\/CICLO-DE-VIDA-GALINHA.JPG-1024x576.jpg 1024w, https:\/\/sme.goiania.go.gov.br\/conexaoescola\/wp-content\/uploads\/2020\/09\/CICLO-DE-VIDA-GALINHA.JPG-300x169.jpg 300w, https:\/\/sme.goiania.go.gov.br\/conexaoescola\/wp-content\/uploads\/2020\/09\/CICLO-DE-VIDA-GALINHA.JPG-768x432.jpg 768w, https:\/\/sme.goiania.go.gov.br\/conexaoescola\/wp-content\/uploads\/2020\/09\/CICLO-DE-VIDA-GALINHA.JPG.jpg 1280w\" sizes=\"(max-width: 1024px) 100vw, 1024px\" \/><figcaption><em>Fonte: freepik. Adaptado para fins pedag\u00f3gicos<\/em><\/figcaption><\/figure><\/div>\n\n\n\n<p style=\"background-color:#0b0b0b;font-size:25px\" class=\"has-text-color has-background has-luminous-vivid-orange-color\"><strong>PERGUNTAS<\/strong><\/p>\n\n\n\n<p style=\"color:#000000\" class=\"has-text-color has-medium-font-size\"><strong>QUEST\u00c3O 3<\/strong><\/p>\n\n\n\n<p style=\"color:#000000\" class=\"has-text-color has-medium-font-size\">OBSERVE O CONJUNTO DE IMAGENS A SEGUIR (PAINEL 2), LEIA AS QUEST\u00d5ES E REFLITA (REGISTRE SUAS RESPOSTAS):<\/p>\n\n\n\n<p style=\"color:#000000\" class=\"has-text-color has-medium-font-size\">A) QUAIS IMAGENS SE REFEREM A ELEMENTOS VIVOS? POR QU\u00ca?<br>B) QUAIS IMAGENS SE REFEREM A ELEMENTOS N\u00c3O VIVOS? POR QU\u00ca?<br>C) SOBRE OS ELEMENTOS VIVOS: O QUE VOC\u00ca SABE SOBRE ELES?<\/p>\n\n\n\n<p class=\"has-text-align-center has-medium-font-size\"><strong>PAINEL 2<\/strong><\/p>\n\n\n\n<div class=\"wp-block-image\"><figure class=\"aligncenter size-large\"><img loading=\"lazy\" decoding=\"async\" width=\"1024\" height=\"576\" src=\"http:\/\/sme.goiania.go.gov.br\/conexaoescola\/wp-content\/uploads\/2020\/09\/SERES-VIVOS-E-NA\u0302O-VIVOS.jpg-1024x576.jpg\" alt=\"\" class=\"wp-image-5259\" srcset=\"https:\/\/sme.goiania.go.gov.br\/conexaoescola\/wp-content\/uploads\/2020\/09\/SERES-VIVOS-E-NA\u0302O-VIVOS.jpg-1024x576.jpg 1024w, https:\/\/sme.goiania.go.gov.br\/conexaoescola\/wp-content\/uploads\/2020\/09\/SERES-VIVOS-E-NA\u0302O-VIVOS.jpg-300x169.jpg 300w, https:\/\/sme.goiania.go.gov.br\/conexaoescola\/wp-content\/uploads\/2020\/09\/SERES-VIVOS-E-NA\u0302O-VIVOS.jpg-768x432.jpg 768w, https:\/\/sme.goiania.go.gov.br\/conexaoescola\/wp-content\/uploads\/2020\/09\/SERES-VIVOS-E-NA\u0302O-VIVOS.jpg.jpg 1280w\" sizes=\"(max-width: 1024px) 100vw, 1024px\" \/><\/figure><\/div>\n\n\n\n<hr class=\"wp-block-separator\"\/>\n\n\n\n<p class=\"has-text-color has-text-align-center has-medium-font-size has-luminous-vivid-orange-color\"><strong>OS SERES N\u00c3O VIVOS<\/strong><\/p>\n\n\n\n<p style=\"color:#000000\" class=\"has-text-color has-text-align-center has-medium-font-size\">CHAMAMOS DE SERES N\u00c3O VIVOS OU ELEMENTOS N\u00c3O VIVOS AQUELES QUE S\u00c3O INANIMADOS, OU SEJA QUE N\u00c3O POSSUEM VIDA MAS QUE FAZEM PARTE DO AMBIENTE, COMP\u00d5EM A NATUREZA. ALGUNS DOS EXEMPLOS DE SERES N\u00c3O VIVOS EST\u00c3O REPRESENTADOS NO <strong>PAINEL 1 <\/strong>DE IMAGENS (S\u00c3O ELES: \u00c1GUA, SOLO &#8211; TERRA, ROCHA).&nbsp; A \u00c1GUA, O SOLO, AS ROCHAS (ENTRE OUTROS) S\u00c3O DE FUNDAMENTAL IMPORT\u00c2NCIA PARA TODOS OS SERES VIVOS E CONSEQUENTEMENTE PARA A SOBREVIV\u00caNCIA DO PLANETA TERRA. J\u00c1 VIMOS EM ATIVIDADES PASSADAS COMO O SOL (ELEMENTO N\u00c3O VIVO) \u00c9 IMPORTANTE PARA A MANUTEN\u00c7\u00c3O DA VIDA NA TERRA. O SOL \u00c9 UMA ESTRELA QUE FORNECE LUZ E CALOR \u00c0 TERRA. CONTRIBUI PARA A FORMA\u00c7\u00c3O DAS CHUVAS (CICLO DA \u00c1GUA), CRESCIMENTO DAS PLANTAS E AUXILIA NOSSA SA\u00daDE.<\/p>\n\n\n\n<p style=\"background-color:#0b0b0b;font-size:25px\" class=\"has-text-color has-background has-luminous-vivid-orange-color\"><strong>PERGUNTAS<\/strong><\/p>\n\n\n\n<p style=\"color:#000000\" class=\"has-text-color has-medium-font-size\"><strong>QUEST\u00c3O 4<\/strong><\/p>\n\n\n\n<p style=\"color:#000000\" class=\"has-text-color has-medium-font-size\">OBSERVE ESSE OUTRO CONJUNTO DE IMAGENS (PAINEL 3), LEIA AS QUEST\u00d5ES E RESPONDA:&nbsp;<\/p>\n\n\n\n<p style=\"color:#000000\" class=\"has-text-color has-medium-font-size\">A) TODAS AS IMAGENS SE REFEREM A ELEMENTOS VIVOS? VOC\u00ca J\u00c1 VIU TODOS ESSES ELEMENTOS? COMENTE:<br>B) EST\u00c1 CORRETO ASSOCIARMOS BACT\u00c9RIAS, PROTOZO\u00c1RIOS E FUNGOS AO GRUPO DOS SERES VIVOS? POR QU\u00ca?<br>C) \u00c9 POSS\u00cdVEL VER A OLHO NU TODOS AS BACT\u00c9RIAS, PROTOZO\u00c1RIOS E FUNGOS? POR QU\u00ca?<\/p>\n\n\n\n<p style=\"color:#080808\" class=\"has-text-color has-text-align-center has-medium-font-size\"><strong>PAINEL 3<\/strong><\/p>\n\n\n\n<div class=\"wp-block-image\"><figure class=\"aligncenter size-large\"><img loading=\"lazy\" decoding=\"async\" width=\"1024\" height=\"576\" src=\"http:\/\/sme.goiania.go.gov.br\/conexaoescola\/wp-content\/uploads\/2020\/09\/Reinos-seres-vivos.jpg-1024x576.jpg\" alt=\"\" class=\"wp-image-5262\" srcset=\"https:\/\/sme.goiania.go.gov.br\/conexaoescola\/wp-content\/uploads\/2020\/09\/Reinos-seres-vivos.jpg-1024x576.jpg 1024w, https:\/\/sme.goiania.go.gov.br\/conexaoescola\/wp-content\/uploads\/2020\/09\/Reinos-seres-vivos.jpg-300x169.jpg 300w, https:\/\/sme.goiania.go.gov.br\/conexaoescola\/wp-content\/uploads\/2020\/09\/Reinos-seres-vivos.jpg-768x432.jpg 768w, https:\/\/sme.goiania.go.gov.br\/conexaoescola\/wp-content\/uploads\/2020\/09\/Reinos-seres-vivos.jpg.jpg 1280w\" sizes=\"(max-width: 1024px) 100vw, 1024px\" \/><\/figure><\/div>\n\n\n\n<hr class=\"wp-block-separator\"\/>\n\n\n\n<p class=\"has-text-align-center has-medium-font-size\"><span class=\"has-inline-color\" style=\"color:#000000\">COMO PUDEMOS VER, EXISTE UMA DIVERSIDADE MUITO GRANDE DE SERES VIVOS, E O SER HUMANO, \u00c0 MEDIDA QUE PERGUNTAVA E DESCOBRIA, COME\u00c7OU A SENTIR A NECESSIDADE DE AGRUP\u00c1-LOS, CRIANDO CINCO REINOS: O REINO DOS MONERAS, REINO DOS PROTISTAS, O REINO DAS PLANTAS, O REINO DOS FUNGOS E O REINO DOS ANIMAIS. VOC\u00caS AINDA V\u00c3O ESTUDAR MUITO SOBRE ELES:<\/span><\/p>\n\n\n\n<div class=\"wp-block-image\"><figure class=\"aligncenter size-large\"><img loading=\"lazy\" decoding=\"async\" width=\"1024\" height=\"575\" src=\"http:\/\/sme.goiania.go.gov.br\/conexaoescola\/wp-content\/uploads\/2020\/09\/CLASSIFICAC\u0327A\u0303O-DOS-REINOS-1024x575.png\" alt=\"\" class=\"wp-image-5265\" srcset=\"https:\/\/sme.goiania.go.gov.br\/conexaoescola\/wp-content\/uploads\/2020\/09\/CLASSIFICAC\u0327A\u0303O-DOS-REINOS-1024x575.png 1024w, https:\/\/sme.goiania.go.gov.br\/conexaoescola\/wp-content\/uploads\/2020\/09\/CLASSIFICAC\u0327A\u0303O-DOS-REINOS-300x168.png 300w, https:\/\/sme.goiania.go.gov.br\/conexaoescola\/wp-content\/uploads\/2020\/09\/CLASSIFICAC\u0327A\u0303O-DOS-REINOS-768x431.png 768w, https:\/\/sme.goiania.go.gov.br\/conexaoescola\/wp-content\/uploads\/2020\/09\/CLASSIFICAC\u0327A\u0303O-DOS-REINOS.png 1432w\" sizes=\"(max-width: 1024px) 100vw, 1024px\" \/><\/figure><\/div>\n\n\n\n<p class=\"has-text-color has-background has-text-align-center has-medium-font-size has-very-dark-gray-color has-very-light-gray-background-color\">NESSE SENTIDO, CONFIRA SUA RESPOSTA PARA PERGUNTA: <em>&#8220;EST\u00c1 CORRETO ASSOCIARMOS BACT\u00c9RIAS, PROTOZO\u00c1RIOS E FUNGOS, AO GRUPO DOS SERES VIVOS?&#8221;<\/em> A RESPOSTA PARA ESSA PERGUNTA \u00c9 SIM! AS BACT\u00c9RIAS, FUNGOS E PROTOZO\u00c1RIOS S\u00c3O MICRORGANISMOS, TAMB\u00c9M CONHECIDOS COMO MICR\u00d3BIOS. <\/p>\n\n\n\n<hr class=\"wp-block-separator\"\/>\n\n\n\n<p style=\"font-size:25px\" class=\"has-text-color has-background has-very-light-gray-color has-luminous-vivid-orange-background-color\"><strong>DESAFIO!<\/strong><\/p>\n\n\n\n<p style=\"background-color:#ffaf76\" class=\"has-background has-medium-font-size\">AL\u00c9M DE SEREM USADOS NA FABRICA\u00c7\u00c3O DOS P\u00c3ES, OS FUNGOS TAMB\u00c9M PARTICIPAM DA FABRICA\u00c7\u00c3O DE QUEIJOS. EXISTEM RECEITAS QUE UTILIZAM COGUMELOS, QUE TAMB\u00c9M FAZ PARTE DO REINO DOS FUNGOS. JUNTO COM SUA FAM\u00cdLIA REALIZE UMA PESQUISA SOBRE ESSES ALIMENTOS. ILUSTRE SUA PESQUISA COM DESENHOS.<\/p>\n\n\n\n<hr class=\"wp-block-separator\"\/>\n\n\n\n<figure class=\"wp-block-table aligncenter is-style-stripes\"><table><tbody><tr><td>Habilidades<\/td><td>(EF04CI06) Relacionar a participa\u00e7\u00e3o de fungos e bact\u00e9rias no processo de decomposi\u00e7\u00e3o, reconhecendo a import\u00e2ncia ambiental desse processo.&nbsp;<\/td><\/tr><tr><td>Objetos do Conhecimento<\/td><td>Cadeias alimentares simples&nbsp;<br>Microrganismos<\/td><\/tr><\/tbody><\/table><\/figure>\n\n\n\n<hr class=\"wp-block-separator\"\/>\n\n\n\n<p class=\"has-text-align-center\"><strong><em>Assista ao programa Conex\u00e3o Escola \u2013 Eixo Educa\u00e7\u00e3o Ambiental e Sa\u00fade \u2013 Fungos &#8211; Bloco 1<\/em><\/strong><\/p>\n\n\n\n<figure class=\"wp-block-embed-youtube aligncenter wp-block-embed is-type-video is-provider-youtube wp-embed-aspect-16-9 wp-has-aspect-ratio\"><div class=\"wp-block-embed__wrapper\">\n<p class=\"responsive-video-wrap clr\"><iframe title=\"Seres Vivos e n\u00e3o vivos - Ens. Fundamental - Ed. Ambiental e Sa\u00fade - Bloco 01 - 29-Setembro-2020\" width=\"1200\" height=\"675\" src=\"https:\/\/www.youtube.com\/embed\/hRT8-ohhK4g?feature=oembed\" frameborder=\"0\" allow=\"accelerometer; autoplay; clipboard-write; encrypted-media; gyroscope; picture-in-picture\" allowfullscreen><\/iframe><\/p>\n<\/div><figcaption>Seres Vivos e n\u00e3o vivos &#8211; Ens. Fundamental &#8211; Ed. Ambiental e Sa\u00fade &#8211; Bloco 01 &#8211; 29-Setembro-2020<\/figcaption><\/figure>\n\n\n\n<hr class=\"wp-block-separator\"\/>\n\n\n\n<p style=\"font-size:15px\">Referencial te\u00f3rico:<br>FIOCRUZ. Eca! Fermento \u00e9 um fungo! dispon\u00edvel em: https:\/\/tinyurl.com\/yyaasgat. Acesso em 14. set. 2020. Adaptado para fins pedag\u00f3gicos.&nbsp;<br>PRAVALER.V\u00edrus, bact\u00e9rias, fungos e protozo\u00e1rios &#8211; entenda a diferen\u00e7a entre eles. Dispon\u00edvel em: https:\/\/tinyurl.com\/y568u33h. Acesso em 14. set. 2020. Adaptado para fins pedag\u00f3gicos.<br>BRITANNICA ESCOLA. Classifica\u00e7\u00e3o biol\u00f3gica. Dispon\u00edvel em: https:\/\/tinyurl.com\/yy5f9ucw. Acesso em: 15 de setembro de 2020. Adaptado para fins pedag\u00f3gicos.<\/p>\n","protected":false},"author":24,"featured_media":5252,"template":"","ef_categoria":[14,23],"ef_ano":[],"ef_componente":[],"class_list":["post-5251","ensino_fundamental","type-ensino_fundamental","status-publish","has-post-thumbnail","hentry","ef_categoria-ciclo-da-infancia-de","ef_categoria-educacao-ambiental-e-saude-ciclo-da-infancia-de","entry","has-media"],"acf":[],"_links":{"self":[{"href":"https:\/\/sme.goiania.go.gov.br\/conexaoescola\/wp-json\/wp\/v2\/ensino_fundamental\/5251","targetHints":{"allow":["GET"]}}],"collection":[{"href":"https:\/\/sme.goiania.go.gov.br\/conexaoescola\/wp-json\/wp\/v2\/ensino_fundamental"}],"about":[{"href":"https:\/\/sme.goiania.go.gov.br\/conexaoescola\/wp-json\/wp\/v2\/types\/ensino_fundamental"}],"author":[{"embeddable":true,"href":"https:\/\/sme.goiania.go.gov.br\/conexaoescola\/wp-json\/wp\/v2\/users\/24"}],"version-history":[{"count":0,"href":"https:\/\/sme.goiania.go.gov.br\/conexaoescola\/wp-json\/wp\/v2\/ensino_fundamental\/5251\/revisions"}],"wp:featuredmedia":[{"embeddable":true,"href":"https:\/\/sme.goiania.go.gov.br\/conexaoescola\/wp-json\/wp\/v2\/media\/5252"}],"wp:attachment":[{"href":"https:\/\/sme.goiania.go.gov.br\/conexaoescola\/wp-json\/wp\/v2\/media?parent=5251"}],"wp:term":[{"taxonomy":"ef_categoria","embeddable":true,"href":"https:\/\/sme.goiania.go.gov.br\/conexaoescola\/wp-json\/wp\/v2\/ef_categoria?post=5251"},{"taxonomy":"ef_ano","embeddable":true,"href":"https:\/\/sme.goiania.go.gov.br\/conexaoescola\/wp-json\/wp\/v2\/ef_ano?post=5251"},{"taxonomy":"ef_componente","embeddable":true,"href":"https:\/\/sme.goiania.go.gov.br\/conexaoescola\/wp-json\/wp\/v2\/ef_componente?post=5251"}],"curies":[{"name":"wp","href":"https:\/\/api.w.org\/{rel}","templated":true}]}}