{"id":5055,"date":"2020-09-28T07:00:00","date_gmt":"2020-09-28T10:00:00","guid":{"rendered":"http:\/\/sme.goiania.go.gov.br\/conexaoescola\/?post_type=ensino_fundamental&#038;p=5055"},"modified":"2020-09-24T11:17:48","modified_gmt":"2020-09-24T14:17:48","slug":"percussao-corporal","status":"publish","type":"ensino_fundamental","link":"https:\/\/sme.goiania.go.gov.br\/conexaoescola\/ensino_fundamental\/percussao-corporal\/","title":{"rendered":"Percuss\u00e3o corporal"},"content":{"rendered":"\n<p class=\"has-text-color has-medium-font-size has-vivid-purple-color\">Ol\u00e1! Hoje n\u00f3s vamos aprender a fazer m\u00fasica utilizando o nosso corpo.<\/p>\n\n\n\n<hr class=\"wp-block-separator\"\/>\n\n\n\n<p class=\"has-text-color has-background has-medium-font-size has-very-light-gray-color has-vivid-red-background-color\">Voc\u00ea sabia que podemos produzir uma variedade de sons utilizando o nosso corpo?&nbsp;<\/p>\n\n\n\n<p class=\"has-medium-font-size\">Pois \u00e9 verdade, antes mesmo da exist\u00eancia dos instrumentos musicais o homem j\u00e1 conseguia tirar som utilizando o pr\u00f3prio corpo batendo os p\u00e9s e as m\u00e3os para fazer m\u00fasica.<\/p>\n\n\n\n<p class=\"has-medium-font-size\"><strong>ATIVIDADE 1<\/strong><\/p>\n\n\n\n<p class=\"has-medium-font-size\">Assista ao v\u00eddeo abaixo e descubra os sons que podemos fazer com a boca.<\/p>\n\n\n\n<figure class=\"wp-block-embed-youtube wp-block-embed is-type-video is-provider-youtube wp-embed-aspect-16-9 wp-has-aspect-ratio\"><div class=\"wp-block-embed__wrapper\">\n<p class=\"responsive-video-wrap clr\"><iframe title=\"Palavra Cantada | Como Fazer Sons com a Boca\" width=\"1200\" height=\"675\" src=\"https:\/\/www.youtube.com\/embed\/Nn9aMGlFqHk?feature=oembed\" frameborder=\"0\" allow=\"accelerometer; autoplay; clipboard-write; encrypted-media; gyroscope; picture-in-picture\" allowfullscreen><\/iframe><\/p>\n<\/div><figcaption>\u201c<em>Palavra Cantada\/Como fazer sons com a boca<\/em>\u201d-https:\/\/www.youtube.com\/watch?v=Nn9aMGlFqHk&amp;feature=youtu.be<\/figcaption><\/figure>\n\n\n\n<p class=\"has-text-color has-background has-medium-font-size has-very-light-gray-color has-vivid-purple-background-color\">E a\u00ed? Gostou da brincadeira? Voc\u00ea j\u00e1 tinha feito esses sons com a boca? Tente reproduzir os sons e relate ao seu respons\u00e1vel a sua experi\u00eancia.&nbsp;<\/p>\n\n\n\n<p class=\"has-medium-font-size\">&nbsp;<strong>ATIVIDADE 2<\/strong><\/p>\n\n\n\n<p class=\"has-medium-font-size\">Agora vou propor um desafio maior. Que tal? Vamos brincar de Yapo produzindo diferentes sons com o corpo para acompanhar a m\u00fasica.&nbsp;<\/p>\n\n\n\n<figure class=\"wp-block-embed-youtube wp-block-embed is-type-video is-provider-youtube wp-embed-aspect-16-9 wp-has-aspect-ratio\"><div class=\"wp-block-embed__wrapper\">\n<p class=\"responsive-video-wrap clr\"><iframe title=\"Palavra Cantada | Yapo\" width=\"1200\" height=\"675\" src=\"https:\/\/www.youtube.com\/embed\/rcBvsH7jqnc?feature=oembed\" frameborder=\"0\" allow=\"accelerometer; autoplay; clipboard-write; encrypted-media; gyroscope; picture-in-picture\" allowfullscreen><\/iframe><\/p>\n<\/div><figcaption>\u201c<em>Palavra Cantada\/Yapo\u201d<\/em>&#8211; https:\/\/www.youtube.com\/watch?v=rcBvsH7jqnc&amp;feature=youtu.be<\/figcaption><\/figure>\n\n\n\n<p class=\"has-medium-font-size\">\u00a0Voc\u00ea percebeu que cada parte do corpo produz um som diferente? Conseguiu perceber tamb\u00e9m que houve mudan\u00e7as na intensidade do som (som fraco\/som forte) conforme a for\u00e7a empregada? E que houve mudan\u00e7a no andamento (lento\/r\u00e1pido) e na altura da m\u00fasica (agudo\/grave)?<\/p>\n\n\n\n<p class=\"has-medium-font-size\"><strong>ATIVIDADE 3<\/strong><\/p>\n\n\n\n<p class=\"has-text-color has-background has-medium-font-size has-very-light-gray-color has-luminous-vivid-orange-background-color\">Voc\u00ea sabe o que \u00e9 Catira?&nbsp;<\/p>\n\n\n\n<p class=\"has-medium-font-size\">&nbsp;&nbsp;&nbsp;&nbsp;&nbsp;&nbsp;A Catira ou Cataret\u00ea \u00e9 uma dan\u00e7a coletiva do folclore brasileiro muito popular nas regi\u00f5es sudeste e centro-oeste. Ela \u00e9 marcada pela batida dos p\u00e9s e das m\u00e3os movimentadas pelo ritmo da m\u00fasica produzida por um instrumento musical chamado viola caipira.&nbsp;<\/p>\n\n\n\n<p class=\"has-medium-font-size\">Assista ao v\u00eddeo abaixo e conhe\u00e7a a Catira.<\/p>\n\n\n\n<figure class=\"wp-block-embed-youtube wp-block-embed is-type-video is-provider-youtube wp-embed-aspect-16-9 wp-has-aspect-ratio\"><div class=\"wp-block-embed__wrapper\">\n<p class=\"responsive-video-wrap clr\"><iframe title=\"Dois com Dois \u00e9 Quatro, por Os Favoritos da Catira\" width=\"1200\" height=\"675\" src=\"https:\/\/www.youtube.com\/embed\/2lZJBKXL2lc?feature=oembed\" frameborder=\"0\" allow=\"accelerometer; autoplay; clipboard-write; encrypted-media; gyroscope; picture-in-picture\" allowfullscreen><\/iframe><\/p>\n<\/div><figcaption><br>TV Cultura&#8221;<em>Dois com dois \u00e9 quatro, por Os Favoritos da Catira \u2013 Youtube<\/em>&#8220;-https:\/\/www.youtube.com\/watch?v=2lZJBKXL2lc&amp;feature=youtu.be<\/figcaption><\/figure>\n\n\n\n<p class=\"has-text-color has-background has-medium-font-size has-very-light-gray-color has-luminous-vivid-amber-background-color\">J\u00e1 tinha assistido alguma apresenta\u00e7\u00e3o dessa dan\u00e7a? O que voc\u00ea mais gostou na apresenta\u00e7\u00e3o da dan\u00e7a Catira?<\/p>\n\n\n\n<p class=\"has-medium-font-size\"><strong>ATIVIDADE 4<\/strong><\/p>\n\n\n\n<p class=\"has-medium-font-size\">Agora, escolha a brincadeira que voc\u00ea mais gostou, convide seus respons\u00e1veis e fa\u00e7a uma apresenta\u00e7\u00e3o explorando os sons do corpo para acompanhar a m\u00fasica e\/ou brincadeira. Divirta-se!<\/p>\n\n\n\n<p class=\"has-text-color has-background has-medium-font-size has-very-light-gray-color has-pale-pink-background-color\">At\u00e9 mais!<\/p>\n\n\n\n<div class=\"wp-block-columns is-layout-flex wp-container-core-columns-is-layout-9d6595d7 wp-block-columns-is-layout-flex\">\n<div class=\"wp-block-column is-layout-flow wp-block-column-is-layout-flow\">\n<figure class=\"wp-block-embed-youtube wp-block-embed is-type-video is-provider-youtube wp-embed-aspect-16-9 wp-has-aspect-ratio\"><div class=\"wp-block-embed__wrapper\">\n<p class=\"responsive-video-wrap clr\"><iframe title=\"BARBATUQUES - Percuss\u00e3o Corporal - sp br 3\" width=\"1200\" height=\"675\" src=\"https:\/\/www.youtube.com\/embed\/CUUQ9GkClm0?feature=oembed\" frameborder=\"0\" allow=\"accelerometer; autoplay; clipboard-write; encrypted-media; gyroscope; picture-in-picture\" allowfullscreen><\/iframe><\/p>\n<\/div><figcaption>(\u201c<em>Barbatuques \u2013 Percuss\u00e3o corporal \u2013 sp br 3\u201d<\/em> \u2013 Youtube)<br><a href=\"https:\/\/youtu.be\/lzelCRX7TZE\">https:\/\/youtu.be\/lzelCRX7TZE<\/a><br><\/figcaption><\/figure>\n\n\n\n<hr class=\"wp-block-separator\"\/>\n<\/div>\n\n\n\n<div class=\"wp-block-column is-layout-flow wp-block-column-is-layout-flow\">\n<p class=\"has-text-color has-background has-very-light-gray-color has-vivid-purple-background-color\"><a href=\"https:\/\/www.todamateria.com.br\/catira\/\">https:\/\/www.todamateria.com.br\/catira\/<\/a><\/p>\n\n\n\n<p><\/p>\n<\/div>\n<\/div>\n\n\n\n<figure class=\"wp-block-table\"><table><tbody><tr><td>Objeto de Conhecimento<\/td><td>Sons corporais e sons do ambiente<br>Brinquedos e jogos musicais e can\u00e7\u00f5es de diferentes matrizes est\u00e9ticas e culturais.<br>Patrim\u00f4nio e mem\u00f3ria cultural, material e imaterial do Brasil<br><\/td><\/tr><tr><td>Habilidades<\/td><td>(GO-EF02AR37) Explorar sonoridades em diversos objetos, em materiais do ambiente e no pr\u00f3prio corpo, como instrumentos de pr\u00e1tica musical.<br>(GO-EF02AR24) Experimentar brinquedos, brincadeiras, jogos, dan\u00e7as, can\u00e7\u00f5es e hist\u00f3ria de diferentes matrizes est\u00e9ticas e culturais.<br>GO-EF02AR25) Conhecer e valorizar o patrim\u00f4nio e a mem\u00f3ria cultural, material e imaterial, de culturas diversas, especialmente da cultura brasileira, incluindo suas matrizes ind\u00edgenas, africanas e europeias, de diferentes \u00e9pocas, ampliando o vocabul\u00e1rio e repert\u00f3rio relativos \u00e0 linguagem musical e \u00e0s diferentes linguagens art\u00edsticas.<br><\/td><\/tr><tr><td>Proponentes\/ Professores:<\/td><td>Alessandro de Oliveira Branco<\/td><\/tr><tr><td>Institui\u00e7\u00e3o Educacional:<\/td><td>Escola Municipal Jos\u00e9 Carlos Pimenta<\/td><\/tr><tr><td>CRE:<\/td><td>Maria Helena B. Bretas<\/td><\/tr><\/tbody><\/table><\/figure>\n\n\n\n<p><\/p>\n\n\n\n<p><\/p>\n","protected":false},"author":24,"featured_media":4282,"template":"","ef_categoria":[13,17],"ef_ano":[],"ef_componente":[],"class_list":["post-5055","ensino_fundamental","type-ensino_fundamental","status-publish","has-post-thumbnail","hentry","ef_categoria-ciclo-da-infancia-abc","ef_categoria-corpo-e-movimento","entry","has-media"],"acf":[],"_links":{"self":[{"href":"https:\/\/sme.goiania.go.gov.br\/conexaoescola\/wp-json\/wp\/v2\/ensino_fundamental\/5055","targetHints":{"allow":["GET"]}}],"collection":[{"href":"https:\/\/sme.goiania.go.gov.br\/conexaoescola\/wp-json\/wp\/v2\/ensino_fundamental"}],"about":[{"href":"https:\/\/sme.goiania.go.gov.br\/conexaoescola\/wp-json\/wp\/v2\/types\/ensino_fundamental"}],"author":[{"embeddable":true,"href":"https:\/\/sme.goiania.go.gov.br\/conexaoescola\/wp-json\/wp\/v2\/users\/24"}],"version-history":[{"count":0,"href":"https:\/\/sme.goiania.go.gov.br\/conexaoescola\/wp-json\/wp\/v2\/ensino_fundamental\/5055\/revisions"}],"wp:featuredmedia":[{"embeddable":true,"href":"https:\/\/sme.goiania.go.gov.br\/conexaoescola\/wp-json\/wp\/v2\/media\/4282"}],"wp:attachment":[{"href":"https:\/\/sme.goiania.go.gov.br\/conexaoescola\/wp-json\/wp\/v2\/media?parent=5055"}],"wp:term":[{"taxonomy":"ef_categoria","embeddable":true,"href":"https:\/\/sme.goiania.go.gov.br\/conexaoescola\/wp-json\/wp\/v2\/ef_categoria?post=5055"},{"taxonomy":"ef_ano","embeddable":true,"href":"https:\/\/sme.goiania.go.gov.br\/conexaoescola\/wp-json\/wp\/v2\/ef_ano?post=5055"},{"taxonomy":"ef_componente","embeddable":true,"href":"https:\/\/sme.goiania.go.gov.br\/conexaoescola\/wp-json\/wp\/v2\/ef_componente?post=5055"}],"curies":[{"name":"wp","href":"https:\/\/api.w.org\/{rel}","templated":true}]}}